{"id":33074,"date":"2022-08-30T09:22:41","date_gmt":"2022-08-30T07:22:41","guid":{"rendered":"https:\/\/www.fisan.com\/cerdo-iberico\/"},"modified":"2023-11-28T12:06:41","modified_gmt":"2023-11-28T11:06:41","slug":"das-iberische-schwein","status":"publish","type":"page","link":"https:\/\/www.fisan.com\/de\/iberische-welt\/das-iberische-schwein\/","title":{"rendered":"Das Iberische Schwein"},"content":{"rendered":"\t\t<div data-elementor-type=\"wp-page\" data-elementor-id=\"33074\" class=\"elementor elementor-33074 elementor-2837\" data-elementor-post-type=\"page\">\n\t\t\t\t\t\t<section class=\"elementor-section elementor-top-section elementor-element elementor-element-84c2998 elementor-section-full_width elementor-section-height-default elementor-section-height-default\" data-id=\"84c2998\" data-element_type=\"section\" data-settings=\"{&quot;background_background&quot;:&quot;classic&quot;}\">\n\t\t\t\t\t\t<div class=\"elementor-container elementor-column-gap-default\">\n\t\t\t\t\t<div class=\"elementor-column elementor-col-100 elementor-top-column elementor-element elementor-element-1f53672\" data-id=\"1f53672\" data-element_type=\"column\">\n\t\t\t<div class=\"elementor-widget-wrap elementor-element-populated\">\n\t\t\t\t\t\t<div class=\"elementor-element elementor-element-0148093 elementor-widget elementor-widget-breadcrumbs\" data-id=\"0148093\" data-element_type=\"widget\" data-widget_type=\"breadcrumbs.default\">\n\t\t\t\t<div class=\"elementor-widget-container\">\n\t\t\t\t\t<p id=\"breadcrumbs\"><span><span><a href=\"https:\/\/www.fisan.com\/de\/\">FISAN<\/a><\/span><\/span><\/p>\t\t\t\t<\/div>\n\t\t\t\t<\/div>\n\t\t\t\t\t<\/div>\n\t\t<\/div>\n\t\t\t\t\t<\/div>\n\t\t<\/section>\n\t\t\t\t<section data-dce-background-image-url=\"https:\/\/www.fisan.com\/wp-content\/uploads\/2022\/09\/cerdo-fisan-01.jpeg\" class=\"elementor-section elementor-top-section elementor-element elementor-element-ace7b5e elementor-section-full_width elementor-section-height-min-height elementor-section-stretched elementor-section-height-default elementor-section-items-middle\" data-id=\"ace7b5e\" data-element_type=\"section\" data-settings=\"{&quot;stretch_section&quot;:&quot;section-stretched&quot;,&quot;background_background&quot;:&quot;classic&quot;}\">\n\t\t\t\t\t\t\t<div class=\"elementor-background-overlay\"><\/div>\n\t\t\t\t\t\t\t<div class=\"elementor-container elementor-column-gap-default\">\n\t\t\t\t\t<div class=\"elementor-column elementor-col-100 elementor-top-column elementor-element elementor-element-455eca6 elementor-invisible\" data-id=\"455eca6\" data-element_type=\"column\" data-settings=\"{&quot;animation&quot;:&quot;fadeIn&quot;}\">\n\t\t\t<div class=\"elementor-widget-wrap elementor-element-populated\">\n\t\t\t\t\t\t<div class=\"elementor-element elementor-element-3bd361a elementor-widget elementor-widget-heading\" data-id=\"3bd361a\" data-element_type=\"widget\" data-widget_type=\"heading.default\">\n\t\t\t\t<div class=\"elementor-widget-container\">\n\t\t\t\t\t<p class=\"elementor-heading-title elementor-size-default\">Das Wesentliche<\/p>\t\t\t\t<\/div>\n\t\t\t\t<\/div>\n\t\t\t\t<div class=\"elementor-element elementor-element-f1ed791 elementor-widget elementor-widget-heading\" data-id=\"f1ed791\" data-element_type=\"widget\" data-widget_type=\"heading.default\">\n\t\t\t\t<div class=\"elementor-widget-container\">\n\t\t\t\t\t<h1 class=\"elementor-heading-title elementor-size-default\">Das Schwein von FISAN<\/h1>\t\t\t\t<\/div>\n\t\t\t\t<\/div>\n\t\t\t\t<div class=\"elementor-element elementor-element-06feb39 elementor-widget__width-initial dce_masking-none elementor-widget elementor-widget-video\" data-id=\"06feb39\" data-element_type=\"widget\" data-settings=\"{&quot;youtube_url&quot;:&quot;https:\\\/\\\/www.youtube.com\\\/watch?v=o3J1ly2ljeo&quot;,&quot;lazy_load&quot;:&quot;yes&quot;,&quot;show_image_overlay&quot;:&quot;yes&quot;,&quot;image_overlay&quot;:{&quot;url&quot;:&quot;https:\\\/\\\/www.fisan.com\\\/wp-content\\\/uploads\\\/2022\\\/09\\\/play.png&quot;,&quot;id&quot;:17830,&quot;size&quot;:&quot;&quot;,&quot;alt&quot;:&quot;&quot;,&quot;source&quot;:&quot;library&quot;},&quot;lightbox&quot;:&quot;yes&quot;,&quot;video_type&quot;:&quot;youtube&quot;,&quot;controls&quot;:&quot;yes&quot;}\" data-widget_type=\"video.default\">\n\t\t\t\t<div class=\"elementor-widget-container\">\n\t\t\t\t\t\t\t<div class=\"elementor-wrapper elementor-open-lightbox\">\n\t\t\t\t\t\t\t<div class=\"elementor-custom-embed-image-overlay\" data-elementor-open-lightbox=\"yes\" data-elementor-lightbox=\"{&quot;type&quot;:&quot;video&quot;,&quot;videoType&quot;:&quot;youtube&quot;,&quot;url&quot;:&quot;https:\\\/\\\/www.youtube.com\\\/embed\\\/o3J1ly2ljeo?feature=oembed&amp;start&amp;end&amp;wmode=opaque&amp;loop=0&amp;controls=1&amp;mute=0&amp;rel=0&amp;cc_load_policy=0&quot;,&quot;autoplay&quot;:&quot;&quot;,&quot;modalOptions&quot;:{&quot;id&quot;:&quot;elementor-lightbox-06feb39&quot;,&quot;entranceAnimation&quot;:&quot;&quot;,&quot;entranceAnimation_tablet&quot;:&quot;&quot;,&quot;entranceAnimation_mobile&quot;:&quot;&quot;,&quot;videoAspectRatio&quot;:&quot;169&quot;}}\" data-e-action-hash=\"#elementor-action%3Aaction%3Dlightbox%26settings%3DeyJ0eXBlIjoidmlkZW8iLCJ2aWRlb1R5cGUiOiJ5b3V0dWJlIiwidXJsIjoiaHR0cHM6XC9cL3d3dy55b3V0dWJlLmNvbVwvZW1iZWRcL28zSjFseTJsamVvP2ZlYXR1cmU9b2VtYmVkJnN0YXJ0JmVuZCZ3bW9kZT1vcGFxdWUmbG9vcD0wJmNvbnRyb2xzPTEmbXV0ZT0wJnJlbD0wJmNjX2xvYWRfcG9saWN5PTAiLCJhdXRvcGxheSI6IiIsIm1vZGFsT3B0aW9ucyI6eyJpZCI6ImVsZW1lbnRvci1saWdodGJveC0wNmZlYjM5IiwiZW50cmFuY2VBbmltYXRpb24iOiIiLCJlbnRyYW5jZUFuaW1hdGlvbl90YWJsZXQiOiIiLCJlbnRyYW5jZUFuaW1hdGlvbl9tb2JpbGUiOiIiLCJ2aWRlb0FzcGVjdFJhdGlvIjoiMTY5In19\">\n\t\t\t\t\t\t\t\t\t\t\t<img decoding=\"async\" src=\"https:\/\/www.fisan.com\/wp-content\/uploads\/elementor\/thumbs\/play-pwqwxmyb59vnotc93uorjqr3waob2v35xdqdjwelfk.png\" title=\"play\" alt=\"play\" loading=\"lazy\" \/>\t\t\t\t\t\t\t\t\t\t\t\t\t\t<\/div>\n\t\t\t\t\t<\/div>\n\t\t\t\t\t\t<\/div>\n\t\t\t\t<\/div>\n\t\t\t\t\t<\/div>\n\t\t<\/div>\n\t\t\t\t\t<\/div>\n\t\t<\/section>\n\t\t\t\t<section class=\"elementor-section elementor-top-section elementor-element elementor-element-222508f9 elementor-section-content-middle elementor-section-boxed elementor-section-height-default elementor-section-height-default\" data-id=\"222508f9\" data-element_type=\"section\" data-settings=\"{&quot;background_background&quot;:&quot;classic&quot;}\">\n\t\t\t\t\t\t<div class=\"elementor-container elementor-column-gap-no\">\n\t\t\t\t\t<div class=\"elementor-column elementor-col-100 elementor-top-column elementor-element elementor-element-69787c0e\" data-id=\"69787c0e\" data-element_type=\"column\">\n\t\t\t<div class=\"elementor-widget-wrap elementor-element-populated\">\n\t\t\t\t\t\t<div class=\"elementor-element elementor-element-18da901 elementor-widget__width-initial elementor-widget-mobile__width-inherit elementor-widget elementor-widget-text-editor\" data-id=\"18da901\" data-element_type=\"widget\" data-widget_type=\"text-editor.default\">\n\t\t\t\t<div class=\"elementor-widget-container\">\n\t\t\t\t\t\t\t\t\t<p><span style=\"font-weight: 400;\">Die Aufzucht ist ebenso wichtig wie die Rasse der Tiere. Dies ist der Grund f\u00fcr die au\u00dfergew\u00f6hnliche Qualit\u00e4t unserer Schinken, Vorderschinken, Lomos und Ib\u00e9rico W\u00fcrste. <\/span><\/p>\n\t\t\t\t\t\t\t\t<\/div>\n\t\t\t\t<\/div>\n\t\t\t\t<div class=\"elementor-element elementor-element-8eb3f7d elementor-widget elementor-widget-spacer\" data-id=\"8eb3f7d\" data-element_type=\"widget\" data-widget_type=\"spacer.default\">\n\t\t\t\t<div class=\"elementor-widget-container\">\n\t\t\t\t\t\t\t<div class=\"elementor-spacer\">\n\t\t\t<div class=\"elementor-spacer-inner\"><\/div>\n\t\t<\/div>\n\t\t\t\t\t\t<\/div>\n\t\t\t\t<\/div>\n\t\t\t\t<div class=\"elementor-element elementor-element-249fcc4 elementor-widget__width-initial elementor-widget elementor-widget-spacer\" data-id=\"249fcc4\" data-element_type=\"widget\" data-widget_type=\"spacer.default\">\n\t\t\t\t<div class=\"elementor-widget-container\">\n\t\t\t\t\t\t\t<div class=\"elementor-spacer\">\n\t\t\t<div class=\"elementor-spacer-inner\"><\/div>\n\t\t<\/div>\n\t\t\t\t\t\t<\/div>\n\t\t\t\t<\/div>\n\t\t\t\t\t<\/div>\n\t\t<\/div>\n\t\t\t\t\t<\/div>\n\t\t<\/section>\n\t\t\t\t<section data-dce-background-color=\"#F7F7F7\" class=\"elementor-section elementor-top-section elementor-element elementor-element-efd806d elementor-section-stretched elementor-section-boxed elementor-section-height-default elementor-section-height-default\" data-id=\"efd806d\" data-element_type=\"section\" data-settings=\"{&quot;stretch_section&quot;:&quot;section-stretched&quot;,&quot;background_background&quot;:&quot;classic&quot;}\">\n\t\t\t\t\t\t<div class=\"elementor-container elementor-column-gap-default\">\n\t\t\t\t\t<div class=\"elementor-column elementor-col-50 elementor-top-column elementor-element elementor-element-6b97b08 elementor-invisible\" data-id=\"6b97b08\" data-element_type=\"column\" data-settings=\"{&quot;background_background&quot;:&quot;classic&quot;,&quot;animation&quot;:&quot;fadeIn&quot;}\">\n\t\t\t<div class=\"elementor-widget-wrap elementor-element-populated\">\n\t\t\t\t\t<div class=\"elementor-background-overlay\"><\/div>\n\t\t\t\t\t\t<div class=\"elementor-element elementor-element-d5a1a6a dce_masking-none elementor-widget elementor-widget-image\" data-id=\"d5a1a6a\" data-element_type=\"widget\" data-widget_type=\"image.default\">\n\t\t\t\t<div class=\"elementor-widget-container\">\n\t\t\t\t\t\t\t\t\t\t\t\t\t\t\t<img fetchpriority=\"high\" decoding=\"async\" width=\"683\" height=\"420\" src=\"https:\/\/www.fisan.com\/wp-content\/uploads\/2022\/09\/cerdo_iberico_fisan.png\" class=\"attachment-large size-large wp-image-17822\" alt=\"Cerdo ib\u00e9rico\" srcset=\"https:\/\/www.fisan.com\/wp-content\/uploads\/2022\/09\/cerdo_iberico_fisan.png 683w, https:\/\/www.fisan.com\/wp-content\/uploads\/2022\/09\/cerdo_iberico_fisan-600x369.png 600w, https:\/\/www.fisan.com\/wp-content\/uploads\/2022\/09\/cerdo_iberico_fisan-300x184.png 300w\" sizes=\"(max-width: 683px) 100vw, 683px\" \/>\t\t\t\t\t\t\t\t\t\t\t\t\t\t\t<\/div>\n\t\t\t\t<\/div>\n\t\t\t\t\t<\/div>\n\t\t<\/div>\n\t\t\t\t<div class=\"elementor-column elementor-col-50 elementor-top-column elementor-element elementor-element-6c0e4ba\" data-id=\"6c0e4ba\" data-element_type=\"column\">\n\t\t\t<div class=\"elementor-widget-wrap elementor-element-populated\">\n\t\t\t\t\t\t<div class=\"elementor-element elementor-element-b9529a0 elementor-widget elementor-widget-heading\" data-id=\"b9529a0\" data-element_type=\"widget\" data-widget_type=\"heading.default\">\n\t\t\t\t<div class=\"elementor-widget-container\">\n\t\t\t\t\t<h2 class=\"elementor-heading-title elementor-size-default\">IBERISCHE SCHWEIN<\/h2>\t\t\t\t<\/div>\n\t\t\t\t<\/div>\n\t\t\t\t<div class=\"elementor-element elementor-element-e7aa886 elementor-widget__width-initial elementor-widget elementor-widget-text-editor\" data-id=\"e7aa886\" data-element_type=\"widget\" data-widget_type=\"text-editor.default\">\n\t\t\t\t<div class=\"elementor-widget-container\">\n\t\t\t\t\t\t\t\t\t<p>Mehrere genetische Linien von einer gemeinsamen Abstammung<\/p>\n\t\t\t\t\t\t\t\t<\/div>\n\t\t\t\t<\/div>\n\t\t\t\t<div class=\"elementor-element elementor-element-3166fcd elementor-widget-divider--view-line elementor-widget elementor-widget-divider\" data-id=\"3166fcd\" data-element_type=\"widget\" data-widget_type=\"divider.default\">\n\t\t\t\t<div class=\"elementor-widget-container\">\n\t\t\t\t\t\t\t<div class=\"elementor-divider\">\n\t\t\t<span class=\"elementor-divider-separator\">\n\t\t\t\t\t\t<\/span>\n\t\t<\/div>\n\t\t\t\t\t\t<\/div>\n\t\t\t\t<\/div>\n\t\t\t\t<div class=\"elementor-element elementor-element-bcd206d elementor-widget elementor-widget-text-editor\" data-id=\"bcd206d\" data-element_type=\"widget\" data-widget_type=\"text-editor.default\">\n\t\t\t\t<div class=\"elementor-widget-container\">\n\t\t\t\t\t\t\t\t\t<p>Das iberische Schwein hat seinen Ursprung im mediterranen Wildschwein (Sus mediterraneus), obwohl sich in seinem Genom auch Spuren des europ\u00e4ischen Wildschweins (Sus scrofa) und des asiatischen Wildschweins (Sus vittatus) finden. Die geografischen Gegebenheiten der iberischen Halbinsel beg\u00fcnstigten die Isolierung der verschiedenen St\u00e4mme des iberischen Schweins, was zusammen mit der Selektion verschiedener Merkmale durch die Landwirte zur Herausbildung mehrerer genetischer Linien aus einem gemeinsamen Stamm f\u00fchrte.  <\/p>\n<p>Die verschiedenen <strong>Sorten des iberischen Stamms<\/strong> haben morphologische Gemeinsamkeiten und vor allem die F\u00e4higkeit zur Fettinfiltration im Inneren der Muskeln (nicht immer sichtbar), die ihnen ihre charakteristische Konsistenz, ihr Aroma und ihren Geschmack verleiht. Die Rassen, aus denen sich der iberische Stamm zusammensetzt, werden im Wesentlichen nach ihrem \u00e4u\u00dferen Erscheinungsbild klassifiziert, wobei sowohl die Farbe als auch die Behaarung der Haut ber\u00fccksichtigt werden.  <\/p>\n\t\t\t\t\t\t\t\t<\/div>\n\t\t\t\t<\/div>\n\t\t\t\t\t<\/div>\n\t\t<\/div>\n\t\t\t\t\t<\/div>\n\t\t<\/section>\n\t\t\t\t<section class=\"elementor-section elementor-top-section elementor-element elementor-element-485ca09 elementor-section-stretched elementor-section-boxed elementor-section-height-default elementor-section-height-default\" data-id=\"485ca09\" data-element_type=\"section\" data-settings=\"{&quot;stretch_section&quot;:&quot;section-stretched&quot;,&quot;background_background&quot;:&quot;classic&quot;}\">\n\t\t\t\t\t\t<div class=\"elementor-container elementor-column-gap-default\">\n\t\t\t\t\t<div class=\"elementor-column elementor-col-50 elementor-top-column elementor-element elementor-element-d305a4d\" data-id=\"d305a4d\" data-element_type=\"column\">\n\t\t\t<div class=\"elementor-widget-wrap elementor-element-populated\">\n\t\t\t\t\t\t<div class=\"elementor-element elementor-element-2b3dd4b elementor-view-default elementor-widget elementor-widget-icon\" data-id=\"2b3dd4b\" data-element_type=\"widget\" data-widget_type=\"icon.default\">\n\t\t\t\t<div class=\"elementor-widget-container\">\n\t\t\t\t\t\t\t<div class=\"elementor-icon-wrapper\">\n\t\t\t<div class=\"elementor-icon\">\n\t\t\t<svg xmlns=\"http:\/\/www.w3.org\/2000\/svg\" xmlns:xlink=\"http:\/\/www.w3.org\/1999\/xlink\" id=\"Modo_de_aislamiento\" x=\"0px\" y=\"0px\" viewBox=\"0 0 500 500\" style=\"enable-background:new 0 0 500 500;\" xml:space=\"preserve\"><g id=\"XMLID_20_\">\t<g id=\"XMLID_26_\">\t\t<g id=\"XMLID_61_\">\t\t\t<g id=\"XMLID_136_\">\t\t\t\t<g id=\"XMLID_75_\">\t\t\t\t\t<g id=\"XMLID_84_\">\t\t\t\t\t\t<g id=\"XMLID_85_\">\t\t\t\t\t\t\t<g id=\"XMLID_90_\">\t\t\t\t\t\t\t\t<path id=\"XMLID_92_\" d=\"M334,321.5c0-24.9-15.2-54.6-27.4-76.9c-15.9-29.2-26.8-42.2-26.8-51.2c0-3.9,2.5-7.5,7.5-7.5         s8.2,3.9,16.8,11.3l8.4-3.2l-9.3-23.4h-7.7l-4.5,3.4c-2-0.2-3.9-0.5-5.9-0.5c-11.1,0-17.9,6.8-17.9,18.4         c0,12.9,11.6,27.9,29.2,61.2c12,21.8,24.9,48.1,24.9,70.5c0,12.2-6.3,20.9-15.2,24.3c-2,5.4-5,10-8.4,14.1         C315.9,361.6,334,347.3,334,321.5z\"><\/path>\t\t\t\t\t\t\t\t<path id=\"XMLID_91_\" d=\"M285,346.6c-6.8-3.6-10.2-10.2-11.6-14.3c0,0-4.1-12.2-4.1-24.9l-8.8-0.7l-9.1,27l6.1,2.9l4.3-0.5         l0,0c0,0,2.9,11.3,14.1,19.3C279.6,353.2,282.8,350.3,285,346.6z\"><\/path>\t\t\t\t\t\t\t<\/g>\t\t\t\t\t\t\t<path id=\"XMLID_89_\" d=\"M271.4,225.3c-7.5-13.8-14.1-24.7-19.5-33.6c-9.7-16.1-15.6-25.8-15.6-33.8c0-5.7,3.9-11.3,11.1-11.3        c5.9,0,10.2,3.9,17.9,10.7c1.4,1.1,2.7,2.5,4.3,3.9l8.8-3.2l-11.1-28.1h-8.6l-6.1,4.3l-1.4-0.2c-2.3-0.2-4.3-0.5-6.6-0.5        c-13.8,0-22,8.4-22,22.2c0,11.3,7.5,24.5,19.7,46c5.4,9.3,11.3,20,18.1,32.9c16.1,29.2,32.6,63,32.6,92.5        c0,23.1-16.8,35.4-33.3,35.4c-18.1,0-28.3-12.7-31.7-23.6c-0.2-0.7-5-15.4-5.2-31.5l-8.8-0.7l-10.9,32.9l6.3,2.9l5-0.7h0.2        c0.7,0,1.4,0.5,1.4,1.1c0,0.2,4.1,15.2,18.8,25.2c0.2,0.2,10.2,7.5,25.4,7.5c23.1,0,46.3-17.5,46.3-51        C307.2,294.3,289.1,257.3,271.4,225.3z\"><\/path>\t\t\t\t\t\t\t<g id=\"XMLID_86_\">\t\t\t\t\t\t\t\t<path id=\"XMLID_88_\" d=\"M237.9,350c6.3-6.8,10.4-16.6,10.4-28.8c0-24.9-15.2-54.6-27.4-76.9c-15.9-29.2-26.8-42.2-26.8-51.2         c0-3.9,2.5-7.5,7.5-7.5c5,0,8.2,3.9,16.8,11.3l8.4-3.2l-9.3-23.4h-7.7l-4.5,3.4c-2-0.2-3.9-0.5-5.9-0.5         c-11.1,0-17.9,6.8-17.9,18.4c0,12.9,11.6,27.9,29.2,61.2c12,21.8,24.9,48.1,24.9,70.5c0,5.9-1.6,10.9-4.1,15l0,0         C232.7,342.3,234.7,346.6,237.9,350z\"><\/path>\t\t\t\t\t\t\t\t<path id=\"XMLID_87_\" d=\"M211.1,349.6c-14.7,0-21.3-10.9-23.1-17.2c0,0-4.1-12.2-4.1-24.9l-8.8-0.7l-9.1,27l6.1,2.9l4.3-0.5         l0,0c0,0,3.2,12,15,20c0,0,7.9,5.9,20.2,5.9c3.6,0,7-0.5,10.4-1.6c-3.2-4.1-5.4-8.2-6.6-11.1         C214.1,349.4,212.7,349.6,211.1,349.6z\"><\/path>\t\t\t\t\t\t\t<\/g>\t\t\t\t\t\t<\/g>\t\t\t\t\t<\/g>\t\t\t\t<\/g>\t\t\t<\/g>\t\t<\/g>\t<\/g><\/g><\/svg>\t\t\t<\/div>\n\t\t<\/div>\n\t\t\t\t\t\t<\/div>\n\t\t\t\t<\/div>\n\t\t\t\t<div class=\"elementor-element elementor-element-d980c1d elementor-widget elementor-widget-heading\" data-id=\"d980c1d\" data-element_type=\"widget\" data-widget_type=\"heading.default\">\n\t\t\t\t<div class=\"elementor-widget-container\">\n\t\t\t\t\t<h2 class=\"elementor-heading-title elementor-size-default\">AS SCHWEIN VON FISAN<\/h2>\t\t\t\t<\/div>\n\t\t\t\t<\/div>\n\t\t\t\t<div class=\"elementor-element elementor-element-772af69 elementor-widget__width-initial elementor-widget elementor-widget-text-editor\" data-id=\"772af69\" data-element_type=\"widget\" data-widget_type=\"text-editor.default\">\n\t\t\t\t<div class=\"elementor-widget-container\">\n\t\t\t\t\t\t\t\t\t<p>Was den Typ des iberischen Schweins und seine Herkunft betrifft, so haben wir uns w\u00e4hrend eines Jahrhunderts der Arbeit bei FISAN auf die Verwendung von Exemplaren der Art <strong>Retinta Extreme\u00f1a Silvela konzentriert<\/strong> (wenn auch nicht ausschlie\u00dflich <\/p>\n<p>Es handelt sich um eine Sorte, die zu Beginn des 20. Jahrhunderts durch Kreuzung von portugiesischen Retinto-Zuchtebern und weiblichen Extremaduran-Retinto-K\u00fchen entstanden ist. Es ist eine Linie mit Tieren von l\u00e4nglichem Aussehen, mit gut entwickelten Schinken und Lomos, feinem Skelett und mit einheitlicher dunkel-kastanienbrauner F\u00e4rbung. <\/p>\n\t\t\t\t\t\t\t\t<\/div>\n\t\t\t\t<\/div>\n\t\t\t\t\t<\/div>\n\t\t<\/div>\n\t\t\t\t<div class=\"elementor-column elementor-col-50 elementor-top-column elementor-element elementor-element-5cd80de elementor-invisible\" data-id=\"5cd80de\" data-element_type=\"column\" data-settings=\"{&quot;background_background&quot;:&quot;classic&quot;,&quot;animation&quot;:&quot;fadeIn&quot;}\">\n\t\t\t<div class=\"elementor-widget-wrap elementor-element-populated\">\n\t\t\t\t\t<div class=\"elementor-background-overlay\"><\/div>\n\t\t\t\t\t\t<div class=\"elementor-element elementor-element-4dae8a0 dce_masking-none elementor-widget elementor-widget-image\" data-id=\"4dae8a0\" data-element_type=\"widget\" data-widget_type=\"image.default\">\n\t\t\t\t<div class=\"elementor-widget-container\">\n\t\t\t\t\t\t\t\t\t\t\t\t\t\t\t<img decoding=\"async\" width=\"600\" height=\"680\" src=\"https:\/\/www.fisan.com\/wp-content\/uploads\/2022\/09\/cerdo_iberico_fisan_01.jpeg\" class=\"attachment-large size-large wp-image-17834\" alt=\"Campo con cerdos ib\u00e9ricos descansando bajo encinas\" srcset=\"https:\/\/www.fisan.com\/wp-content\/uploads\/2022\/09\/cerdo_iberico_fisan_01.jpeg 600w, https:\/\/www.fisan.com\/wp-content\/uploads\/2022\/09\/cerdo_iberico_fisan_01-265x300.jpeg 265w\" sizes=\"(max-width: 600px) 100vw, 600px\" \/>\t\t\t\t\t\t\t\t\t\t\t\t\t\t\t<\/div>\n\t\t\t\t<\/div>\n\t\t\t\t\t<\/div>\n\t\t<\/div>\n\t\t\t\t\t<\/div>\n\t\t<\/section>\n\t\t\t\t<section class=\"elementor-section elementor-top-section elementor-element elementor-element-c1b7b79 elementor-section-boxed elementor-section-height-default elementor-section-height-default\" data-id=\"c1b7b79\" data-element_type=\"section\">\n\t\t\t\t\t\t<div class=\"elementor-container elementor-column-gap-default\">\n\t\t\t\t\t<div class=\"elementor-column elementor-col-100 elementor-top-column elementor-element elementor-element-f84c1e8\" data-id=\"f84c1e8\" data-element_type=\"column\">\n\t\t\t<div class=\"elementor-widget-wrap elementor-element-populated\">\n\t\t\t\t\t\t<div class=\"elementor-element elementor-element-64fc74f elementor-widget__width-initial elementor-widget-mobile__width-inherit elementor-widget elementor-widget-text-editor\" data-id=\"64fc74f\" data-element_type=\"widget\" data-widget_type=\"text-editor.default\">\n\t\t\t\t<div class=\"elementor-widget-container\">\n\t\t\t\t\t\t\t\t\t<p>Schwarz, dunkel Kastanienbraun, blond, gefleckt &#8230; Das iberische Schwein ist in der Tat eine autochthone rassische Gruppierung verschiedener St\u00e4mme, die im so genannten \u201eiberischen Stamm\u201c zusammengefasst sind.<\/p>\n\t\t\t\t\t\t\t\t<\/div>\n\t\t\t\t<\/div>\n\t\t\t\t\t<\/div>\n\t\t<\/div>\n\t\t\t\t\t<\/div>\n\t\t<\/section>\n\t\t\t\t<section class=\"elementor-section elementor-top-section elementor-element elementor-element-2901de5 elementor-section-stretched elementor-section-boxed elementor-section-height-default elementor-section-height-default\" data-id=\"2901de5\" data-element_type=\"section\" data-settings=\"{&quot;stretch_section&quot;:&quot;section-stretched&quot;,&quot;background_background&quot;:&quot;classic&quot;}\">\n\t\t\t\t\t\t<div class=\"elementor-container elementor-column-gap-default\">\n\t\t\t\t\t<div class=\"elementor-column elementor-col-50 elementor-top-column elementor-element elementor-element-26dd270\" data-id=\"26dd270\" data-element_type=\"column\">\n\t\t\t<div class=\"elementor-widget-wrap elementor-element-populated\">\n\t\t\t\t\t\t<div class=\"elementor-element elementor-element-acbfa6d elementor-widget elementor-widget-heading\" data-id=\"acbfa6d\" data-element_type=\"widget\" data-widget_type=\"heading.default\">\n\t\t\t\t<div class=\"elementor-widget-container\">\n\t\t\t\t\t<h2 class=\"elementor-heading-title elementor-size-default\">DIE AUFZUCHT<\/h2>\t\t\t\t<\/div>\n\t\t\t\t<\/div>\n\t\t\t\t<div class=\"elementor-element elementor-element-890cc38 elementor-widget__width-initial elementor-widget elementor-widget-text-editor\" data-id=\"890cc38\" data-element_type=\"widget\" data-widget_type=\"text-editor.default\">\n\t\t\t\t<div class=\"elementor-widget-container\">\n\t\t\t\t\t\t\t\t\t<p><span style=\"font-weight: 400;\">Um die au\u00dfergew\u00f6hnliche Qualit\u00e4t unserer Schinken und W\u00fcrste zu gew\u00e4hrleisten, widmen wir bei FISAN der Aufzucht der iberischen Schweine gro\u00dfe Aufmerksamkeit: durch st\u00e4ndige Besuche der Dehesa, durch die pers\u00f6nliche \u00dcberwachung der korrekten Aufzucht und Entwicklung der Tiere, durch die Kontrolle des Auslaufs in Freiheit und der nat\u00fcrlichen Ern\u00e4hrung mit Eicheln.<\/span><\/p>\n<p><span style=\"font-weight: 400;\">All diese Faktoren sind wichtig, um die Zartheit, die Konsistenz und das Aroma zu erhalten, welche die Ib\u00e9rico Produkte von FISAN so einzigartig machen.<\/span><\/p>\n\t\t\t\t\t\t\t\t<\/div>\n\t\t\t\t<\/div>\n\t\t\t\t\t<\/div>\n\t\t<\/div>\n\t\t\t\t<div class=\"elementor-column elementor-col-50 elementor-top-column elementor-element elementor-element-952b676 elementor-invisible\" data-id=\"952b676\" data-element_type=\"column\" data-settings=\"{&quot;background_background&quot;:&quot;classic&quot;,&quot;animation&quot;:&quot;fadeIn&quot;}\">\n\t\t\t<div class=\"elementor-widget-wrap elementor-element-populated\">\n\t\t\t\t\t<div class=\"elementor-background-overlay\"><\/div>\n\t\t\t\t\t\t<div class=\"elementor-element elementor-element-85bdfd3 dce_masking-none elementor-widget elementor-widget-image\" data-id=\"85bdfd3\" data-element_type=\"widget\" data-widget_type=\"image.default\">\n\t\t\t\t<div class=\"elementor-widget-container\">\n\t\t\t\t\t\t\t\t\t\t\t\t\t\t\t<img decoding=\"async\" width=\"790\" height=\"480\" src=\"https:\/\/www.fisan.com\/wp-content\/uploads\/2022\/09\/cerdo_iberico_fisan_02.jpeg\" class=\"attachment-large size-large wp-image-17838\" alt=\"v\" srcset=\"https:\/\/www.fisan.com\/wp-content\/uploads\/2022\/09\/cerdo_iberico_fisan_02.jpeg 790w, https:\/\/www.fisan.com\/wp-content\/uploads\/2022\/09\/cerdo_iberico_fisan_02-600x365.jpeg 600w, https:\/\/www.fisan.com\/wp-content\/uploads\/2022\/09\/cerdo_iberico_fisan_02-300x182.jpeg 300w, https:\/\/www.fisan.com\/wp-content\/uploads\/2022\/09\/cerdo_iberico_fisan_02-768x467.jpeg 768w\" sizes=\"(max-width: 790px) 100vw, 790px\" \/>\t\t\t\t\t\t\t\t\t\t\t\t\t\t\t<\/div>\n\t\t\t\t<\/div>\n\t\t\t\t\t<\/div>\n\t\t<\/div>\n\t\t\t\t\t<\/div>\n\t\t<\/section>\n\t\t\t\t<section class=\"elementor-section elementor-top-section elementor-element elementor-element-917ce32 elementor-section-boxed elementor-section-height-default elementor-section-height-default\" data-id=\"917ce32\" data-element_type=\"section\">\n\t\t\t\t\t\t<div class=\"elementor-container elementor-column-gap-default\">\n\t\t\t\t\t<div class=\"elementor-column elementor-col-50 elementor-top-column elementor-element elementor-element-ff1cf38\" data-id=\"ff1cf38\" data-element_type=\"column\">\n\t\t\t<div class=\"elementor-widget-wrap elementor-element-populated\">\n\t\t\t\t\t\t<div class=\"elementor-element elementor-element-5b6481d elementor-widget elementor-widget-spacer\" data-id=\"5b6481d\" data-element_type=\"widget\" data-widget_type=\"spacer.default\">\n\t\t\t\t<div class=\"elementor-widget-container\">\n\t\t\t\t\t\t\t<div class=\"elementor-spacer\">\n\t\t\t<div class=\"elementor-spacer-inner\"><\/div>\n\t\t<\/div>\n\t\t\t\t\t\t<\/div>\n\t\t\t\t<\/div>\n\t\t\t\t\t<\/div>\n\t\t<\/div>\n\t\t\t\t<div class=\"elementor-column elementor-col-50 elementor-top-column elementor-element elementor-element-c14d4a8\" data-id=\"c14d4a8\" data-element_type=\"column\">\n\t\t\t<div class=\"elementor-widget-wrap\">\n\t\t\t\t\t\t\t<\/div>\n\t\t<\/div>\n\t\t\t\t\t<\/div>\n\t\t<\/section>\n\t\t\t\t<section class=\"elementor-section elementor-top-section elementor-element elementor-element-5c63291 elementor-section-boxed elementor-section-height-default elementor-section-height-default\" data-id=\"5c63291\" data-element_type=\"section\">\n\t\t\t\t\t\t<div class=\"elementor-container elementor-column-gap-default\">\n\t\t\t\t\t<div class=\"elementor-column elementor-col-100 elementor-top-column elementor-element elementor-element-1563d7b\" data-id=\"1563d7b\" data-element_type=\"column\" data-settings=\"{&quot;background_background&quot;:&quot;classic&quot;}\">\n\t\t\t<div class=\"elementor-widget-wrap elementor-element-populated\">\n\t\t\t\t\t\t<div class=\"elementor-element elementor-element-640653a elementor-widget elementor-widget-heading\" data-id=\"640653a\" data-element_type=\"widget\" data-widget_type=\"heading.default\">\n\t\t\t\t<div class=\"elementor-widget-container\">\n\t\t\t\t\t<h2 class=\"elementor-heading-title elementor-size-default\">TEILE DES IBERISCHEN SCHWEINS<\/h2>\t\t\t\t<\/div>\n\t\t\t\t<\/div>\n\t\t\t\t<div class=\"elementor-element elementor-element-50e7832 elementor-widget elementor-widget-heading\" data-id=\"50e7832\" data-element_type=\"widget\" data-widget_type=\"heading.default\">\n\t\t\t\t<div class=\"elementor-widget-container\">\n\t\t\t\t\t<p class=\"elementor-heading-title elementor-size-default\">Bellota Produkte<\/p>\t\t\t\t<\/div>\n\t\t\t\t<\/div>\n\t\t\t\t<div class=\"elementor-element elementor-element-86832d6 elementor-widget-divider--view-line elementor-widget elementor-widget-divider\" data-id=\"86832d6\" data-element_type=\"widget\" data-widget_type=\"divider.default\">\n\t\t\t\t<div class=\"elementor-widget-container\">\n\t\t\t\t\t\t\t<div class=\"elementor-divider\">\n\t\t\t<span class=\"elementor-divider-separator\">\n\t\t\t\t\t\t<\/span>\n\t\t<\/div>\n\t\t\t\t\t\t<\/div>\n\t\t\t\t<\/div>\n\t\t\t\t<div class=\"elementor-element elementor-element-fef967f elementor-widget__width-initial elementor-widget-mobile__width-inherit elementor-widget elementor-widget-text-editor\" data-id=\"fef967f\" data-element_type=\"widget\" data-widget_type=\"text-editor.default\">\n\t\t\t\t<div class=\"elementor-widget-container\">\n\t\t\t\t\t\t\t\t\t<p>Das iberische Bellota Schwein ist eine <strong>Delikatesse in unserem Land<\/strong>. Ein echter gastronomischer Luxus, der allen Gaumen schmeichelt.<\/p><p>Das Wissen, wie man die einzelnen Teile des iberischen Schweins identifiziert, ist unerl\u00e4sslich, um das Beste aus ihm herauszuholen und die verschiedenen Nuancen jedes St\u00fccks zu sch\u00e4tzen.<\/p><p>W\u00e4hrend der Montanera laufen die Schweine von FISAN frei herum und ern\u00e4hren sich ausschlie\u00dflich von Eicheln und anderen nat\u00fcrlichen Ressourcen der Dehesa, bis sie das richtige Gewicht und die richtigen Eigenschaften erreicht haben, um die ausgezeichnete Qualit\u00e4t, den Geschmack und das Aroma einer neuen Kampagne von <span style=\"text-decoration: underline;\"><a href=\"https:\/\/www.fisan.com\/de\/produkte\/\"><strong>Bellota Produkten von FISAN<\/strong><\/a><\/span> zu garantieren.<\/p>\t\t\t\t\t\t\t\t<\/div>\n\t\t\t\t<\/div>\n\t\t\t\t\t<\/div>\n\t\t<\/div>\n\t\t\t\t\t<\/div>\n\t\t<\/section>\n\t\t\t\t<section class=\"elementor-section elementor-top-section elementor-element elementor-element-cbc922c elementor-section-boxed elementor-section-height-default elementor-section-height-default\" data-id=\"cbc922c\" data-element_type=\"section\" data-settings=\"{&quot;background_background&quot;:&quot;classic&quot;}\">\n\t\t\t\t\t\t<div class=\"elementor-container elementor-column-gap-default\">\n\t\t\t\t\t<div class=\"elementor-column elementor-col-100 elementor-top-column elementor-element elementor-element-a7030e1\" data-id=\"a7030e1\" data-element_type=\"column\" data-settings=\"{&quot;background_background&quot;:&quot;classic&quot;}\">\n\t\t\t<div class=\"elementor-widget-wrap elementor-element-populated\">\n\t\t\t\t\t\t<div class=\"elementor-element elementor-element-240df6c dce_masking-none elementor-widget elementor-widget-image\" data-id=\"240df6c\" data-element_type=\"widget\" data-widget_type=\"image.default\">\n\t\t\t\t<div class=\"elementor-widget-container\">\n\t\t\t\t\t\t\t\t\t\t\t\t\t\t\t<img loading=\"lazy\" decoding=\"async\" width=\"801\" height=\"801\" src=\"https:\/\/www.fisan.com\/wp-content\/uploads\/2023\/04\/cerdo-iberico_DE.jpg\" class=\"attachment-full size-full wp-image-17842\" alt=\"Partes del cerdo ib\u00e9rico\" srcset=\"https:\/\/www.fisan.com\/wp-content\/uploads\/2023\/04\/cerdo-iberico_DE.jpg 801w, https:\/\/www.fisan.com\/wp-content\/uploads\/2023\/04\/cerdo-iberico_DE-300x300.jpg 300w, https:\/\/www.fisan.com\/wp-content\/uploads\/2023\/04\/cerdo-iberico_DE-768x768.jpg 768w, https:\/\/www.fisan.com\/wp-content\/uploads\/2023\/04\/cerdo-iberico_DE-600x600.jpg 600w, https:\/\/www.fisan.com\/wp-content\/uploads\/2023\/04\/cerdo-iberico_DE-100x100.jpg 100w, https:\/\/www.fisan.com\/wp-content\/uploads\/2023\/04\/cerdo-iberico_DE-50x50.jpg 50w\" sizes=\"(max-width: 801px) 100vw, 801px\" \/>\t\t\t\t\t\t\t\t\t\t\t\t\t\t\t<\/div>\n\t\t\t\t<\/div>\n\t\t\t\t\t<\/div>\n\t\t<\/div>\n\t\t\t\t\t<\/div>\n\t\t<\/section>\n\t\t\t\t<section data-dce-background-overlay-color=\"#0F0F0F\" data-dce-background-image-url=\"https:\/\/www.fisan.com\/wp-content\/uploads\/2022\/09\/cerdo_iberico_fisan_04.jpeg\" class=\"elementor-section elementor-top-section elementor-element elementor-element-ef3b2cf elementor-section-stretched elementor-section-height-min-height elementor-section-boxed elementor-section-height-default elementor-section-items-middle\" data-id=\"ef3b2cf\" data-element_type=\"section\" data-settings=\"{&quot;stretch_section&quot;:&quot;section-stretched&quot;,&quot;background_background&quot;:&quot;classic&quot;}\">\n\t\t\t\t\t\t\t<div class=\"elementor-background-overlay\"><\/div>\n\t\t\t\t\t\t\t<div class=\"elementor-container elementor-column-gap-default\">\n\t\t\t\t\t<div class=\"elementor-column elementor-col-100 elementor-top-column elementor-element elementor-element-1180856\" data-id=\"1180856\" data-element_type=\"column\" data-settings=\"{&quot;background_background&quot;:&quot;classic&quot;}\">\n\t\t\t<div class=\"elementor-widget-wrap elementor-element-populated\">\n\t\t\t\t\t\t<section class=\"elementor-section elementor-inner-section elementor-element elementor-element-c6b2a79 elementor-section-boxed elementor-section-height-default elementor-section-height-default\" data-id=\"c6b2a79\" data-element_type=\"section\">\n\t\t\t\t\t\t<div class=\"elementor-container elementor-column-gap-default\">\n\t\t\t\t\t<div class=\"elementor-column elementor-col-50 elementor-inner-column elementor-element elementor-element-9dd1011\" data-id=\"9dd1011\" data-element_type=\"column\">\n\t\t\t<div class=\"elementor-widget-wrap elementor-element-populated\">\n\t\t\t\t\t\t<div class=\"elementor-element elementor-element-fa5ce55 elementor-widget elementor-widget-heading\" data-id=\"fa5ce55\" data-element_type=\"widget\" data-widget_type=\"heading.default\">\n\t\t\t\t<div class=\"elementor-widget-container\">\n\t\t\t\t\t<h2 class=\"elementor-heading-title elementor-size-default\">DIE DEHESA<\/h2>\t\t\t\t<\/div>\n\t\t\t\t<\/div>\n\t\t\t\t<div class=\"elementor-element elementor-element-f6e917b elementor-widget elementor-widget-heading\" data-id=\"f6e917b\" data-element_type=\"widget\" data-widget_type=\"heading.default\">\n\t\t\t\t<div class=\"elementor-widget-container\">\n\t\t\t\t\t<p class=\"elementor-heading-title elementor-size-default\">Die Herkunft<\/p>\t\t\t\t<\/div>\n\t\t\t\t<\/div>\n\t\t\t\t<div class=\"elementor-element elementor-element-0cdeb3d elementor-widget-divider--view-line elementor-widget elementor-widget-divider\" data-id=\"0cdeb3d\" data-element_type=\"widget\" data-widget_type=\"divider.default\">\n\t\t\t\t<div class=\"elementor-widget-container\">\n\t\t\t\t\t\t\t<div class=\"elementor-divider\">\n\t\t\t<span class=\"elementor-divider-separator\">\n\t\t\t\t\t\t<\/span>\n\t\t<\/div>\n\t\t\t\t\t\t<\/div>\n\t\t\t\t<\/div>\n\t\t\t\t<div class=\"elementor-element elementor-element-334a476 elementor-widget__width-initial elementor-widget elementor-widget-text-editor\" data-id=\"334a476\" data-element_type=\"widget\" data-widget_type=\"text-editor.default\">\n\t\t\t\t<div class=\"elementor-widget-container\">\n\t\t\t\t\t\t\t\t\t<p><span style=\"font-weight: 400;\">Ein einzigartiges \u00d6kosystem in der Welt aufgrund seiner Eigenschaften, seiner biologischen Vielfalt und seines nat\u00fcrlichen Reichtums, typisch f\u00fcr den S\u00fcdwesten der Iberischen Halbinsel. Die von FISAN ausgew\u00e4hlten Dehesas sind Erweiterungen von Steineichenw\u00e4ldern, die den Lauf der Zeit \u00fcberdauert haben. <\/span><\/p>\n\t\t\t\t\t\t\t\t<\/div>\n\t\t\t\t<\/div>\n\t\t\t\t<div class=\"elementor-element elementor-element-bc08d00 elementor-align-center elementor-mobile-align-center elementor-widget elementor-widget-button\" data-id=\"bc08d00\" data-element_type=\"widget\" data-widget_type=\"button.default\">\n\t\t\t\t<div class=\"elementor-widget-container\">\n\t\t\t\t\t\t\t\t\t<div class=\"elementor-button-wrapper\">\n\t\t\t\t\t<a class=\"elementor-button elementor-button-link elementor-size-sm\" href=\"https:\/\/www.fisan.com\/de\/iberische-welt\/dehesa\/\">\n\t\t\t\t\t\t<span class=\"elementor-button-content-wrapper\">\n\t\t\t\t\t\t\t\t\t<span class=\"elementor-button-text\">Mehr erfahren<\/span>\n\t\t\t\t\t<\/span>\n\t\t\t\t\t<\/a>\n\t\t\t\t<\/div>\n\t\t\t\t\t\t\t\t<\/div>\n\t\t\t\t<\/div>\n\t\t\t\t\t<\/div>\n\t\t<\/div>\n\t\t\t\t<div class=\"elementor-column elementor-col-50 elementor-inner-column elementor-element elementor-element-245ed4d\" data-id=\"245ed4d\" data-element_type=\"column\">\n\t\t\t<div class=\"elementor-widget-wrap\">\n\t\t\t\t\t\t\t<\/div>\n\t\t<\/div>\n\t\t\t\t\t<\/div>\n\t\t<\/section>\n\t\t\t\t\t<\/div>\n\t\t<\/div>\n\t\t\t\t\t<\/div>\n\t\t<\/section>\n\t\t\t\t<section data-dce-background-color=\"#F0F0F0\" class=\"elementor-section elementor-top-section elementor-element elementor-element-1070c9b elementor-section-stretched elementor-section-boxed elementor-section-height-default elementor-section-height-default\" data-id=\"1070c9b\" data-element_type=\"section\" data-settings=\"{&quot;stretch_section&quot;:&quot;section-stretched&quot;,&quot;background_background&quot;:&quot;classic&quot;}\">\n\t\t\t\t\t\t<div class=\"elementor-container elementor-column-gap-default\">\n\t\t\t\t\t<div class=\"elementor-column elementor-col-50 elementor-top-column elementor-element elementor-element-390448d elementor-invisible\" data-id=\"390448d\" data-element_type=\"column\" data-settings=\"{&quot;background_background&quot;:&quot;classic&quot;,&quot;animation&quot;:&quot;fadeIn&quot;}\">\n\t\t\t<div class=\"elementor-widget-wrap elementor-element-populated\">\n\t\t\t\t\t<div class=\"elementor-background-overlay\"><\/div>\n\t\t\t\t\t\t<div class=\"elementor-element elementor-element-bf9e153 dce_masking-none elementor-widget elementor-widget-image\" data-id=\"bf9e153\" data-element_type=\"widget\" data-widget_type=\"image.default\">\n\t\t\t\t<div class=\"elementor-widget-container\">\n\t\t\t\t\t\t\t\t\t\t\t\t\t\t\t<img loading=\"lazy\" decoding=\"async\" width=\"500\" height=\"700\" src=\"https:\/\/www.fisan.com\/wp-content\/uploads\/2022\/09\/cerdo_iberico_fisan_05.jpeg\" class=\"attachment-large size-large wp-image-17850\" alt=\"Jamones ib\u00e9ricos FISAN\" srcset=\"https:\/\/www.fisan.com\/wp-content\/uploads\/2022\/09\/cerdo_iberico_fisan_05.jpeg 500w, https:\/\/www.fisan.com\/wp-content\/uploads\/2022\/09\/cerdo_iberico_fisan_05-214x300.jpeg 214w\" sizes=\"(max-width: 500px) 100vw, 500px\" \/>\t\t\t\t\t\t\t\t\t\t\t\t\t\t\t<\/div>\n\t\t\t\t<\/div>\n\t\t\t\t\t<\/div>\n\t\t<\/div>\n\t\t\t\t<div class=\"elementor-column elementor-col-50 elementor-top-column elementor-element elementor-element-98925bb\" data-id=\"98925bb\" data-element_type=\"column\">\n\t\t\t<div class=\"elementor-widget-wrap elementor-element-populated\">\n\t\t\t\t\t\t<div class=\"elementor-element elementor-element-94aa08a elementor-widget elementor-widget-heading\" data-id=\"94aa08a\" data-element_type=\"widget\" data-widget_type=\"heading.default\">\n\t\t\t\t<div class=\"elementor-widget-container\">\n\t\t\t\t\t<h2 class=\"elementor-heading-title elementor-size-default\">IB\u00c9RICO QUALIT\u00c4TEN<\/h2>\t\t\t\t<\/div>\n\t\t\t\t<\/div>\n\t\t\t\t<div class=\"elementor-element elementor-element-7f9901a elementor-widget elementor-widget-heading\" data-id=\"7f9901a\" data-element_type=\"widget\" data-widget_type=\"heading.default\">\n\t\t\t\t<div class=\"elementor-widget-container\">\n\t\t\t\t\t<p class=\"elementor-heading-title elementor-size-default\">Der Ib\u00e9rico Qualit\u00e4tsstandard.<\/p>\t\t\t\t<\/div>\n\t\t\t\t<\/div>\n\t\t\t\t<div class=\"elementor-element elementor-element-b0d8ffb elementor-widget elementor-widget-text-editor\" data-id=\"b0d8ffb\" data-element_type=\"widget\" data-widget_type=\"text-editor.default\">\n\t\t\t\t<div class=\"elementor-widget-container\">\n\t\t\t\t\t\t\t\t\t<p><span style=\"font-weight: 400;\">Die Verordnungen \u00fcber die Ib\u00e9rico Qualit\u00e4t stehen f\u00fcr ein klares Bekenntnis zu Qualit\u00e4t, Transparenz und Verbraucherinformation \u00fcber die Eigenschaften und Produktionsbedingungen der Ib\u00e9rico Produkte, damit die Verbraucher eine ihren Bed\u00fcrfnissen entsprechende Kaufentscheidung treffen k\u00f6nnen.<\/span><\/p>\n\t\t\t\t\t\t\t\t<\/div>\n\t\t\t\t<\/div>\n\t\t\t\t<div class=\"elementor-element elementor-element-7ad66d4 elementor-align-center elementor-mobile-align-center elementor-widget elementor-widget-button\" data-id=\"7ad66d4\" data-element_type=\"widget\" data-widget_type=\"button.default\">\n\t\t\t\t<div class=\"elementor-widget-container\">\n\t\t\t\t\t\t\t\t\t<div class=\"elementor-button-wrapper\">\n\t\t\t\t\t<a class=\"elementor-button elementor-button-link elementor-size-sm\" href=\"https:\/\/www.fisan.com\/de\/iberische-welt\/die-iberico-qualitat\/\">\n\t\t\t\t\t\t<span class=\"elementor-button-content-wrapper\">\n\t\t\t\t\t\t\t\t\t<span class=\"elementor-button-text\">Mehr erfahren<\/span>\n\t\t\t\t\t<\/span>\n\t\t\t\t\t<\/a>\n\t\t\t\t<\/div>\n\t\t\t\t\t\t\t\t<\/div>\n\t\t\t\t<\/div>\n\t\t\t\t\t<\/div>\n\t\t<\/div>\n\t\t\t\t\t<\/div>\n\t\t<\/section>\n\t\t\t\t<section class=\"elementor-section elementor-top-section elementor-element elementor-element-33c3751 elementor-section-stretched elementor-section-height-min-height elementor-section-boxed elementor-section-height-default elementor-section-items-middle\" data-id=\"33c3751\" data-element_type=\"section\" data-settings=\"{&quot;stretch_section&quot;:&quot;section-stretched&quot;,&quot;background_background&quot;:&quot;classic&quot;}\">\n\t\t\t\t\t\t\t<div class=\"elementor-background-overlay\"><\/div>\n\t\t\t\t\t\t\t<div class=\"elementor-container elementor-column-gap-default\">\n\t\t\t\t\t<div class=\"elementor-column elementor-col-50 elementor-top-column elementor-element elementor-element-15e6bd8\" data-id=\"15e6bd8\" data-element_type=\"column\">\n\t\t\t<div class=\"elementor-widget-wrap elementor-element-populated\">\n\t\t\t\t\t\t<div class=\"elementor-element elementor-element-c74f2eb elementor-widget elementor-widget-heading\" data-id=\"c74f2eb\" data-element_type=\"widget\" data-widget_type=\"heading.default\">\n\t\t\t\t<div class=\"elementor-widget-container\">\n\t\t\t\t\t<h2 class=\"elementor-heading-title elementor-size-default\">HAUPTMERKMALE DES IBERISCHEN SCHWEINS<\/h2>\t\t\t\t<\/div>\n\t\t\t\t<\/div>\n\t\t\t\t<div class=\"elementor-element elementor-element-ec9deb3 elementor-widget-divider--view-line elementor-widget elementor-widget-divider\" data-id=\"ec9deb3\" data-element_type=\"widget\" data-widget_type=\"divider.default\">\n\t\t\t\t<div class=\"elementor-widget-container\">\n\t\t\t\t\t\t\t<div class=\"elementor-divider\">\n\t\t\t<span class=\"elementor-divider-separator\">\n\t\t\t\t\t\t<\/span>\n\t\t<\/div>\n\t\t\t\t\t\t<\/div>\n\t\t\t\t<\/div>\n\t\t\t\t<div class=\"elementor-element elementor-element-db82518 elementor-widget elementor-widget-text-editor\" data-id=\"db82518\" data-element_type=\"widget\" data-widget_type=\"text-editor.default\">\n\t\t\t\t<div class=\"elementor-widget-container\">\n\t\t\t\t\t\t\t\t\t<p>Das iberische Schwein hat seinen Ursprung im mediterranen Wildschwein (Sus mediterraneus), obwohl sich in seinem Genom auch Spuren des europ\u00e4ischen Wildschweins (Sus scrofa) und des asiatischen Wildschweins (Sus vittatus) finden.<\/p>\n<p>Die geografischen Gegebenheiten der iberischen Halbinsel beg\u00fcnstigten die Isolierung der verschiedenen St\u00e4mme des iberischen Schweins, was zusammen mit der Selektion verschiedener Merkmale durch die Landwirte zur Herausbildung mehrerer genetischer Linien aus einem gemeinsamen Stamm f\u00fchrte.<\/p>\n<p>aus einem gemeinsamen Stamm f\u00fchrte. Die verschiedenen Sorten des iberischen Stamms haben morphologische Gemeinsamkeiten und vor allem die F\u00e4higkeit zur Fettinfiltration im Inneren der Muskeln (nicht immer sichtbar), die ihnen ihre charakteristische Konsistenz, ihr Aroma und ihren Geschmack verleiht.<\/p>\n<p>Die Rassen, aus denen sich der iberische Stamm zusammensetzt, werden im Wesentlichen nach ihrem \u00e4u\u00dferen Erscheinungsbild klassifiziert, wobei sowohl die Farbe als auch die Behaarung der Haut ber\u00fccksichtigt werden.<\/p>\n\t\t\t\t\t\t\t\t<\/div>\n\t\t\t\t<\/div>\n\t\t\t\t\t<\/div>\n\t\t<\/div>\n\t\t\t\t<div class=\"elementor-column elementor-col-50 elementor-top-column elementor-element elementor-element-e450e95\" data-id=\"e450e95\" data-element_type=\"column\">\n\t\t\t<div class=\"elementor-widget-wrap elementor-element-populated\">\n\t\t\t\t\t\t<div class=\"elementor-element elementor-element-fd4bcaf elementor-widget elementor-widget-text-editor\" data-id=\"fd4bcaf\" data-element_type=\"widget\" data-widget_type=\"text-editor.default\">\n\t\t\t\t<div class=\"elementor-widget-container\">\n\t\t\t\t\t\t\t\t\t<h3 style=\"text-align: center;\">Unser Schwein von FISAN<\/h3>\n<p>Was den Typ des iberischen Schweins und seine Herkunft betrifft, so hat sich FISAN w\u00e4hrend eines Jahrhunderts der Arbeit auf die Verwendung von Exemplaren der Art Retinta Extreme\u00f1a Silvela konzentriert (wenn auch nicht ausschlie\u00dflich). Es handelt sich um eine Sorte, die zu Beginn des 20. Jahrhunderts durch Kreuzung von portugiesischen Retinto-Zuchtebern und weiblichen Extremaduran-Retinto-K\u00fchen entstanden ist. Es ist eine Linie mit Tieren von l\u00e4nglichem Aussehen, mit gut entwickelten Schinken und Lomos, feinem Skelett und mit einheitlicher dunkel-kastanienbrauner F\u00e4rbung.  <\/p>\n<p>Um die au\u00dfergew\u00f6hnliche Qualit\u00e4t der Schinken und W\u00fcrste zu gew\u00e4hrleisten, widmet FISAN auch der Aufzucht der Tiere gro\u00dfe Aufmerksamkeit: Durch st\u00e4ndige Besuche der Dehesa, durch die pers\u00f6nliche \u00dcberwachung der korrekten Aufzucht und Entwicklung der Tiere, durch die Kontrolle des Auslaufs in Freiheit und der nat\u00fcrlichen Ern\u00e4hrung mit Eicheln. Faktoren, die wichtig sind, um die Zartheit, die Konsistenz und das Aroma zu erhalten, welche die Ib\u00e9rico Produkte von FISAN so einzigartig machen.  <\/p>\n\t\t\t\t\t\t\t\t<\/div>\n\t\t\t\t<\/div>\n\t\t\t\t\t<\/div>\n\t\t<\/div>\n\t\t\t\t\t<\/div>\n\t\t<\/section>\n\t\t\t\t<\/div>\n\t\t","protected":false},"excerpt":{"rendered":"<p>Das Wesentliche Das Schwein von FISAN https:\/\/www.youtube.com\/watch?v=o3J1ly2ljeo Die Aufzucht ist ebenso wichtig wie die Rasse der Tiere. Dies ist der Grund f\u00fcr die au\u00dfergew\u00f6hnliche Qualit\u00e4t unserer Schinken, Vorderschinken, Lomos und Ib\u00e9rico W\u00fcrste. IBERISCHE SCHWEIN Mehrere genetische Linien von einer gemeinsamen Abstammung Das iberische Schwein hat seinen Ursprung im mediterranen Wildschwein (Sus mediterraneus), obwohl sich in &#8230; <a title=\"Das Iberische Schwein\" class=\"read-more\" href=\"https:\/\/www.fisan.com\/de\/iberische-welt\/das-iberische-schwein\/\" aria-label=\"Mehr Informationen \u00fcber Das Iberische Schwein\">Weiterlesen<\/a><\/p>\n","protected":false},"author":1,"featured_media":0,"parent":0,"menu_order":3,"comment_status":"closed","ping_status":"closed","template":"","meta":{"_acf_changed":false,"footnotes":"","_wp_rev_ctl_limit":""},"class_list":["post-33074","page","type-page","status-publish"],"acf":[],"yoast_head":"<!-- This site is optimized with the Yoast SEO plugin v25.4 - https:\/\/yoast.com\/wordpress\/plugins\/seo\/ -->\n<title>Ib\u00e9rico Schwein | FISAN<\/title>\n<meta name=\"description\" content=\"Wir erz\u00e4hlen Ihnen alles \u00fcber unsere ib\u00e9rico Schweine: Rasse, Eigenschaften, Qualit\u00e4t, F\u00fctterung und Zucht, erfahren Sie alles \u00fcber sie!\" \/>\n<meta name=\"robots\" content=\"index, follow, max-snippet:-1, max-image-preview:large, max-video-preview:-1\" \/>\n<link rel=\"canonical\" href=\"https:\/\/www.fisan.com\/de\/iberische-welt\/das-iberische-schwein\/\" \/>\n<meta property=\"og:locale\" content=\"de_DE\" \/>\n<meta property=\"og:type\" content=\"article\" \/>\n<meta property=\"og:title\" content=\"Ib\u00e9rico Schwein | FISAN\" \/>\n<meta property=\"og:description\" content=\"Wir erz\u00e4hlen Ihnen alles \u00fcber unsere ib\u00e9rico Schweine: Rasse, Eigenschaften, Qualit\u00e4t, F\u00fctterung und Zucht, erfahren Sie alles \u00fcber sie!\" \/>\n<meta property=\"og:url\" content=\"https:\/\/www.fisan.com\/de\/iberische-welt\/das-iberische-schwein\/\" \/>\n<meta property=\"og:site_name\" content=\"FISAN\" \/>\n<meta property=\"article:modified_time\" content=\"2023-11-28T11:06:41+00:00\" \/>\n<meta property=\"og:image\" content=\"https:\/\/www.fisan.com\/wp-content\/uploads\/2022\/09\/cerdo_iberico_fisan.png\" \/>\n<meta name=\"twitter:card\" content=\"summary_large_image\" \/>\n<meta name=\"twitter:label1\" content=\"Gesch\u00e4tzte Lesezeit\" \/>\n\t<meta name=\"twitter:data1\" content=\"6\u00a0Minuten\" \/>\n<script type=\"application\/ld+json\" class=\"yoast-schema-graph\">{\n\t    \"@context\": \"https:\/\/schema.org\",\n\t    \"@graph\": [\n\t        {\n\t            \"@type\": \"WebPage\",\n\t            \"@id\": \"https:\/\/www.fisan.com\/de\/iberische-welt\/das-iberische-schwein\/\",\n\t            \"url\": \"https:\/\/www.fisan.com\/de\/iberische-welt\/das-iberische-schwein\/\",\n\t            \"name\": \"Ib\u00e9rico Schwein | FISAN\",\n\t            \"isPartOf\": {\n\t                \"@id\": \"https:\/\/www.fisan.com\/de\/#website\"\n\t            },\n\t            \"primaryImageOfPage\": {\n\t                \"@id\": \"https:\/\/www.fisan.com\/de\/iberische-welt\/das-iberische-schwein\/#primaryimage\"\n\t            },\n\t            \"image\": {\n\t                \"@id\": \"https:\/\/www.fisan.com\/de\/iberische-welt\/das-iberische-schwein\/#primaryimage\"\n\t            },\n\t            \"thumbnailUrl\": \"https:\/\/www.fisan.com\/wp-content\/uploads\/2022\/09\/cerdo_iberico_fisan.png\",\n\t            \"datePublished\": \"2022-08-30T07:22:41+00:00\",\n\t            \"dateModified\": \"2023-11-28T11:06:41+00:00\",\n\t            \"description\": \"Wir erz\u00e4hlen Ihnen alles \u00fcber unsere ib\u00e9rico Schweine: Rasse, Eigenschaften, Qualit\u00e4t, F\u00fctterung und Zucht, erfahren Sie alles \u00fcber sie!\",\n\t            \"breadcrumb\": {\n\t                \"@id\": \"https:\/\/www.fisan.com\/de\/iberische-welt\/das-iberische-schwein\/#breadcrumb\"\n\t            },\n\t            \"inLanguage\": \"de\",\n\t            \"potentialAction\": [\n\t                {\n\t                    \"@type\": \"ReadAction\",\n\t                    \"target\": [\n\t                        \"https:\/\/www.fisan.com\/de\/iberische-welt\/das-iberische-schwein\/\"\n\t                    ]\n\t                }\n\t            ]\n\t        },\n\t        {\n\t            \"@type\": \"ImageObject\",\n\t            \"inLanguage\": \"de\",\n\t            \"@id\": \"https:\/\/www.fisan.com\/de\/iberische-welt\/das-iberische-schwein\/#primaryimage\",\n\t            \"url\": \"https:\/\/www.fisan.com\/wp-content\/uploads\/2022\/09\/cerdo_iberico_fisan.png\",\n\t            \"contentUrl\": \"https:\/\/www.fisan.com\/wp-content\/uploads\/2022\/09\/cerdo_iberico_fisan.png\"\n\t        },\n\t        {\n\t            \"@type\": \"BreadcrumbList\",\n\t            \"@id\": \"https:\/\/www.fisan.com\/de\/iberische-welt\/das-iberische-schwein\/#breadcrumb\",\n\t            \"itemListElement\": [\n\t                {\n\t                    \"@type\": \"ListItem\",\n\t                    \"position\": 1,\n\t                    \"name\": \"FISAN\",\n\t                    \"item\": \"https:\/\/www.fisan.com\/de\/\"\n\t                },\n\t                {\n\t                    \"@type\": \"ListItem\",\n\t                    \"position\": 2,\n\t                    \"name\": \"Das Iberische Schwein\"\n\t                }\n\t            ]\n\t        },\n\t        {\n\t            \"@type\": \"WebSite\",\n\t            \"@id\": \"https:\/\/www.fisan.com\/de\/#website\",\n\t            \"url\": \"https:\/\/www.fisan.com\/de\/\",\n\t            \"name\": \"FISAN\",\n\t            \"description\": \"FISAN | Jamones de bellota ib\u00e9rico y embutidos ib\u00e9ricos desde 1920\",\n\t            \"potentialAction\": [\n\t                {\n\t                    \"@type\": \"SearchAction\",\n\t                    \"target\": {\n\t                        \"@type\": \"EntryPoint\",\n\t                        \"urlTemplate\": \"https:\/\/www.fisan.com\/de\/?s={search_term_string}\"\n\t                    },\n\t                    \"query-input\": {\n\t                        \"@type\": \"PropertyValueSpecification\",\n\t                        \"valueRequired\": true,\n\t                        \"valueName\": \"search_term_string\"\n\t                    }\n\t                }\n\t            ],\n\t            \"inLanguage\": \"de\"\n\t        }\n\t    ]\n\t}<\/script>\n<!-- \/ Yoast SEO plugin. -->","yoast_head_json":{"title":"Ib\u00e9rico Schwein | FISAN","description":"Wir erz\u00e4hlen Ihnen alles \u00fcber unsere ib\u00e9rico Schweine: Rasse, Eigenschaften, Qualit\u00e4t, F\u00fctterung und Zucht, erfahren Sie alles \u00fcber sie!","robots":{"index":"index","follow":"follow","max-snippet":"max-snippet:-1","max-image-preview":"max-image-preview:large","max-video-preview":"max-video-preview:-1"},"canonical":"https:\/\/www.fisan.com\/de\/iberische-welt\/das-iberische-schwein\/","og_locale":"de_DE","og_type":"article","og_title":"Ib\u00e9rico Schwein | FISAN","og_description":"Wir erz\u00e4hlen Ihnen alles \u00fcber unsere ib\u00e9rico Schweine: Rasse, Eigenschaften, Qualit\u00e4t, F\u00fctterung und Zucht, erfahren Sie alles \u00fcber sie!","og_url":"https:\/\/www.fisan.com\/de\/iberische-welt\/das-iberische-schwein\/","og_site_name":"FISAN","article_modified_time":"2023-11-28T11:06:41+00:00","og_image":[{"url":"https:\/\/www.fisan.com\/wp-content\/uploads\/2022\/09\/cerdo_iberico_fisan.png","type":"","width":"","height":""}],"twitter_card":"summary_large_image","twitter_misc":{"Gesch\u00e4tzte Lesezeit":"6\u00a0Minuten"},"schema":{"@context":"https:\/\/schema.org","@graph":[{"@type":"WebPage","@id":"https:\/\/www.fisan.com\/de\/iberische-welt\/das-iberische-schwein\/","url":"https:\/\/www.fisan.com\/de\/iberische-welt\/das-iberische-schwein\/","name":"Ib\u00e9rico Schwein | FISAN","isPartOf":{"@id":"https:\/\/www.fisan.com\/de\/#website"},"primaryImageOfPage":{"@id":"https:\/\/www.fisan.com\/de\/iberische-welt\/das-iberische-schwein\/#primaryimage"},"image":{"@id":"https:\/\/www.fisan.com\/de\/iberische-welt\/das-iberische-schwein\/#primaryimage"},"thumbnailUrl":"https:\/\/www.fisan.com\/wp-content\/uploads\/2022\/09\/cerdo_iberico_fisan.png","datePublished":"2022-08-30T07:22:41+00:00","dateModified":"2023-11-28T11:06:41+00:00","description":"Wir erz\u00e4hlen Ihnen alles \u00fcber unsere ib\u00e9rico Schweine: Rasse, Eigenschaften, Qualit\u00e4t, F\u00fctterung und Zucht, erfahren Sie alles \u00fcber sie!","breadcrumb":{"@id":"https:\/\/www.fisan.com\/de\/iberische-welt\/das-iberische-schwein\/#breadcrumb"},"inLanguage":"de","potentialAction":[{"@type":"ReadAction","target":["https:\/\/www.fisan.com\/de\/iberische-welt\/das-iberische-schwein\/"]}]},{"@type":"ImageObject","inLanguage":"de","@id":"https:\/\/www.fisan.com\/de\/iberische-welt\/das-iberische-schwein\/#primaryimage","url":"https:\/\/www.fisan.com\/wp-content\/uploads\/2022\/09\/cerdo_iberico_fisan.png","contentUrl":"https:\/\/www.fisan.com\/wp-content\/uploads\/2022\/09\/cerdo_iberico_fisan.png"},{"@type":"BreadcrumbList","@id":"https:\/\/www.fisan.com\/de\/iberische-welt\/das-iberische-schwein\/#breadcrumb","itemListElement":[{"@type":"ListItem","position":1,"name":"FISAN","item":"https:\/\/www.fisan.com\/de\/"},{"@type":"ListItem","position":2,"name":"Das Iberische Schwein"}]},{"@type":"WebSite","@id":"https:\/\/www.fisan.com\/de\/#website","url":"https:\/\/www.fisan.com\/de\/","name":"FISAN","description":"FISAN | Jamones de bellota ib\u00e9rico y embutidos ib\u00e9ricos desde 1920","potentialAction":[{"@type":"SearchAction","target":{"@type":"EntryPoint","urlTemplate":"https:\/\/www.fisan.com\/de\/?s={search_term_string}"},"query-input":{"@type":"PropertyValueSpecification","valueRequired":true,"valueName":"search_term_string"}}],"inLanguage":"de"}]}},"_links":{"self":[{"href":"https:\/\/www.fisan.com\/de\/wp-json\/wp\/v2\/pages\/33074","targetHints":{"allow":["GET"]}}],"collection":[{"href":"https:\/\/www.fisan.com\/de\/wp-json\/wp\/v2\/pages"}],"about":[{"href":"https:\/\/www.fisan.com\/de\/wp-json\/wp\/v2\/types\/page"}],"author":[{"embeddable":true,"href":"https:\/\/www.fisan.com\/de\/wp-json\/wp\/v2\/users\/1"}],"replies":[{"embeddable":true,"href":"https:\/\/www.fisan.com\/de\/wp-json\/wp\/v2\/comments?post=33074"}],"version-history":[{"count":15,"href":"https:\/\/www.fisan.com\/de\/wp-json\/wp\/v2\/pages\/33074\/revisions"}],"predecessor-version":[{"id":41468,"href":"https:\/\/www.fisan.com\/de\/wp-json\/wp\/v2\/pages\/33074\/revisions\/41468"}],"wp:attachment":[{"href":"https:\/\/www.fisan.com\/de\/wp-json\/wp\/v2\/media?parent=33074"}],"curies":[{"name":"wp","href":"https:\/\/api.w.org\/{rel}","templated":true}]}}