{"id":42848,"date":"2024-04-26T12:29:26","date_gmt":"2024-04-26T10:29:26","guid":{"rendered":"https:\/\/www.fisan.com\/?page_id=42848"},"modified":"2024-05-06T15:06:55","modified_gmt":"2024-05-06T13:06:55","slug":"rocio-parra","status":"publish","type":"page","link":"https:\/\/www.fisan.com\/de\/gastronomie-kuchenchefs\/rocio-parra\/","title":{"rendered":"Roc\u00edo Parra"},"content":{"rendered":"\t\t<div data-elementor-type=\"wp-page\" data-elementor-id=\"42848\" class=\"elementor elementor-42848 elementor-42843\" data-elementor-post-type=\"page\">\n\t\t\t\t\t\t<section class=\"elementor-section elementor-top-section elementor-element elementor-element-3cc6922 elementor-section-full_width elementor-section-height-default elementor-section-height-default\" data-id=\"3cc6922\" data-element_type=\"section\" data-settings=\"{&quot;background_background&quot;:&quot;classic&quot;}\">\n\t\t\t\t\t\t<div class=\"elementor-container elementor-column-gap-default\">\n\t\t\t\t\t<div class=\"elementor-column elementor-col-100 elementor-top-column elementor-element elementor-element-412ea84\" data-id=\"412ea84\" data-element_type=\"column\">\n\t\t\t<div class=\"elementor-widget-wrap elementor-element-populated\">\n\t\t\t\t\t\t<div class=\"elementor-element elementor-element-6bdd7a2 elementor-widget elementor-widget-breadcrumbs\" data-id=\"6bdd7a2\" data-element_type=\"widget\" data-widget_type=\"breadcrumbs.default\">\n\t\t\t\t<div class=\"elementor-widget-container\">\n\t\t\t\t\t<p id=\"breadcrumbs\"><span><span><a href=\"https:\/\/www.fisan.com\/de\/\">FISAN<\/a><\/span><\/span><\/p>\t\t\t\t<\/div>\n\t\t\t\t<\/div>\n\t\t\t\t\t<\/div>\n\t\t<\/div>\n\t\t\t\t\t<\/div>\n\t\t<\/section>\n\t\t\t\t<section data-dce-background-overlay-color=\"#353333\" data-dce-background-image-url=\"https:\/\/www.fisan.com\/wp-content\/uploads\/2024\/04\/banner-home.jpg\" class=\"elementor-section elementor-top-section elementor-element elementor-element-c5edcf9 elementor-section-full_width elementor-section-stretched elementor-section-height-min-height elementor-reverse-tablet elementor-section-height-default elementor-section-items-middle\" data-id=\"c5edcf9\" data-element_type=\"section\" data-settings=\"{&quot;stretch_section&quot;:&quot;section-stretched&quot;,&quot;background_background&quot;:&quot;classic&quot;}\">\n\t\t\t\t\t\t\t<div class=\"elementor-background-overlay\"><\/div>\n\t\t\t\t\t\t\t<div class=\"elementor-container elementor-column-gap-default\">\n\t\t\t\t\t<div class=\"elementor-column elementor-col-50 elementor-top-column elementor-element elementor-element-eeee7f2\" data-id=\"eeee7f2\" data-element_type=\"column\" data-settings=\"{&quot;background_background&quot;:&quot;classic&quot;}\">\n\t\t\t<div class=\"elementor-widget-wrap elementor-element-populated\">\n\t\t\t\t\t\t<div class=\"elementor-element elementor-element-a0dda71 elementor-widget elementor-widget-heading\" data-id=\"a0dda71\" data-element_type=\"widget\" data-widget_type=\"heading.default\">\n\t\t\t\t<div class=\"elementor-widget-container\">\n\t\t\t\t\t<p class=\"elementor-heading-title elementor-size-default\">Die kulinarische Exzellenz<\/p>\t\t\t\t<\/div>\n\t\t\t\t<\/div>\n\t\t\t\t<div class=\"elementor-element elementor-element-48c78a0 elementor-widget elementor-widget-heading\" data-id=\"48c78a0\" data-element_type=\"widget\" data-widget_type=\"heading.default\">\n\t\t\t\t<div class=\"elementor-widget-container\">\n\t\t\t\t\t<h1 class=\"elementor-heading-title elementor-size-default\">ROC\u00cdO PARRA<\/h1>\t\t\t\t<\/div>\n\t\t\t\t<\/div>\n\t\t\t\t<div class=\"elementor-element elementor-element-ed651e0 elementor-widget elementor-widget-text-editor\" data-id=\"ed651e0\" data-element_type=\"widget\" data-widget_type=\"text-editor.default\">\n\t\t\t\t<div class=\"elementor-widget-container\">\n\t\t\t\t\t\t\t\t\t<p>Restaurant En la Parra<\/p>\n\t\t\t\t\t\t\t\t<\/div>\n\t\t\t\t<\/div>\n\t\t\t\t<div class=\"elementor-element elementor-element-dbd10f0 elementor-widget__width-initial elementor-view-default elementor-widget elementor-widget-icon\" data-id=\"dbd10f0\" data-element_type=\"widget\" data-widget_type=\"icon.default\">\n\t\t\t\t<div class=\"elementor-widget-container\">\n\t\t\t\t\t\t\t<div class=\"elementor-icon-wrapper\">\n\t\t\t<div class=\"elementor-icon\">\n\t\t\t<svg xmlns=\"http:\/\/www.w3.org\/2000\/svg\" xmlns:xlink=\"http:\/\/www.w3.org\/1999\/xlink\" id=\"Modo_de_aislamiento\" x=\"0px\" y=\"0px\" viewBox=\"0 0 500 500\" style=\"enable-background:new 0 0 500 500;\" xml:space=\"preserve\"><style type=\"text\/css\">\t.st0{fill:#AC182D;}<\/style><path class=\"st0\" d=\"M355.5,262c-8.3-4.6-17.5-7.9-26.4-11.8c7.1-2.9,14.3-5.3,21-8.6c29.7-14.8,36-39.8,17.2-67.3 c-12.2-17.9-29.6-23-48.9-12.9c-10,5.3-18.9,12.6-28.5,19.1c1.1-7.3,2.8-14.9,3.3-22.5c1.1-15.9-0.7-31.7-15.9-40.6 c-17.2-10-35.6-9.3-52.7,0.5c-15.9,9.2-18.1,25.3-17,42c0.4,6.6,1.6,13.2,2.5,20.2c-9.7-6.6-18.2-13.4-27.6-18.6 c-11-6-23.3-8-34.6-1c-16.3,10.1-24.6,25.4-24.9,44.5c-0.3,17.8,11,28,25.3,35.4c7.3,3.8,15.3,6.5,22.4,9.5 c-10.1,4.8-20.8,9-30.4,14.9c-15,9.3-21.9,23.9-16.5,38.5c4,10.9,10.9,21.5,18.8,30.2c9.2,10.1,22.6,12.1,35.2,6.7 c11.2-4.8,21.4-11.9,32.1-18c-0.8,6.5-1.9,13.9-2.6,21.4c-2,21.9,9,39.7,28.7,44.3c8.3,1.9,17.5,2,26,1 c17.5-2.1,28.2-12.5,30.1-29.9c1.4-12.6,0.3-25.5,0.3-36.9c5.9,4.1,13.3,10.3,21.7,14.8c23.2,12.2,44.3,4.2,57.8-21.1 C383.8,293.8,378.2,274.7,355.5,262z M352.9,322.6c-7.5,8.6-17.3,10.6-28.1,6.5c-15.9-6-26.9-18-37.7-30.4c-3-3.5-5.8-7.2-8.7-11 c-1.8-2.3-5.1-3-7.6-1.5c0,0-0.1,0-0.1,0c-2.3,1.4-3.5,4.2-2.7,6.8c4.1,13.4,8.5,26.4,11.5,39.7c1.9,8.1,2.1,16.8,1,25.1 c-0.7,5.9-2.6,8.9-5.4,12c-10.5,11.5-24.1,9.6-37.1,6.4c-12-2.9-18-11.7-18.7-24.7c-1.1-18.2,4.1-35.1,10.9-51.7 c1.4-3.3,3.2-6.6,3.7-10.1c0-0.3,0.1-0.6,0.1-0.9c0.1-4.6-5.1-7.6-9-5.1c-0.3,0.2-0.6,0.5-0.9,0.7c-7.5,8.3-13.6,17.9-21.7,25.4 c-8.1,7.4-17.6,13.7-27.2,19c-8.3,4.5-18.2,3.4-24.3-3.7c-6.8-8-12.5-17.6-16.3-27.4c-3.2-8.4,2.4-15.8,9.2-21 c14.5-11.3,31.9-15.2,49.5-18.4c3.7-0.7,7.5-1.2,11.5-1.7c3-0.4,5.3-3,5.3-6v0c0-2.9-2-5.4-4.9-6c-12.4-2.6-24.7-4.8-36.6-8.5 c-9-2.9-18-7.5-25.3-13.5c-12.7-10.4-12.2-25-0.3-42.1c9-13,20.9-17.2,34.3-8c14.5,9.9,26.7,23.2,39.7,35.2c2.8,2.6,4.3,6.7,7.3,9.2 c0.7,0.5,1.5,0.9,2.4,1.2c3.7,1.1,7.6-1.7,7.3-5.5c0-0.3-0.1-0.7-0.2-1c-4.3-14.4-9.1-28.6-13.5-43c-1-3.4-1.2-7.1-1.3-10.7 c-0.9-28.3,20.2-43.2,47-33.1c9.9,3.7,14.1,11.7,14.9,21.8c1.5,20.1-4.8,38.6-12,56.9c-0.5,1.2-1,2.4-1.5,3.7 c-1.1,2.8,0,5.9,2.6,7.4c0,0,0.1,0,0.1,0c2.4,1.4,5.4,0.9,7.2-1.1c9.9-10.5,18.5-22.1,29.7-30.5c7.9-5.9,15.3-10.5,24.1-13.7 c2.6-1,6.1-1.4,8.8-0.7c15.8,3.9,21.2,16.7,25.1,30.4c2.9,10.1-0.9,21.1-12.1,26.7c-13.8,6.9-28.9,11.4-43.7,16.2 c-4.2,1.4-8.8,1.8-13.4,2.3c-3.2,0.3-5.6,3-5.6,6.2v0c0,3,2.2,5.6,5.1,6.2c8.9,1.7,17.8,3.2,26.6,5.4c7,1.7,13.9,4,20.5,6.9 C370.3,280.8,373.8,298.6,352.9,322.6z\"><\/path><\/svg>\t\t\t<\/div>\n\t\t<\/div>\n\t\t\t\t\t\t<\/div>\n\t\t\t\t<\/div>\n\t\t\t\t<div class=\"elementor-element elementor-element-96c4ac6 elementor-widget__width-auto dce_masking-none elementor-widget elementor-widget-image\" data-id=\"96c4ac6\" data-element_type=\"widget\" data-widget_type=\"image.default\">\n\t\t\t\t<div class=\"elementor-widget-container\">\n\t\t\t\t\t\t\t\t\t\t\t\t\t\t\t<img decoding=\"async\" width=\"44\" height=\"45\" src=\"https:\/\/www.fisan.com\/wp-content\/uploads\/2022\/09\/icono_club_allard.png\" class=\"attachment-full size-full wp-image-18090\" alt=\"\" srcset=\"https:\/\/www.fisan.com\/wp-content\/uploads\/2022\/09\/icono_club_allard.png 44w, https:\/\/www.fisan.com\/wp-content\/uploads\/2022\/09\/elementor\/thumbs\/icono_club_allard-pvhlypx9ki1x3h7pecknif716wh3lqskwpafsglhfo.png 26w\" sizes=\"(max-width: 44px) 100vw, 44px\" \/>\t\t\t\t\t\t\t\t\t\t\t\t\t\t\t<\/div>\n\t\t\t\t<\/div>\n\t\t\t\t\t<\/div>\n\t\t<\/div>\n\t\t\t\t<div class=\"elementor-column elementor-col-50 elementor-top-column elementor-element elementor-element-99ae672\" data-id=\"99ae672\" data-element_type=\"column\" data-settings=\"{&quot;background_background&quot;:&quot;classic&quot;}\">\n\t\t\t<div class=\"elementor-widget-wrap\">\n\t\t\t\t\t\t\t<\/div>\n\t\t<\/div>\n\t\t\t\t\t<\/div>\n\t\t<\/section>\n\t\t\t\t<section class=\"elementor-section elementor-top-section elementor-element elementor-element-220807f elementor-section-boxed elementor-section-height-default elementor-section-height-default\" data-id=\"220807f\" data-element_type=\"section\">\n\t\t\t\t\t\t<div class=\"elementor-container elementor-column-gap-default\">\n\t\t\t\t\t<div class=\"elementor-column elementor-col-50 elementor-top-column elementor-element elementor-element-fc5438d elementor-invisible\" data-id=\"fc5438d\" data-element_type=\"column\" data-settings=\"{&quot;animation&quot;:&quot;fadeIn&quot;}\">\n\t\t\t<div class=\"elementor-widget-wrap elementor-element-populated\">\n\t\t\t\t\t\t<div class=\"elementor-element elementor-element-55eb291 dce_masking-none elementor-widget elementor-widget-image\" data-id=\"55eb291\" data-element_type=\"widget\" data-widget_type=\"image.default\">\n\t\t\t\t<div class=\"elementor-widget-container\">\n\t\t\t\t\t\t\t\t\t\t\t\t\t\t\t<img fetchpriority=\"high\" decoding=\"async\" width=\"500\" height=\"550\" src=\"https:\/\/www.fisan.com\/wp-content\/uploads\/2024\/04\/rocio-parra-2.jpg\" class=\"attachment-large size-large wp-image-44957\" alt=\"Roc\u00edo Parra\" srcset=\"https:\/\/www.fisan.com\/wp-content\/uploads\/2024\/04\/rocio-parra-2.jpg 500w, https:\/\/www.fisan.com\/wp-content\/uploads\/2024\/04\/rocio-parra-2-273x300.jpg 273w\" sizes=\"(max-width: 500px) 100vw, 500px\" \/>\t\t\t\t\t\t\t\t\t\t\t\t\t\t\t<\/div>\n\t\t\t\t<\/div>\n\t\t\t\t\t<\/div>\n\t\t<\/div>\n\t\t\t\t<div class=\"elementor-column elementor-col-50 elementor-top-column elementor-element elementor-element-2d072f0\" data-id=\"2d072f0\" data-element_type=\"column\">\n\t\t\t<div class=\"elementor-widget-wrap elementor-element-populated\">\n\t\t\t\t\t\t<div class=\"elementor-element elementor-element-45c9947 elementor-widget__width-initial elementor-widget elementor-widget-text-editor\" data-id=\"45c9947\" data-element_type=\"widget\" data-widget_type=\"text-editor.default\">\n\t\t\t\t<div class=\"elementor-widget-container\">\n\t\t\t\t\t\t\t\t\t<p>Roc\u00edo Parra und FISAN mit einem gemeinsamen Ziel: <br \/>Die kulinarische Exzellenz<\/p><p>\u00a0<\/p><p>Roc\u00edo Parra und FISAN mit einem gemeinsamen Ziel: Die kulinarische Exzellenz Roc\u00edo Parra und FISAN, zwei herausragende Referenzen in der Welt des iberischen Schweinefleischs, tun sich zusammen in ihrem unerm\u00fcdlichen Streben nach gastronomischer Exzellenz. Zu diesem Zweck verbinden sie Tradition, Avantgarde und K\u00fchnheit miteinander, um unvergessliche kulinarische Erlebnisse zu kreieren.<\/p><p>\u00a0<\/p><p>FISAN teilt mit Roc\u00edo Parra die leidenschaftliche Hingabe f\u00fcr die Handwerkskunst. Eine F\u00e4higkeit, die \u00fcber Generationen hinweg weitergegeben und vererbt wurde. Wie bei Roc\u00edo hat ihre Entschlossenheit, Risiken einzugehen und konventionelle Normen in Frage zu stellen, das Erlebnis des Verzehrs von Bellota Produkten von FISAN auf ein au\u00dferordentliches Niveau gehoben.<\/p>\t\t\t\t\t\t\t\t<\/div>\n\t\t\t\t<\/div>\n\t\t\t\t\t<\/div>\n\t\t<\/div>\n\t\t\t\t\t<\/div>\n\t\t<\/section>\n\t\t\t\t<section data-dce-background-color=\"#F7F7F7\" class=\"elementor-section elementor-top-section elementor-element elementor-element-70008d2 elementor-section-stretched elementor-section-boxed elementor-section-height-default elementor-section-height-default\" data-id=\"70008d2\" data-element_type=\"section\" data-settings=\"{&quot;stretch_section&quot;:&quot;section-stretched&quot;,&quot;background_background&quot;:&quot;classic&quot;}\">\n\t\t\t\t\t\t<div class=\"elementor-container elementor-column-gap-default\">\n\t\t\t\t\t<div class=\"elementor-column elementor-col-50 elementor-top-column elementor-element elementor-element-8c2b9b5 elementor-invisible\" data-id=\"8c2b9b5\" data-element_type=\"column\" data-settings=\"{&quot;background_background&quot;:&quot;classic&quot;,&quot;animation&quot;:&quot;fadeInLeft&quot;}\">\n\t\t\t<div class=\"elementor-widget-wrap elementor-element-populated\">\n\t\t\t\t\t<div class=\"elementor-background-overlay\"><\/div>\n\t\t\t\t\t\t<div class=\"elementor-element elementor-element-72af97a dce_masking-none elementor-widget elementor-widget-image\" data-id=\"72af97a\" data-element_type=\"widget\" data-widget_type=\"image.default\">\n\t\t\t\t<div class=\"elementor-widget-container\">\n\t\t\t\t\t\t\t\t\t\t\t\t\t\t\t<img decoding=\"async\" width=\"500\" height=\"550\" src=\"https:\/\/www.fisan.com\/wp-content\/uploads\/2024\/04\/rocio-parra-3.jpg\" class=\"attachment-large size-large wp-image-44963\" alt=\"Roc\u00edo Parra En la Parra\" srcset=\"https:\/\/www.fisan.com\/wp-content\/uploads\/2024\/04\/rocio-parra-3.jpg 500w, https:\/\/www.fisan.com\/wp-content\/uploads\/2024\/04\/rocio-parra-3-273x300.jpg 273w\" sizes=\"(max-width: 500px) 100vw, 500px\" \/>\t\t\t\t\t\t\t\t\t\t\t\t\t\t\t<\/div>\n\t\t\t\t<\/div>\n\t\t\t\t\t<\/div>\n\t\t<\/div>\n\t\t\t\t<div class=\"elementor-column elementor-col-50 elementor-top-column elementor-element elementor-element-c71c4a7\" data-id=\"c71c4a7\" data-element_type=\"column\">\n\t\t\t<div class=\"elementor-widget-wrap elementor-element-populated\">\n\t\t\t\t\t\t<div class=\"elementor-element elementor-element-29e3493 elementor-widget elementor-widget-heading\" data-id=\"29e3493\" data-element_type=\"widget\" data-widget_type=\"heading.default\">\n\t\t\t\t<div class=\"elementor-widget-container\">\n\t\t\t\t\t<h2 class=\"elementor-heading-title elementor-size-default\">K\u00dcCHENCHEFIN ROC\u00cdO PARRA<\/h2>\t\t\t\t<\/div>\n\t\t\t\t<\/div>\n\t\t\t\t<div class=\"elementor-element elementor-element-414de55 elementor-widget__width-initial elementor-widget elementor-widget-text-editor\" data-id=\"414de55\" data-element_type=\"widget\" data-widget_type=\"text-editor.default\">\n\t\t\t\t<div class=\"elementor-widget-container\">\n\t\t\t\t\t\t\t\t\t<p>Restaurant En la Parra, Salamanca<br \/>1 Michelin-Stern und 1 Repsol-Sonne<\/p>\n\t\t\t\t\t\t\t\t<\/div>\n\t\t\t\t<\/div>\n\t\t\t\t<div class=\"elementor-element elementor-element-870ff3d elementor-widget-divider--view-line elementor-widget elementor-widget-divider\" data-id=\"870ff3d\" data-element_type=\"widget\" data-widget_type=\"divider.default\">\n\t\t\t\t<div class=\"elementor-widget-container\">\n\t\t\t\t\t\t\t<div class=\"elementor-divider\">\n\t\t\t<span class=\"elementor-divider-separator\">\n\t\t\t\t\t\t<\/span>\n\t\t<\/div>\n\t\t\t\t\t\t<\/div>\n\t\t\t\t<\/div>\n\t\t\t\t<div class=\"elementor-element elementor-element-6f57915 elementor-widget elementor-widget-text-editor\" data-id=\"6f57915\" data-element_type=\"widget\" data-widget_type=\"text-editor.default\">\n\t\t\t\t<div class=\"elementor-widget-container\">\n\t\t\t\t\t\t\t\t\t<p>Die mit einem Michelin-Stern ausgezeichnete K\u00fcchenchefin Roc\u00edo Parra f\u00fchlt sich seit ihrer Kindheit auf besondere Weise mit der kulinarischen Welt verbunden \u2013 eine Berufung, die aus ihrer Leidenschaft f\u00fcr das kunsthandwerkliche Arbeiten erwuchs. Ihr Interesse beschr\u00e4nkte sich nicht nur auf das Kochen; ihre wahre Faszination lag in der Erkundung des grenzenlosen Universums an M\u00f6glichkeiten, die sich hinter jeder Zutat verbargen. Vor allem eine Zutat begeisterte sie besonders: ihre gastronomische Vorliebe, das Bellota Ib\u00e9rico Produkt. <\/p>\n\t\t\t\t\t\t\t\t<\/div>\n\t\t\t\t<\/div>\n\t\t\t\t\t<\/div>\n\t\t<\/div>\n\t\t\t\t\t<\/div>\n\t\t<\/section>\n\t\t\t\t<section class=\"elementor-section elementor-top-section elementor-element elementor-element-dcb32c1 elementor-section-boxed elementor-section-height-default elementor-section-height-default\" data-id=\"dcb32c1\" data-element_type=\"section\">\n\t\t\t\t\t\t<div class=\"elementor-container elementor-column-gap-default\">\n\t\t\t\t\t<div class=\"elementor-column elementor-col-50 elementor-top-column elementor-element elementor-element-c9df3c0 elementor-invisible\" data-id=\"c9df3c0\" data-element_type=\"column\" data-settings=\"{&quot;animation&quot;:&quot;fadeIn&quot;}\">\n\t\t\t<div class=\"elementor-widget-wrap elementor-element-populated\">\n\t\t\t\t\t\t<div class=\"elementor-element elementor-element-54db228 dce_masking-none elementor-widget elementor-widget-image\" data-id=\"54db228\" data-element_type=\"widget\" data-widget_type=\"image.default\">\n\t\t\t\t<div class=\"elementor-widget-container\">\n\t\t\t\t\t\t\t\t\t\t\t\t\t\t\t<img loading=\"lazy\" decoding=\"async\" width=\"600\" height=\"480\" src=\"https:\/\/www.fisan.com\/wp-content\/uploads\/2024\/04\/Mesa-de-trabajo-1plato.jpg\" class=\"attachment-large size-large wp-image-44782\" alt=\"Brioche\" srcset=\"https:\/\/www.fisan.com\/wp-content\/uploads\/2024\/04\/Mesa-de-trabajo-1plato.jpg 600w, https:\/\/www.fisan.com\/wp-content\/uploads\/2024\/04\/Mesa-de-trabajo-1plato-300x240.jpg 300w\" sizes=\"(max-width: 600px) 100vw, 600px\" \/>\t\t\t\t\t\t\t\t\t\t\t\t\t\t\t<\/div>\n\t\t\t\t<\/div>\n\t\t\t\t\t<\/div>\n\t\t<\/div>\n\t\t\t\t<div class=\"elementor-column elementor-col-50 elementor-top-column elementor-element elementor-element-88c5942\" data-id=\"88c5942\" data-element_type=\"column\">\n\t\t\t<div class=\"elementor-widget-wrap elementor-element-populated\">\n\t\t\t\t\t\t<div class=\"elementor-element elementor-element-7c97774 elementor-widget elementor-widget-heading\" data-id=\"7c97774\" data-element_type=\"widget\" data-widget_type=\"heading.default\">\n\t\t\t\t<div class=\"elementor-widget-container\">\n\t\t\t\t\t<h2 class=\"elementor-heading-title elementor-size-default\">Eine gastronomische <br>\nReise voller sinnlicher Eindr\u00fccke<\/h2>\t\t\t\t<\/div>\n\t\t\t\t<\/div>\n\t\t\t\t<div class=\"elementor-element elementor-element-4c8f8b7 elementor-widget elementor-widget-text-editor\" data-id=\"4c8f8b7\" data-element_type=\"widget\" data-widget_type=\"text-editor.default\">\n\t\t\t\t<div class=\"elementor-widget-container\">\n\t\t\t\t\t\t\t\t\t<p>FISAN und Roc\u00edo Parra haben sich auf der Suche nach kulinarischer Exzellenz auf eine leidenschaftliche gastronomische Reise begeben. Diese Reise beginnt in der legend\u00e4ren Dehesa und f\u00fchrt durch die imposante Produktionsst\u00e4tte von FISAN. Schlie\u00dflich erreicht sie das Restaurant En La Parra \u2013 das \u201eAtelier der Kreativit\u00e4t\u201c, in welchem dem iberischen Schwein der h\u00f6chste Stellenwert zukommt \u2013 und gipfelt in der erhabenen Erfahrung der Verkostung dieses gastronomischen Wunders.<\/p>\t\t\t\t\t\t\t\t<\/div>\n\t\t\t\t<\/div>\n\t\t\t\t\t<\/div>\n\t\t<\/div>\n\t\t\t\t\t<\/div>\n\t\t<\/section>\n\t\t\t\t<section data-dce-background-color=\"#F7F7F7\" class=\"elementor-section elementor-top-section elementor-element elementor-element-142e3cc elementor-section-stretched elementor-section-boxed elementor-section-height-default elementor-section-height-default\" data-id=\"142e3cc\" data-element_type=\"section\" data-settings=\"{&quot;stretch_section&quot;:&quot;section-stretched&quot;,&quot;background_background&quot;:&quot;classic&quot;}\">\n\t\t\t\t\t\t<div class=\"elementor-container elementor-column-gap-default\">\n\t\t\t\t\t<div class=\"elementor-column elementor-col-100 elementor-top-column elementor-element elementor-element-556860b\" data-id=\"556860b\" data-element_type=\"column\">\n\t\t\t<div class=\"elementor-widget-wrap elementor-element-populated\">\n\t\t\t\t\t\t<div class=\"elementor-element elementor-element-31ab10e elementor-widget elementor-widget-heading\" data-id=\"31ab10e\" data-element_type=\"widget\" data-widget_type=\"heading.default\">\n\t\t\t\t<div class=\"elementor-widget-container\">\n\t\t\t\t\t<h2 class=\"elementor-heading-title elementor-size-default\">Die \u201eK\u00f6nigin des Ib\u00e9rico\u201c\nund ihre Hingabe <br> zu den Bellota Produkten<\/h2>\t\t\t\t<\/div>\n\t\t\t\t<\/div>\n\t\t\t\t<div class=\"elementor-element elementor-element-678d166 elementor-widget__width-initial elementor-widget elementor-widget-text-editor\" data-id=\"678d166\" data-element_type=\"widget\" data-widget_type=\"text-editor.default\">\n\t\t\t\t<div class=\"elementor-widget-container\">\n\t\t\t\t\t\t\t\t\t<p>Roc\u00edo Parra w\u00e4hlt ihr Rohmaterial pers\u00f6nlich in den Trockenr\u00e4umen von FISAN in Guijuelo aus. Sie liebt saisonale Produkte und ihre K\u00fcche basiert auf der Liebe und dem Respekt f\u00fcr die Produkte des Landes, wie zum Beispiel den Bellota Schinken von FISAN. Diese Werte teilt sie mit dem Unternehmen aus Salamanca mit seiner einhundertj\u00e4hrigen Geschichte. <\/p><p><br><\/p>\n<p><\/p>\n<p>Die Produkte von FISAN sind f\u00fcr sie der Schl\u00fcssel f\u00fcr die kulinarischen Geschichten, die sie mit ihren Gerichten schreibt. Auf diese Weise entstehen authentische Rezepte, welche Sie in die Dehesa von Salamanca, zu Ursprung und Seele der Welt des Ib\u00e9rico versetzen. Indem sie, genau wie FISAN, Innovation und Tradition in Einklang bringt, erschafft Roc\u00edo unvergessliche Gerichte wie den Bao de Papada Ib\u00e9rica, den Bu\u00f1uelo de Morro oder das S\u00e1ndwich de Carrillera Ib\u00e9rica. Diese sorgen f\u00fcr ein au\u00dfergew\u00f6hnliches kulinarisches Erlebnis der G\u00e4ste und werden die Anspr\u00fcche eines jeden Gaumens noch \u00fcbertreffen. All dies zeigt, dass sie zu Recht als \u201eK\u00f6nigin des Ib\u00e9rico\u201c bezeichnet wird. <\/p>\t\t\t\t\t\t\t\t<\/div>\n\t\t\t\t<\/div>\n\t\t\t\t<div class=\"elementor-element elementor-element-ac293dc elementor-widget__width-initial elementor-widget elementor-widget-gallery\" data-id=\"ac293dc\" data-element_type=\"widget\" data-settings=\"{&quot;columns&quot;:3,&quot;gap&quot;:{&quot;unit&quot;:&quot;px&quot;,&quot;size&quot;:30,&quot;sizes&quot;:[]},&quot;columns_mobile&quot;:2,&quot;lazyload&quot;:&quot;yes&quot;,&quot;gallery_layout&quot;:&quot;grid&quot;,&quot;columns_tablet&quot;:2,&quot;gap_tablet&quot;:{&quot;unit&quot;:&quot;px&quot;,&quot;size&quot;:10,&quot;sizes&quot;:[]},&quot;gap_mobile&quot;:{&quot;unit&quot;:&quot;px&quot;,&quot;size&quot;:10,&quot;sizes&quot;:[]},&quot;link_to&quot;:&quot;file&quot;,&quot;aspect_ratio&quot;:&quot;3:2&quot;,&quot;overlay_background&quot;:&quot;yes&quot;,&quot;content_hover_animation&quot;:&quot;fade-in&quot;}\" data-widget_type=\"gallery.default\">\n\t\t\t\t<div class=\"elementor-widget-container\">\n\t\t\t\t\t\t\t<div class=\"elementor-gallery__container\">\n\t\t\t\t\t\t\t<a class=\"e-gallery-item elementor-gallery-item elementor-animated-content\" href=\"https:\/\/www.fisan.com\/wp-content\/uploads\/2024\/04\/receta-rocio-brioche-1.jpg\" data-elementor-open-lightbox=\"yes\" data-elementor-lightbox-slideshow=\"ac293dc\" data-elementor-lightbox-title=\"receta-rocio-brioche\" data-elementor-lightbox-description=\"Brioche de Presa de Bellota Ib\u00e9rica y caviar\" data-e-action-hash=\"#elementor-action%3Aaction%3Dlightbox%26settings%3DeyJpZCI6NDQ4MDYsInVybCI6Imh0dHBzOlwvXC93d3cuZmlzYW4uY29tXC93cC1jb250ZW50XC91cGxvYWRzXC8yMDI0XC8wNFwvcmVjZXRhLXJvY2lvLWJyaW9jaGUtMS5qcGciLCJzbGlkZXNob3ciOiJhYzI5M2RjIn0%3D\">\n\t\t\t\t\t<div class=\"e-gallery-image elementor-gallery-item__image\" data-thumbnail=\"https:\/\/www.fisan.com\/wp-content\/uploads\/2024\/04\/receta-rocio-brioche-1-1024x1024.jpg\" data-width=\"1024\" data-height=\"1024\" aria-label=\"Brioche de Presa de Bellota Ib\u00e9rica y caviar\" role=\"img\" ><\/div>\n\t\t\t\t\t\t\t\t\t\t\t<div class=\"elementor-gallery-item__overlay\"><\/div>\n\t\t\t\t\t\t\t\t\t\t\t\t\t\t<\/a>\n\t\t\t\t\t\t\t<a class=\"e-gallery-item elementor-gallery-item elementor-animated-content\" href=\"https:\/\/www.fisan.com\/wp-content\/uploads\/2024\/04\/recetas_3-1.jpg\" data-elementor-open-lightbox=\"yes\" data-elementor-lightbox-slideshow=\"ac293dc\" data-elementor-lightbox-title=\"recetas_3\" data-elementor-lightbox-description=\"Morro VS Carabinero\" data-e-action-hash=\"#elementor-action%3Aaction%3Dlightbox%26settings%3DeyJpZCI6NDQ3MzQsInVybCI6Imh0dHBzOlwvXC93d3cuZmlzYW4uY29tXC93cC1jb250ZW50XC91cGxvYWRzXC8yMDI0XC8wNFwvcmVjZXRhc18zLTEuanBnIiwic2xpZGVzaG93IjoiYWMyOTNkYyJ9\">\n\t\t\t\t\t<div class=\"e-gallery-image elementor-gallery-item__image\" data-thumbnail=\"https:\/\/www.fisan.com\/wp-content\/uploads\/2024\/04\/recetas_3-1-1024x1024.jpg\" data-width=\"1024\" data-height=\"1024\" aria-label=\"Morro VS Carabinero\" role=\"img\" ><\/div>\n\t\t\t\t\t\t\t\t\t\t\t<div class=\"elementor-gallery-item__overlay\"><\/div>\n\t\t\t\t\t\t\t\t\t\t\t\t\t\t<\/a>\n\t\t\t\t\t\t\t<a class=\"e-gallery-item elementor-gallery-item elementor-animated-content\" href=\"https:\/\/www.fisan.com\/wp-content\/uploads\/2024\/04\/recetas_2-1.jpg\" data-elementor-open-lightbox=\"yes\" data-elementor-lightbox-slideshow=\"ac293dc\" data-elementor-lightbox-title=\"recetas_2\" data-elementor-lightbox-description=\"Lomo crujiente de Bellota FISAN con croissant\" data-e-action-hash=\"#elementor-action%3Aaction%3Dlightbox%26settings%3DeyJpZCI6NDQ3NDAsInVybCI6Imh0dHBzOlwvXC93d3cuZmlzYW4uY29tXC93cC1jb250ZW50XC91cGxvYWRzXC8yMDI0XC8wNFwvcmVjZXRhc18yLTEuanBnIiwic2xpZGVzaG93IjoiYWMyOTNkYyJ9\">\n\t\t\t\t\t<div class=\"e-gallery-image elementor-gallery-item__image\" data-thumbnail=\"https:\/\/www.fisan.com\/wp-content\/uploads\/2024\/04\/recetas_2-1-1024x1024.jpg\" data-width=\"1024\" data-height=\"1024\" aria-label=\"Lomo crujiente de Bellota FISAN con croissant\" role=\"img\" ><\/div>\n\t\t\t\t\t\t\t\t\t\t\t<div class=\"elementor-gallery-item__overlay\"><\/div>\n\t\t\t\t\t\t\t\t\t\t\t\t\t\t<\/a>\n\t\t\t\t\t\t\t<a class=\"e-gallery-item elementor-gallery-item elementor-animated-content\" href=\"https:\/\/www.fisan.com\/wp-content\/uploads\/2024\/01\/Croqueta-con-Jamon-Alta-Gastronomia-FISAN_1_Mesa-de-trabajo-1-scaled.jpg\" data-elementor-open-lightbox=\"yes\" data-elementor-lightbox-slideshow=\"ac293dc\" data-elementor-lightbox-title=\"Croqueta con Jam\u00f3n Alta Gastronom\u00eda FISAN_1_Mesa de trabajo 1\" data-elementor-lightbox-description=\"Croqueta con Jam\u00f3n Alta Gastronom\u00eda FISAN\" data-e-action-hash=\"#elementor-action%3Aaction%3Dlightbox%26settings%3DeyJpZCI6NDI4MjYsInVybCI6Imh0dHBzOlwvXC93d3cuZmlzYW4uY29tXC93cC1jb250ZW50XC91cGxvYWRzXC8yMDI0XC8wMVwvQ3JvcXVldGEtY29uLUphbW9uLUFsdGEtR2FzdHJvbm9taWEtRklTQU5fMV9NZXNhLWRlLXRyYWJham8tMS1zY2FsZWQuanBnIiwic2xpZGVzaG93IjoiYWMyOTNkYyJ9\">\n\t\t\t\t\t<div class=\"e-gallery-image elementor-gallery-item__image\" data-thumbnail=\"https:\/\/www.fisan.com\/wp-content\/uploads\/2024\/01\/Croqueta-con-Jamon-Alta-Gastronomia-FISAN_1_Mesa-de-trabajo-1-1024x313.jpg\" data-width=\"1024\" data-height=\"313\" aria-label=\"Croqueta con Jam\u00f3n Alta Gastronom\u00eda FISAN\" role=\"img\" ><\/div>\n\t\t\t\t\t\t\t\t\t\t\t<div class=\"elementor-gallery-item__overlay\"><\/div>\n\t\t\t\t\t\t\t\t\t\t\t\t\t\t<\/a>\n\t\t\t\t\t\t\t<a class=\"e-gallery-item elementor-gallery-item elementor-animated-content\" href=\"https:\/\/www.fisan.com\/wp-content\/uploads\/2024\/04\/recetas_1-1.jpg\" data-elementor-open-lightbox=\"yes\" data-elementor-lightbox-slideshow=\"ac293dc\" data-elementor-lightbox-title=\"recetas_1\" data-elementor-lightbox-description=\"Esfera de tartar de Salchich\u00f3n de Bellota FISAN\" data-e-action-hash=\"#elementor-action%3Aaction%3Dlightbox%26settings%3DeyJpZCI6NDQ3NDYsInVybCI6Imh0dHBzOlwvXC93d3cuZmlzYW4uY29tXC93cC1jb250ZW50XC91cGxvYWRzXC8yMDI0XC8wNFwvcmVjZXRhc18xLTEuanBnIiwic2xpZGVzaG93IjoiYWMyOTNkYyJ9\">\n\t\t\t\t\t<div class=\"e-gallery-image elementor-gallery-item__image\" data-thumbnail=\"https:\/\/www.fisan.com\/wp-content\/uploads\/2024\/04\/recetas_1-1-1024x1024.jpg\" data-width=\"1024\" data-height=\"1024\" aria-label=\"Esfera de tartar de Salchich\u00f3n de Bellota FISAN\" role=\"img\" ><\/div>\n\t\t\t\t\t\t\t\t\t\t\t<div class=\"elementor-gallery-item__overlay\"><\/div>\n\t\t\t\t\t\t\t\t\t\t\t\t\t\t<\/a>\n\t\t\t\t\t\t\t<a class=\"e-gallery-item elementor-gallery-item elementor-animated-content\" href=\"https:\/\/www.fisan.com\/wp-content\/uploads\/2024\/04\/recetas_4_2-1.jpg\" data-elementor-open-lightbox=\"yes\" data-elementor-lightbox-slideshow=\"ac293dc\" data-elementor-lightbox-title=\"recetas_4_2\" data-elementor-lightbox-description=\"Patata crujiente y pat\u00e9 de Chorizo de Bellota FISAN\" data-e-action-hash=\"#elementor-action%3Aaction%3Dlightbox%26settings%3DeyJpZCI6NDQ3NTIsInVybCI6Imh0dHBzOlwvXC93d3cuZmlzYW4uY29tXC93cC1jb250ZW50XC91cGxvYWRzXC8yMDI0XC8wNFwvcmVjZXRhc180XzItMS5qcGciLCJzbGlkZXNob3ciOiJhYzI5M2RjIn0%3D\">\n\t\t\t\t\t<div class=\"e-gallery-image elementor-gallery-item__image\" data-thumbnail=\"https:\/\/www.fisan.com\/wp-content\/uploads\/2024\/04\/recetas_4_2-1-1024x1024.jpg\" data-width=\"1024\" data-height=\"1024\" aria-label=\"Patata crujiente y pat\u00e9 de Chorizo de Bellota FISAN\" role=\"img\" ><\/div>\n\t\t\t\t\t\t\t\t\t\t\t<div class=\"elementor-gallery-item__overlay\"><\/div>\n\t\t\t\t\t\t\t\t\t\t\t\t\t\t<\/a>\n\t\t\t\t\t<\/div>\n\t\t\t\t\t<\/div>\n\t\t\t\t<\/div>\n\t\t\t\t<div class=\"elementor-element elementor-element-0079011 elementor-widget elementor-widget-heading\" data-id=\"0079011\" data-element_type=\"widget\" data-widget_type=\"heading.default\">\n\t\t\t\t<div class=\"elementor-widget-container\">\n\t\t\t\t\t<h2 class=\"elementor-heading-title elementor-size-default\">REZEPTE VON ROC\u00cdO PARRA F\u00dcR FISAN<\/h2>\t\t\t\t<\/div>\n\t\t\t\t<\/div>\n\t\t\t\t<div class=\"elementor-element elementor-element-6723243 elementor-widget-divider--view-line elementor-widget elementor-widget-divider\" data-id=\"6723243\" data-element_type=\"widget\" data-widget_type=\"divider.default\">\n\t\t\t\t<div class=\"elementor-widget-container\">\n\t\t\t\t\t\t\t<div class=\"elementor-divider\">\n\t\t\t<span class=\"elementor-divider-separator\">\n\t\t\t\t\t\t<\/span>\n\t\t<\/div>\n\t\t\t\t\t\t<\/div>\n\t\t\t\t<\/div>\n\t\t\t\t<div class=\"elementor-element elementor-element-aef6e8a elementor-widget__width-auto dce-align-left elementor-widget elementor-widget-dce-my-posts\" data-id=\"aef6e8a\" data-element_type=\"widget\" data-widget_type=\"dce-my-posts.list\">\n\t\t\t\t<div class=\"elementor-widget-container\">\n\t\t\t\t\t\t\t<div class=\"dce-posts-container dce-posts \">\n\t\t\t<div class=\"dce-posts-fallback\">\n\t\t\t\t<p>Keine ergebnisse gefunden.<\/p>\t\t\t<\/div>\n\t\t<\/div>\n\t\t\t\t\t\t<\/div>\n\t\t\t\t<\/div>\n\t\t\t\t\t<\/div>\n\t\t<\/div>\n\t\t\t\t\t<\/div>\n\t\t<\/section>\n\t\t\t\t<\/div>\n\t\t","protected":false},"excerpt":{"rendered":"<p>Die kulinarische Exzellenz ROC\u00cdO PARRA Restaurant En la Parra Roc\u00edo Parra und FISAN mit einem gemeinsamen Ziel: Die kulinarische Exzellenz \u00a0 Roc\u00edo Parra und FISAN mit einem gemeinsamen Ziel: Die kulinarische Exzellenz Roc\u00edo Parra und FISAN, zwei herausragende Referenzen in der Welt des iberischen Schweinefleischs, tun sich zusammen in ihrem unerm\u00fcdlichen Streben nach gastronomischer Exzellenz. &#8230; <a title=\"Roc\u00edo Parra\" class=\"read-more\" href=\"https:\/\/www.fisan.com\/de\/gastronomie-kuchenchefs\/rocio-parra\/\" aria-label=\"Mehr Informationen \u00fcber Roc\u00edo Parra\">Weiterlesen<\/a><\/p>\n","protected":false},"author":4,"featured_media":0,"parent":34486,"menu_order":2,"comment_status":"closed","ping_status":"closed","template":"","meta":{"_acf_changed":false,"footnotes":"","_wp_rev_ctl_limit":""},"class_list":["post-42848","page","type-page","status-publish"],"acf":[],"yoast_head":"<!-- This site is optimized with the Yoast SEO plugin v25.4 - https:\/\/yoast.com\/wordpress\/plugins\/seo\/ -->\n<title>K\u00fcchenchefin Roc\u00edo Parra | FISAN<\/title>\n<meta name=\"description\" content=\"Roc\u00edo Parra und FISAN, zwei herausragende Referenzen in der Welt des iberischen Schweinefleischs, tun sich zusammen in ihrem unerm\u00fcdlichen Streben nach gastronomischer.\" \/>\n<meta name=\"robots\" content=\"index, follow, max-snippet:-1, max-image-preview:large, max-video-preview:-1\" \/>\n<link rel=\"canonical\" href=\"https:\/\/www.fisan.com\/de\/gastronomie-kuchenchefs\/rocio-parra\/\" \/>\n<meta property=\"og:locale\" content=\"de_DE\" \/>\n<meta property=\"og:type\" content=\"article\" \/>\n<meta property=\"og:title\" content=\"K\u00fcchenchefin Roc\u00edo Parra | FISAN\" \/>\n<meta property=\"og:description\" content=\"Roc\u00edo Parra und FISAN, zwei herausragende Referenzen in der Welt des iberischen Schweinefleischs, tun sich zusammen in ihrem unerm\u00fcdlichen Streben nach gastronomischer.\" \/>\n<meta property=\"og:url\" content=\"https:\/\/www.fisan.com\/de\/gastronomie-kuchenchefs\/rocio-parra\/\" \/>\n<meta property=\"og:site_name\" content=\"FISAN\" \/>\n<meta property=\"article:modified_time\" content=\"2024-05-06T13:06:55+00:00\" \/>\n<meta property=\"og:image\" content=\"https:\/\/www.fisan.com\/wp-content\/uploads\/2022\/09\/icono_club_allard.png\" \/>\n<meta name=\"twitter:card\" content=\"summary_large_image\" \/>\n<meta name=\"twitter:label1\" content=\"Gesch\u00e4tzte Lesezeit\" \/>\n\t<meta name=\"twitter:data1\" content=\"4\u00a0Minuten\" \/>\n<script type=\"application\/ld+json\" class=\"yoast-schema-graph\">{\n\t    \"@context\": \"https:\/\/schema.org\",\n\t    \"@graph\": [\n\t        {\n\t            \"@type\": \"WebPage\",\n\t            \"@id\": \"https:\/\/www.fisan.com\/de\/gastronomie-kuchenchefs\/rocio-parra\/\",\n\t            \"url\": \"https:\/\/www.fisan.com\/de\/gastronomie-kuchenchefs\/rocio-parra\/\",\n\t            \"name\": \"K\u00fcchenchefin Roc\u00edo Parra | FISAN\",\n\t            \"isPartOf\": {\n\t                \"@id\": \"https:\/\/www.fisan.com\/de\/#website\"\n\t            },\n\t            \"primaryImageOfPage\": {\n\t                \"@id\": \"https:\/\/www.fisan.com\/de\/gastronomie-kuchenchefs\/rocio-parra\/#primaryimage\"\n\t            },\n\t            \"image\": {\n\t                \"@id\": \"https:\/\/www.fisan.com\/de\/gastronomie-kuchenchefs\/rocio-parra\/#primaryimage\"\n\t            },\n\t            \"thumbnailUrl\": \"https:\/\/www.fisan.com\/wp-content\/uploads\/2022\/09\/icono_club_allard.png\",\n\t            \"datePublished\": \"2024-04-26T10:29:26+00:00\",\n\t            \"dateModified\": \"2024-05-06T13:06:55+00:00\",\n\t            \"description\": \"Roc\u00edo Parra und FISAN, zwei herausragende Referenzen in der Welt des iberischen Schweinefleischs, tun sich zusammen in ihrem unerm\u00fcdlichen Streben nach gastronomischer.\",\n\t            \"breadcrumb\": {\n\t                \"@id\": \"https:\/\/www.fisan.com\/de\/gastronomie-kuchenchefs\/rocio-parra\/#breadcrumb\"\n\t            },\n\t            \"inLanguage\": \"de\",\n\t            \"potentialAction\": [\n\t                {\n\t                    \"@type\": \"ReadAction\",\n\t                    \"target\": [\n\t                        \"https:\/\/www.fisan.com\/de\/gastronomie-kuchenchefs\/rocio-parra\/\"\n\t                    ]\n\t                }\n\t            ]\n\t        },\n\t        {\n\t            \"@type\": \"ImageObject\",\n\t            \"inLanguage\": \"de\",\n\t            \"@id\": \"https:\/\/www.fisan.com\/de\/gastronomie-kuchenchefs\/rocio-parra\/#primaryimage\",\n\t            \"url\": \"https:\/\/www.fisan.com\/wp-content\/uploads\/2022\/09\/icono_club_allard.png\",\n\t            \"contentUrl\": \"https:\/\/www.fisan.com\/wp-content\/uploads\/2022\/09\/icono_club_allard.png\"\n\t        },\n\t        {\n\t            \"@type\": \"BreadcrumbList\",\n\t            \"@id\": \"https:\/\/www.fisan.com\/de\/gastronomie-kuchenchefs\/rocio-parra\/#breadcrumb\",\n\t            \"itemListElement\": [\n\t                {\n\t                    \"@type\": \"ListItem\",\n\t                    \"position\": 1,\n\t                    \"name\": \"FISAN\",\n\t                    \"item\": \"https:\/\/www.fisan.com\/de\/\"\n\t                },\n\t                {\n\t                    \"@type\": \"ListItem\",\n\t                    \"position\": 2,\n\t                    \"name\": \"Gastronomie\",\n\t                    \"item\": \"https:\/\/www.fisan.com\/de\/gastronomie-kuchenchefs\/\"\n\t                },\n\t                {\n\t                    \"@type\": \"ListItem\",\n\t                    \"position\": 3,\n\t                    \"name\": \"Roc\u00edo Parra\"\n\t                }\n\t            ]\n\t        },\n\t        {\n\t            \"@type\": \"WebSite\",\n\t            \"@id\": \"https:\/\/www.fisan.com\/de\/#website\",\n\t            \"url\": \"https:\/\/www.fisan.com\/de\/\",\n\t            \"name\": \"FISAN\",\n\t            \"description\": \"FISAN | Jamones de bellota ib\u00e9rico y embutidos ib\u00e9ricos desde 1920\",\n\t            \"potentialAction\": [\n\t                {\n\t                    \"@type\": \"SearchAction\",\n\t                    \"target\": {\n\t                        \"@type\": \"EntryPoint\",\n\t                        \"urlTemplate\": \"https:\/\/www.fisan.com\/de\/?s={search_term_string}\"\n\t                    },\n\t                    \"query-input\": {\n\t                        \"@type\": \"PropertyValueSpecification\",\n\t                        \"valueRequired\": true,\n\t                        \"valueName\": \"search_term_string\"\n\t                    }\n\t                }\n\t            ],\n\t            \"inLanguage\": \"de\"\n\t        }\n\t    ]\n\t}<\/script>\n<!-- \/ Yoast SEO plugin. -->","yoast_head_json":{"title":"K\u00fcchenchefin Roc\u00edo Parra | FISAN","description":"Roc\u00edo Parra und FISAN, zwei herausragende Referenzen in der Welt des iberischen Schweinefleischs, tun sich zusammen in ihrem unerm\u00fcdlichen Streben nach gastronomischer.","robots":{"index":"index","follow":"follow","max-snippet":"max-snippet:-1","max-image-preview":"max-image-preview:large","max-video-preview":"max-video-preview:-1"},"canonical":"https:\/\/www.fisan.com\/de\/gastronomie-kuchenchefs\/rocio-parra\/","og_locale":"de_DE","og_type":"article","og_title":"K\u00fcchenchefin Roc\u00edo Parra | FISAN","og_description":"Roc\u00edo Parra und FISAN, zwei herausragende Referenzen in der Welt des iberischen Schweinefleischs, tun sich zusammen in ihrem unerm\u00fcdlichen Streben nach gastronomischer.","og_url":"https:\/\/www.fisan.com\/de\/gastronomie-kuchenchefs\/rocio-parra\/","og_site_name":"FISAN","article_modified_time":"2024-05-06T13:06:55+00:00","og_image":[{"url":"https:\/\/www.fisan.com\/wp-content\/uploads\/2022\/09\/icono_club_allard.png","type":"","width":"","height":""}],"twitter_card":"summary_large_image","twitter_misc":{"Gesch\u00e4tzte Lesezeit":"4\u00a0Minuten"},"schema":{"@context":"https:\/\/schema.org","@graph":[{"@type":"WebPage","@id":"https:\/\/www.fisan.com\/de\/gastronomie-kuchenchefs\/rocio-parra\/","url":"https:\/\/www.fisan.com\/de\/gastronomie-kuchenchefs\/rocio-parra\/","name":"K\u00fcchenchefin Roc\u00edo Parra | FISAN","isPartOf":{"@id":"https:\/\/www.fisan.com\/de\/#website"},"primaryImageOfPage":{"@id":"https:\/\/www.fisan.com\/de\/gastronomie-kuchenchefs\/rocio-parra\/#primaryimage"},"image":{"@id":"https:\/\/www.fisan.com\/de\/gastronomie-kuchenchefs\/rocio-parra\/#primaryimage"},"thumbnailUrl":"https:\/\/www.fisan.com\/wp-content\/uploads\/2022\/09\/icono_club_allard.png","datePublished":"2024-04-26T10:29:26+00:00","dateModified":"2024-05-06T13:06:55+00:00","description":"Roc\u00edo Parra und FISAN, zwei herausragende Referenzen in der Welt des iberischen Schweinefleischs, tun sich zusammen in ihrem unerm\u00fcdlichen Streben nach gastronomischer.","breadcrumb":{"@id":"https:\/\/www.fisan.com\/de\/gastronomie-kuchenchefs\/rocio-parra\/#breadcrumb"},"inLanguage":"de","potentialAction":[{"@type":"ReadAction","target":["https:\/\/www.fisan.com\/de\/gastronomie-kuchenchefs\/rocio-parra\/"]}]},{"@type":"ImageObject","inLanguage":"de","@id":"https:\/\/www.fisan.com\/de\/gastronomie-kuchenchefs\/rocio-parra\/#primaryimage","url":"https:\/\/www.fisan.com\/wp-content\/uploads\/2022\/09\/icono_club_allard.png","contentUrl":"https:\/\/www.fisan.com\/wp-content\/uploads\/2022\/09\/icono_club_allard.png"},{"@type":"BreadcrumbList","@id":"https:\/\/www.fisan.com\/de\/gastronomie-kuchenchefs\/rocio-parra\/#breadcrumb","itemListElement":[{"@type":"ListItem","position":1,"name":"FISAN","item":"https:\/\/www.fisan.com\/de\/"},{"@type":"ListItem","position":2,"name":"Gastronomie","item":"https:\/\/www.fisan.com\/de\/gastronomie-kuchenchefs\/"},{"@type":"ListItem","position":3,"name":"Roc\u00edo Parra"}]},{"@type":"WebSite","@id":"https:\/\/www.fisan.com\/de\/#website","url":"https:\/\/www.fisan.com\/de\/","name":"FISAN","description":"FISAN | Jamones de bellota ib\u00e9rico y embutidos ib\u00e9ricos desde 1920","potentialAction":[{"@type":"SearchAction","target":{"@type":"EntryPoint","urlTemplate":"https:\/\/www.fisan.com\/de\/?s={search_term_string}"},"query-input":{"@type":"PropertyValueSpecification","valueRequired":true,"valueName":"search_term_string"}}],"inLanguage":"de"}]}},"_links":{"self":[{"href":"https:\/\/www.fisan.com\/de\/wp-json\/wp\/v2\/pages\/42848","targetHints":{"allow":["GET"]}}],"collection":[{"href":"https:\/\/www.fisan.com\/de\/wp-json\/wp\/v2\/pages"}],"about":[{"href":"https:\/\/www.fisan.com\/de\/wp-json\/wp\/v2\/types\/page"}],"author":[{"embeddable":true,"href":"https:\/\/www.fisan.com\/de\/wp-json\/wp\/v2\/users\/4"}],"replies":[{"embeddable":true,"href":"https:\/\/www.fisan.com\/de\/wp-json\/wp\/v2\/comments?post=42848"}],"version-history":[{"count":11,"href":"https:\/\/www.fisan.com\/de\/wp-json\/wp\/v2\/pages\/42848\/revisions"}],"predecessor-version":[{"id":45172,"href":"https:\/\/www.fisan.com\/de\/wp-json\/wp\/v2\/pages\/42848\/revisions\/45172"}],"up":[{"embeddable":true,"href":"https:\/\/www.fisan.com\/de\/wp-json\/wp\/v2\/pages\/34486"}],"wp:attachment":[{"href":"https:\/\/www.fisan.com\/de\/wp-json\/wp\/v2\/media?parent=42848"}],"curies":[{"name":"wp","href":"https:\/\/api.w.org\/{rel}","templated":true}]}}