{"id":33952,"date":"2022-10-10T13:52:07","date_gmt":"2022-10-10T11:52:07","guid":{"rendered":"https:\/\/www.fisan.com\/producto\/presa-iberico-schweinelende\/"},"modified":"2024-12-19T00:01:48","modified_gmt":"2024-12-18T23:01:48","slug":"iberico-gepokeltes-schweinefleisch-presa","status":"publish","type":"product","link":"https:\/\/www.fisan.com\/de\/shop\/presa-iberico-schweinelende\/","title":{"rendered":"Iberico Gep\u00f6keltes Schweinefleisch Presa"},"content":{"rendered":"","protected":false},"excerpt":{"rendered":"<p>Die Iberico Gep\u00f6keltes Schweinefleisch Presa von FISAN, auch bekannt als \u201eLomito\u201c, ist eines unserer kleinsten St\u00fccke, aber mit der gr\u00f6\u00dften Pers\u00f6nlichkeit. Hergestellt aus der \u201ePresa\u201c des iberischen Schweins und nach traditioneller Art (Adobo) auf Basis von Paprikapulver mariniert, erfreut sie jeden, der sie probiert. Durch die Reifung in unseren nat\u00fcrlichen Kellern erh\u00e4lt sie ihr charakteristisches Aroma und ihren Geschmack.  <\/p>\n","protected":false},"featured_media":25082,"template":"","meta":{"_acf_changed":false,"_wp_rev_ctl_limit":""},"product_brand":[],"product_cat":[350],"product_tag":[520],"gama":[],"calidad":[516],"class_list":{"0":"post-33952","1":"product","2":"type-product","3":"status-publish","4":"has-post-thumbnail","6":"product_cat-4-wurstchen","7":"product_tag-st","8":"calidad-4-iberico-de","10":"first","11":"outofstock","12":"taxable","13":"shipping-taxable","14":"purchasable","15":"product-type-variable","16":"has-default-attributes"},"acf":[],"yoast_head":"<!-- This site is optimized with the Yoast SEO plugin v25.4 - https:\/\/yoast.com\/wordpress\/plugins\/seo\/ -->\n<title>Iberico Gep\u00f6keltes Schweinefleisch Presa | FISAN<\/title>\n<meta name=\"robots\" content=\"index, follow, max-snippet:-1, max-image-preview:large, max-video-preview:-1\" \/>\n<link rel=\"canonical\" href=\"https:\/\/www.fisan.com\/de\/shop\/presa-iberico-schweinelende\/\" \/>\n<meta property=\"og:locale\" content=\"de_DE\" \/>\n<meta property=\"og:type\" content=\"article\" \/>\n<meta property=\"og:title\" content=\"Iberico Gep\u00f6keltes Schweinefleisch Presa | FISAN\" \/>\n<meta property=\"og:description\" content=\"Die Iberico Gep\u00f6keltes Schweinefleisch Presa von FISAN, auch bekannt als \u201eLomito\u201c, ist eines unserer kleinsten St\u00fccke, aber mit der gr\u00f6\u00dften Pers\u00f6nlichkeit. Hergestellt aus der \u201ePresa\u201c des iberischen Schweins und nach traditioneller Art (Adobo) auf Basis von Paprikapulver mariniert, erfreut sie jeden, der sie probiert. Durch die Reifung in unseren nat\u00fcrlichen Kellern erh\u00e4lt sie ihr charakteristisches Aroma und ihren Geschmack.\" \/>\n<meta property=\"og:url\" content=\"https:\/\/www.fisan.com\/de\/shop\/presa-iberico-schweinelende\/\" \/>\n<meta property=\"og:site_name\" content=\"FISAN\" \/>\n<meta property=\"article:modified_time\" content=\"2024-12-18T23:01:48+00:00\" \/>\n<meta property=\"og:image\" content=\"https:\/\/www.fisan.com\/wp-content\/uploads\/2022\/10\/lomo-presa-iberico-st-pe-00.jpg\" \/>\n\t<meta property=\"og:image:width\" content=\"1200\" \/>\n\t<meta property=\"og:image:height\" content=\"2400\" \/>\n\t<meta property=\"og:image:type\" content=\"image\/jpeg\" \/>\n<meta name=\"twitter:card\" content=\"summary_large_image\" \/>\n<meta name=\"twitter:label1\" content=\"Verf\u00fcgbarkeit\" \/>\n\t<meta name=\"twitter:data1\" content=\"ausverkauft\" \/>\n<script type=\"application\/ld+json\" class=\"yoast-schema-graph\">{\n\t    \"@context\": \"https:\/\/schema.org\",\n\t    \"@graph\": [\n\t        {\n\t            \"@type\": \"WebPage\",\n\t            \"@id\": \"https:\/\/www.fisan.com\/de\/shop\/presa-iberico-schweinelende\/\",\n\t            \"url\": \"https:\/\/www.fisan.com\/de\/shop\/presa-iberico-schweinelende\/\",\n\t            \"name\": \"Iberico Gep\u00f6keltes Schweinefleisch Presa | FISAN\",\n\t            \"isPartOf\": {\n\t                \"@id\": \"https:\/\/www.fisan.com\/de\/#website\"\n\t            },\n\t            \"primaryImageOfPage\": {\n\t                \"@id\": \"https:\/\/www.fisan.com\/de\/shop\/presa-iberico-schweinelende\/#primaryimage\"\n\t            },\n\t            \"image\": {\n\t                \"@id\": \"https:\/\/www.fisan.com\/de\/shop\/presa-iberico-schweinelende\/#primaryimage\"\n\t            },\n\t            \"thumbnailUrl\": \"https:\/\/www.fisan.com\/wp-content\/uploads\/2022\/10\/lomo-presa-iberico-st-pe-00.jpg\",\n\t            \"datePublished\": \"2022-10-10T11:52:07+00:00\",\n\t            \"dateModified\": \"2024-12-18T23:01:48+00:00\",\n\t            \"breadcrumb\": {\n\t                \"@id\": \"https:\/\/www.fisan.com\/de\/shop\/presa-iberico-schweinelende\/#breadcrumb\"\n\t            },\n\t            \"inLanguage\": \"de\",\n\t            \"potentialAction\": [\n\t                {\n\t                    \"@type\": \"ReadAction\",\n\t                    \"target\": [\n\t                        \"https:\/\/www.fisan.com\/de\/shop\/presa-iberico-schweinelende\/\"\n\t                    ]\n\t                }\n\t            ]\n\t        },\n\t        {\n\t            \"@type\": \"ImageObject\",\n\t            \"inLanguage\": \"de\",\n\t            \"@id\": \"https:\/\/www.fisan.com\/de\/shop\/presa-iberico-schweinelende\/#primaryimage\",\n\t            \"url\": \"https:\/\/www.fisan.com\/wp-content\/uploads\/2022\/10\/lomo-presa-iberico-st-pe-00.jpg\",\n\t            \"contentUrl\": \"https:\/\/www.fisan.com\/wp-content\/uploads\/2022\/10\/lomo-presa-iberico-st-pe-00.jpg\",\n\t            \"width\": 1200,\n\t            \"height\": 2400,\n\t            \"caption\": \"Iberico Gep\u00f6keltes Schweinefleisch Presa von FISAN\"\n\t        },\n\t        {\n\t            \"@type\": \"BreadcrumbList\",\n\t            \"@id\": \"https:\/\/www.fisan.com\/de\/shop\/presa-iberico-schweinelende\/#breadcrumb\",\n\t            \"itemListElement\": [\n\t                {\n\t                    \"@type\": \"ListItem\",\n\t                    \"position\": 1,\n\t                    \"name\": \"FISAN\",\n\t                    \"item\": \"https:\/\/www.fisan.com\/de\/\"\n\t                },\n\t                {\n\t                    \"@type\": \"ListItem\",\n\t                    \"position\": 2,\n\t                    \"name\": \"Produkte\",\n\t                    \"item\": \"https:\/\/www.fisan.com\/de\/produkte\/\"\n\t                },\n\t                {\n\t                    \"@type\": \"ListItem\",\n\t                    \"position\": 3,\n\t                    \"name\": \"Iberico Gep\u00f6keltes Schweinefleisch Presa\"\n\t                }\n\t            ]\n\t        },\n\t        {\n\t            \"@type\": \"WebSite\",\n\t            \"@id\": \"https:\/\/www.fisan.com\/de\/#website\",\n\t            \"url\": \"https:\/\/www.fisan.com\/de\/\",\n\t            \"name\": \"FISAN\",\n\t            \"description\": \"FISAN | Jamones de bellota ib\u00e9rico y embutidos ib\u00e9ricos desde 1920\",\n\t            \"potentialAction\": [\n\t                {\n\t                    \"@type\": \"SearchAction\",\n\t                    \"target\": {\n\t                        \"@type\": \"EntryPoint\",\n\t                        \"urlTemplate\": \"https:\/\/www.fisan.com\/de\/?s={search_term_string}\"\n\t                    },\n\t                    \"query-input\": {\n\t                        \"@type\": \"PropertyValueSpecification\",\n\t                        \"valueRequired\": true,\n\t                        \"valueName\": \"search_term_string\"\n\t                    }\n\t                }\n\t            ],\n\t            \"inLanguage\": \"de\"\n\t        }\n\t    ]\n\t}<\/script>\n<meta property=\"og:availability\" content=\"out of stock\" \/>\n<meta property=\"product:availability\" content=\"out of stock\" \/>\n<meta property=\"product:retailer_item_id\" content=\"lp-i50\" \/>\n<meta property=\"product:condition\" content=\"new\" \/>\n<!-- \/ Yoast SEO plugin. -->","yoast_head_json":{"title":"Iberico Gep\u00f6keltes Schweinefleisch Presa | FISAN","robots":{"index":"index","follow":"follow","max-snippet":"max-snippet:-1","max-image-preview":"max-image-preview:large","max-video-preview":"max-video-preview:-1"},"canonical":"https:\/\/www.fisan.com\/de\/shop\/presa-iberico-schweinelende\/","og_locale":"de_DE","og_type":"article","og_title":"Iberico Gep\u00f6keltes Schweinefleisch Presa | FISAN","og_description":"Die Iberico Gep\u00f6keltes Schweinefleisch Presa von FISAN, auch bekannt als \u201eLomito\u201c, ist eines unserer kleinsten St\u00fccke, aber mit der gr\u00f6\u00dften Pers\u00f6nlichkeit. Hergestellt aus der \u201ePresa\u201c des iberischen Schweins und nach traditioneller Art (Adobo) auf Basis von Paprikapulver mariniert, erfreut sie jeden, der sie probiert. Durch die Reifung in unseren nat\u00fcrlichen Kellern erh\u00e4lt sie ihr charakteristisches Aroma und ihren Geschmack.","og_url":"https:\/\/www.fisan.com\/de\/shop\/presa-iberico-schweinelende\/","og_site_name":"FISAN","article_modified_time":"2024-12-18T23:01:48+00:00","og_image":[{"width":1200,"height":2400,"url":"https:\/\/www.fisan.com\/wp-content\/uploads\/2022\/10\/lomo-presa-iberico-st-pe-00.jpg","type":"image\/jpeg"}],"twitter_card":"summary_large_image","twitter_misc":{"Verf\u00fcgbarkeit":"ausverkauft"},"schema":{"@context":"https:\/\/schema.org","@graph":[{"@type":"WebPage","@id":"https:\/\/www.fisan.com\/de\/shop\/presa-iberico-schweinelende\/","url":"https:\/\/www.fisan.com\/de\/shop\/presa-iberico-schweinelende\/","name":"Iberico Gep\u00f6keltes Schweinefleisch Presa | FISAN","isPartOf":{"@id":"https:\/\/www.fisan.com\/de\/#website"},"primaryImageOfPage":{"@id":"https:\/\/www.fisan.com\/de\/shop\/presa-iberico-schweinelende\/#primaryimage"},"image":{"@id":"https:\/\/www.fisan.com\/de\/shop\/presa-iberico-schweinelende\/#primaryimage"},"thumbnailUrl":"https:\/\/www.fisan.com\/wp-content\/uploads\/2022\/10\/lomo-presa-iberico-st-pe-00.jpg","datePublished":"2022-10-10T11:52:07+00:00","dateModified":"2024-12-18T23:01:48+00:00","breadcrumb":{"@id":"https:\/\/www.fisan.com\/de\/shop\/presa-iberico-schweinelende\/#breadcrumb"},"inLanguage":"de","potentialAction":[{"@type":"ReadAction","target":["https:\/\/www.fisan.com\/de\/shop\/presa-iberico-schweinelende\/"]}]},{"@type":"ImageObject","inLanguage":"de","@id":"https:\/\/www.fisan.com\/de\/shop\/presa-iberico-schweinelende\/#primaryimage","url":"https:\/\/www.fisan.com\/wp-content\/uploads\/2022\/10\/lomo-presa-iberico-st-pe-00.jpg","contentUrl":"https:\/\/www.fisan.com\/wp-content\/uploads\/2022\/10\/lomo-presa-iberico-st-pe-00.jpg","width":1200,"height":2400,"caption":"Iberico Gep\u00f6keltes Schweinefleisch Presa von FISAN"},{"@type":"BreadcrumbList","@id":"https:\/\/www.fisan.com\/de\/shop\/presa-iberico-schweinelende\/#breadcrumb","itemListElement":[{"@type":"ListItem","position":1,"name":"FISAN","item":"https:\/\/www.fisan.com\/de\/"},{"@type":"ListItem","position":2,"name":"Produkte","item":"https:\/\/www.fisan.com\/de\/produkte\/"},{"@type":"ListItem","position":3,"name":"Iberico Gep\u00f6keltes Schweinefleisch Presa"}]},{"@type":"WebSite","@id":"https:\/\/www.fisan.com\/de\/#website","url":"https:\/\/www.fisan.com\/de\/","name":"FISAN","description":"FISAN | Jamones de bellota ib\u00e9rico y embutidos ib\u00e9ricos desde 1920","potentialAction":[{"@type":"SearchAction","target":{"@type":"EntryPoint","urlTemplate":"https:\/\/www.fisan.com\/de\/?s={search_term_string}"},"query-input":{"@type":"PropertyValueSpecification","valueRequired":true,"valueName":"search_term_string"}}],"inLanguage":"de"}]},"og_availability":"out of stock","product_availability":"out of stock","product_retailer_item_id":"lp-i50","product_condition":"new"},"_links":{"self":[{"href":"https:\/\/www.fisan.com\/de\/wp-json\/wp\/v2\/product\/33952","targetHints":{"allow":["GET"]}}],"collection":[{"href":"https:\/\/www.fisan.com\/de\/wp-json\/wp\/v2\/product"}],"about":[{"href":"https:\/\/www.fisan.com\/de\/wp-json\/wp\/v2\/types\/product"}],"version-history":[{"count":3,"href":"https:\/\/www.fisan.com\/de\/wp-json\/wp\/v2\/product\/33952\/revisions"}],"predecessor-version":[{"id":38187,"href":"https:\/\/www.fisan.com\/de\/wp-json\/wp\/v2\/product\/33952\/revisions\/38187"}],"wp:featuredmedia":[{"embeddable":true,"href":"https:\/\/www.fisan.com\/de\/wp-json\/wp\/v2\/media\/25082"}],"wp:attachment":[{"href":"https:\/\/www.fisan.com\/de\/wp-json\/wp\/v2\/media?parent=33952"}],"wp:term":[{"taxonomy":"product_brand","embeddable":true,"href":"https:\/\/www.fisan.com\/de\/wp-json\/wp\/v2\/product_brand?post=33952"},{"taxonomy":"product_cat","embeddable":true,"href":"https:\/\/www.fisan.com\/de\/wp-json\/wp\/v2\/product_cat?post=33952"},{"taxonomy":"product_tag","embeddable":true,"href":"https:\/\/www.fisan.com\/de\/wp-json\/wp\/v2\/product_tag?post=33952"},{"taxonomy":"gama","embeddable":true,"href":"https:\/\/www.fisan.com\/de\/wp-json\/wp\/v2\/gama?post=33952"},{"taxonomy":"calidad","embeddable":true,"href":"https:\/\/www.fisan.com\/de\/wp-json\/wp\/v2\/calidad?post=33952"}],"curies":[{"name":"wp","href":"https:\/\/api.w.org\/{rel}","templated":true}]}}