{"id":55649,"date":"2024-05-23T15:28:38","date_gmt":"2024-05-23T13:28:38","guid":{"rendered":"https:\/\/www.fisan.com\/?post_type=product&#038;p=55649"},"modified":"2025-06-06T13:59:51","modified_gmt":"2025-06-06T11:59:51","slug":"iberico-bellota-vela-salchichon-getrueffelt-natuerlich","status":"publish","type":"product","link":"https:\/\/www.fisan.com\/de\/shop\/iberico-bellota-vela-salchichon-getrueffelt-natuerlich\/","title":{"rendered":"Iberico Bellota Vela Salchichon Getr\u00fcffelt Alta Gastronomia 100% Nat\u00fcrlich"},"content":{"rendered":"<p>Der Iberico Bellota Vela Salchichon Getr\u00fcffelt Alta Gastronomia 100% Nat\u00fcrlich steht f\u00fcr die Vollkommenheit des edlen Fleisches des Eichelschweins, Beute und Geheimnis, das zu jeder Jahreszeit ausgew\u00e4hlt wird. Und nach jahrelanger Forschung wird die schwarze Tr\u00fcffel in das Rezept aufgenommen. Nach achtmonatiger Reifung in unseren Naturkellern bietet es daher einen einzigartigen Geschmack und ein einzigartiges Aroma.<\/p>\n","protected":false},"excerpt":{"rendered":"<p>Der Iberico Bellota Vela Salchichon Getr\u00fcffelt Alta Gastronomia 100% Nat\u00fcrlich steht f\u00fcr die Vollkommenheit des edlen Fleisches des Eichelschweins, Beute und Geheimnis, das zu jeder Jahreszeit ausgew\u00e4hlt wird. Und nach jahrelanger Forschung wird die schwarze Tr\u00fcffel in das Rezept aufgenommen. Nach achtmonatiger Reifung in unseren Naturkellern bietet es daher einen einzigartigen Geschmack und ein einzigartiges &#8230; <a title=\"Iberico Bellota Vela Salchichon Getr\u00fcffelt Alta Gastronomia 100% Nat\u00fcrlich\" class=\"read-more\" href=\"https:\/\/www.fisan.com\/de\/shop\/iberico-bellota-vela-salchichon-getrueffelt-natuerlich\/\" aria-label=\"Mehr Informationen \u00fcber Iberico Bellota Vela Salchichon Getr\u00fcffelt Alta Gastronomia 100% Nat\u00fcrlich\">Weiterlesen<\/a><\/p>\n","protected":false},"featured_media":45838,"template":"","meta":{"_acf_changed":false,"_wp_rev_ctl_limit":""},"product_brand":[],"product_cat":[350],"product_tag":[306,530,307],"gama":[436],"calidad":[441],"class_list":{"0":"post-55649","1":"product","2":"type-product","3":"status-publish","4":"has-post-thumbnail","6":"product_cat-4-wurstchen","7":"product_tag-ag","8":"product_tag-destacados-embutido","9":"product_tag-destacados-inicio","10":"gama-alta-gastronomia-de","11":"calidad-1-bellota-iberico-de","13":"first","14":"instock","15":"taxable","16":"shipping-taxable","17":"purchasable","18":"product-type-variable","19":"has-default-attributes"},"acf":[],"yoast_head":"<!-- This site is optimized with the Yoast SEO plugin v25.4 - https:\/\/yoast.com\/wordpress\/plugins\/seo\/ -->\n<title>Iberico Bellota Vela Salchichon Getr\u00fcffelt Alta Gastronomia 100% Nat\u00fcrlich | FISAN<\/title>\n<meta name=\"robots\" content=\"index, follow, max-snippet:-1, max-image-preview:large, max-video-preview:-1\" \/>\n<link rel=\"canonical\" href=\"https:\/\/www.fisan.com\/de\/shop\/iberico-bellota-vela-salchichon-getrueffelt-natuerlich\/\" \/>\n<meta property=\"og:locale\" content=\"de_DE\" \/>\n<meta property=\"og:type\" content=\"article\" \/>\n<meta property=\"og:title\" content=\"Iberico Bellota Vela Salchichon Getr\u00fcffelt Alta Gastronomia 100% Nat\u00fcrlich | FISAN\" \/>\n<meta property=\"og:description\" content=\"Der Iberico Bellota Vela Salchichon Getr\u00fcffelt Alta Gastronomia 100% Nat\u00fcrlich steht f\u00fcr die Vollkommenheit des edlen Fleisches des Eichelschweins, Beute und Geheimnis, das zu jeder Jahreszeit ausgew\u00e4hlt wird. Und nach jahrelanger Forschung wird die schwarze Tr\u00fcffel in das Rezept aufgenommen. Nach achtmonatiger Reifung in unseren Naturkellern bietet es daher einen einzigartigen Geschmack und ein einzigartiges ... Weiterlesen\" \/>\n<meta property=\"og:url\" content=\"https:\/\/www.fisan.com\/de\/shop\/iberico-bellota-vela-salchichon-getrueffelt-natuerlich\/\" \/>\n<meta property=\"og:site_name\" content=\"FISAN\" \/>\n<meta property=\"article:modified_time\" content=\"2025-06-06T11:59:51+00:00\" \/>\n<meta property=\"og:image\" content=\"https:\/\/www.fisan.com\/wp-content\/uploads\/2024\/05\/salchichon-vela-iberico-bellota-ag-pe-00.jpg\" \/>\n\t<meta property=\"og:image:width\" content=\"1200\" \/>\n\t<meta property=\"og:image:height\" content=\"2400\" \/>\n\t<meta property=\"og:image:type\" content=\"image\/jpeg\" \/>\n<meta name=\"twitter:card\" content=\"summary_large_image\" \/>\n<meta name=\"twitter:label1\" content=\"Verf\u00fcgbarkeit\" \/>\n\t<meta name=\"twitter:data1\" content=\"Auf Lager\" \/>\n<script type=\"application\/ld+json\" class=\"yoast-schema-graph\">{\n\t    \"@context\": \"https:\/\/schema.org\",\n\t    \"@graph\": [\n\t        {\n\t            \"@type\": \"WebPage\",\n\t            \"@id\": \"https:\/\/www.fisan.com\/de\/shop\/iberico-bellota-vela-salchichon-getrueffelt-natuerlich\/\",\n\t            \"url\": \"https:\/\/www.fisan.com\/de\/shop\/iberico-bellota-vela-salchichon-getrueffelt-natuerlich\/\",\n\t            \"name\": \"Iberico Bellota Vela Salchichon Getr\u00fcffelt Alta Gastronomia 100% Nat\u00fcrlich | FISAN\",\n\t            \"isPartOf\": {\n\t                \"@id\": \"https:\/\/www.fisan.com\/de\/#website\"\n\t            },\n\t            \"primaryImageOfPage\": {\n\t                \"@id\": \"https:\/\/www.fisan.com\/de\/shop\/iberico-bellota-vela-salchichon-getrueffelt-natuerlich\/#primaryimage\"\n\t            },\n\t            \"image\": {\n\t                \"@id\": \"https:\/\/www.fisan.com\/de\/shop\/iberico-bellota-vela-salchichon-getrueffelt-natuerlich\/#primaryimage\"\n\t            },\n\t            \"thumbnailUrl\": \"https:\/\/www.fisan.com\/wp-content\/uploads\/2024\/05\/salchichon-vela-iberico-bellota-ag-pe-00.jpg\",\n\t            \"datePublished\": \"2024-05-23T13:28:38+00:00\",\n\t            \"dateModified\": \"2025-06-06T11:59:51+00:00\",\n\t            \"breadcrumb\": {\n\t                \"@id\": \"https:\/\/www.fisan.com\/de\/shop\/iberico-bellota-vela-salchichon-getrueffelt-natuerlich\/#breadcrumb\"\n\t            },\n\t            \"inLanguage\": \"de\",\n\t            \"potentialAction\": [\n\t                {\n\t                    \"@type\": \"ReadAction\",\n\t                    \"target\": [\n\t                        \"https:\/\/www.fisan.com\/de\/shop\/iberico-bellota-vela-salchichon-getrueffelt-natuerlich\/\"\n\t                    ]\n\t                }\n\t            ]\n\t        },\n\t        {\n\t            \"@type\": \"ImageObject\",\n\t            \"inLanguage\": \"de\",\n\t            \"@id\": \"https:\/\/www.fisan.com\/de\/shop\/iberico-bellota-vela-salchichon-getrueffelt-natuerlich\/#primaryimage\",\n\t            \"url\": \"https:\/\/www.fisan.com\/wp-content\/uploads\/2024\/05\/salchichon-vela-iberico-bellota-ag-pe-00.jpg\",\n\t            \"contentUrl\": \"https:\/\/www.fisan.com\/wp-content\/uploads\/2024\/05\/salchichon-vela-iberico-bellota-ag-pe-00.jpg\",\n\t            \"width\": 1200,\n\t            \"height\": 2400,\n\t            \"caption\": \"Salchich\u00f3n Vela de Bellota Ib\u00e9rica 100% Natural con Trufa Negra Alta Gastronom\u00eda\"\n\t        },\n\t        {\n\t            \"@type\": \"BreadcrumbList\",\n\t            \"@id\": \"https:\/\/www.fisan.com\/de\/shop\/iberico-bellota-vela-salchichon-getrueffelt-natuerlich\/#breadcrumb\",\n\t            \"itemListElement\": [\n\t                {\n\t                    \"@type\": \"ListItem\",\n\t                    \"position\": 1,\n\t                    \"name\": \"FISAN\",\n\t                    \"item\": \"https:\/\/www.fisan.com\/de\/\"\n\t                },\n\t                {\n\t                    \"@type\": \"ListItem\",\n\t                    \"position\": 2,\n\t                    \"name\": \"Produkte\",\n\t                    \"item\": \"https:\/\/www.fisan.com\/de\/produkte\/\"\n\t                },\n\t                {\n\t                    \"@type\": \"ListItem\",\n\t                    \"position\": 3,\n\t                    \"name\": \"Iberico Bellota Vela Salchichon Getr\u00fcffelt Alta Gastronomia 100% Nat\u00fcrlich\"\n\t                }\n\t            ]\n\t        },\n\t        {\n\t            \"@type\": \"WebSite\",\n\t            \"@id\": \"https:\/\/www.fisan.com\/de\/#website\",\n\t            \"url\": \"https:\/\/www.fisan.com\/de\/\",\n\t            \"name\": \"FISAN\",\n\t            \"description\": \"FISAN | Jamones de bellota ib\u00e9rico y embutidos ib\u00e9ricos desde 1920\",\n\t            \"potentialAction\": [\n\t                {\n\t                    \"@type\": \"SearchAction\",\n\t                    \"target\": {\n\t                        \"@type\": \"EntryPoint\",\n\t                        \"urlTemplate\": \"https:\/\/www.fisan.com\/de\/?s={search_term_string}\"\n\t                    },\n\t                    \"query-input\": {\n\t                        \"@type\": \"PropertyValueSpecification\",\n\t                        \"valueRequired\": true,\n\t                        \"valueName\": \"search_term_string\"\n\t                    }\n\t                }\n\t            ],\n\t            \"inLanguage\": \"de\"\n\t        }\n\t    ]\n\t}<\/script>\n<meta property=\"og:availability\" content=\"instock\" \/>\n<meta property=\"product:availability\" content=\"instock\" \/>\n<meta property=\"product:retailer_item_id\" content=\"s-bi100-1\" \/>\n<meta property=\"product:condition\" content=\"new\" \/>\n<!-- \/ Yoast SEO plugin. -->","yoast_head_json":{"title":"Iberico Bellota Vela Salchichon Getr\u00fcffelt Alta Gastronomia 100% Nat\u00fcrlich | FISAN","robots":{"index":"index","follow":"follow","max-snippet":"max-snippet:-1","max-image-preview":"max-image-preview:large","max-video-preview":"max-video-preview:-1"},"canonical":"https:\/\/www.fisan.com\/de\/shop\/iberico-bellota-vela-salchichon-getrueffelt-natuerlich\/","og_locale":"de_DE","og_type":"article","og_title":"Iberico Bellota Vela Salchichon Getr\u00fcffelt Alta Gastronomia 100% Nat\u00fcrlich | FISAN","og_description":"Der Iberico Bellota Vela Salchichon Getr\u00fcffelt Alta Gastronomia 100% Nat\u00fcrlich steht f\u00fcr die Vollkommenheit des edlen Fleisches des Eichelschweins, Beute und Geheimnis, das zu jeder Jahreszeit ausgew\u00e4hlt wird. Und nach jahrelanger Forschung wird die schwarze Tr\u00fcffel in das Rezept aufgenommen. Nach achtmonatiger Reifung in unseren Naturkellern bietet es daher einen einzigartigen Geschmack und ein einzigartiges ... Weiterlesen","og_url":"https:\/\/www.fisan.com\/de\/shop\/iberico-bellota-vela-salchichon-getrueffelt-natuerlich\/","og_site_name":"FISAN","article_modified_time":"2025-06-06T11:59:51+00:00","og_image":[{"width":1200,"height":2400,"url":"https:\/\/www.fisan.com\/wp-content\/uploads\/2024\/05\/salchichon-vela-iberico-bellota-ag-pe-00.jpg","type":"image\/jpeg"}],"twitter_card":"summary_large_image","twitter_misc":{"Verf\u00fcgbarkeit":"Auf Lager"},"schema":{"@context":"https:\/\/schema.org","@graph":[{"@type":"WebPage","@id":"https:\/\/www.fisan.com\/de\/shop\/iberico-bellota-vela-salchichon-getrueffelt-natuerlich\/","url":"https:\/\/www.fisan.com\/de\/shop\/iberico-bellota-vela-salchichon-getrueffelt-natuerlich\/","name":"Iberico Bellota Vela Salchichon Getr\u00fcffelt Alta Gastronomia 100% Nat\u00fcrlich | FISAN","isPartOf":{"@id":"https:\/\/www.fisan.com\/de\/#website"},"primaryImageOfPage":{"@id":"https:\/\/www.fisan.com\/de\/shop\/iberico-bellota-vela-salchichon-getrueffelt-natuerlich\/#primaryimage"},"image":{"@id":"https:\/\/www.fisan.com\/de\/shop\/iberico-bellota-vela-salchichon-getrueffelt-natuerlich\/#primaryimage"},"thumbnailUrl":"https:\/\/www.fisan.com\/wp-content\/uploads\/2024\/05\/salchichon-vela-iberico-bellota-ag-pe-00.jpg","datePublished":"2024-05-23T13:28:38+00:00","dateModified":"2025-06-06T11:59:51+00:00","breadcrumb":{"@id":"https:\/\/www.fisan.com\/de\/shop\/iberico-bellota-vela-salchichon-getrueffelt-natuerlich\/#breadcrumb"},"inLanguage":"de","potentialAction":[{"@type":"ReadAction","target":["https:\/\/www.fisan.com\/de\/shop\/iberico-bellota-vela-salchichon-getrueffelt-natuerlich\/"]}]},{"@type":"ImageObject","inLanguage":"de","@id":"https:\/\/www.fisan.com\/de\/shop\/iberico-bellota-vela-salchichon-getrueffelt-natuerlich\/#primaryimage","url":"https:\/\/www.fisan.com\/wp-content\/uploads\/2024\/05\/salchichon-vela-iberico-bellota-ag-pe-00.jpg","contentUrl":"https:\/\/www.fisan.com\/wp-content\/uploads\/2024\/05\/salchichon-vela-iberico-bellota-ag-pe-00.jpg","width":1200,"height":2400,"caption":"Salchich\u00f3n Vela de Bellota Ib\u00e9rica 100% Natural con Trufa Negra Alta Gastronom\u00eda"},{"@type":"BreadcrumbList","@id":"https:\/\/www.fisan.com\/de\/shop\/iberico-bellota-vela-salchichon-getrueffelt-natuerlich\/#breadcrumb","itemListElement":[{"@type":"ListItem","position":1,"name":"FISAN","item":"https:\/\/www.fisan.com\/de\/"},{"@type":"ListItem","position":2,"name":"Produkte","item":"https:\/\/www.fisan.com\/de\/produkte\/"},{"@type":"ListItem","position":3,"name":"Iberico Bellota Vela Salchichon Getr\u00fcffelt Alta Gastronomia 100% Nat\u00fcrlich"}]},{"@type":"WebSite","@id":"https:\/\/www.fisan.com\/de\/#website","url":"https:\/\/www.fisan.com\/de\/","name":"FISAN","description":"FISAN | Jamones de bellota ib\u00e9rico y embutidos ib\u00e9ricos desde 1920","potentialAction":[{"@type":"SearchAction","target":{"@type":"EntryPoint","urlTemplate":"https:\/\/www.fisan.com\/de\/?s={search_term_string}"},"query-input":{"@type":"PropertyValueSpecification","valueRequired":true,"valueName":"search_term_string"}}],"inLanguage":"de"}]},"og_availability":"instock","product_availability":"instock","product_retailer_item_id":"s-bi100-1","product_condition":"new"},"_links":{"self":[{"href":"https:\/\/www.fisan.com\/de\/wp-json\/wp\/v2\/product\/55649","targetHints":{"allow":["GET"]}}],"collection":[{"href":"https:\/\/www.fisan.com\/de\/wp-json\/wp\/v2\/product"}],"about":[{"href":"https:\/\/www.fisan.com\/de\/wp-json\/wp\/v2\/types\/product"}],"version-history":[{"count":6,"href":"https:\/\/www.fisan.com\/de\/wp-json\/wp\/v2\/product\/55649\/revisions"}],"predecessor-version":[{"id":56170,"href":"https:\/\/www.fisan.com\/de\/wp-json\/wp\/v2\/product\/55649\/revisions\/56170"}],"wp:featuredmedia":[{"embeddable":true,"href":"https:\/\/www.fisan.com\/de\/wp-json\/wp\/v2\/media\/45838"}],"wp:attachment":[{"href":"https:\/\/www.fisan.com\/de\/wp-json\/wp\/v2\/media?parent=55649"}],"wp:term":[{"taxonomy":"product_brand","embeddable":true,"href":"https:\/\/www.fisan.com\/de\/wp-json\/wp\/v2\/product_brand?post=55649"},{"taxonomy":"product_cat","embeddable":true,"href":"https:\/\/www.fisan.com\/de\/wp-json\/wp\/v2\/product_cat?post=55649"},{"taxonomy":"product_tag","embeddable":true,"href":"https:\/\/www.fisan.com\/de\/wp-json\/wp\/v2\/product_tag?post=55649"},{"taxonomy":"gama","embeddable":true,"href":"https:\/\/www.fisan.com\/de\/wp-json\/wp\/v2\/gama?post=55649"},{"taxonomy":"calidad","embeddable":true,"href":"https:\/\/www.fisan.com\/de\/wp-json\/wp\/v2\/calidad?post=55649"}],"curies":[{"name":"wp","href":"https:\/\/api.w.org\/{rel}","templated":true}]}}