{"id":33135,"date":"2022-08-29T10:29:33","date_gmt":"2022-08-29T08:29:33","guid":{"rendered":"https:\/\/www.fisan.com\/jose-carlos-fuentes\/"},"modified":"2023-11-28T11:59:38","modified_gmt":"2023-11-28T10:59:38","slug":"jose-carlos-fuentes","status":"publish","type":"page","link":"https:\/\/www.fisan.com\/fr\/gastronomie-chefs\/jose-carlos-fuentes\/","title":{"rendered":"Jos\u00e9 Carlos Fuentes"},"content":{"rendered":"\t\t<div data-elementor-type=\"wp-page\" data-elementor-id=\"33135\" class=\"elementor elementor-33135 elementor-2772\" data-elementor-post-type=\"page\">\n\t\t\t\t\t\t<section class=\"elementor-section elementor-top-section elementor-element elementor-element-3cc6922 elementor-section-full_width elementor-section-height-default elementor-section-height-default\" data-id=\"3cc6922\" data-element_type=\"section\" data-settings=\"{&quot;background_background&quot;:&quot;classic&quot;}\">\n\t\t\t\t\t\t<div class=\"elementor-container elementor-column-gap-default\">\n\t\t\t\t\t<div class=\"elementor-column elementor-col-100 elementor-top-column elementor-element elementor-element-412ea84\" data-id=\"412ea84\" data-element_type=\"column\">\n\t\t\t<div class=\"elementor-widget-wrap elementor-element-populated\">\n\t\t\t\t\t\t<div class=\"elementor-element elementor-element-6bdd7a2 elementor-widget elementor-widget-breadcrumbs\" data-id=\"6bdd7a2\" data-element_type=\"widget\" data-widget_type=\"breadcrumbs.default\">\n\t\t\t\t<div class=\"elementor-widget-container\">\n\t\t\t\t\t<p id=\"breadcrumbs\"><span><span><a href=\"https:\/\/www.fisan.com\/fr\/\">FISAN<\/a><\/span><\/span><\/p>\t\t\t\t<\/div>\n\t\t\t\t<\/div>\n\t\t\t\t\t<\/div>\n\t\t<\/div>\n\t\t\t\t\t<\/div>\n\t\t<\/section>\n\t\t\t\t<section data-dce-background-overlay-color=\"#353333\" data-dce-background-image-url=\"https:\/\/www.fisan.com\/wp-content\/uploads\/2022\/09\/jose-carlos-fuentes-01.jpeg\" class=\"elementor-section elementor-top-section elementor-element elementor-element-c5edcf9 elementor-section-full_width elementor-section-stretched elementor-section-height-min-height elementor-reverse-tablet elementor-section-height-default elementor-section-items-middle\" data-id=\"c5edcf9\" data-element_type=\"section\" data-settings=\"{&quot;stretch_section&quot;:&quot;section-stretched&quot;,&quot;background_background&quot;:&quot;classic&quot;}\">\n\t\t\t\t\t\t\t<div class=\"elementor-background-overlay\"><\/div>\n\t\t\t\t\t\t\t<div class=\"elementor-container elementor-column-gap-default\">\n\t\t\t\t\t<div class=\"elementor-column elementor-col-50 elementor-top-column elementor-element elementor-element-eeee7f2\" data-id=\"eeee7f2\" data-element_type=\"column\" data-settings=\"{&quot;background_background&quot;:&quot;classic&quot;}\">\n\t\t\t<div class=\"elementor-widget-wrap elementor-element-populated\">\n\t\t\t\t\t\t<div class=\"elementor-element elementor-element-a0dda71 elementor-widget elementor-widget-heading\" data-id=\"a0dda71\" data-element_type=\"widget\" data-widget_type=\"heading.default\">\n\t\t\t\t<div class=\"elementor-widget-container\">\n\t\t\t\t\t<p class=\"elementor-heading-title elementor-size-default\">Saveur de gastronomie fine<\/p>\t\t\t\t<\/div>\n\t\t\t\t<\/div>\n\t\t\t\t<div class=\"elementor-element elementor-element-48c78a0 elementor-widget elementor-widget-heading\" data-id=\"48c78a0\" data-element_type=\"widget\" data-widget_type=\"heading.default\">\n\t\t\t\t<div class=\"elementor-widget-container\">\n\t\t\t\t\t<h1 class=\"elementor-heading-title elementor-size-default\">JOS\u00c9 CARLOS FUENTES<\/h1>\t\t\t\t<\/div>\n\t\t\t\t<\/div>\n\t\t\t\t<div class=\"elementor-element elementor-element-ed651e0 elementor-widget elementor-widget-text-editor\" data-id=\"ed651e0\" data-element_type=\"widget\" data-widget_type=\"text-editor.default\">\n\t\t\t\t<div class=\"elementor-widget-container\">\n\t\t\t\t\t\t\t\t\t<p>El Club Allard<\/p>\n\t\t\t\t\t\t\t\t<\/div>\n\t\t\t\t<\/div>\n\t\t\t\t<div class=\"elementor-element elementor-element-dbd10f0 elementor-widget__width-initial elementor-view-default elementor-widget elementor-widget-icon\" data-id=\"dbd10f0\" data-element_type=\"widget\" data-widget_type=\"icon.default\">\n\t\t\t\t<div class=\"elementor-widget-container\">\n\t\t\t\t\t\t\t<div class=\"elementor-icon-wrapper\">\n\t\t\t<div class=\"elementor-icon\">\n\t\t\t<svg xmlns=\"http:\/\/www.w3.org\/2000\/svg\" xmlns:xlink=\"http:\/\/www.w3.org\/1999\/xlink\" id=\"Modo_de_aislamiento\" x=\"0px\" y=\"0px\" viewBox=\"0 0 500 500\" style=\"enable-background:new 0 0 500 500;\" xml:space=\"preserve\"><style type=\"text\/css\">\t.st0{fill:#AC182D;}<\/style><path class=\"st0\" d=\"M355.5,262c-8.3-4.6-17.5-7.9-26.4-11.8c7.1-2.9,14.3-5.3,21-8.6c29.7-14.8,36-39.8,17.2-67.3 c-12.2-17.9-29.6-23-48.9-12.9c-10,5.3-18.9,12.6-28.5,19.1c1.1-7.3,2.8-14.9,3.3-22.5c1.1-15.9-0.7-31.7-15.9-40.6 c-17.2-10-35.6-9.3-52.7,0.5c-15.9,9.2-18.1,25.3-17,42c0.4,6.6,1.6,13.2,2.5,20.2c-9.7-6.6-18.2-13.4-27.6-18.6 c-11-6-23.3-8-34.6-1c-16.3,10.1-24.6,25.4-24.9,44.5c-0.3,17.8,11,28,25.3,35.4c7.3,3.8,15.3,6.5,22.4,9.5 c-10.1,4.8-20.8,9-30.4,14.9c-15,9.3-21.9,23.9-16.5,38.5c4,10.9,10.9,21.5,18.8,30.2c9.2,10.1,22.6,12.1,35.2,6.7 c11.2-4.8,21.4-11.9,32.1-18c-0.8,6.5-1.9,13.9-2.6,21.4c-2,21.9,9,39.7,28.7,44.3c8.3,1.9,17.5,2,26,1 c17.5-2.1,28.2-12.5,30.1-29.9c1.4-12.6,0.3-25.5,0.3-36.9c5.9,4.1,13.3,10.3,21.7,14.8c23.2,12.2,44.3,4.2,57.8-21.1 C383.8,293.8,378.2,274.7,355.5,262z M352.9,322.6c-7.5,8.6-17.3,10.6-28.1,6.5c-15.9-6-26.9-18-37.7-30.4c-3-3.5-5.8-7.2-8.7-11 c-1.8-2.3-5.1-3-7.6-1.5c0,0-0.1,0-0.1,0c-2.3,1.4-3.5,4.2-2.7,6.8c4.1,13.4,8.5,26.4,11.5,39.7c1.9,8.1,2.1,16.8,1,25.1 c-0.7,5.9-2.6,8.9-5.4,12c-10.5,11.5-24.1,9.6-37.1,6.4c-12-2.9-18-11.7-18.7-24.7c-1.1-18.2,4.1-35.1,10.9-51.7 c1.4-3.3,3.2-6.6,3.7-10.1c0-0.3,0.1-0.6,0.1-0.9c0.1-4.6-5.1-7.6-9-5.1c-0.3,0.2-0.6,0.5-0.9,0.7c-7.5,8.3-13.6,17.9-21.7,25.4 c-8.1,7.4-17.6,13.7-27.2,19c-8.3,4.5-18.2,3.4-24.3-3.7c-6.8-8-12.5-17.6-16.3-27.4c-3.2-8.4,2.4-15.8,9.2-21 c14.5-11.3,31.9-15.2,49.5-18.4c3.7-0.7,7.5-1.2,11.5-1.7c3-0.4,5.3-3,5.3-6v0c0-2.9-2-5.4-4.9-6c-12.4-2.6-24.7-4.8-36.6-8.5 c-9-2.9-18-7.5-25.3-13.5c-12.7-10.4-12.2-25-0.3-42.1c9-13,20.9-17.2,34.3-8c14.5,9.9,26.7,23.2,39.7,35.2c2.8,2.6,4.3,6.7,7.3,9.2 c0.7,0.5,1.5,0.9,2.4,1.2c3.7,1.1,7.6-1.7,7.3-5.5c0-0.3-0.1-0.7-0.2-1c-4.3-14.4-9.1-28.6-13.5-43c-1-3.4-1.2-7.1-1.3-10.7 c-0.9-28.3,20.2-43.2,47-33.1c9.9,3.7,14.1,11.7,14.9,21.8c1.5,20.1-4.8,38.6-12,56.9c-0.5,1.2-1,2.4-1.5,3.7 c-1.1,2.8,0,5.9,2.6,7.4c0,0,0.1,0,0.1,0c2.4,1.4,5.4,0.9,7.2-1.1c9.9-10.5,18.5-22.1,29.7-30.5c7.9-5.9,15.3-10.5,24.1-13.7 c2.6-1,6.1-1.4,8.8-0.7c15.8,3.9,21.2,16.7,25.1,30.4c2.9,10.1-0.9,21.1-12.1,26.7c-13.8,6.9-28.9,11.4-43.7,16.2 c-4.2,1.4-8.8,1.8-13.4,2.3c-3.2,0.3-5.6,3-5.6,6.2v0c0,3,2.2,5.6,5.1,6.2c8.9,1.7,17.8,3.2,26.6,5.4c7,1.7,13.9,4,20.5,6.9 C370.3,280.8,373.8,298.6,352.9,322.6z\"><\/path><\/svg>\t\t\t<\/div>\n\t\t<\/div>\n\t\t\t\t\t\t<\/div>\n\t\t\t\t<\/div>\n\t\t\t\t<div class=\"elementor-element elementor-element-96c4ac6 elementor-widget__width-auto dce_masking-none elementor-widget elementor-widget-image\" data-id=\"96c4ac6\" data-element_type=\"widget\" data-widget_type=\"image.default\">\n\t\t\t\t<div class=\"elementor-widget-container\">\n\t\t\t\t\t\t\t\t\t\t\t\t\t\t\t<img decoding=\"async\" width=\"44\" height=\"45\" src=\"https:\/\/www.fisan.com\/wp-content\/uploads\/2022\/09\/icono_club_allard.png\" class=\"attachment-full size-full wp-image-18089\" alt=\"\" srcset=\"https:\/\/www.fisan.com\/wp-content\/uploads\/2022\/09\/icono_club_allard.png 44w, https:\/\/www.fisan.com\/wp-content\/uploads\/2022\/09\/elementor\/thumbs\/icono_club_allard-pvhlypx9ki1x3h7pecknif716wh3lqskwpafsglhfo.png 26w\" sizes=\"(max-width: 44px) 100vw, 44px\" \/>\t\t\t\t\t\t\t\t\t\t\t\t\t\t\t<\/div>\n\t\t\t\t<\/div>\n\t\t\t\t<div class=\"elementor-element elementor-element-8b2f9f3 elementor-widget elementor-widget-text-editor\" data-id=\"8b2f9f3\" data-element_type=\"widget\" data-widget_type=\"text-editor.default\">\n\t\t\t\t<div class=\"elementor-widget-container\">\n\t\t\t\t\t\t\t\t\t<p>Pr\u00e9sentation Jambon \u00c9dition Limit\u00e9e 2018<\/p>\n\t\t\t\t\t\t\t\t<\/div>\n\t\t\t\t<\/div>\n\t\t\t\t\t<\/div>\n\t\t<\/div>\n\t\t\t\t<div class=\"elementor-column elementor-col-50 elementor-top-column elementor-element elementor-element-99ae672\" data-id=\"99ae672\" data-element_type=\"column\" data-settings=\"{&quot;background_background&quot;:&quot;classic&quot;}\">\n\t\t\t<div class=\"elementor-widget-wrap\">\n\t\t\t\t\t\t\t<\/div>\n\t\t<\/div>\n\t\t\t\t\t<\/div>\n\t\t<\/section>\n\t\t\t\t<section class=\"elementor-section elementor-top-section elementor-element elementor-element-220807f elementor-section-boxed elementor-section-height-default elementor-section-height-default\" data-id=\"220807f\" data-element_type=\"section\">\n\t\t\t\t\t\t<div class=\"elementor-container elementor-column-gap-default\">\n\t\t\t\t\t<div class=\"elementor-column elementor-col-50 elementor-top-column elementor-element elementor-element-fc5438d elementor-invisible\" data-id=\"fc5438d\" data-element_type=\"column\" data-settings=\"{&quot;animation&quot;:&quot;fadeIn&quot;}\">\n\t\t\t<div class=\"elementor-widget-wrap elementor-element-populated\">\n\t\t\t\t\t\t<div class=\"elementor-element elementor-element-55eb291 dce_masking-none elementor-widget elementor-widget-image\" data-id=\"55eb291\" data-element_type=\"widget\" data-widget_type=\"image.default\">\n\t\t\t\t<div class=\"elementor-widget-container\">\n\t\t\t\t\t\t\t\t\t\t\t\t\t\t\t<img fetchpriority=\"high\" decoding=\"async\" width=\"500\" height=\"760\" src=\"https:\/\/www.fisan.com\/wp-content\/uploads\/2022\/09\/jose-carlos-fuentes-02.jpeg\" class=\"attachment-large size-large wp-image-18093\" alt=\"Huevo a baja temperatura, consom\u00e9 de jam\u00f3n FISAN y setas\" srcset=\"https:\/\/www.fisan.com\/wp-content\/uploads\/2022\/09\/jose-carlos-fuentes-02.jpeg 500w, https:\/\/www.fisan.com\/wp-content\/uploads\/2022\/09\/jose-carlos-fuentes-02-197x300.jpeg 197w\" sizes=\"(max-width: 500px) 100vw, 500px\" \/>\t\t\t\t\t\t\t\t\t\t\t\t\t\t\t<\/div>\n\t\t\t\t<\/div>\n\t\t\t\t\t<\/div>\n\t\t<\/div>\n\t\t\t\t<div class=\"elementor-column elementor-col-50 elementor-top-column elementor-element elementor-element-2d072f0\" data-id=\"2d072f0\" data-element_type=\"column\">\n\t\t\t<div class=\"elementor-widget-wrap elementor-element-populated\">\n\t\t\t\t\t\t<div class=\"elementor-element elementor-element-45c9947 elementor-widget__width-initial elementor-widget elementor-widget-text-editor\" data-id=\"45c9947\" data-element_type=\"widget\" data-widget_type=\"text-editor.default\">\n\t\t\t\t<div class=\"elementor-widget-container\">\n\t\t\t\t\t\t\t\t\t<p>FISAN ET JOS\u00c9 CARLOS FUENTES:<br \/>Comme tous les ans avant le d\u00e9but de la gland\u00e9e, chez FISAN, nous pr\u00e9sentons notre jambon Alta Gastronom\u00eda \u00c9dition Limit\u00e9e, dans ce cas, le Cru 2014.<\/p>\n<p>Lors de sa pr\u00e9sentation, le jambon Alta Gastronom\u00eda a de nouveau \u00e9t\u00e9 la cible de tous les regards et tous les applaudissements. Un succ\u00e8s bien m\u00e9rit\u00e9, car les 55 pi\u00e8ces exclusives s\u00e9lectionn\u00e9es personnellement par la famille S\u00e1nchez \u00e9taient le summum de leur cave et des ic\u00f4nes d\u2019une mani\u00e8re tr\u00e8s personnelle d\u2019atteindre l\u2019excellence dans l\u2019\u00e9laboration du jambon. <\/p>\n<p>Amis, critiques et presse ont pu assister \u00e0 la pr\u00e9sentation du Cru 2014, au restaurant El Club Allard de Madrid, avec Jos\u00e9 Carlos Fuentes aux commandes de l\u2019incroyable menu pr\u00e9par\u00e9 avec des produits de Bellota FISAN.<\/p>\n\t\t\t\t\t\t\t\t<\/div>\n\t\t\t\t<\/div>\n\t\t\t\t\t<\/div>\n\t\t<\/div>\n\t\t\t\t\t<\/div>\n\t\t<\/section>\n\t\t\t\t<section data-dce-background-color=\"#F7F7F7\" class=\"elementor-section elementor-top-section elementor-element elementor-element-70008d2 elementor-section-stretched elementor-section-boxed elementor-section-height-default elementor-section-height-default\" data-id=\"70008d2\" data-element_type=\"section\" data-settings=\"{&quot;stretch_section&quot;:&quot;section-stretched&quot;,&quot;background_background&quot;:&quot;classic&quot;}\">\n\t\t\t\t\t\t<div class=\"elementor-container elementor-column-gap-default\">\n\t\t\t\t\t<div class=\"elementor-column elementor-col-50 elementor-top-column elementor-element elementor-element-8c2b9b5 elementor-invisible\" data-id=\"8c2b9b5\" data-element_type=\"column\" data-settings=\"{&quot;background_background&quot;:&quot;classic&quot;,&quot;animation&quot;:&quot;fadeInLeft&quot;}\">\n\t\t\t<div class=\"elementor-widget-wrap elementor-element-populated\">\n\t\t\t\t\t<div class=\"elementor-background-overlay\"><\/div>\n\t\t\t\t\t\t<div class=\"elementor-element elementor-element-72af97a dce_masking-none elementor-widget elementor-widget-image\" data-id=\"72af97a\" data-element_type=\"widget\" data-widget_type=\"image.default\">\n\t\t\t\t<div class=\"elementor-widget-container\">\n\t\t\t\t\t\t\t\t\t\t\t\t\t\t\t<img decoding=\"async\" width=\"800\" height=\"480\" src=\"https:\/\/www.fisan.com\/wp-content\/uploads\/2022\/09\/jose-carlos-fuentes-03.jpeg\" class=\"attachment-large size-large wp-image-18097\" alt=\"Jose Carlos Fuentes y FISAN\" srcset=\"https:\/\/www.fisan.com\/wp-content\/uploads\/2022\/09\/jose-carlos-fuentes-03.jpeg 800w, https:\/\/www.fisan.com\/wp-content\/uploads\/2022\/09\/jose-carlos-fuentes-03-600x360.jpeg 600w, https:\/\/www.fisan.com\/wp-content\/uploads\/2022\/09\/jose-carlos-fuentes-03-300x180.jpeg 300w, https:\/\/www.fisan.com\/wp-content\/uploads\/2022\/09\/jose-carlos-fuentes-03-768x461.jpeg 768w\" sizes=\"(max-width: 800px) 100vw, 800px\" \/>\t\t\t\t\t\t\t\t\t\t\t\t\t\t\t<\/div>\n\t\t\t\t<\/div>\n\t\t\t\t\t<\/div>\n\t\t<\/div>\n\t\t\t\t<div class=\"elementor-column elementor-col-50 elementor-top-column elementor-element elementor-element-c71c4a7\" data-id=\"c71c4a7\" data-element_type=\"column\">\n\t\t\t<div class=\"elementor-widget-wrap elementor-element-populated\">\n\t\t\t\t\t\t<div class=\"elementor-element elementor-element-29e3493 elementor-widget elementor-widget-heading\" data-id=\"29e3493\" data-element_type=\"widget\" data-widget_type=\"heading.default\">\n\t\t\t\t<div class=\"elementor-widget-container\">\n\t\t\t\t\t<h2 class=\"elementor-heading-title elementor-size-default\">LE CHEF JUAN CARLOS FUENTES<\/h2>\t\t\t\t<\/div>\n\t\t\t\t<\/div>\n\t\t\t\t<div class=\"elementor-element elementor-element-414de55 elementor-widget__width-initial elementor-widget elementor-widget-text-editor\" data-id=\"414de55\" data-element_type=\"widget\" data-widget_type=\"text-editor.default\">\n\t\t\t\t<div class=\"elementor-widget-container\">\n\t\t\t\t\t\t\t\t\tEl Club Allard.<br>\n1 Soleil Repsol\t\t\t\t\t\t\t\t<\/div>\n\t\t\t\t<\/div>\n\t\t\t\t<div class=\"elementor-element elementor-element-870ff3d elementor-widget-divider--view-line elementor-widget elementor-widget-divider\" data-id=\"870ff3d\" data-element_type=\"widget\" data-widget_type=\"divider.default\">\n\t\t\t\t<div class=\"elementor-widget-container\">\n\t\t\t\t\t\t\t<div class=\"elementor-divider\">\n\t\t\t<span class=\"elementor-divider-separator\">\n\t\t\t\t\t\t<\/span>\n\t\t<\/div>\n\t\t\t\t\t\t<\/div>\n\t\t\t\t<\/div>\n\t\t\t\t<div class=\"elementor-element elementor-element-6f57915 elementor-widget elementor-widget-text-editor\" data-id=\"6f57915\" data-element_type=\"widget\" data-widget_type=\"text-editor.default\">\n\t\t\t\t<div class=\"elementor-widget-container\">\n\t\t\t\t\t\t\t\t\t<p>Jos\u00e9 Carlos Fuentes a \u00e9t\u00e9 le Chef choisi pour la pr\u00e9sentation de notre Jambon Alta Gastronom\u00eda \u00c9dition Limit\u00e9e Cru 2014. <\/p>\n<p><span style=\"font-weight: 400;\">Le Chef Jos\u00e9 Carlos Fuentes s\u2019est inspir\u00e9 de tout le processus d\u2019\u00e9laboration artisanale des produits FISAN, qu\u2019il a pu d\u00e9couvrir en visitant les installations FISAN. Pendant sa visite, Jos\u00e9 Carlos Fuente a commenc\u00e9 \u00e0 d\u00e9velopper les premi\u00e8res \u00e9bauches du superbe menu avec le jambon Alta Gastronom\u00eda \u00c9dition Limit\u00e9e Cru 2014, suivant le reflet de ce qu\u2019il avait pu observer dans les caves de la famille S\u00e1nchez : soin, d\u00e9licatesse, patience et beaucoup de saveur.  <\/span><\/p>\n\t\t\t\t\t\t\t\t<\/div>\n\t\t\t\t<\/div>\n\t\t\t\t\t<\/div>\n\t\t<\/div>\n\t\t\t\t\t<\/div>\n\t\t<\/section>\n\t\t\t\t<section class=\"elementor-section elementor-top-section elementor-element elementor-element-dcb32c1 elementor-section-boxed elementor-section-height-default elementor-section-height-default\" data-id=\"dcb32c1\" data-element_type=\"section\">\n\t\t\t\t\t\t<div class=\"elementor-container elementor-column-gap-default\">\n\t\t\t\t\t<div class=\"elementor-column elementor-col-50 elementor-top-column elementor-element elementor-element-c9df3c0 elementor-invisible\" data-id=\"c9df3c0\" data-element_type=\"column\" data-settings=\"{&quot;animation&quot;:&quot;fadeIn&quot;}\">\n\t\t\t<div class=\"elementor-widget-wrap elementor-element-populated\">\n\t\t\t\t\t\t<div class=\"elementor-element elementor-element-54db228 dce_masking-none elementor-widget elementor-widget-image\" data-id=\"54db228\" data-element_type=\"widget\" data-widget_type=\"image.default\">\n\t\t\t\t<div class=\"elementor-widget-container\">\n\t\t\t\t\t\t\t\t\t\t\t\t\t\t\t<img loading=\"lazy\" decoding=\"async\" width=\"600\" height=\"480\" src=\"https:\/\/www.fisan.com\/wp-content\/uploads\/2022\/09\/jose-carlos-fuentes-04.jpeg\" class=\"attachment-large size-large wp-image-18101\" alt=\"Jose Carlos Fuentes y productos FISAN\" srcset=\"https:\/\/www.fisan.com\/wp-content\/uploads\/2022\/09\/jose-carlos-fuentes-04.jpeg 600w, https:\/\/www.fisan.com\/wp-content\/uploads\/2022\/09\/jose-carlos-fuentes-04-300x240.jpeg 300w\" sizes=\"(max-width: 600px) 100vw, 600px\" \/>\t\t\t\t\t\t\t\t\t\t\t\t\t\t\t<\/div>\n\t\t\t\t<\/div>\n\t\t\t\t\t<\/div>\n\t\t<\/div>\n\t\t\t\t<div class=\"elementor-column elementor-col-50 elementor-top-column elementor-element elementor-element-88c5942\" data-id=\"88c5942\" data-element_type=\"column\">\n\t\t\t<div class=\"elementor-widget-wrap elementor-element-populated\">\n\t\t\t\t\t\t<div class=\"elementor-element elementor-element-7c97774 elementor-widget elementor-widget-heading\" data-id=\"7c97774\" data-element_type=\"widget\" data-widget_type=\"heading.default\">\n\t\t\t\t<div class=\"elementor-widget-container\">\n\t\t\t\t\t<h2 class=\"elementor-heading-title elementor-size-default\">LA SAVEUR <br>\nDANS LA GASTRONOMIE FINE<\/h2>\t\t\t\t<\/div>\n\t\t\t\t<\/div>\n\t\t\t\t<div class=\"elementor-element elementor-element-4c8f8b7 elementor-widget elementor-widget-text-editor\" data-id=\"4c8f8b7\" data-element_type=\"widget\" data-widget_type=\"text-editor.default\">\n\t\t\t\t<div class=\"elementor-widget-container\">\n\t\t\t\t\t\t\t\t\t<p><span style=\"font-weight: 400;\"><a href=\"https:\/\/www.fisan.com\/fr\/produits\/\"><span style=\"text-decoration: underline;\">Les produits FISAN<\/span><\/a> ont inspir\u00e9 un menu o\u00f9 le produit Bellota Ib\u00e9rico \u00e9tait pr\u00e9sent dans chaque pr\u00e9paration et qui renfermait en outre l\u2019essence de FISAN. R\u00e9sultat : un incroyable menu exclusif qui a surpris toutes les personnes qui ont assist\u00e9 \u00e0 la pr\u00e9sentation du Cru 2014 : mises en bouche, entr\u00e9es, poissons, viandes et desserts d\u00e9bordaient de l\u2019ing\u00e9niosit\u00e9 de Jos\u00e9 Carlos Fuentes et exaltaient la saveur FISAN. Un succ\u00e8s retentissant. <\/span><\/p>\t\t\t\t\t\t\t\t<\/div>\n\t\t\t\t<\/div>\n\t\t\t\t\t<\/div>\n\t\t<\/div>\n\t\t\t\t\t<\/div>\n\t\t<\/section>\n\t\t\t\t<section data-dce-background-color=\"#F7F7F7\" class=\"elementor-section elementor-top-section elementor-element elementor-element-142e3cc elementor-section-stretched elementor-section-boxed elementor-section-height-default elementor-section-height-default\" data-id=\"142e3cc\" data-element_type=\"section\" data-settings=\"{&quot;stretch_section&quot;:&quot;section-stretched&quot;,&quot;background_background&quot;:&quot;classic&quot;}\">\n\t\t\t\t\t\t<div class=\"elementor-container elementor-column-gap-default\">\n\t\t\t\t\t<div class=\"elementor-column elementor-col-100 elementor-top-column elementor-element elementor-element-556860b\" data-id=\"556860b\" data-element_type=\"column\">\n\t\t\t<div class=\"elementor-widget-wrap elementor-element-populated\">\n\t\t\t\t\t\t<div class=\"elementor-element elementor-element-31ab10e elementor-widget elementor-widget-heading\" data-id=\"31ab10e\" data-element_type=\"widget\" data-widget_type=\"heading.default\">\n\t\t\t\t<div class=\"elementor-widget-container\">\n\t\t\t\t\t<h2 class=\"elementor-heading-title elementor-size-default\">El Club Allard<\/h2>\t\t\t\t<\/div>\n\t\t\t\t<\/div>\n\t\t\t\t<div class=\"elementor-element elementor-element-781c2c3 elementor-widget__width-initial elementor-widget elementor-widget-text-editor\" data-id=\"781c2c3\" data-element_type=\"widget\" data-widget_type=\"text-editor.default\">\n\t\t\t\t<div class=\"elementor-widget-container\">\n\t\t\t\t\t\t\t\t\t<p>1 Soleil Repsol<\/p>\n\t\t\t\t\t\t\t\t<\/div>\n\t\t\t\t<\/div>\n\t\t\t\t<div class=\"elementor-element elementor-element-2907d8c elementor-widget-divider--view-line elementor-widget elementor-widget-divider\" data-id=\"2907d8c\" data-element_type=\"widget\" data-widget_type=\"divider.default\">\n\t\t\t\t<div class=\"elementor-widget-container\">\n\t\t\t\t\t\t\t<div class=\"elementor-divider\">\n\t\t\t<span class=\"elementor-divider-separator\">\n\t\t\t\t\t\t<\/span>\n\t\t<\/div>\n\t\t\t\t\t\t<\/div>\n\t\t\t\t<\/div>\n\t\t\t\t<div class=\"elementor-element elementor-element-678d166 elementor-widget__width-initial elementor-widget elementor-widget-text-editor\" data-id=\"678d166\" data-element_type=\"widget\" data-widget_type=\"text-editor.default\">\n\t\t\t\t<div class=\"elementor-widget-container\">\n\t\t\t\t\t\t\t\t\t<p>El Club Allard est l\u2019un des temples de la gastronomie de Madrid, avec le prestigieux Jos\u00e9 Carlos Fuentes au piano. Des grands chefs cuisiniers de l\u2019envergure de Diego Guerrero ou Mar\u00eda Marte sont pass\u00e9s par ses fourneaux.   <\/p>\n<p>El Club Allard est bien plus qu\u2019un restaurant de cuisine fine et, sans pour autant \u00eatre un club social priv\u00e9 (bien qu\u2019il ait ouvert ses portes sous ce concept en 1998), il accueille des r\u00e9unions sociales de premier niveau, des expositions d\u2019art et des soir\u00e9es priv\u00e9es, toujours sous l\u2019aile de sa cuisine exquise, le c\u0153ur du local et sa raison d\u2019\u00eatre.<\/p>\n<p>Concernant sa cuisine, ce restaurant compte parmi les plus c\u00e9l\u00e8bres d\u2019Espagne. En 2018, il a entam\u00e9 une nouvelle \u00e9tape sous la direction du Chef Jos\u00e9 Carlos Fuentes, qui apporte sa vision personnelle de la cuisine fine. <\/p>\n\t\t\t\t\t\t\t\t<\/div>\n\t\t\t\t<\/div>\n\t\t\t\t<div class=\"elementor-element elementor-element-ac293dc elementor-widget elementor-widget-gallery\" data-id=\"ac293dc\" data-element_type=\"widget\" data-settings=\"{&quot;columns&quot;:3,&quot;gap&quot;:{&quot;unit&quot;:&quot;px&quot;,&quot;size&quot;:30,&quot;sizes&quot;:[]},&quot;columns_mobile&quot;:2,&quot;lazyload&quot;:&quot;yes&quot;,&quot;gallery_layout&quot;:&quot;grid&quot;,&quot;columns_tablet&quot;:2,&quot;gap_tablet&quot;:{&quot;unit&quot;:&quot;px&quot;,&quot;size&quot;:10,&quot;sizes&quot;:[]},&quot;gap_mobile&quot;:{&quot;unit&quot;:&quot;px&quot;,&quot;size&quot;:10,&quot;sizes&quot;:[]},&quot;link_to&quot;:&quot;file&quot;,&quot;aspect_ratio&quot;:&quot;3:2&quot;,&quot;overlay_background&quot;:&quot;yes&quot;,&quot;content_hover_animation&quot;:&quot;fade-in&quot;}\" data-widget_type=\"gallery.default\">\n\t\t\t\t<div class=\"elementor-widget-container\">\n\t\t\t\t\t\t\t<div class=\"elementor-gallery__container\">\n\t\t\t\t\t\t\t<a class=\"e-gallery-item elementor-gallery-item elementor-animated-content\" href=\"https:\/\/www.fisan.com\/wp-content\/uploads\/2022\/09\/jose-carlos-fuentes-05.jpeg\" data-elementor-open-lightbox=\"yes\" data-elementor-lightbox-slideshow=\"ac293dc\" data-elementor-lightbox-title=\"Jos\u00e9 Carlos Fuentes - FISAN\" data-e-action-hash=\"#elementor-action%3Aaction%3Dlightbox%26settings%3DeyJpZCI6MTgxMDUsInVybCI6Imh0dHBzOlwvXC93d3cuZmlzYW4uY29tXC93cC1jb250ZW50XC91cGxvYWRzXC8yMDIyXC8wOVwvam9zZS1jYXJsb3MtZnVlbnRlcy0wNS5qcGVnIiwic2xpZGVzaG93IjoiYWMyOTNkYyJ9\">\n\t\t\t\t\t<div class=\"e-gallery-image elementor-gallery-item__image\" data-thumbnail=\"https:\/\/www.fisan.com\/wp-content\/uploads\/2022\/09\/jose-carlos-fuentes-05.jpeg\" data-width=\"947\" data-height=\"640\" aria-label=\"\" role=\"img\" ><\/div>\n\t\t\t\t\t\t\t\t\t\t\t<div class=\"elementor-gallery-item__overlay\"><\/div>\n\t\t\t\t\t\t\t\t\t\t\t\t\t\t<\/a>\n\t\t\t\t\t\t\t<a class=\"e-gallery-item elementor-gallery-item elementor-animated-content\" href=\"https:\/\/www.fisan.com\/wp-content\/uploads\/2022\/09\/jose-carlos-fuentes-06.jpeg\" data-elementor-open-lightbox=\"yes\" data-elementor-lightbox-slideshow=\"ac293dc\" data-elementor-lightbox-title=\"Jos\u00e9 Carlos Fuentes - FISAN\" data-e-action-hash=\"#elementor-action%3Aaction%3Dlightbox%26settings%3DeyJpZCI6MTgxMDksInVybCI6Imh0dHBzOlwvXC93d3cuZmlzYW4uY29tXC93cC1jb250ZW50XC91cGxvYWRzXC8yMDIyXC8wOVwvam9zZS1jYXJsb3MtZnVlbnRlcy0wNi5qcGVnIiwic2xpZGVzaG93IjoiYWMyOTNkYyJ9\">\n\t\t\t\t\t<div class=\"e-gallery-image elementor-gallery-item__image\" data-thumbnail=\"https:\/\/www.fisan.com\/wp-content\/uploads\/2022\/09\/jose-carlos-fuentes-06.jpeg\" data-width=\"947\" data-height=\"640\" aria-label=\"\" role=\"img\" ><\/div>\n\t\t\t\t\t\t\t\t\t\t\t<div class=\"elementor-gallery-item__overlay\"><\/div>\n\t\t\t\t\t\t\t\t\t\t\t\t\t\t<\/a>\n\t\t\t\t\t\t\t<a class=\"e-gallery-item elementor-gallery-item elementor-animated-content\" href=\"https:\/\/www.fisan.com\/wp-content\/uploads\/2022\/09\/jose-carlos-fuentes-07.jpeg\" data-elementor-open-lightbox=\"yes\" data-elementor-lightbox-slideshow=\"ac293dc\" data-elementor-lightbox-title=\"Jos\u00e9 Carlos Fuentes - FISAN\" data-e-action-hash=\"#elementor-action%3Aaction%3Dlightbox%26settings%3DeyJpZCI6MTgxMTMsInVybCI6Imh0dHBzOlwvXC93d3cuZmlzYW4uY29tXC93cC1jb250ZW50XC91cGxvYWRzXC8yMDIyXC8wOVwvam9zZS1jYXJsb3MtZnVlbnRlcy0wNy5qcGVnIiwic2xpZGVzaG93IjoiYWMyOTNkYyJ9\">\n\t\t\t\t\t<div class=\"e-gallery-image elementor-gallery-item__image\" data-thumbnail=\"https:\/\/www.fisan.com\/wp-content\/uploads\/2022\/09\/jose-carlos-fuentes-07.jpeg\" data-width=\"947\" data-height=\"640\" aria-label=\"\" role=\"img\" ><\/div>\n\t\t\t\t\t\t\t\t\t\t\t<div class=\"elementor-gallery-item__overlay\"><\/div>\n\t\t\t\t\t\t\t\t\t\t\t\t\t\t<\/a>\n\t\t\t\t\t\t\t<a class=\"e-gallery-item elementor-gallery-item elementor-animated-content\" href=\"https:\/\/www.fisan.com\/wp-content\/uploads\/2022\/09\/jose-carlos-fuentes-08.jpeg\" data-elementor-open-lightbox=\"yes\" data-elementor-lightbox-slideshow=\"ac293dc\" data-elementor-lightbox-title=\"Jos\u00e9 Carlos Fuentes - FISAN\" data-e-action-hash=\"#elementor-action%3Aaction%3Dlightbox%26settings%3DeyJpZCI6MTgxMTcsInVybCI6Imh0dHBzOlwvXC93d3cuZmlzYW4uY29tXC93cC1jb250ZW50XC91cGxvYWRzXC8yMDIyXC8wOVwvam9zZS1jYXJsb3MtZnVlbnRlcy0wOC5qcGVnIiwic2xpZGVzaG93IjoiYWMyOTNkYyJ9\">\n\t\t\t\t\t<div class=\"e-gallery-image elementor-gallery-item__image\" data-thumbnail=\"https:\/\/www.fisan.com\/wp-content\/uploads\/2022\/09\/jose-carlos-fuentes-08.jpeg\" data-width=\"947\" data-height=\"640\" aria-label=\"\" role=\"img\" ><\/div>\n\t\t\t\t\t\t\t\t\t\t\t<div class=\"elementor-gallery-item__overlay\"><\/div>\n\t\t\t\t\t\t\t\t\t\t\t\t\t\t<\/a>\n\t\t\t\t\t\t\t<a class=\"e-gallery-item elementor-gallery-item elementor-animated-content\" href=\"https:\/\/www.fisan.com\/wp-content\/uploads\/2022\/09\/jose-carlos-fuentes-09.jpeg\" data-elementor-open-lightbox=\"yes\" data-elementor-lightbox-slideshow=\"ac293dc\" data-elementor-lightbox-title=\"Jos\u00e9 Carlos Fuentes - FISAN\" data-e-action-hash=\"#elementor-action%3Aaction%3Dlightbox%26settings%3DeyJpZCI6MTgxMjEsInVybCI6Imh0dHBzOlwvXC93d3cuZmlzYW4uY29tXC93cC1jb250ZW50XC91cGxvYWRzXC8yMDIyXC8wOVwvam9zZS1jYXJsb3MtZnVlbnRlcy0wOS5qcGVnIiwic2xpZGVzaG93IjoiYWMyOTNkYyJ9\">\n\t\t\t\t\t<div class=\"e-gallery-image elementor-gallery-item__image\" data-thumbnail=\"https:\/\/www.fisan.com\/wp-content\/uploads\/2022\/09\/jose-carlos-fuentes-09.jpeg\" data-width=\"947\" data-height=\"640\" aria-label=\"\" role=\"img\" ><\/div>\n\t\t\t\t\t\t\t\t\t\t\t<div class=\"elementor-gallery-item__overlay\"><\/div>\n\t\t\t\t\t\t\t\t\t\t\t\t\t\t<\/a>\n\t\t\t\t\t\t\t<a class=\"e-gallery-item elementor-gallery-item elementor-animated-content\" href=\"https:\/\/www.fisan.com\/wp-content\/uploads\/2022\/09\/jose-carlos-fuentes-10.jpeg\" data-elementor-open-lightbox=\"yes\" data-elementor-lightbox-slideshow=\"ac293dc\" data-elementor-lightbox-title=\"Jos\u00e9 Carlos Fuentes - FISAN\" data-e-action-hash=\"#elementor-action%3Aaction%3Dlightbox%26settings%3DeyJpZCI6MTgxMjUsInVybCI6Imh0dHBzOlwvXC93d3cuZmlzYW4uY29tXC93cC1jb250ZW50XC91cGxvYWRzXC8yMDIyXC8wOVwvam9zZS1jYXJsb3MtZnVlbnRlcy0xMC5qcGVnIiwic2xpZGVzaG93IjoiYWMyOTNkYyJ9\">\n\t\t\t\t\t<div class=\"e-gallery-image elementor-gallery-item__image\" data-thumbnail=\"https:\/\/www.fisan.com\/wp-content\/uploads\/2022\/09\/jose-carlos-fuentes-10.jpeg\" data-width=\"947\" data-height=\"640\" aria-label=\"\" role=\"img\" ><\/div>\n\t\t\t\t\t\t\t\t\t\t\t<div class=\"elementor-gallery-item__overlay\"><\/div>\n\t\t\t\t\t\t\t\t\t\t\t\t\t\t<\/a>\n\t\t\t\t\t<\/div>\n\t\t\t\t\t<\/div>\n\t\t\t\t<\/div>\n\t\t\t\t<div class=\"elementor-element elementor-element-0079011 elementor-widget elementor-widget-heading\" data-id=\"0079011\" data-element_type=\"widget\" data-widget_type=\"heading.default\">\n\t\t\t\t<div class=\"elementor-widget-container\">\n\t\t\t\t\t<h2 class=\"elementor-heading-title elementor-size-default\">RECETTES DE JOS\u00c9 CARLOS FUENTES POUR FISAN<\/h2>\t\t\t\t<\/div>\n\t\t\t\t<\/div>\n\t\t\t\t<div class=\"elementor-element elementor-element-6723243 elementor-widget-divider--view-line elementor-widget elementor-widget-divider\" data-id=\"6723243\" data-element_type=\"widget\" data-widget_type=\"divider.default\">\n\t\t\t\t<div class=\"elementor-widget-container\">\n\t\t\t\t\t\t\t<div class=\"elementor-divider\">\n\t\t\t<span class=\"elementor-divider-separator\">\n\t\t\t\t\t\t<\/span>\n\t\t<\/div>\n\t\t\t\t\t\t<\/div>\n\t\t\t\t<\/div>\n\t\t\t\t<div class=\"elementor-element elementor-element-aef6e8a elementor-widget__width-auto dce-align-left elementor-widget elementor-widget-dce-my-posts\" data-id=\"aef6e8a\" data-element_type=\"widget\" data-widget_type=\"dce-my-posts.list\">\n\t\t\t\t<div class=\"elementor-widget-container\">\n\t\t\t\t\t\t\t<div class=\"dce-posts-container dce-posts \">\n\t\t\t<div class=\"dce-posts-fallback\">\n\t\t\t\t<p>Aucun r\u00e9sultat trouv\u00e9.<\/p>\t\t\t<\/div>\n\t\t<\/div>\n\t\t\t\t\t\t<\/div>\n\t\t\t\t<\/div>\n\t\t\t\t\t<\/div>\n\t\t<\/div>\n\t\t\t\t\t<\/div>\n\t\t<\/section>\n\t\t\t\t<\/div>\n\t\t","protected":false},"excerpt":{"rendered":"<p>Saveur de gastronomie fine JOS\u00c9 CARLOS FUENTES El Club Allard Pr\u00e9sentation Jambon \u00c9dition Limit\u00e9e 2018 FISAN ET JOS\u00c9 CARLOS FUENTES:Comme tous les ans avant le d\u00e9but de la gland\u00e9e, chez FISAN, nous pr\u00e9sentons notre jambon Alta Gastronom\u00eda \u00c9dition Limit\u00e9e, dans ce cas, le Cru 2014. Lors de sa pr\u00e9sentation, le jambon Alta Gastronom\u00eda a de &#8230; <a title=\"Jos\u00e9 Carlos Fuentes\" class=\"read-more\" href=\"https:\/\/www.fisan.com\/fr\/gastronomie-chefs\/jose-carlos-fuentes\/\" aria-label=\"En savoir plus sur Jos\u00e9 Carlos Fuentes\">Lire la suite<\/a><\/p>\n","protected":false},"author":1,"featured_media":0,"parent":34482,"menu_order":2,"comment_status":"closed","ping_status":"closed","template":"","meta":{"_acf_changed":false,"footnotes":"","_wp_rev_ctl_limit":""},"class_list":["post-33135","page","type-page","status-publish"],"acf":[],"yoast_head":"<!-- This site is optimized with the Yoast SEO plugin v25.4 - https:\/\/yoast.com\/wordpress\/plugins\/seo\/ -->\n<title>Chef Jos\u00e9 Carlos Fuentes | FISAN<\/title>\n<meta name=\"description\" content=\"Le chef Jos\u00e9 Carlos Fuentes s&#039;appuie sur nos produits ib\u00e9ricos FISAN pour pr\u00e9parer une \u00e9picerie fine de haute cuisine. D\u00e9couvrez ses cr\u00e9ations !\" \/>\n<meta name=\"robots\" content=\"index, follow, max-snippet:-1, max-image-preview:large, max-video-preview:-1\" \/>\n<link rel=\"canonical\" href=\"https:\/\/www.fisan.com\/fr\/gastronomie-chefs\/jose-carlos-fuentes\/\" \/>\n<meta property=\"og:locale\" content=\"fr_FR\" \/>\n<meta property=\"og:type\" content=\"article\" \/>\n<meta property=\"og:title\" content=\"Chef Jos\u00e9 Carlos Fuentes | FISAN\" \/>\n<meta property=\"og:description\" content=\"Le chef Jos\u00e9 Carlos Fuentes s&#039;appuie sur nos produits ib\u00e9ricos FISAN pour pr\u00e9parer une \u00e9picerie fine de haute cuisine. D\u00e9couvrez ses cr\u00e9ations !\" \/>\n<meta property=\"og:url\" content=\"https:\/\/www.fisan.com\/fr\/gastronomie-chefs\/jose-carlos-fuentes\/\" \/>\n<meta property=\"og:site_name\" content=\"FISAN\" \/>\n<meta property=\"article:modified_time\" content=\"2023-11-28T10:59:38+00:00\" \/>\n<meta property=\"og:image\" content=\"https:\/\/www.fisan.com\/wp-content\/uploads\/2022\/09\/icono_club_allard.png\" \/>\n<meta name=\"twitter:card\" content=\"summary_large_image\" \/>\n<meta name=\"twitter:label1\" content=\"Dur\u00e9e de lecture estim\u00e9e\" \/>\n\t<meta name=\"twitter:data1\" content=\"4 minutes\" \/>\n<script type=\"application\/ld+json\" class=\"yoast-schema-graph\">{\n\t    \"@context\": \"https:\/\/schema.org\",\n\t    \"@graph\": [\n\t        {\n\t            \"@type\": \"WebPage\",\n\t            \"@id\": \"https:\/\/www.fisan.com\/fr\/gastronomie-chefs\/jose-carlos-fuentes\/\",\n\t            \"url\": \"https:\/\/www.fisan.com\/fr\/gastronomie-chefs\/jose-carlos-fuentes\/\",\n\t            \"name\": \"Chef Jos\u00e9 Carlos Fuentes | FISAN\",\n\t            \"isPartOf\": {\n\t                \"@id\": \"https:\/\/www.fisan.com\/fr\/#website\"\n\t            },\n\t            \"primaryImageOfPage\": {\n\t                \"@id\": \"https:\/\/www.fisan.com\/fr\/gastronomie-chefs\/jose-carlos-fuentes\/#primaryimage\"\n\t            },\n\t            \"image\": {\n\t                \"@id\": \"https:\/\/www.fisan.com\/fr\/gastronomie-chefs\/jose-carlos-fuentes\/#primaryimage\"\n\t            },\n\t            \"thumbnailUrl\": \"https:\/\/www.fisan.com\/wp-content\/uploads\/2022\/09\/icono_club_allard.png\",\n\t            \"datePublished\": \"2022-08-29T08:29:33+00:00\",\n\t            \"dateModified\": \"2023-11-28T10:59:38+00:00\",\n\t            \"description\": \"Le chef Jos\u00e9 Carlos Fuentes s'appuie sur nos produits ib\u00e9ricos FISAN pour pr\u00e9parer une \u00e9picerie fine de haute cuisine. D\u00e9couvrez ses cr\u00e9ations !\",\n\t            \"breadcrumb\": {\n\t                \"@id\": \"https:\/\/www.fisan.com\/fr\/gastronomie-chefs\/jose-carlos-fuentes\/#breadcrumb\"\n\t            },\n\t            \"inLanguage\": \"fr-FR\",\n\t            \"potentialAction\": [\n\t                {\n\t                    \"@type\": \"ReadAction\",\n\t                    \"target\": [\n\t                        \"https:\/\/www.fisan.com\/fr\/gastronomie-chefs\/jose-carlos-fuentes\/\"\n\t                    ]\n\t                }\n\t            ]\n\t        },\n\t        {\n\t            \"@type\": \"ImageObject\",\n\t            \"inLanguage\": \"fr-FR\",\n\t            \"@id\": \"https:\/\/www.fisan.com\/fr\/gastronomie-chefs\/jose-carlos-fuentes\/#primaryimage\",\n\t            \"url\": \"https:\/\/www.fisan.com\/wp-content\/uploads\/2022\/09\/icono_club_allard.png\",\n\t            \"contentUrl\": \"https:\/\/www.fisan.com\/wp-content\/uploads\/2022\/09\/icono_club_allard.png\"\n\t        },\n\t        {\n\t            \"@type\": \"BreadcrumbList\",\n\t            \"@id\": \"https:\/\/www.fisan.com\/fr\/gastronomie-chefs\/jose-carlos-fuentes\/#breadcrumb\",\n\t            \"itemListElement\": [\n\t                {\n\t                    \"@type\": \"ListItem\",\n\t                    \"position\": 1,\n\t                    \"name\": \"FISAN\",\n\t                    \"item\": \"https:\/\/www.fisan.com\/fr\/\"\n\t                },\n\t                {\n\t                    \"@type\": \"ListItem\",\n\t                    \"position\": 2,\n\t                    \"name\": \"Gastronomie\",\n\t                    \"item\": \"https:\/\/www.fisan.com\/fr\/gastronomia-chefs-it\/\"\n\t                },\n\t                {\n\t                    \"@type\": \"ListItem\",\n\t                    \"position\": 3,\n\t                    \"name\": \"Jos\u00e9 Carlos Fuentes\"\n\t                }\n\t            ]\n\t        },\n\t        {\n\t            \"@type\": \"WebSite\",\n\t            \"@id\": \"https:\/\/www.fisan.com\/fr\/#website\",\n\t            \"url\": \"https:\/\/www.fisan.com\/fr\/\",\n\t            \"name\": \"FISAN\",\n\t            \"description\": \"FISAN | Jamones de bellota ib\u00e9rico y embutidos ib\u00e9ricos desde 1920\",\n\t            \"potentialAction\": [\n\t                {\n\t                    \"@type\": \"SearchAction\",\n\t                    \"target\": {\n\t                        \"@type\": \"EntryPoint\",\n\t                        \"urlTemplate\": \"https:\/\/www.fisan.com\/fr\/?s={search_term_string}\"\n\t                    },\n\t                    \"query-input\": {\n\t                        \"@type\": \"PropertyValueSpecification\",\n\t                        \"valueRequired\": true,\n\t                        \"valueName\": \"search_term_string\"\n\t                    }\n\t                }\n\t            ],\n\t            \"inLanguage\": \"fr-FR\"\n\t        }\n\t    ]\n\t}<\/script>\n<!-- \/ Yoast SEO plugin. -->","yoast_head_json":{"title":"Chef Jos\u00e9 Carlos Fuentes | FISAN","description":"Le chef Jos\u00e9 Carlos Fuentes s'appuie sur nos produits ib\u00e9ricos FISAN pour pr\u00e9parer une \u00e9picerie fine de haute cuisine. D\u00e9couvrez ses cr\u00e9ations !","robots":{"index":"index","follow":"follow","max-snippet":"max-snippet:-1","max-image-preview":"max-image-preview:large","max-video-preview":"max-video-preview:-1"},"canonical":"https:\/\/www.fisan.com\/fr\/gastronomie-chefs\/jose-carlos-fuentes\/","og_locale":"fr_FR","og_type":"article","og_title":"Chef Jos\u00e9 Carlos Fuentes | FISAN","og_description":"Le chef Jos\u00e9 Carlos Fuentes s'appuie sur nos produits ib\u00e9ricos FISAN pour pr\u00e9parer une \u00e9picerie fine de haute cuisine. D\u00e9couvrez ses cr\u00e9ations !","og_url":"https:\/\/www.fisan.com\/fr\/gastronomie-chefs\/jose-carlos-fuentes\/","og_site_name":"FISAN","article_modified_time":"2023-11-28T10:59:38+00:00","og_image":[{"url":"https:\/\/www.fisan.com\/wp-content\/uploads\/2022\/09\/icono_club_allard.png","type":"","width":"","height":""}],"twitter_card":"summary_large_image","twitter_misc":{"Dur\u00e9e de lecture estim\u00e9e":"4 minutes"},"schema":{"@context":"https:\/\/schema.org","@graph":[{"@type":"WebPage","@id":"https:\/\/www.fisan.com\/fr\/gastronomie-chefs\/jose-carlos-fuentes\/","url":"https:\/\/www.fisan.com\/fr\/gastronomie-chefs\/jose-carlos-fuentes\/","name":"Chef Jos\u00e9 Carlos Fuentes | FISAN","isPartOf":{"@id":"https:\/\/www.fisan.com\/fr\/#website"},"primaryImageOfPage":{"@id":"https:\/\/www.fisan.com\/fr\/gastronomie-chefs\/jose-carlos-fuentes\/#primaryimage"},"image":{"@id":"https:\/\/www.fisan.com\/fr\/gastronomie-chefs\/jose-carlos-fuentes\/#primaryimage"},"thumbnailUrl":"https:\/\/www.fisan.com\/wp-content\/uploads\/2022\/09\/icono_club_allard.png","datePublished":"2022-08-29T08:29:33+00:00","dateModified":"2023-11-28T10:59:38+00:00","description":"Le chef Jos\u00e9 Carlos Fuentes s'appuie sur nos produits ib\u00e9ricos FISAN pour pr\u00e9parer une \u00e9picerie fine de haute cuisine. D\u00e9couvrez ses cr\u00e9ations !","breadcrumb":{"@id":"https:\/\/www.fisan.com\/fr\/gastronomie-chefs\/jose-carlos-fuentes\/#breadcrumb"},"inLanguage":"fr-FR","potentialAction":[{"@type":"ReadAction","target":["https:\/\/www.fisan.com\/fr\/gastronomie-chefs\/jose-carlos-fuentes\/"]}]},{"@type":"ImageObject","inLanguage":"fr-FR","@id":"https:\/\/www.fisan.com\/fr\/gastronomie-chefs\/jose-carlos-fuentes\/#primaryimage","url":"https:\/\/www.fisan.com\/wp-content\/uploads\/2022\/09\/icono_club_allard.png","contentUrl":"https:\/\/www.fisan.com\/wp-content\/uploads\/2022\/09\/icono_club_allard.png"},{"@type":"BreadcrumbList","@id":"https:\/\/www.fisan.com\/fr\/gastronomie-chefs\/jose-carlos-fuentes\/#breadcrumb","itemListElement":[{"@type":"ListItem","position":1,"name":"FISAN","item":"https:\/\/www.fisan.com\/fr\/"},{"@type":"ListItem","position":2,"name":"Gastronomie","item":"https:\/\/www.fisan.com\/fr\/gastronomia-chefs-it\/"},{"@type":"ListItem","position":3,"name":"Jos\u00e9 Carlos Fuentes"}]},{"@type":"WebSite","@id":"https:\/\/www.fisan.com\/fr\/#website","url":"https:\/\/www.fisan.com\/fr\/","name":"FISAN","description":"FISAN | Jamones de bellota ib\u00e9rico y embutidos ib\u00e9ricos desde 1920","potentialAction":[{"@type":"SearchAction","target":{"@type":"EntryPoint","urlTemplate":"https:\/\/www.fisan.com\/fr\/?s={search_term_string}"},"query-input":{"@type":"PropertyValueSpecification","valueRequired":true,"valueName":"search_term_string"}}],"inLanguage":"fr-FR"}]}},"_links":{"self":[{"href":"https:\/\/www.fisan.com\/fr\/wp-json\/wp\/v2\/pages\/33135","targetHints":{"allow":["GET"]}}],"collection":[{"href":"https:\/\/www.fisan.com\/fr\/wp-json\/wp\/v2\/pages"}],"about":[{"href":"https:\/\/www.fisan.com\/fr\/wp-json\/wp\/v2\/types\/page"}],"author":[{"embeddable":true,"href":"https:\/\/www.fisan.com\/fr\/wp-json\/wp\/v2\/users\/1"}],"replies":[{"embeddable":true,"href":"https:\/\/www.fisan.com\/fr\/wp-json\/wp\/v2\/comments?post=33135"}],"version-history":[{"count":8,"href":"https:\/\/www.fisan.com\/fr\/wp-json\/wp\/v2\/pages\/33135\/revisions"}],"predecessor-version":[{"id":41429,"href":"https:\/\/www.fisan.com\/fr\/wp-json\/wp\/v2\/pages\/33135\/revisions\/41429"}],"up":[{"embeddable":true,"href":"https:\/\/www.fisan.com\/fr\/wp-json\/wp\/v2\/pages\/34482"}],"wp:attachment":[{"href":"https:\/\/www.fisan.com\/fr\/wp-json\/wp\/v2\/media?parent=33135"}],"curies":[{"name":"wp","href":"https:\/\/api.w.org\/{rel}","templated":true}]}}