{"id":33119,"date":"2022-08-29T10:30:19","date_gmt":"2022-08-29T08:30:19","guid":{"rendered":"https:\/\/www.fisan.com\/ricard-camarena\/"},"modified":"2023-11-28T12:17:11","modified_gmt":"2023-11-28T11:17:11","slug":"ricard-camarena","status":"publish","type":"page","link":"https:\/\/www.fisan.com\/pt\/gastronomia-chefs-pt\/ricard-camarena\/","title":{"rendered":"Ricard Camarena"},"content":{"rendered":"\t\t<div data-elementor-type=\"wp-page\" data-elementor-id=\"33119\" class=\"elementor elementor-33119 elementor-2774\" data-elementor-post-type=\"page\">\n\t\t\t\t\t\t<section class=\"elementor-section elementor-top-section elementor-element elementor-element-13eeeda elementor-section-full_width elementor-section-height-default elementor-section-height-default\" data-id=\"13eeeda\" data-element_type=\"section\" data-settings=\"{&quot;background_background&quot;:&quot;classic&quot;}\">\n\t\t\t\t\t\t<div class=\"elementor-container elementor-column-gap-default\">\n\t\t\t\t\t<div class=\"elementor-column elementor-col-100 elementor-top-column elementor-element elementor-element-7b429c0\" data-id=\"7b429c0\" data-element_type=\"column\">\n\t\t\t<div class=\"elementor-widget-wrap elementor-element-populated\">\n\t\t\t\t\t\t<div class=\"elementor-element elementor-element-34e282b elementor-widget elementor-widget-breadcrumbs\" data-id=\"34e282b\" data-element_type=\"widget\" data-widget_type=\"breadcrumbs.default\">\n\t\t\t\t<div class=\"elementor-widget-container\">\n\t\t\t\t\t<p id=\"breadcrumbs\"><span><span><a href=\"https:\/\/www.fisan.com\/pt\/\">FISAN<\/a><\/span><\/span><\/p>\t\t\t\t<\/div>\n\t\t\t\t<\/div>\n\t\t\t\t\t<\/div>\n\t\t<\/div>\n\t\t\t\t\t<\/div>\n\t\t<\/section>\n\t\t\t\t<section data-dce-background-image-url=\"https:\/\/www.fisan.com\/wp-content\/uploads\/2022\/09\/ricard-camarena-01.jpeg\" class=\"elementor-section elementor-top-section elementor-element elementor-element-4bd94f0 elementor-section-full_width elementor-section-stretched elementor-section-height-min-height elementor-reverse-tablet elementor-section-height-default elementor-section-items-middle\" data-id=\"4bd94f0\" data-element_type=\"section\" data-settings=\"{&quot;stretch_section&quot;:&quot;section-stretched&quot;,&quot;background_background&quot;:&quot;classic&quot;}\">\n\t\t\t\t\t\t\t<div class=\"elementor-background-overlay\"><\/div>\n\t\t\t\t\t\t\t<div class=\"elementor-container elementor-column-gap-default\">\n\t\t\t\t\t<div class=\"elementor-column elementor-col-50 elementor-top-column elementor-element elementor-element-adfd048\" data-id=\"adfd048\" data-element_type=\"column\" data-settings=\"{&quot;background_background&quot;:&quot;classic&quot;}\">\n\t\t\t<div class=\"elementor-widget-wrap elementor-element-populated\">\n\t\t\t\t\t\t<div class=\"elementor-element elementor-element-98e092f elementor-widget elementor-widget-heading\" data-id=\"98e092f\" data-element_type=\"widget\" data-widget_type=\"heading.default\">\n\t\t\t\t<div class=\"elementor-widget-container\">\n\t\t\t\t\t<p class=\"elementor-heading-title elementor-size-default\">A Investiga\u00e7\u00e3o do sabor<\/p>\t\t\t\t<\/div>\n\t\t\t\t<\/div>\n\t\t\t\t<div class=\"elementor-element elementor-element-9664634 elementor-widget elementor-widget-heading\" data-id=\"9664634\" data-element_type=\"widget\" data-widget_type=\"heading.default\">\n\t\t\t\t<div class=\"elementor-widget-container\">\n\t\t\t\t\t<h1 class=\"elementor-heading-title elementor-size-default\">RICARD CAMARENA<\/h1>\t\t\t\t<\/div>\n\t\t\t\t<\/div>\n\t\t\t\t<div class=\"elementor-element elementor-element-28d9884 elementor-widget elementor-widget-text-editor\" data-id=\"28d9884\" data-element_type=\"widget\" data-widget_type=\"text-editor.default\">\n\t\t\t\t<div class=\"elementor-widget-container\">\n\t\t\t\t\t\t\t\t\t<p>Ricard Camarena Restaurant<\/p>\n\t\t\t\t\t\t\t\t<\/div>\n\t\t\t\t<\/div>\n\t\t\t\t<div class=\"elementor-element elementor-element-73f1947 elementor-widget__width-initial elementor-view-default elementor-widget elementor-widget-icon\" data-id=\"73f1947\" data-element_type=\"widget\" data-widget_type=\"icon.default\">\n\t\t\t\t<div class=\"elementor-widget-container\">\n\t\t\t\t\t\t\t<div class=\"elementor-icon-wrapper\">\n\t\t\t<div class=\"elementor-icon\">\n\t\t\t<svg xmlns=\"http:\/\/www.w3.org\/2000\/svg\" xmlns:xlink=\"http:\/\/www.w3.org\/1999\/xlink\" id=\"Modo_de_aislamiento\" x=\"0px\" y=\"0px\" viewBox=\"0 0 500 500\" style=\"enable-background:new 0 0 500 500;\" xml:space=\"preserve\"><style type=\"text\/css\">\t.st0{fill:#AC182D;}<\/style><path class=\"st0\" d=\"M355.5,262c-8.3-4.6-17.5-7.9-26.4-11.8c7.1-2.9,14.3-5.3,21-8.6c29.7-14.8,36-39.8,17.2-67.3 c-12.2-17.9-29.6-23-48.9-12.9c-10,5.3-18.9,12.6-28.5,19.1c1.1-7.3,2.8-14.9,3.3-22.5c1.1-15.9-0.7-31.7-15.9-40.6 c-17.2-10-35.6-9.3-52.7,0.5c-15.9,9.2-18.1,25.3-17,42c0.4,6.6,1.6,13.2,2.5,20.2c-9.7-6.6-18.2-13.4-27.6-18.6 c-11-6-23.3-8-34.6-1c-16.3,10.1-24.6,25.4-24.9,44.5c-0.3,17.8,11,28,25.3,35.4c7.3,3.8,15.3,6.5,22.4,9.5 c-10.1,4.8-20.8,9-30.4,14.9c-15,9.3-21.9,23.9-16.5,38.5c4,10.9,10.9,21.5,18.8,30.2c9.2,10.1,22.6,12.1,35.2,6.7 c11.2-4.8,21.4-11.9,32.1-18c-0.8,6.5-1.9,13.9-2.6,21.4c-2,21.9,9,39.7,28.7,44.3c8.3,1.9,17.5,2,26,1 c17.5-2.1,28.2-12.5,30.1-29.9c1.4-12.6,0.3-25.5,0.3-36.9c5.9,4.1,13.3,10.3,21.7,14.8c23.2,12.2,44.3,4.2,57.8-21.1 C383.8,293.8,378.2,274.7,355.5,262z M352.9,322.6c-7.5,8.6-17.3,10.6-28.1,6.5c-15.9-6-26.9-18-37.7-30.4c-3-3.5-5.8-7.2-8.7-11 c-1.8-2.3-5.1-3-7.6-1.5c0,0-0.1,0-0.1,0c-2.3,1.4-3.5,4.2-2.7,6.8c4.1,13.4,8.5,26.4,11.5,39.7c1.9,8.1,2.1,16.8,1,25.1 c-0.7,5.9-2.6,8.9-5.4,12c-10.5,11.5-24.1,9.6-37.1,6.4c-12-2.9-18-11.7-18.7-24.7c-1.1-18.2,4.1-35.1,10.9-51.7 c1.4-3.3,3.2-6.6,3.7-10.1c0-0.3,0.1-0.6,0.1-0.9c0.1-4.6-5.1-7.6-9-5.1c-0.3,0.2-0.6,0.5-0.9,0.7c-7.5,8.3-13.6,17.9-21.7,25.4 c-8.1,7.4-17.6,13.7-27.2,19c-8.3,4.5-18.2,3.4-24.3-3.7c-6.8-8-12.5-17.6-16.3-27.4c-3.2-8.4,2.4-15.8,9.2-21 c14.5-11.3,31.9-15.2,49.5-18.4c3.7-0.7,7.5-1.2,11.5-1.7c3-0.4,5.3-3,5.3-6v0c0-2.9-2-5.4-4.9-6c-12.4-2.6-24.7-4.8-36.6-8.5 c-9-2.9-18-7.5-25.3-13.5c-12.7-10.4-12.2-25-0.3-42.1c9-13,20.9-17.2,34.3-8c14.5,9.9,26.7,23.2,39.7,35.2c2.8,2.6,4.3,6.7,7.3,9.2 c0.7,0.5,1.5,0.9,2.4,1.2c3.7,1.1,7.6-1.7,7.3-5.5c0-0.3-0.1-0.7-0.2-1c-4.3-14.4-9.1-28.6-13.5-43c-1-3.4-1.2-7.1-1.3-10.7 c-0.9-28.3,20.2-43.2,47-33.1c9.9,3.7,14.1,11.7,14.9,21.8c1.5,20.1-4.8,38.6-12,56.9c-0.5,1.2-1,2.4-1.5,3.7 c-1.1,2.8,0,5.9,2.6,7.4c0,0,0.1,0,0.1,0c2.4,1.4,5.4,0.9,7.2-1.1c9.9-10.5,18.5-22.1,29.7-30.5c7.9-5.9,15.3-10.5,24.1-13.7 c2.6-1,6.1-1.4,8.8-0.7c15.8,3.9,21.2,16.7,25.1,30.4c2.9,10.1-0.9,21.1-12.1,26.7c-13.8,6.9-28.9,11.4-43.7,16.2 c-4.2,1.4-8.8,1.8-13.4,2.3c-3.2,0.3-5.6,3-5.6,6.2v0c0,3,2.2,5.6,5.1,6.2c8.9,1.7,17.8,3.2,26.6,5.4c7,1.7,13.9,4,20.5,6.9 C370.3,280.8,373.8,298.6,352.9,322.6z\"><\/path><\/svg>\t\t\t<\/div>\n\t\t<\/div>\n\t\t\t\t\t\t<\/div>\n\t\t\t\t<\/div>\n\t\t\t\t<div class=\"elementor-element elementor-element-a9657cf elementor-widget__width-initial elementor-view-default elementor-widget elementor-widget-icon\" data-id=\"a9657cf\" data-element_type=\"widget\" data-widget_type=\"icon.default\">\n\t\t\t\t<div class=\"elementor-widget-container\">\n\t\t\t\t\t\t\t<div class=\"elementor-icon-wrapper\">\n\t\t\t<div class=\"elementor-icon\">\n\t\t\t<svg xmlns=\"http:\/\/www.w3.org\/2000\/svg\" xmlns:xlink=\"http:\/\/www.w3.org\/1999\/xlink\" id=\"Modo_de_aislamiento\" x=\"0px\" y=\"0px\" viewBox=\"0 0 500 500\" style=\"enable-background:new 0 0 500 500;\" xml:space=\"preserve\"><style type=\"text\/css\">\t.st0{fill:#AC182D;}<\/style><path class=\"st0\" d=\"M355.5,262c-8.3-4.6-17.5-7.9-26.4-11.8c7.1-2.9,14.3-5.3,21-8.6c29.7-14.8,36-39.8,17.2-67.3 c-12.2-17.9-29.6-23-48.9-12.9c-10,5.3-18.9,12.6-28.5,19.1c1.1-7.3,2.8-14.9,3.3-22.5c1.1-15.9-0.7-31.7-15.9-40.6 c-17.2-10-35.6-9.3-52.7,0.5c-15.9,9.2-18.1,25.3-17,42c0.4,6.6,1.6,13.2,2.5,20.2c-9.7-6.6-18.2-13.4-27.6-18.6 c-11-6-23.3-8-34.6-1c-16.3,10.1-24.6,25.4-24.9,44.5c-0.3,17.8,11,28,25.3,35.4c7.3,3.8,15.3,6.5,22.4,9.5 c-10.1,4.8-20.8,9-30.4,14.9c-15,9.3-21.9,23.9-16.5,38.5c4,10.9,10.9,21.5,18.8,30.2c9.2,10.1,22.6,12.1,35.2,6.7 c11.2-4.8,21.4-11.9,32.1-18c-0.8,6.5-1.9,13.9-2.6,21.4c-2,21.9,9,39.7,28.7,44.3c8.3,1.9,17.5,2,26,1 c17.5-2.1,28.2-12.5,30.1-29.9c1.4-12.6,0.3-25.5,0.3-36.9c5.9,4.1,13.3,10.3,21.7,14.8c23.2,12.2,44.3,4.2,57.8-21.1 C383.8,293.8,378.2,274.7,355.5,262z M352.9,322.6c-7.5,8.6-17.3,10.6-28.1,6.5c-15.9-6-26.9-18-37.7-30.4c-3-3.5-5.8-7.2-8.7-11 c-1.8-2.3-5.1-3-7.6-1.5c0,0-0.1,0-0.1,0c-2.3,1.4-3.5,4.2-2.7,6.8c4.1,13.4,8.5,26.4,11.5,39.7c1.9,8.1,2.1,16.8,1,25.1 c-0.7,5.9-2.6,8.9-5.4,12c-10.5,11.5-24.1,9.6-37.1,6.4c-12-2.9-18-11.7-18.7-24.7c-1.1-18.2,4.1-35.1,10.9-51.7 c1.4-3.3,3.2-6.6,3.7-10.1c0-0.3,0.1-0.6,0.1-0.9c0.1-4.6-5.1-7.6-9-5.1c-0.3,0.2-0.6,0.5-0.9,0.7c-7.5,8.3-13.6,17.9-21.7,25.4 c-8.1,7.4-17.6,13.7-27.2,19c-8.3,4.5-18.2,3.4-24.3-3.7c-6.8-8-12.5-17.6-16.3-27.4c-3.2-8.4,2.4-15.8,9.2-21 c14.5-11.3,31.9-15.2,49.5-18.4c3.7-0.7,7.5-1.2,11.5-1.7c3-0.4,5.3-3,5.3-6v0c0-2.9-2-5.4-4.9-6c-12.4-2.6-24.7-4.8-36.6-8.5 c-9-2.9-18-7.5-25.3-13.5c-12.7-10.4-12.2-25-0.3-42.1c9-13,20.9-17.2,34.3-8c14.5,9.9,26.7,23.2,39.7,35.2c2.8,2.6,4.3,6.7,7.3,9.2 c0.7,0.5,1.5,0.9,2.4,1.2c3.7,1.1,7.6-1.7,7.3-5.5c0-0.3-0.1-0.7-0.2-1c-4.3-14.4-9.1-28.6-13.5-43c-1-3.4-1.2-7.1-1.3-10.7 c-0.9-28.3,20.2-43.2,47-33.1c9.9,3.7,14.1,11.7,14.9,21.8c1.5,20.1-4.8,38.6-12,56.9c-0.5,1.2-1,2.4-1.5,3.7 c-1.1,2.8,0,5.9,2.6,7.4c0,0,0.1,0,0.1,0c2.4,1.4,5.4,0.9,7.2-1.1c9.9-10.5,18.5-22.1,29.7-30.5c7.9-5.9,15.3-10.5,24.1-13.7 c2.6-1,6.1-1.4,8.8-0.7c15.8,3.9,21.2,16.7,25.1,30.4c2.9,10.1-0.9,21.1-12.1,26.7c-13.8,6.9-28.9,11.4-43.7,16.2 c-4.2,1.4-8.8,1.8-13.4,2.3c-3.2,0.3-5.6,3-5.6,6.2v0c0,3,2.2,5.6,5.1,6.2c8.9,1.7,17.8,3.2,26.6,5.4c7,1.7,13.9,4,20.5,6.9 C370.3,280.8,373.8,298.6,352.9,322.6z\"><\/path><\/svg>\t\t\t<\/div>\n\t\t<\/div>\n\t\t\t\t\t\t<\/div>\n\t\t\t\t<\/div>\n\t\t\t\t<div class=\"elementor-element elementor-element-4641b13 elementor-widget__width-auto dce_masking-none elementor-widget elementor-widget-image\" data-id=\"4641b13\" data-element_type=\"widget\" data-widget_type=\"image.default\">\n\t\t\t\t<div class=\"elementor-widget-container\">\n\t\t\t\t\t\t\t\t\t\t\t\t\t\t\t<img decoding=\"async\" width=\"44\" height=\"45\" src=\"https:\/\/www.fisan.com\/wp-content\/uploads\/2022\/10\/ico_sol_repsol.png\" class=\"attachment-large size-large wp-image-32900\" alt=\"sol respsol\" \/>\t\t\t\t\t\t\t\t\t\t\t\t\t\t\t<\/div>\n\t\t\t\t<\/div>\n\t\t\t\t<div class=\"elementor-element elementor-element-5ce6901 elementor-widget__width-auto dce_masking-none elementor-widget elementor-widget-image\" data-id=\"5ce6901\" data-element_type=\"widget\" data-widget_type=\"image.default\">\n\t\t\t\t<div class=\"elementor-widget-container\">\n\t\t\t\t\t\t\t\t\t\t\t\t\t\t\t<img decoding=\"async\" width=\"44\" height=\"45\" src=\"https:\/\/www.fisan.com\/wp-content\/uploads\/2022\/10\/ico_sol_repsol.png\" class=\"attachment-large size-large wp-image-32900\" alt=\"sol respsol\" \/>\t\t\t\t\t\t\t\t\t\t\t\t\t\t\t<\/div>\n\t\t\t\t<\/div>\n\t\t\t\t<div class=\"elementor-element elementor-element-402e01d elementor-widget__width-auto dce_masking-none elementor-widget elementor-widget-image\" data-id=\"402e01d\" data-element_type=\"widget\" data-widget_type=\"image.default\">\n\t\t\t\t<div class=\"elementor-widget-container\">\n\t\t\t\t\t\t\t\t\t\t\t\t\t\t\t<img decoding=\"async\" width=\"44\" height=\"45\" src=\"https:\/\/www.fisan.com\/wp-content\/uploads\/2022\/10\/ico_sol_repsol.png\" class=\"attachment-large size-large wp-image-32900\" alt=\"sol respsol\" \/>\t\t\t\t\t\t\t\t\t\t\t\t\t\t\t<\/div>\n\t\t\t\t<\/div>\n\t\t\t\t<div class=\"elementor-element elementor-element-26ce9a5 elementor-widget elementor-widget-text-editor\" data-id=\"26ce9a5\" data-element_type=\"widget\" data-widget_type=\"text-editor.default\">\n\t\t\t\t<div class=\"elementor-widget-container\">\n\t\t\t\t\t\t\t\t\t<p>Apresenta\u00e7\u00e3o Presunto Edi\u00e7\u00e3o Limitada 2016 e 2017<\/p>\n\t\t\t\t\t\t\t\t<\/div>\n\t\t\t\t<\/div>\n\t\t\t\t\t<\/div>\n\t\t<\/div>\n\t\t\t\t<div class=\"elementor-column elementor-col-50 elementor-top-column elementor-element elementor-element-a2d0123\" data-id=\"a2d0123\" data-element_type=\"column\" data-settings=\"{&quot;background_background&quot;:&quot;classic&quot;}\">\n\t\t\t<div class=\"elementor-widget-wrap\">\n\t\t\t\t\t\t\t<\/div>\n\t\t<\/div>\n\t\t\t\t\t<\/div>\n\t\t<\/section>\n\t\t\t\t<section class=\"elementor-section elementor-top-section elementor-element elementor-element-f8cc7fc elementor-section-boxed elementor-section-height-default elementor-section-height-default\" data-id=\"f8cc7fc\" data-element_type=\"section\">\n\t\t\t\t\t\t<div class=\"elementor-container elementor-column-gap-default\">\n\t\t\t\t\t<div class=\"elementor-column elementor-col-50 elementor-top-column elementor-element elementor-element-b9e6203 elementor-invisible\" data-id=\"b9e6203\" data-element_type=\"column\" data-settings=\"{&quot;animation&quot;:&quot;fadeIn&quot;}\">\n\t\t\t<div class=\"elementor-widget-wrap elementor-element-populated\">\n\t\t\t\t\t\t<div class=\"elementor-element elementor-element-70c4566 dce_masking-none elementor-widget elementor-widget-image\" data-id=\"70c4566\" data-element_type=\"widget\" data-widget_type=\"image.default\">\n\t\t\t\t<div class=\"elementor-widget-container\">\n\t\t\t\t\t\t\t\t\t\t\t\t\t\t\t<img fetchpriority=\"high\" decoding=\"async\" width=\"480\" height=\"480\" src=\"https:\/\/www.fisan.com\/wp-content\/uploads\/2022\/09\/ricard-camarena-02.jpeg\" class=\"attachment-large size-large wp-image-30455\" alt=\"Cucurucho de Masa Wanton, Jam\u00f3n de Bellota y Presa de Bellota FISAN\" srcset=\"https:\/\/www.fisan.com\/wp-content\/uploads\/2022\/09\/ricard-camarena-02.jpeg 480w, https:\/\/www.fisan.com\/wp-content\/uploads\/2022\/09\/ricard-camarena-02-100x100.jpeg 100w, https:\/\/www.fisan.com\/wp-content\/uploads\/2022\/09\/ricard-camarena-02-300x300.jpeg 300w, https:\/\/www.fisan.com\/wp-content\/uploads\/2022\/09\/ricard-camarena-02-50x50.jpeg 50w\" sizes=\"(max-width: 480px) 100vw, 480px\" \/>\t\t\t\t\t\t\t\t\t\t\t\t\t\t\t<\/div>\n\t\t\t\t<\/div>\n\t\t\t\t\t<\/div>\n\t\t<\/div>\n\t\t\t\t<div class=\"elementor-column elementor-col-50 elementor-top-column elementor-element elementor-element-719d2b7\" data-id=\"719d2b7\" data-element_type=\"column\">\n\t\t\t<div class=\"elementor-widget-wrap elementor-element-populated\">\n\t\t\t\t\t\t<div class=\"elementor-element elementor-element-69e8a0d elementor-widget__width-initial elementor-widget elementor-widget-text-editor\" data-id=\"69e8a0d\" data-element_type=\"widget\" data-widget_type=\"text-editor.default\">\n\t\t\t\t<div class=\"elementor-widget-container\">\n\t\t\t\t\t\t\t\t\t<p>FISAN e Ricard Camarena: <br \/>O chef Ricard Camarena mergulhou no savoir faire dos Ib\u00e9ricos FISAN, para ver em primeira m\u00e3o todo o processo de elabora\u00e7\u00e3o dos nossos produtos. Desde a cria\u00e7\u00e3o e alimenta\u00e7\u00e3o dos porcos no montado, at\u00e9 ao processo de cura nos secadouros. Uma explora\u00e7\u00e3o para desvendar os segredos do sabor ib\u00e9rico tradicional e transferi-los para o prato de formas \u00fanicas e surpreendentes.  <\/p>\n\t\t\t\t\t\t\t\t<\/div>\n\t\t\t\t<\/div>\n\t\t\t\t\t<\/div>\n\t\t<\/div>\n\t\t\t\t\t<\/div>\n\t\t<\/section>\n\t\t\t\t<section data-dce-background-color=\"#F7F7F7\" class=\"elementor-section elementor-top-section elementor-element elementor-element-eaea033 elementor-section-stretched elementor-section-boxed elementor-section-height-default elementor-section-height-default\" data-id=\"eaea033\" data-element_type=\"section\" data-settings=\"{&quot;stretch_section&quot;:&quot;section-stretched&quot;,&quot;background_background&quot;:&quot;classic&quot;}\">\n\t\t\t\t\t\t<div class=\"elementor-container elementor-column-gap-default\">\n\t\t\t\t\t<div class=\"elementor-column elementor-col-50 elementor-top-column elementor-element elementor-element-85163aa elementor-invisible\" data-id=\"85163aa\" data-element_type=\"column\" data-settings=\"{&quot;background_background&quot;:&quot;classic&quot;,&quot;animation&quot;:&quot;fadeInLeft&quot;}\">\n\t\t\t<div class=\"elementor-widget-wrap elementor-element-populated\">\n\t\t\t\t\t<div class=\"elementor-background-overlay\"><\/div>\n\t\t\t\t\t\t<div class=\"elementor-element elementor-element-847091d dce_masking-none elementor-widget elementor-widget-image\" data-id=\"847091d\" data-element_type=\"widget\" data-widget_type=\"image.default\">\n\t\t\t\t<div class=\"elementor-widget-container\">\n\t\t\t\t\t\t\t\t\t\t\t\t\t\t\t<img decoding=\"async\" width=\"800\" height=\"480\" src=\"https:\/\/www.fisan.com\/wp-content\/uploads\/2022\/09\/ricard-camarena-03.jpeg\" class=\"attachment-large size-large wp-image-30457\" alt=\"Chef Ricard Camarena visitando las instalaciones de FISAN\" srcset=\"https:\/\/www.fisan.com\/wp-content\/uploads\/2022\/09\/ricard-camarena-03.jpeg 800w, https:\/\/www.fisan.com\/wp-content\/uploads\/2022\/09\/ricard-camarena-03-600x360.jpeg 600w, https:\/\/www.fisan.com\/wp-content\/uploads\/2022\/09\/ricard-camarena-03-300x180.jpeg 300w, https:\/\/www.fisan.com\/wp-content\/uploads\/2022\/09\/ricard-camarena-03-768x461.jpeg 768w\" sizes=\"(max-width: 800px) 100vw, 800px\" \/>\t\t\t\t\t\t\t\t\t\t\t\t\t\t\t<\/div>\n\t\t\t\t<\/div>\n\t\t\t\t\t<\/div>\n\t\t<\/div>\n\t\t\t\t<div class=\"elementor-column elementor-col-50 elementor-top-column elementor-element elementor-element-740c88e\" data-id=\"740c88e\" data-element_type=\"column\">\n\t\t\t<div class=\"elementor-widget-wrap elementor-element-populated\">\n\t\t\t\t\t\t<div class=\"elementor-element elementor-element-65958b2 elementor-widget elementor-widget-heading\" data-id=\"65958b2\" data-element_type=\"widget\" data-widget_type=\"heading.default\">\n\t\t\t\t<div class=\"elementor-widget-container\">\n\t\t\t\t\t<h2 class=\"elementor-heading-title elementor-size-default\">O CHEF RICARD CAMARENA<\/h2>\t\t\t\t<\/div>\n\t\t\t\t<\/div>\n\t\t\t\t<div class=\"elementor-element elementor-element-2b3f767 elementor-widget__width-initial elementor-widget elementor-widget-text-editor\" data-id=\"2b3f767\" data-element_type=\"widget\" data-widget_type=\"text-editor.default\">\n\t\t\t\t<div class=\"elementor-widget-container\">\n\t\t\t\t\t\t\t\t\tRicard Camarena Restaurant, Valencia.<br>\n2 Estrelas Michelin e 3 S\u00f3is Repsol\t\t\t\t\t\t\t\t<\/div>\n\t\t\t\t<\/div>\n\t\t\t\t<div class=\"elementor-element elementor-element-a49de3d elementor-widget-divider--view-line elementor-widget elementor-widget-divider\" data-id=\"a49de3d\" data-element_type=\"widget\" data-widget_type=\"divider.default\">\n\t\t\t\t<div class=\"elementor-widget-container\">\n\t\t\t\t\t\t\t<div class=\"elementor-divider\">\n\t\t\t<span class=\"elementor-divider-separator\">\n\t\t\t\t\t\t<\/span>\n\t\t<\/div>\n\t\t\t\t\t\t<\/div>\n\t\t\t\t<\/div>\n\t\t\t\t<div class=\"elementor-element elementor-element-e9b5fcc elementor-widget elementor-widget-text-editor\" data-id=\"e9b5fcc\" data-element_type=\"widget\" data-widget_type=\"text-editor.default\">\n\t\t\t\t<div class=\"elementor-widget-container\">\n\t\t\t\t\t\t\t\t\t<p><span style=\"font-weight: 400;\">No Ib\u00e9ricos FISAN promovemos a investiga\u00e7\u00e3o das possibilidades do sabor ib\u00e9rico na alta gastronomia atrav\u00e9s da alian\u00e7a com o chef Ricard Camarena, em cuja cozinha o sabor \u00e9 a base do trabalho. Ricard Camarena trabalha numa gastronomia muito elaborada e com muita t\u00e9cnica, sempre ao servi\u00e7o do sabor do produto. <\/span><span style=\"font-weight: 400;\"><br \/><\/span><span style=\"font-weight: 400;\"><br \/><\/span><span style=\"font-weight: 400;\">Nas palavras de Florencio S\u00e1nchez: &#8220;Quando conhecemos o trabalho de Ricard Camarena, descobrimos um grande paralelismo entre o seu projeto e a sua carreira com a pr\u00f3pria hist\u00f3ria e esp\u00edrito de nossa fam\u00edlia. Foi quando percebemos que trabalhar com Ricard seria f\u00e1cil e o resultado excelente.&#8221; <\/span><\/p>\n\t\t\t\t\t\t\t\t<\/div>\n\t\t\t\t<\/div>\n\t\t\t\t\t<\/div>\n\t\t<\/div>\n\t\t\t\t\t<\/div>\n\t\t<\/section>\n\t\t\t\t<section class=\"elementor-section elementor-top-section elementor-element elementor-element-cffbcf7 elementor-section-boxed elementor-section-height-default elementor-section-height-default\" data-id=\"cffbcf7\" data-element_type=\"section\">\n\t\t\t\t\t\t<div class=\"elementor-container elementor-column-gap-default\">\n\t\t\t\t\t<div class=\"elementor-column elementor-col-50 elementor-top-column elementor-element elementor-element-d3e69d6 elementor-invisible\" data-id=\"d3e69d6\" data-element_type=\"column\" data-settings=\"{&quot;animation&quot;:&quot;fadeIn&quot;}\">\n\t\t\t<div class=\"elementor-widget-wrap elementor-element-populated\">\n\t\t\t\t\t\t<div class=\"elementor-element elementor-element-6680caf dce_masking-none elementor-widget elementor-widget-image\" data-id=\"6680caf\" data-element_type=\"widget\" data-widget_type=\"image.default\">\n\t\t\t\t<div class=\"elementor-widget-container\">\n\t\t\t\t\t\t\t\t\t\t\t\t\t\t\t<img loading=\"lazy\" decoding=\"async\" width=\"600\" height=\"480\" src=\"https:\/\/www.fisan.com\/wp-content\/uploads\/2022\/09\/ricard-camarena-04.jpeg\" class=\"attachment-large size-large wp-image-30459\" alt=\"Chef Ricard Camarena en cocina con un Cucurucho de Masa Wanton, Jam\u00f3n de Bellota y Presa de Bellota FISAN en la mano\" srcset=\"https:\/\/www.fisan.com\/wp-content\/uploads\/2022\/09\/ricard-camarena-04.jpeg 600w, https:\/\/www.fisan.com\/wp-content\/uploads\/2022\/09\/ricard-camarena-04-300x240.jpeg 300w\" sizes=\"(max-width: 600px) 100vw, 600px\" \/>\t\t\t\t\t\t\t\t\t\t\t\t\t\t\t<\/div>\n\t\t\t\t<\/div>\n\t\t\t\t\t<\/div>\n\t\t<\/div>\n\t\t\t\t<div class=\"elementor-column elementor-col-50 elementor-top-column elementor-element elementor-element-cc53caf\" data-id=\"cc53caf\" data-element_type=\"column\">\n\t\t\t<div class=\"elementor-widget-wrap elementor-element-populated\">\n\t\t\t\t\t\t<div class=\"elementor-element elementor-element-9881ea6 elementor-widget elementor-widget-heading\" data-id=\"9881ea6\" data-element_type=\"widget\" data-widget_type=\"heading.default\">\n\t\t\t\t<div class=\"elementor-widget-container\">\n\t\t\t\t\t<h2 class=\"elementor-heading-title elementor-size-default\">A INVESTIGA\u00c7\u00c3O DO SABOR DO PRESUNTO NA ALTA COZINA<\/h2>\t\t\t\t<\/div>\n\t\t\t\t<\/div>\n\t\t\t\t<div class=\"elementor-element elementor-element-daf3f91 elementor-widget elementor-widget-text-editor\" data-id=\"daf3f91\" data-element_type=\"widget\" data-widget_type=\"text-editor.default\">\n\t\t\t\t<div class=\"elementor-widget-container\">\n\t\t\t\t\t\t\t\t\t<p><span style=\"font-weight: 400;\">Para Ricard Camarena &#8220;Todos temos presente aquele sabor m\u00e1gico que nos perdura durante muito tempo nos nossos sentidos depois de provar um bom <span style=\"text-decoration: underline;\"><a href=\"https:\/\/www.fisan.com\/pt\/productos\/jamon\/\">Presunto Ib\u00e9rico de Bellota FISAN<\/a><\/span> ou um bom <span style=\"text-decoration: underline;\"><a href=\"https:\/\/www.fisan.com\/pt\/produtos\/enchidos\/\">Enchido de Bellota<\/a><\/span>. Temos trabalhado para extrair essa ess\u00eancia e incorpor\u00e1-la a novas texturas e propostas. Tal como no caso do Tartar de Presa Ib\u00e9rica de Bellota. Nele, a adi\u00e7\u00e3o de um toque de Presunto Ib\u00e9rico de Bellota FISAN ajuda quem o experimenta a perceber aquele elemento familiar que nos ajuda a introduzir facilmente a inovadora proposta final &#8220;<\/span><\/p>\t\t\t\t\t\t\t\t<\/div>\n\t\t\t\t<\/div>\n\t\t\t\t\t<\/div>\n\t\t<\/div>\n\t\t\t\t\t<\/div>\n\t\t<\/section>\n\t\t\t\t<section data-dce-background-color=\"#F7F7F7\" class=\"elementor-section elementor-top-section elementor-element elementor-element-e6e5664 elementor-section-stretched elementor-section-boxed elementor-section-height-default elementor-section-height-default\" data-id=\"e6e5664\" data-element_type=\"section\" data-settings=\"{&quot;stretch_section&quot;:&quot;section-stretched&quot;,&quot;background_background&quot;:&quot;classic&quot;}\">\n\t\t\t\t\t\t<div class=\"elementor-container elementor-column-gap-default\">\n\t\t\t\t\t<div class=\"elementor-column elementor-col-100 elementor-top-column elementor-element elementor-element-c6266c9\" data-id=\"c6266c9\" data-element_type=\"column\">\n\t\t\t<div class=\"elementor-widget-wrap elementor-element-populated\">\n\t\t\t\t\t\t<div class=\"elementor-element elementor-element-7438b2a elementor-widget elementor-widget-heading\" data-id=\"7438b2a\" data-element_type=\"widget\" data-widget_type=\"heading.default\">\n\t\t\t\t<div class=\"elementor-widget-container\">\n\t\t\t\t\t<h2 class=\"elementor-heading-title elementor-size-default\">CAMARENA LAB<\/h2>\t\t\t\t<\/div>\n\t\t\t\t<\/div>\n\t\t\t\t<div class=\"elementor-element elementor-element-9f82e05 elementor-widget__width-initial elementor-widget elementor-widget-text-editor\" data-id=\"9f82e05\" data-element_type=\"widget\" data-widget_type=\"text-editor.default\">\n\t\t\t\t<div class=\"elementor-widget-container\">\n\t\t\t\t\t\t\t\t\t<p>O laborat\u00f3rio de Ricard Camarena Restaurant<\/p>\n\t\t\t\t\t\t\t\t<\/div>\n\t\t\t\t<\/div>\n\t\t\t\t<div class=\"elementor-element elementor-element-c65b365 elementor-widget-divider--view-line elementor-widget elementor-widget-divider\" data-id=\"c65b365\" data-element_type=\"widget\" data-widget_type=\"divider.default\">\n\t\t\t\t<div class=\"elementor-widget-container\">\n\t\t\t\t\t\t\t<div class=\"elementor-divider\">\n\t\t\t<span class=\"elementor-divider-separator\">\n\t\t\t\t\t\t<\/span>\n\t\t<\/div>\n\t\t\t\t\t\t<\/div>\n\t\t\t\t<\/div>\n\t\t\t\t<div class=\"elementor-element elementor-element-f4b6dd5 elementor-widget__width-initial elementor-widget elementor-widget-text-editor\" data-id=\"f4b6dd5\" data-element_type=\"widget\" data-widget_type=\"text-editor.default\">\n\t\t\t\t<div class=\"elementor-widget-container\">\n\t\t\t\t\t\t\t\t\t<p>Do seu centro de opera\u00e7\u00f5es, o Camarena Lab, saem as ideias que permitem a Camarena e \u00e0 sua equipa continuar na vanguarda da cozinha, mantendo esse dif\u00edcil equil\u00edbrio, sem perder de vista a tradi\u00e7\u00e3o. Receitas que, embora \u00e0 primeira vista possam parecer simples, exigem muita t\u00e9cnica e todo um processo de investiga\u00e7\u00e3o, que lhe valeram distin\u00e7\u00f5es t\u00e3o importantes como duas Estrelas Michelin e tr\u00eas S\u00f3is Repsol.  <\/p>\n<p>O fruto desta investiga\u00e7\u00e3o foram novas elabora\u00e7\u00f5es que procuravam surpreender e divertir, baseando-se num processo de experimenta\u00e7\u00e3o com misturas impressionantes que real\u00e7am os matizes do sabor ib\u00e9rico. As cria\u00e7\u00f5es do Chef Ricard Camarena construem-se com novas texturas como a espuma de chouri\u00e7o de bellota, a manteiga de chouri\u00e7o ou o waffle de presunto de bellota. <\/p>\n\t\t\t\t\t\t\t\t<\/div>\n\t\t\t\t<\/div>\n\t\t\t\t<div class=\"elementor-element elementor-element-f1634d8 elementor-widget elementor-widget-gallery\" data-id=\"f1634d8\" data-element_type=\"widget\" data-settings=\"{&quot;columns&quot;:3,&quot;gap&quot;:{&quot;unit&quot;:&quot;px&quot;,&quot;size&quot;:30,&quot;sizes&quot;:[]},&quot;columns_mobile&quot;:2,&quot;lazyload&quot;:&quot;yes&quot;,&quot;gallery_layout&quot;:&quot;grid&quot;,&quot;columns_tablet&quot;:2,&quot;gap_tablet&quot;:{&quot;unit&quot;:&quot;px&quot;,&quot;size&quot;:10,&quot;sizes&quot;:[]},&quot;gap_mobile&quot;:{&quot;unit&quot;:&quot;px&quot;,&quot;size&quot;:10,&quot;sizes&quot;:[]},&quot;link_to&quot;:&quot;file&quot;,&quot;aspect_ratio&quot;:&quot;3:2&quot;,&quot;overlay_background&quot;:&quot;yes&quot;,&quot;content_hover_animation&quot;:&quot;fade-in&quot;}\" data-widget_type=\"gallery.default\">\n\t\t\t\t<div class=\"elementor-widget-container\">\n\t\t\t\t\t\t\t<div class=\"elementor-gallery__container\">\n\t\t\t\t\t\t\t<a class=\"e-gallery-item elementor-gallery-item elementor-animated-content\" href=\"https:\/\/www.fisan.com\/wp-content\/uploads\/2022\/09\/ricard-camarena-05.jpeg\" data-elementor-open-lightbox=\"yes\" data-elementor-lightbox-slideshow=\"f1634d8\" data-elementor-lightbox-title=\"Ricard Camarena - FISAN\" data-e-action-hash=\"#elementor-action%3Aaction%3Dlightbox%26settings%3DeyJpZCI6MzA0NjEsInVybCI6Imh0dHBzOlwvXC93d3cuZmlzYW4uY29tXC93cC1jb250ZW50XC91cGxvYWRzXC8yMDIyXC8wOVwvcmljYXJkLWNhbWFyZW5hLTA1LmpwZWciLCJzbGlkZXNob3ciOiJmMTYzNGQ4In0%3D\">\n\t\t\t\t\t<div class=\"e-gallery-image elementor-gallery-item__image\" data-thumbnail=\"https:\/\/www.fisan.com\/wp-content\/uploads\/2022\/09\/ricard-camarena-05.jpeg\" data-width=\"947\" data-height=\"640\" aria-label=\"\" role=\"img\" ><\/div>\n\t\t\t\t\t\t\t\t\t\t\t<div class=\"elementor-gallery-item__overlay\"><\/div>\n\t\t\t\t\t\t\t\t\t\t\t\t\t\t<\/a>\n\t\t\t\t\t\t\t<a class=\"e-gallery-item elementor-gallery-item elementor-animated-content\" href=\"https:\/\/www.fisan.com\/wp-content\/uploads\/2022\/09\/ricard-camarena-06.jpeg\" data-elementor-open-lightbox=\"yes\" data-elementor-lightbox-slideshow=\"f1634d8\" data-elementor-lightbox-title=\"Ricard Camarena - FISAN\" data-e-action-hash=\"#elementor-action%3Aaction%3Dlightbox%26settings%3DeyJpZCI6MzA0NjMsInVybCI6Imh0dHBzOlwvXC93d3cuZmlzYW4uY29tXC93cC1jb250ZW50XC91cGxvYWRzXC8yMDIyXC8wOVwvcmljYXJkLWNhbWFyZW5hLTA2LmpwZWciLCJzbGlkZXNob3ciOiJmMTYzNGQ4In0%3D\">\n\t\t\t\t\t<div class=\"e-gallery-image elementor-gallery-item__image\" data-thumbnail=\"https:\/\/www.fisan.com\/wp-content\/uploads\/2022\/09\/ricard-camarena-06.jpeg\" data-width=\"947\" data-height=\"640\" aria-label=\"\" role=\"img\" ><\/div>\n\t\t\t\t\t\t\t\t\t\t\t<div class=\"elementor-gallery-item__overlay\"><\/div>\n\t\t\t\t\t\t\t\t\t\t\t\t\t\t<\/a>\n\t\t\t\t\t\t\t<a class=\"e-gallery-item elementor-gallery-item elementor-animated-content\" href=\"https:\/\/www.fisan.com\/wp-content\/uploads\/2022\/09\/ricard-camarena-07.jpeg\" data-elementor-open-lightbox=\"yes\" data-elementor-lightbox-slideshow=\"f1634d8\" data-elementor-lightbox-title=\"Ricard Camarena - FISAN\" data-e-action-hash=\"#elementor-action%3Aaction%3Dlightbox%26settings%3DeyJpZCI6MzA0NjUsInVybCI6Imh0dHBzOlwvXC93d3cuZmlzYW4uY29tXC93cC1jb250ZW50XC91cGxvYWRzXC8yMDIyXC8wOVwvcmljYXJkLWNhbWFyZW5hLTA3LmpwZWciLCJzbGlkZXNob3ciOiJmMTYzNGQ4In0%3D\">\n\t\t\t\t\t<div class=\"e-gallery-image elementor-gallery-item__image\" data-thumbnail=\"https:\/\/www.fisan.com\/wp-content\/uploads\/2022\/09\/ricard-camarena-07.jpeg\" data-width=\"947\" data-height=\"640\" aria-label=\"\" role=\"img\" ><\/div>\n\t\t\t\t\t\t\t\t\t\t\t<div class=\"elementor-gallery-item__overlay\"><\/div>\n\t\t\t\t\t\t\t\t\t\t\t\t\t\t<\/a>\n\t\t\t\t\t\t\t<a class=\"e-gallery-item elementor-gallery-item elementor-animated-content\" href=\"https:\/\/www.fisan.com\/wp-content\/uploads\/2022\/09\/ricard-camarena-08.jpeg\" data-elementor-open-lightbox=\"yes\" data-elementor-lightbox-slideshow=\"f1634d8\" data-elementor-lightbox-title=\"Ricard Camarena - FISAN\" data-e-action-hash=\"#elementor-action%3Aaction%3Dlightbox%26settings%3DeyJpZCI6MzA0NjcsInVybCI6Imh0dHBzOlwvXC93d3cuZmlzYW4uY29tXC93cC1jb250ZW50XC91cGxvYWRzXC8yMDIyXC8wOVwvcmljYXJkLWNhbWFyZW5hLTA4LmpwZWciLCJzbGlkZXNob3ciOiJmMTYzNGQ4In0%3D\">\n\t\t\t\t\t<div class=\"e-gallery-image elementor-gallery-item__image\" data-thumbnail=\"https:\/\/www.fisan.com\/wp-content\/uploads\/2022\/09\/ricard-camarena-08.jpeg\" data-width=\"947\" data-height=\"640\" aria-label=\"\" role=\"img\" ><\/div>\n\t\t\t\t\t\t\t\t\t\t\t<div class=\"elementor-gallery-item__overlay\"><\/div>\n\t\t\t\t\t\t\t\t\t\t\t\t\t\t<\/a>\n\t\t\t\t\t\t\t<a class=\"e-gallery-item elementor-gallery-item elementor-animated-content\" href=\"https:\/\/www.fisan.com\/wp-content\/uploads\/2022\/09\/ricard-camarena-09.jpeg\" data-elementor-open-lightbox=\"yes\" data-elementor-lightbox-slideshow=\"f1634d8\" data-elementor-lightbox-title=\"Ricard Camarena - FISAN\" data-e-action-hash=\"#elementor-action%3Aaction%3Dlightbox%26settings%3DeyJpZCI6MzA0NjksInVybCI6Imh0dHBzOlwvXC93d3cuZmlzYW4uY29tXC93cC1jb250ZW50XC91cGxvYWRzXC8yMDIyXC8wOVwvcmljYXJkLWNhbWFyZW5hLTA5LmpwZWciLCJzbGlkZXNob3ciOiJmMTYzNGQ4In0%3D\">\n\t\t\t\t\t<div class=\"e-gallery-image elementor-gallery-item__image\" data-thumbnail=\"https:\/\/www.fisan.com\/wp-content\/uploads\/2022\/09\/ricard-camarena-09.jpeg\" data-width=\"947\" data-height=\"640\" aria-label=\"\" role=\"img\" ><\/div>\n\t\t\t\t\t\t\t\t\t\t\t<div class=\"elementor-gallery-item__overlay\"><\/div>\n\t\t\t\t\t\t\t\t\t\t\t\t\t\t<\/a>\n\t\t\t\t\t\t\t<a class=\"e-gallery-item elementor-gallery-item elementor-animated-content\" href=\"https:\/\/www.fisan.com\/wp-content\/uploads\/2022\/09\/ricard-camarena-10.jpeg\" data-elementor-open-lightbox=\"yes\" data-elementor-lightbox-slideshow=\"f1634d8\" data-elementor-lightbox-title=\"Ricard Camarena - FISAN\" data-e-action-hash=\"#elementor-action%3Aaction%3Dlightbox%26settings%3DeyJpZCI6MzA0NzEsInVybCI6Imh0dHBzOlwvXC93d3cuZmlzYW4uY29tXC93cC1jb250ZW50XC91cGxvYWRzXC8yMDIyXC8wOVwvcmljYXJkLWNhbWFyZW5hLTEwLmpwZWciLCJzbGlkZXNob3ciOiJmMTYzNGQ4In0%3D\">\n\t\t\t\t\t<div class=\"e-gallery-image elementor-gallery-item__image\" data-thumbnail=\"https:\/\/www.fisan.com\/wp-content\/uploads\/2022\/09\/ricard-camarena-10.jpeg\" data-width=\"947\" data-height=\"640\" aria-label=\"\" role=\"img\" ><\/div>\n\t\t\t\t\t\t\t\t\t\t\t<div class=\"elementor-gallery-item__overlay\"><\/div>\n\t\t\t\t\t\t\t\t\t\t\t\t\t\t<\/a>\n\t\t\t\t\t<\/div>\n\t\t\t\t\t<\/div>\n\t\t\t\t<\/div>\n\t\t\t\t<div class=\"elementor-element elementor-element-1d33b28 elementor-widget elementor-widget-heading\" data-id=\"1d33b28\" data-element_type=\"widget\" data-widget_type=\"heading.default\">\n\t\t\t\t<div class=\"elementor-widget-container\">\n\t\t\t\t\t<h2 class=\"elementor-heading-title elementor-size-default\">RECEITAS DE RICARD CAMARENA PARA FISAN<\/h2>\t\t\t\t<\/div>\n\t\t\t\t<\/div>\n\t\t\t\t<div class=\"elementor-element elementor-element-c69a818 elementor-widget-divider--view-line elementor-widget elementor-widget-divider\" data-id=\"c69a818\" data-element_type=\"widget\" data-widget_type=\"divider.default\">\n\t\t\t\t<div class=\"elementor-widget-container\">\n\t\t\t\t\t\t\t<div class=\"elementor-divider\">\n\t\t\t<span class=\"elementor-divider-separator\">\n\t\t\t\t\t\t<\/span>\n\t\t<\/div>\n\t\t\t\t\t\t<\/div>\n\t\t\t\t<\/div>\n\t\t\t\t<div class=\"elementor-element elementor-element-65d45e9 elementor-widget__width-auto dce-align-left elementor-widget elementor-widget-dce-my-posts\" data-id=\"65d45e9\" data-element_type=\"widget\" data-widget_type=\"dce-my-posts.list\">\n\t\t\t\t<div class=\"elementor-widget-container\">\n\t\t\t\t\t\t\t<div class=\"dce-posts-container dce-posts \">\n\t\t\t<div class=\"dce-posts-fallback\">\n\t\t\t\t<p>Nenhum resultado encontrado.<\/p>\t\t\t<\/div>\n\t\t<\/div>\n\t\t\t\t\t\t<\/div>\n\t\t\t\t<\/div>\n\t\t\t\t\t<\/div>\n\t\t<\/div>\n\t\t\t\t\t<\/div>\n\t\t<\/section>\n\t\t\t\t<\/div>\n\t\t","protected":false},"excerpt":{"rendered":"<p>A Investiga\u00e7\u00e3o do sabor RICARD CAMARENA Ricard Camarena Restaurant Apresenta\u00e7\u00e3o Presunto Edi\u00e7\u00e3o Limitada 2016 e 2017 FISAN e Ricard Camarena: O chef Ricard Camarena mergulhou no savoir faire dos Ib\u00e9ricos FISAN, para ver em primeira m\u00e3o todo o processo de elabora\u00e7\u00e3o dos nossos produtos. Desde a cria\u00e7\u00e3o e alimenta\u00e7\u00e3o dos porcos no montado, at\u00e9 ao &#8230; <a title=\"Ricard Camarena\" class=\"read-more\" href=\"https:\/\/www.fisan.com\/pt\/gastronomia-chefs-pt\/ricard-camarena\/\" aria-label=\"Leia mais sobre Ricard Camarena\">Ler mais<\/a><\/p>\n","protected":false},"author":1,"featured_media":0,"parent":34494,"menu_order":3,"comment_status":"closed","ping_status":"closed","template":"","meta":{"_acf_changed":false,"footnotes":"","_wp_rev_ctl_limit":""},"class_list":["post-33119","page","type-page","status-publish"],"acf":[],"yoast_head":"<!-- This site is optimized with the Yoast SEO plugin v25.4 - https:\/\/yoast.com\/wordpress\/plugins\/seo\/ -->\n<title>Chef Ricard Camarena | FISAN<\/title>\n<meta name=\"description\" content=\"O Chef Ricard Camarena pesquisou o sabor do presunto FISAN para criar as mais sofisticadas receitas de alta cozinha. Descubra os seus pratos!\" \/>\n<meta name=\"robots\" content=\"index, follow, max-snippet:-1, max-image-preview:large, max-video-preview:-1\" \/>\n<link rel=\"canonical\" href=\"https:\/\/www.fisan.com\/pt\/gastronomia-chefs-pt\/ricard-camarena\/\" \/>\n<meta property=\"og:locale\" content=\"pt_PT\" \/>\n<meta property=\"og:type\" content=\"article\" \/>\n<meta property=\"og:title\" content=\"Chef Ricard Camarena | FISAN\" \/>\n<meta property=\"og:description\" content=\"O Chef Ricard Camarena pesquisou o sabor do presunto FISAN para criar as mais sofisticadas receitas de alta cozinha. Descubra os seus pratos!\" \/>\n<meta property=\"og:url\" content=\"https:\/\/www.fisan.com\/pt\/gastronomia-chefs-pt\/ricard-camarena\/\" \/>\n<meta property=\"og:site_name\" content=\"FISAN\" \/>\n<meta property=\"article:modified_time\" content=\"2023-11-28T11:17:11+00:00\" \/>\n<meta property=\"og:image\" content=\"https:\/\/www.fisan.com\/wp-content\/uploads\/2022\/10\/ico_sol_repsol.png\" \/>\n<meta name=\"twitter:card\" content=\"summary_large_image\" \/>\n<meta name=\"twitter:label1\" content=\"Tempo estimado de leitura\" \/>\n\t<meta name=\"twitter:data1\" content=\"4 minutos\" \/>\n<script type=\"application\/ld+json\" class=\"yoast-schema-graph\">{\n\t    \"@context\": \"https:\/\/schema.org\",\n\t    \"@graph\": [\n\t        {\n\t            \"@type\": \"WebPage\",\n\t            \"@id\": \"https:\/\/www.fisan.com\/pt\/gastronomia-chefs-pt\/ricard-camarena\/\",\n\t            \"url\": \"https:\/\/www.fisan.com\/pt\/gastronomia-chefs-pt\/ricard-camarena\/\",\n\t            \"name\": \"Chef Ricard Camarena | FISAN\",\n\t            \"isPartOf\": {\n\t                \"@id\": \"https:\/\/www.fisan.com\/pt\/#website\"\n\t            },\n\t            \"primaryImageOfPage\": {\n\t                \"@id\": \"https:\/\/www.fisan.com\/pt\/gastronomia-chefs-pt\/ricard-camarena\/#primaryimage\"\n\t            },\n\t            \"image\": {\n\t                \"@id\": \"https:\/\/www.fisan.com\/pt\/gastronomia-chefs-pt\/ricard-camarena\/#primaryimage\"\n\t            },\n\t            \"thumbnailUrl\": \"https:\/\/www.fisan.com\/wp-content\/uploads\/2022\/10\/ico_sol_repsol.png\",\n\t            \"datePublished\": \"2022-08-29T08:30:19+00:00\",\n\t            \"dateModified\": \"2023-11-28T11:17:11+00:00\",\n\t            \"description\": \"O Chef Ricard Camarena pesquisou o sabor do presunto FISAN para criar as mais sofisticadas receitas de alta cozinha. Descubra os seus pratos!\",\n\t            \"breadcrumb\": {\n\t                \"@id\": \"https:\/\/www.fisan.com\/pt\/gastronomia-chefs-pt\/ricard-camarena\/#breadcrumb\"\n\t            },\n\t            \"inLanguage\": \"pt-PT\",\n\t            \"potentialAction\": [\n\t                {\n\t                    \"@type\": \"ReadAction\",\n\t                    \"target\": [\n\t                        \"https:\/\/www.fisan.com\/pt\/gastronomia-chefs-pt\/ricard-camarena\/\"\n\t                    ]\n\t                }\n\t            ]\n\t        },\n\t        {\n\t            \"@type\": \"ImageObject\",\n\t            \"inLanguage\": \"pt-PT\",\n\t            \"@id\": \"https:\/\/www.fisan.com\/pt\/gastronomia-chefs-pt\/ricard-camarena\/#primaryimage\",\n\t            \"url\": \"https:\/\/www.fisan.com\/wp-content\/uploads\/2022\/10\/ico_sol_repsol.png\",\n\t            \"contentUrl\": \"https:\/\/www.fisan.com\/wp-content\/uploads\/2022\/10\/ico_sol_repsol.png\"\n\t        },\n\t        {\n\t            \"@type\": \"BreadcrumbList\",\n\t            \"@id\": \"https:\/\/www.fisan.com\/pt\/gastronomia-chefs-pt\/ricard-camarena\/#breadcrumb\",\n\t            \"itemListElement\": [\n\t                {\n\t                    \"@type\": \"ListItem\",\n\t                    \"position\": 1,\n\t                    \"name\": \"FISAN\",\n\t                    \"item\": \"https:\/\/www.fisan.com\/pt\/\"\n\t                },\n\t                {\n\t                    \"@type\": \"ListItem\",\n\t                    \"position\": 2,\n\t                    \"name\": \"Gastronomia\",\n\t                    \"item\": \"https:\/\/www.fisan.com\/pt\/gastronomia-chefs\/\"\n\t                },\n\t                {\n\t                    \"@type\": \"ListItem\",\n\t                    \"position\": 3,\n\t                    \"name\": \"Ricard Camarena\"\n\t                }\n\t            ]\n\t        },\n\t        {\n\t            \"@type\": \"WebSite\",\n\t            \"@id\": \"https:\/\/www.fisan.com\/pt\/#website\",\n\t            \"url\": \"https:\/\/www.fisan.com\/pt\/\",\n\t            \"name\": \"FISAN\",\n\t            \"description\": \"FISAN | Jamones de bellota ib\u00e9rico y embutidos ib\u00e9ricos desde 1920\",\n\t            \"potentialAction\": [\n\t                {\n\t                    \"@type\": \"SearchAction\",\n\t                    \"target\": {\n\t                        \"@type\": \"EntryPoint\",\n\t                        \"urlTemplate\": \"https:\/\/www.fisan.com\/pt\/?s={search_term_string}\"\n\t                    },\n\t                    \"query-input\": {\n\t                        \"@type\": \"PropertyValueSpecification\",\n\t                        \"valueRequired\": true,\n\t                        \"valueName\": \"search_term_string\"\n\t                    }\n\t                }\n\t            ],\n\t            \"inLanguage\": \"pt-PT\"\n\t        }\n\t    ]\n\t}<\/script>\n<!-- \/ Yoast SEO plugin. -->","yoast_head_json":{"title":"Chef Ricard Camarena | FISAN","description":"O Chef Ricard Camarena pesquisou o sabor do presunto FISAN para criar as mais sofisticadas receitas de alta cozinha. Descubra os seus pratos!","robots":{"index":"index","follow":"follow","max-snippet":"max-snippet:-1","max-image-preview":"max-image-preview:large","max-video-preview":"max-video-preview:-1"},"canonical":"https:\/\/www.fisan.com\/pt\/gastronomia-chefs-pt\/ricard-camarena\/","og_locale":"pt_PT","og_type":"article","og_title":"Chef Ricard Camarena | FISAN","og_description":"O Chef Ricard Camarena pesquisou o sabor do presunto FISAN para criar as mais sofisticadas receitas de alta cozinha. Descubra os seus pratos!","og_url":"https:\/\/www.fisan.com\/pt\/gastronomia-chefs-pt\/ricard-camarena\/","og_site_name":"FISAN","article_modified_time":"2023-11-28T11:17:11+00:00","og_image":[{"url":"https:\/\/www.fisan.com\/wp-content\/uploads\/2022\/10\/ico_sol_repsol.png","type":"","width":"","height":""}],"twitter_card":"summary_large_image","twitter_misc":{"Tempo estimado de leitura":"4 minutos"},"schema":{"@context":"https:\/\/schema.org","@graph":[{"@type":"WebPage","@id":"https:\/\/www.fisan.com\/pt\/gastronomia-chefs-pt\/ricard-camarena\/","url":"https:\/\/www.fisan.com\/pt\/gastronomia-chefs-pt\/ricard-camarena\/","name":"Chef Ricard Camarena | FISAN","isPartOf":{"@id":"https:\/\/www.fisan.com\/pt\/#website"},"primaryImageOfPage":{"@id":"https:\/\/www.fisan.com\/pt\/gastronomia-chefs-pt\/ricard-camarena\/#primaryimage"},"image":{"@id":"https:\/\/www.fisan.com\/pt\/gastronomia-chefs-pt\/ricard-camarena\/#primaryimage"},"thumbnailUrl":"https:\/\/www.fisan.com\/wp-content\/uploads\/2022\/10\/ico_sol_repsol.png","datePublished":"2022-08-29T08:30:19+00:00","dateModified":"2023-11-28T11:17:11+00:00","description":"O Chef Ricard Camarena pesquisou o sabor do presunto FISAN para criar as mais sofisticadas receitas de alta cozinha. Descubra os seus pratos!","breadcrumb":{"@id":"https:\/\/www.fisan.com\/pt\/gastronomia-chefs-pt\/ricard-camarena\/#breadcrumb"},"inLanguage":"pt-PT","potentialAction":[{"@type":"ReadAction","target":["https:\/\/www.fisan.com\/pt\/gastronomia-chefs-pt\/ricard-camarena\/"]}]},{"@type":"ImageObject","inLanguage":"pt-PT","@id":"https:\/\/www.fisan.com\/pt\/gastronomia-chefs-pt\/ricard-camarena\/#primaryimage","url":"https:\/\/www.fisan.com\/wp-content\/uploads\/2022\/10\/ico_sol_repsol.png","contentUrl":"https:\/\/www.fisan.com\/wp-content\/uploads\/2022\/10\/ico_sol_repsol.png"},{"@type":"BreadcrumbList","@id":"https:\/\/www.fisan.com\/pt\/gastronomia-chefs-pt\/ricard-camarena\/#breadcrumb","itemListElement":[{"@type":"ListItem","position":1,"name":"FISAN","item":"https:\/\/www.fisan.com\/pt\/"},{"@type":"ListItem","position":2,"name":"Gastronomia","item":"https:\/\/www.fisan.com\/pt\/gastronomia-chefs\/"},{"@type":"ListItem","position":3,"name":"Ricard Camarena"}]},{"@type":"WebSite","@id":"https:\/\/www.fisan.com\/pt\/#website","url":"https:\/\/www.fisan.com\/pt\/","name":"FISAN","description":"FISAN | Jamones de bellota ib\u00e9rico y embutidos ib\u00e9ricos desde 1920","potentialAction":[{"@type":"SearchAction","target":{"@type":"EntryPoint","urlTemplate":"https:\/\/www.fisan.com\/pt\/?s={search_term_string}"},"query-input":{"@type":"PropertyValueSpecification","valueRequired":true,"valueName":"search_term_string"}}],"inLanguage":"pt-PT"}]}},"_links":{"self":[{"href":"https:\/\/www.fisan.com\/pt\/wp-json\/wp\/v2\/pages\/33119","targetHints":{"allow":["GET"]}}],"collection":[{"href":"https:\/\/www.fisan.com\/pt\/wp-json\/wp\/v2\/pages"}],"about":[{"href":"https:\/\/www.fisan.com\/pt\/wp-json\/wp\/v2\/types\/page"}],"author":[{"embeddable":true,"href":"https:\/\/www.fisan.com\/pt\/wp-json\/wp\/v2\/users\/1"}],"replies":[{"embeddable":true,"href":"https:\/\/www.fisan.com\/pt\/wp-json\/wp\/v2\/comments?post=33119"}],"version-history":[{"count":7,"href":"https:\/\/www.fisan.com\/pt\/wp-json\/wp\/v2\/pages\/33119\/revisions"}],"predecessor-version":[{"id":41522,"href":"https:\/\/www.fisan.com\/pt\/wp-json\/wp\/v2\/pages\/33119\/revisions\/41522"}],"up":[{"embeddable":true,"href":"https:\/\/www.fisan.com\/pt\/wp-json\/wp\/v2\/pages\/34494"}],"wp:attachment":[{"href":"https:\/\/www.fisan.com\/pt\/wp-json\/wp\/v2\/media?parent=33119"}],"curies":[{"name":"wp","href":"https:\/\/api.w.org\/{rel}","templated":true}]}}