{"id":33154,"date":"2022-08-30T10:11:24","date_gmt":"2022-08-30T08:11:24","guid":{"rendered":"https:\/\/www.fisan.com\/dehesa\/"},"modified":"2024-11-14T11:09:56","modified_gmt":"2024-11-14T10:09:56","slug":"dehesa","status":"publish","type":"page","link":"https:\/\/www.fisan.com\/pt\/mundo-iberico\/dehesa\/","title":{"rendered":"Dehesa"},"content":{"rendered":"\t\t<div data-elementor-type=\"wp-page\" data-elementor-id=\"33154\" class=\"elementor elementor-33154 elementor-2850\" data-elementor-post-type=\"page\">\n\t\t\t\t\t\t<section class=\"elementor-section elementor-top-section elementor-element elementor-element-8eee5ff elementor-section-full_width elementor-section-height-default elementor-section-height-default\" data-id=\"8eee5ff\" data-element_type=\"section\" data-settings=\"{&quot;background_background&quot;:&quot;classic&quot;}\">\n\t\t\t\t\t\t<div class=\"elementor-container elementor-column-gap-default\">\n\t\t\t\t\t<div class=\"elementor-column elementor-col-100 elementor-top-column elementor-element elementor-element-299bffa\" data-id=\"299bffa\" data-element_type=\"column\">\n\t\t\t<div class=\"elementor-widget-wrap elementor-element-populated\">\n\t\t\t\t\t\t<div class=\"elementor-element elementor-element-de57def elementor-widget elementor-widget-breadcrumbs\" data-id=\"de57def\" data-element_type=\"widget\" data-widget_type=\"breadcrumbs.default\">\n\t\t\t\t<div class=\"elementor-widget-container\">\n\t\t\t\t\t<p id=\"breadcrumbs\"><span><span><a href=\"https:\/\/www.fisan.com\/pt\/\">FISAN<\/a><\/span><\/span><\/p>\t\t\t\t<\/div>\n\t\t\t\t<\/div>\n\t\t\t\t\t<\/div>\n\t\t<\/div>\n\t\t\t\t\t<\/div>\n\t\t<\/section>\n\t\t\t\t<section data-dce-background-image-url=\"https:\/\/www.fisan.com\/wp-content\/uploads\/2022\/09\/la_dehesa_01.jpeg\" class=\"elementor-section elementor-top-section elementor-element elementor-element-47cc53e elementor-section-full_width elementor-section-height-min-height elementor-section-stretched elementor-section-height-default elementor-section-items-middle\" data-id=\"47cc53e\" data-element_type=\"section\" data-settings=\"{&quot;stretch_section&quot;:&quot;section-stretched&quot;,&quot;background_background&quot;:&quot;classic&quot;}\">\n\t\t\t\t\t\t\t<div class=\"elementor-background-overlay\"><\/div>\n\t\t\t\t\t\t\t<div class=\"elementor-container elementor-column-gap-default\">\n\t\t\t\t\t<div class=\"elementor-column elementor-col-100 elementor-top-column elementor-element elementor-element-777dece elementor-invisible\" data-id=\"777dece\" data-element_type=\"column\" data-settings=\"{&quot;animation&quot;:&quot;fadeIn&quot;}\">\n\t\t\t<div class=\"elementor-widget-wrap elementor-element-populated\">\n\t\t\t\t\t\t<div class=\"elementor-element elementor-element-64ac9a9 elementor-widget elementor-widget-heading\" data-id=\"64ac9a9\" data-element_type=\"widget\" data-widget_type=\"heading.default\">\n\t\t\t\t<div class=\"elementor-widget-container\">\n\t\t\t\t\t<p class=\"elementor-heading-title elementor-size-default\">A Origem<\/p>\t\t\t\t<\/div>\n\t\t\t\t<\/div>\n\t\t\t\t<div class=\"elementor-element elementor-element-228995b elementor-widget elementor-widget-heading\" data-id=\"228995b\" data-element_type=\"widget\" data-widget_type=\"heading.default\">\n\t\t\t\t<div class=\"elementor-widget-container\">\n\t\t\t\t\t<h1 class=\"elementor-heading-title elementor-size-default\">TUDO COME\u00c7A NO MONTADO<\/h1>\t\t\t\t<\/div>\n\t\t\t\t<\/div>\n\t\t\t\t<div class=\"elementor-element elementor-element-7de44ed elementor-widget__width-initial dce_masking-none elementor-widget elementor-widget-video\" data-id=\"7de44ed\" data-element_type=\"widget\" data-settings=\"{&quot;youtube_url&quot;:&quot;https:\\\/\\\/www.youtube.com\\\/watch?v=M-nT_HoXfu4&quot;,&quot;lazy_load&quot;:&quot;yes&quot;,&quot;show_image_overlay&quot;:&quot;yes&quot;,&quot;image_overlay&quot;:{&quot;url&quot;:&quot;https:\\\/\\\/www.fisan.com\\\/wp-content\\\/uploads\\\/2022\\\/09\\\/play.png&quot;,&quot;id&quot;:30303,&quot;size&quot;:&quot;&quot;,&quot;alt&quot;:&quot;&quot;,&quot;source&quot;:&quot;library&quot;},&quot;lightbox&quot;:&quot;yes&quot;,&quot;video_type&quot;:&quot;youtube&quot;,&quot;controls&quot;:&quot;yes&quot;}\" data-widget_type=\"video.default\">\n\t\t\t\t<div class=\"elementor-widget-container\">\n\t\t\t\t\t\t\t<div class=\"elementor-wrapper elementor-open-lightbox\">\n\t\t\t\t\t\t\t<div class=\"elementor-custom-embed-image-overlay\" data-elementor-open-lightbox=\"yes\" data-elementor-lightbox=\"{&quot;type&quot;:&quot;video&quot;,&quot;videoType&quot;:&quot;youtube&quot;,&quot;url&quot;:&quot;https:\\\/\\\/www.youtube.com\\\/embed\\\/M-nT_HoXfu4?feature=oembed&amp;start&amp;end&amp;wmode=opaque&amp;loop=0&amp;controls=1&amp;mute=0&amp;rel=0&amp;cc_load_policy=0&quot;,&quot;autoplay&quot;:&quot;&quot;,&quot;modalOptions&quot;:{&quot;id&quot;:&quot;elementor-lightbox-7de44ed&quot;,&quot;entranceAnimation&quot;:&quot;&quot;,&quot;entranceAnimation_tablet&quot;:&quot;&quot;,&quot;entranceAnimation_mobile&quot;:&quot;&quot;,&quot;videoAspectRatio&quot;:&quot;169&quot;}}\" data-e-action-hash=\"#elementor-action%3Aaction%3Dlightbox%26settings%3DeyJ0eXBlIjoidmlkZW8iLCJ2aWRlb1R5cGUiOiJ5b3V0dWJlIiwidXJsIjoiaHR0cHM6XC9cL3d3dy55b3V0dWJlLmNvbVwvZW1iZWRcL00tblRfSG9YZnU0P2ZlYXR1cmU9b2VtYmVkJnN0YXJ0JmVuZCZ3bW9kZT1vcGFxdWUmbG9vcD0wJmNvbnRyb2xzPTEmbXV0ZT0wJnJlbD0wJmNjX2xvYWRfcG9saWN5PTAiLCJhdXRvcGxheSI6IiIsIm1vZGFsT3B0aW9ucyI6eyJpZCI6ImVsZW1lbnRvci1saWdodGJveC03ZGU0NGVkIiwiZW50cmFuY2VBbmltYXRpb24iOiIiLCJlbnRyYW5jZUFuaW1hdGlvbl90YWJsZXQiOiIiLCJlbnRyYW5jZUFuaW1hdGlvbl9tb2JpbGUiOiIiLCJ2aWRlb0FzcGVjdFJhdGlvIjoiMTY5In19\">\n\t\t\t\t\t\t\t\t\t\t\t<img decoding=\"async\" src=\"https:\/\/www.fisan.com\/wp-content\/uploads\/elementor\/thumbs\/play-pwqwxmyb59vnotc93uorjqr3waob2v35xdqdjwelfk.png\" title=\"play\" alt=\"play\" loading=\"lazy\" \/>\t\t\t\t\t\t\t\t\t\t\t\t\t\t<\/div>\n\t\t\t\t\t<\/div>\n\t\t\t\t\t\t<\/div>\n\t\t\t\t<\/div>\n\t\t\t\t\t<\/div>\n\t\t<\/div>\n\t\t\t\t\t<\/div>\n\t\t<\/section>\n\t\t\t\t<section class=\"elementor-section elementor-top-section elementor-element elementor-element-56523ab elementor-section-content-middle elementor-section-boxed elementor-section-height-default elementor-section-height-default\" data-id=\"56523ab\" data-element_type=\"section\" data-settings=\"{&quot;background_background&quot;:&quot;classic&quot;}\">\n\t\t\t\t\t\t<div class=\"elementor-container elementor-column-gap-no\">\n\t\t\t\t\t<div class=\"elementor-column elementor-col-100 elementor-top-column elementor-element elementor-element-ae21250\" data-id=\"ae21250\" data-element_type=\"column\">\n\t\t\t<div class=\"elementor-widget-wrap elementor-element-populated\">\n\t\t\t\t\t\t<div class=\"elementor-element elementor-element-ba06a0e elementor-widget__width-initial elementor-widget-mobile__width-inherit elementor-widget elementor-widget-text-editor\" data-id=\"ba06a0e\" data-element_type=\"widget\" data-widget_type=\"text-editor.default\">\n\t\t\t\t<div class=\"elementor-widget-container\">\n\t\t\t\t\t\t\t\t\t<p>Nascer do sol, uma floresta de azinheiras, sons de paz, tranquilidade e vida. Este \u00e9 o montado, o ecossistema caracter\u00edstico do sudoeste de Espanha. <\/p>\n\t\t\t\t\t\t\t\t<\/div>\n\t\t\t\t<\/div>\n\t\t\t\t<div class=\"elementor-element elementor-element-f9889e7 elementor-widget elementor-widget-spacer\" data-id=\"f9889e7\" data-element_type=\"widget\" data-widget_type=\"spacer.default\">\n\t\t\t\t<div class=\"elementor-widget-container\">\n\t\t\t\t\t\t\t<div class=\"elementor-spacer\">\n\t\t\t<div class=\"elementor-spacer-inner\"><\/div>\n\t\t<\/div>\n\t\t\t\t\t\t<\/div>\n\t\t\t\t<\/div>\n\t\t\t\t<div class=\"elementor-element elementor-element-b3b73be elementor-widget__width-initial elementor-widget elementor-widget-spacer\" data-id=\"b3b73be\" data-element_type=\"widget\" data-widget_type=\"spacer.default\">\n\t\t\t\t<div class=\"elementor-widget-container\">\n\t\t\t\t\t\t\t<div class=\"elementor-spacer\">\n\t\t\t<div class=\"elementor-spacer-inner\"><\/div>\n\t\t<\/div>\n\t\t\t\t\t\t<\/div>\n\t\t\t\t<\/div>\n\t\t\t\t\t<\/div>\n\t\t<\/div>\n\t\t\t\t\t<\/div>\n\t\t<\/section>\n\t\t\t\t<section class=\"elementor-section elementor-top-section elementor-element elementor-element-20d41e8 elementor-section-stretched elementor-section-boxed elementor-section-height-default elementor-section-height-default\" data-id=\"20d41e8\" data-element_type=\"section\" data-settings=\"{&quot;stretch_section&quot;:&quot;section-stretched&quot;,&quot;background_background&quot;:&quot;classic&quot;}\">\n\t\t\t\t\t\t<div class=\"elementor-container elementor-column-gap-default\">\n\t\t\t\t\t<div class=\"elementor-column elementor-col-50 elementor-top-column elementor-element elementor-element-93d688e elementor-invisible\" data-id=\"93d688e\" data-element_type=\"column\" data-settings=\"{&quot;background_background&quot;:&quot;classic&quot;,&quot;animation&quot;:&quot;fadeIn&quot;}\">\n\t\t\t<div class=\"elementor-widget-wrap elementor-element-populated\">\n\t\t\t\t\t<div class=\"elementor-background-overlay\"><\/div>\n\t\t\t\t\t\t<div class=\"elementor-element elementor-element-ba2808b dce_masking-none elementor-widget elementor-widget-image\" data-id=\"ba2808b\" data-element_type=\"widget\" data-widget_type=\"image.default\">\n\t\t\t\t<div class=\"elementor-widget-container\">\n\t\t\t\t\t\t\t\t\t\t\t\t\t\t\t<img fetchpriority=\"high\" decoding=\"async\" width=\"800\" height=\"480\" src=\"https:\/\/www.fisan.com\/wp-content\/uploads\/2022\/09\/la_dehesa_02.jpeg\" class=\"attachment-large size-large wp-image-30317\" alt=\"La vida del cerdo ib\u00e9rico en la dehesa\" srcset=\"https:\/\/www.fisan.com\/wp-content\/uploads\/2022\/09\/la_dehesa_02.jpeg 800w, https:\/\/www.fisan.com\/wp-content\/uploads\/2022\/09\/la_dehesa_02-600x360.jpeg 600w, https:\/\/www.fisan.com\/wp-content\/uploads\/2022\/09\/la_dehesa_02-300x180.jpeg 300w, https:\/\/www.fisan.com\/wp-content\/uploads\/2022\/09\/la_dehesa_02-768x461.jpeg 768w\" sizes=\"(max-width: 800px) 100vw, 800px\" \/>\t\t\t\t\t\t\t\t\t\t\t\t\t\t\t<\/div>\n\t\t\t\t<\/div>\n\t\t\t\t\t<\/div>\n\t\t<\/div>\n\t\t\t\t<div class=\"elementor-column elementor-col-50 elementor-top-column elementor-element elementor-element-049671e\" data-id=\"049671e\" data-element_type=\"column\">\n\t\t\t<div class=\"elementor-widget-wrap elementor-element-populated\">\n\t\t\t\t\t\t<div class=\"elementor-element elementor-element-90a4a36 elementor-widget elementor-widget-heading\" data-id=\"90a4a36\" data-element_type=\"widget\" data-widget_type=\"heading.default\">\n\t\t\t\t<div class=\"elementor-widget-container\">\n\t\t\t\t\t<h2 class=\"elementor-heading-title elementor-size-default\">A VIDA DO PORCO IB\u00c9RICO NO MONTADO\n<\/h2>\t\t\t\t<\/div>\n\t\t\t\t<\/div>\n\t\t\t\t<div class=\"elementor-element elementor-element-d2ac94f elementor-widget__width-initial elementor-widget elementor-widget-text-editor\" data-id=\"d2ac94f\" data-element_type=\"widget\" data-widget_type=\"text-editor.default\">\n\t\t\t\t<div class=\"elementor-widget-container\">\n\t\t\t\t\t\t\t\t\t<p>Assegurando as condi\u00e7\u00f5es \u00f3timas da cria\u00e7\u00e3o do porco ib\u00e9rico<\/p>\n\t\t\t\t\t\t\t\t<\/div>\n\t\t\t\t<\/div>\n\t\t\t\t<div class=\"elementor-element elementor-element-76f3c5c elementor-widget elementor-widget-text-editor\" data-id=\"76f3c5c\" data-element_type=\"widget\" data-widget_type=\"text-editor.default\">\n\t\t\t\t<div class=\"elementor-widget-container\">\n\t\t\t\t\t\t\t\t\t<p><span style=\"font-weight: 400;\">Que os porcos ib\u00e9ricos possam usufruir de todos os recursos oferecidos pelo montado \u00e9 o pilar em que se baseia a elabora\u00e7\u00e3o dos nossos produtos ib\u00e9ricos gourmet.<\/span><\/p><p><span style=\"font-weight: 400;\">Durante a montanheira, o per\u00edodo de maior engorda, os porcos de bellota da FISAN, criados em semiliberdade, alimentam-se, durante pelo menos 60 dias, de bellotas, duplicando, neste tempo, o seu peso. \u00c9 muito importante que os su\u00ednos desfrutem desta liberdade de movimentos para conseguirem a correta infiltra\u00e7\u00e3o das suas gorduras e transform\u00e1-las na propor\u00e7\u00e3o m\u00e1xima, at\u00e9 60% de \u00e1cido oleico. <\/span><\/p>\t\t\t\t\t\t\t\t<\/div>\n\t\t\t\t<\/div>\n\t\t\t\t\t<\/div>\n\t\t<\/div>\n\t\t\t\t\t<\/div>\n\t\t<\/section>\n\t\t\t\t<section class=\"elementor-section elementor-top-section elementor-element elementor-element-d8f3c11 elementor-section-stretched elementor-section-boxed elementor-section-height-default elementor-section-height-default\" data-id=\"d8f3c11\" data-element_type=\"section\" data-settings=\"{&quot;stretch_section&quot;:&quot;section-stretched&quot;,&quot;background_background&quot;:&quot;classic&quot;}\">\n\t\t\t\t\t\t<div class=\"elementor-container elementor-column-gap-default\">\n\t\t\t\t\t<div class=\"elementor-column elementor-col-50 elementor-top-column elementor-element elementor-element-cfb68aa elementor-invisible\" data-id=\"cfb68aa\" data-element_type=\"column\" data-settings=\"{&quot;background_background&quot;:&quot;classic&quot;,&quot;animation&quot;:&quot;fadeIn&quot;}\">\n\t\t\t<div class=\"elementor-widget-wrap elementor-element-populated\">\n\t\t\t\t\t<div class=\"elementor-background-overlay\"><\/div>\n\t\t\t\t\t\t<div class=\"elementor-element elementor-element-cdfe03b dce_masking-none elementor-widget elementor-widget-image\" data-id=\"cdfe03b\" data-element_type=\"widget\" data-widget_type=\"image.default\">\n\t\t\t\t<div class=\"elementor-widget-container\">\n\t\t\t\t\t\t\t\t\t\t\t\t\t\t\t<img decoding=\"async\" width=\"600\" height=\"680\" src=\"https:\/\/www.fisan.com\/wp-content\/uploads\/2022\/09\/la_dehesa_03.jpeg\" class=\"attachment-large size-large wp-image-30319\" alt=\"La vida del cerdo ib\u00e9rico en la dehesa\" srcset=\"https:\/\/www.fisan.com\/wp-content\/uploads\/2022\/09\/la_dehesa_03.jpeg 600w, https:\/\/www.fisan.com\/wp-content\/uploads\/2022\/09\/la_dehesa_03-265x300.jpeg 265w\" sizes=\"(max-width: 600px) 100vw, 600px\" \/>\t\t\t\t\t\t\t\t\t\t\t\t\t\t\t<\/div>\n\t\t\t\t<\/div>\n\t\t\t\t\t<\/div>\n\t\t<\/div>\n\t\t\t\t<div class=\"elementor-column elementor-col-50 elementor-top-column elementor-element elementor-element-8ab6431\" data-id=\"8ab6431\" data-element_type=\"column\">\n\t\t\t<div class=\"elementor-widget-wrap elementor-element-populated\">\n\t\t\t\t\t\t<div class=\"elementor-element elementor-element-09f3e23 dce_masking-none elementor-widget elementor-widget-image\" data-id=\"09f3e23\" data-element_type=\"widget\" data-widget_type=\"image.default\">\n\t\t\t\t<div class=\"elementor-widget-container\">\n\t\t\t\t\t\t\t\t\t\t\t\t\t\t\t<img decoding=\"async\" width=\"411\" height=\"250\" src=\"https:\/\/www.fisan.com\/wp-content\/uploads\/2022\/09\/la_dehesa_04.jpeg\" class=\"attachment-full size-full wp-image-30321\" alt=\"las bellotas de los encinares son el alimento por excelencia de nuestros cerdos de FISAN\" srcset=\"https:\/\/www.fisan.com\/wp-content\/uploads\/2022\/09\/la_dehesa_04.jpeg 411w, https:\/\/www.fisan.com\/wp-content\/uploads\/2022\/09\/la_dehesa_04-300x182.jpeg 300w\" sizes=\"(max-width: 411px) 100vw, 411px\" \/>\t\t\t\t\t\t\t\t\t\t\t\t\t\t\t<\/div>\n\t\t\t\t<\/div>\n\t\t\t\t<div class=\"elementor-element elementor-element-1390202 elementor-view-default elementor-widget elementor-widget-icon\" data-id=\"1390202\" data-element_type=\"widget\" data-widget_type=\"icon.default\">\n\t\t\t\t<div class=\"elementor-widget-container\">\n\t\t\t\t\t\t\t<div class=\"elementor-icon-wrapper\">\n\t\t\t<div class=\"elementor-icon\">\n\t\t\t<svg xmlns=\"http:\/\/www.w3.org\/2000\/svg\" xmlns:xlink=\"http:\/\/www.w3.org\/1999\/xlink\" id=\"Modo_de_aislamiento\" x=\"0px\" y=\"0px\" viewBox=\"0 0 500 500\" style=\"enable-background:new 0 0 500 500;\" xml:space=\"preserve\"><g id=\"XMLID_20_\">\t<g id=\"XMLID_26_\">\t\t<g id=\"XMLID_61_\">\t\t\t<g id=\"XMLID_136_\">\t\t\t\t<g id=\"XMLID_75_\">\t\t\t\t\t<g id=\"XMLID_84_\">\t\t\t\t\t\t<g id=\"XMLID_85_\">\t\t\t\t\t\t\t<g id=\"XMLID_90_\">\t\t\t\t\t\t\t\t<path id=\"XMLID_92_\" d=\"M334,321.5c0-24.9-15.2-54.6-27.4-76.9c-15.9-29.2-26.8-42.2-26.8-51.2c0-3.9,2.5-7.5,7.5-7.5         s8.2,3.9,16.8,11.3l8.4-3.2l-9.3-23.4h-7.7l-4.5,3.4c-2-0.2-3.9-0.5-5.9-0.5c-11.1,0-17.9,6.8-17.9,18.4         c0,12.9,11.6,27.9,29.2,61.2c12,21.8,24.9,48.1,24.9,70.5c0,12.2-6.3,20.9-15.2,24.3c-2,5.4-5,10-8.4,14.1         C315.9,361.6,334,347.3,334,321.5z\"><\/path>\t\t\t\t\t\t\t\t<path id=\"XMLID_91_\" d=\"M285,346.6c-6.8-3.6-10.2-10.2-11.6-14.3c0,0-4.1-12.2-4.1-24.9l-8.8-0.7l-9.1,27l6.1,2.9l4.3-0.5         l0,0c0,0,2.9,11.3,14.1,19.3C279.6,353.2,282.8,350.3,285,346.6z\"><\/path>\t\t\t\t\t\t\t<\/g>\t\t\t\t\t\t\t<path id=\"XMLID_89_\" d=\"M271.4,225.3c-7.5-13.8-14.1-24.7-19.5-33.6c-9.7-16.1-15.6-25.8-15.6-33.8c0-5.7,3.9-11.3,11.1-11.3        c5.9,0,10.2,3.9,17.9,10.7c1.4,1.1,2.7,2.5,4.3,3.9l8.8-3.2l-11.1-28.1h-8.6l-6.1,4.3l-1.4-0.2c-2.3-0.2-4.3-0.5-6.6-0.5        c-13.8,0-22,8.4-22,22.2c0,11.3,7.5,24.5,19.7,46c5.4,9.3,11.3,20,18.1,32.9c16.1,29.2,32.6,63,32.6,92.5        c0,23.1-16.8,35.4-33.3,35.4c-18.1,0-28.3-12.7-31.7-23.6c-0.2-0.7-5-15.4-5.2-31.5l-8.8-0.7l-10.9,32.9l6.3,2.9l5-0.7h0.2        c0.7,0,1.4,0.5,1.4,1.1c0,0.2,4.1,15.2,18.8,25.2c0.2,0.2,10.2,7.5,25.4,7.5c23.1,0,46.3-17.5,46.3-51        C307.2,294.3,289.1,257.3,271.4,225.3z\"><\/path>\t\t\t\t\t\t\t<g id=\"XMLID_86_\">\t\t\t\t\t\t\t\t<path id=\"XMLID_88_\" d=\"M237.9,350c6.3-6.8,10.4-16.6,10.4-28.8c0-24.9-15.2-54.6-27.4-76.9c-15.9-29.2-26.8-42.2-26.8-51.2         c0-3.9,2.5-7.5,7.5-7.5c5,0,8.2,3.9,16.8,11.3l8.4-3.2l-9.3-23.4h-7.7l-4.5,3.4c-2-0.2-3.9-0.5-5.9-0.5         c-11.1,0-17.9,6.8-17.9,18.4c0,12.9,11.6,27.9,29.2,61.2c12,21.8,24.9,48.1,24.9,70.5c0,5.9-1.6,10.9-4.1,15l0,0         C232.7,342.3,234.7,346.6,237.9,350z\"><\/path>\t\t\t\t\t\t\t\t<path id=\"XMLID_87_\" d=\"M211.1,349.6c-14.7,0-21.3-10.9-23.1-17.2c0,0-4.1-12.2-4.1-24.9l-8.8-0.7l-9.1,27l6.1,2.9l4.3-0.5         l0,0c0,0,3.2,12,15,20c0,0,7.9,5.9,20.2,5.9c3.6,0,7-0.5,10.4-1.6c-3.2-4.1-5.4-8.2-6.6-11.1         C214.1,349.4,212.7,349.6,211.1,349.6z\"><\/path>\t\t\t\t\t\t\t<\/g>\t\t\t\t\t\t<\/g>\t\t\t\t\t<\/g>\t\t\t\t<\/g>\t\t\t<\/g>\t\t<\/g>\t<\/g><\/g><\/svg>\t\t\t<\/div>\n\t\t<\/div>\n\t\t\t\t\t\t<\/div>\n\t\t\t\t<\/div>\n\t\t\t\t<div class=\"elementor-element elementor-element-e003ab4 elementor-widget elementor-widget-heading\" data-id=\"e003ab4\" data-element_type=\"widget\" data-widget_type=\"heading.default\">\n\t\t\t\t<div class=\"elementor-widget-container\">\n\t\t\t\t\t<h2 class=\"elementor-heading-title elementor-size-default\">O AMBIENTE IDEAL PARA O PORCO IB\u00c9RICO<\/h2>\t\t\t\t<\/div>\n\t\t\t\t<\/div>\n\t\t\t\t<div class=\"elementor-element elementor-element-c1aad6d elementor-widget elementor-widget-text-editor\" data-id=\"c1aad6d\" data-element_type=\"widget\" data-widget_type=\"text-editor.default\">\n\t\t\t\t<div class=\"elementor-widget-container\">\n\t\t\t\t\t\t\t\t\t<p><span style=\"font-weight: 400;\">As azinheiras e os sobreiros que comp\u00f5em o montado pertencem \u00e0 esp\u00e9cie Quercus e o seu fruto \u00e9 a distintiva bellota. De cor castanha e de sabor doce, as bellotas das azinheiras s\u00e3o o alimento por excel\u00eancia dos nossos porcos, e as suas qualidades refletem-se no produto final FISAN.  <\/span><\/p>\n\t\t\t\t\t\t\t\t<\/div>\n\t\t\t\t<\/div>\n\t\t\t\t\t<\/div>\n\t\t<\/div>\n\t\t\t\t\t<\/div>\n\t\t<\/section>\n\t\t\t\t<section class=\"elementor-section elementor-top-section elementor-element elementor-element-b627a00 elementor-section-stretched elementor-section-boxed elementor-section-height-default elementor-section-height-default\" data-id=\"b627a00\" data-element_type=\"section\" data-settings=\"{&quot;stretch_section&quot;:&quot;section-stretched&quot;,&quot;background_background&quot;:&quot;classic&quot;}\">\n\t\t\t\t\t\t<div class=\"elementor-container elementor-column-gap-default\">\n\t\t\t\t\t<div class=\"elementor-column elementor-col-50 elementor-top-column elementor-element elementor-element-3f56269\" data-id=\"3f56269\" data-element_type=\"column\">\n\t\t\t<div class=\"elementor-widget-wrap elementor-element-populated\">\n\t\t\t\t\t\t<div class=\"elementor-element elementor-element-3d8c09c elementor-widget-divider--view-line elementor-widget elementor-widget-divider\" data-id=\"3d8c09c\" data-element_type=\"widget\" data-widget_type=\"divider.default\">\n\t\t\t\t<div class=\"elementor-widget-container\">\n\t\t\t\t\t\t\t<div class=\"elementor-divider\">\n\t\t\t<span class=\"elementor-divider-separator\">\n\t\t\t\t\t\t<\/span>\n\t\t<\/div>\n\t\t\t\t\t\t<\/div>\n\t\t\t\t<\/div>\n\t\t\t\t<div class=\"elementor-element elementor-element-a781ce7 elementor-widget__width-initial elementor-widget elementor-widget-text-editor\" data-id=\"a781ce7\" data-element_type=\"widget\" data-widget_type=\"text-editor.default\">\n\t\t\t\t<div class=\"elementor-widget-container\">\n\t\t\t\t\t\t\t\t\t<p>Natureza em estado puro e o andar em liberdade dos porcos ib\u00e9ricos por um ecossistema \u00fanico, o montado.<\/p>\n\t\t\t\t\t\t\t\t<\/div>\n\t\t\t\t<\/div>\n\t\t\t\t\t<\/div>\n\t\t<\/div>\n\t\t\t\t<div class=\"elementor-column elementor-col-50 elementor-top-column elementor-element elementor-element-1bb0a98 elementor-invisible\" data-id=\"1bb0a98\" data-element_type=\"column\" data-settings=\"{&quot;background_background&quot;:&quot;classic&quot;,&quot;animation&quot;:&quot;fadeIn&quot;}\">\n\t\t\t<div class=\"elementor-widget-wrap elementor-element-populated\">\n\t\t\t\t\t<div class=\"elementor-background-overlay\"><\/div>\n\t\t\t\t\t\t<div class=\"elementor-element elementor-element-6e3cbd8 dce_masking-none elementor-widget elementor-widget-image\" data-id=\"6e3cbd8\" data-element_type=\"widget\" data-widget_type=\"image.default\">\n\t\t\t\t<div class=\"elementor-widget-container\">\n\t\t\t\t\t\t\t\t\t\t\t\t\t\t\t<img loading=\"lazy\" decoding=\"async\" width=\"800\" height=\"480\" src=\"https:\/\/www.fisan.com\/wp-content\/uploads\/2022\/09\/la_dehesa_05.jpeg\" class=\"attachment-large size-large wp-image-30323\" alt=\"Naturaleza en estado puro y campeo en libertad de los cerdos ib\u00e9ricos por un ecosistema \u00fanico, la dehesa\" srcset=\"https:\/\/www.fisan.com\/wp-content\/uploads\/2022\/09\/la_dehesa_05.jpeg 800w, https:\/\/www.fisan.com\/wp-content\/uploads\/2022\/09\/la_dehesa_05-600x360.jpeg 600w, https:\/\/www.fisan.com\/wp-content\/uploads\/2022\/09\/la_dehesa_05-300x180.jpeg 300w, https:\/\/www.fisan.com\/wp-content\/uploads\/2022\/09\/la_dehesa_05-768x461.jpeg 768w\" sizes=\"(max-width: 800px) 100vw, 800px\" \/>\t\t\t\t\t\t\t\t\t\t\t\t\t\t\t<\/div>\n\t\t\t\t<\/div>\n\t\t\t\t\t<\/div>\n\t\t<\/div>\n\t\t\t\t\t<\/div>\n\t\t<\/section>\n\t\t\t\t<section class=\"elementor-section elementor-top-section elementor-element elementor-element-fe71f25 elementor-section-stretched elementor-section-boxed elementor-section-height-default elementor-section-height-default\" data-id=\"fe71f25\" data-element_type=\"section\" data-settings=\"{&quot;stretch_section&quot;:&quot;section-stretched&quot;,&quot;background_background&quot;:&quot;classic&quot;}\">\n\t\t\t\t\t\t<div class=\"elementor-container elementor-column-gap-default\">\n\t\t\t\t\t<div data-dce-background-color=\"#F7F7F7\" class=\"elementor-column elementor-col-50 elementor-top-column elementor-element elementor-element-e89ebff\" data-id=\"e89ebff\" data-element_type=\"column\" data-settings=\"{&quot;background_background&quot;:&quot;classic&quot;}\">\n\t\t\t<div class=\"elementor-widget-wrap elementor-element-populated\">\n\t\t\t\t\t<div class=\"elementor-background-overlay\"><\/div>\n\t\t\t\t\t\t<div class=\"elementor-element elementor-element-06003bd dce_masking-none elementor-invisible elementor-widget elementor-widget-image\" data-id=\"06003bd\" data-element_type=\"widget\" data-settings=\"{&quot;_animation&quot;:&quot;fadeInLeft&quot;}\" data-widget_type=\"image.default\">\n\t\t\t\t<div class=\"elementor-widget-container\">\n\t\t\t\t\t\t\t\t\t\t\t\t\t\t\t<img loading=\"lazy\" decoding=\"async\" width=\"1024\" height=\"857\" src=\"https:\/\/www.fisan.com\/wp-content\/uploads\/2024\/11\/mapa-dehesas-FISAN-1024x857.png\" class=\"attachment-large size-large wp-image-50557\" alt=\"\" srcset=\"https:\/\/www.fisan.com\/wp-content\/uploads\/2024\/11\/mapa-dehesas-FISAN-1024x857.png 1024w, https:\/\/www.fisan.com\/wp-content\/uploads\/2024\/11\/mapa-dehesas-FISAN-300x251.png 300w, https:\/\/www.fisan.com\/wp-content\/uploads\/2024\/11\/mapa-dehesas-FISAN-768x643.png 768w, https:\/\/www.fisan.com\/wp-content\/uploads\/2024\/11\/mapa-dehesas-FISAN-1536x1285.png 1536w, https:\/\/www.fisan.com\/wp-content\/uploads\/2024\/11\/mapa-dehesas-FISAN-2048x1714.png 2048w, https:\/\/www.fisan.com\/wp-content\/uploads\/2024\/11\/mapa-dehesas-FISAN-600x502.png 600w\" sizes=\"(max-width: 1024px) 100vw, 1024px\" \/>\t\t\t\t\t\t\t\t\t\t\t\t\t\t\t<\/div>\n\t\t\t\t<\/div>\n\t\t\t\t\t<\/div>\n\t\t<\/div>\n\t\t\t\t<div data-dce-background-color=\"#F7F7F7\" class=\"elementor-column elementor-col-50 elementor-top-column elementor-element elementor-element-3a8127a\" data-id=\"3a8127a\" data-element_type=\"column\" data-settings=\"{&quot;background_background&quot;:&quot;classic&quot;}\">\n\t\t\t<div class=\"elementor-widget-wrap elementor-element-populated\">\n\t\t\t\t\t\t<div class=\"elementor-element elementor-element-2f75102 elementor-widget elementor-widget-heading\" data-id=\"2f75102\" data-element_type=\"widget\" data-widget_type=\"heading.default\">\n\t\t\t\t<div class=\"elementor-widget-container\">\n\t\t\t\t\t<h2 class=\"elementor-heading-title elementor-size-default\">O MONTADO FISAN<\/h2>\t\t\t\t<\/div>\n\t\t\t\t<\/div>\n\t\t\t\t<div class=\"elementor-element elementor-element-2338326 elementor-widget__width-initial elementor-widget elementor-widget-text-editor\" data-id=\"2338326\" data-element_type=\"widget\" data-widget_type=\"text-editor.default\">\n\t\t\t\t<div class=\"elementor-widget-container\">\n\t\t\t\t\t\t\t\t\t<p>Salamanca, Estremadura e Andaluzia<\/p>\t\t\t\t\t\t\t\t<\/div>\n\t\t\t\t<\/div>\n\t\t\t\t<div class=\"elementor-element elementor-element-1d2ba62 elementor-widget-divider--view-line elementor-widget elementor-widget-divider\" data-id=\"1d2ba62\" data-element_type=\"widget\" data-widget_type=\"divider.default\">\n\t\t\t\t<div class=\"elementor-widget-container\">\n\t\t\t\t\t\t\t<div class=\"elementor-divider\">\n\t\t\t<span class=\"elementor-divider-separator\">\n\t\t\t\t\t\t<\/span>\n\t\t<\/div>\n\t\t\t\t\t\t<\/div>\n\t\t\t\t<\/div>\n\t\t\t\t<div class=\"elementor-element elementor-element-6a47e2a elementor-widget elementor-widget-text-editor\" data-id=\"6a47e2a\" data-element_type=\"widget\" data-widget_type=\"text-editor.default\">\n\t\t\t\t<div class=\"elementor-widget-container\">\n\t\t\t\t\t\t\t\t\t<p><span style=\"font-weight: 400;\">O trabalho de cada temporada na FISAN come\u00e7a a centenas de quil\u00f3metros das nossas instala\u00e7\u00f5es, nos montados do sudoeste da Pen\u00ednsula Ib\u00e9rica. Localizados em C\u00e1ceres, Badajoz, Serra Norte de Sevilha, Huelva e C\u00f3rdoba, e geridos diretamente pela FISAN, s\u00e3o muito frut\u00edferos e de qualidade excecional todos os anos. <\/span><\/p><p><span style=\"font-weight: 400;\">Este trabalho \u00e9 fundamental para o resultado final, selecionando a gen\u00e9tica e a morfologia das piaras que far\u00e3o parte da mat\u00e9ria-prima da campanha e, por outro lado, garantindo que a sua cria\u00e7\u00e3o \u00e9 correta e de aproveitamento \u00f3timo. <\/span><\/p>\t\t\t\t\t\t\t\t<\/div>\n\t\t\t\t<\/div>\n\t\t\t\t\t<\/div>\n\t\t<\/div>\n\t\t\t\t\t<\/div>\n\t\t<\/section>\n\t\t\t\t<section data-dce-background-overlay-color=\"#020202\" data-dce-background-image-url=\"https:\/\/www.fisan.com\/wp-content\/uploads\/2022\/09\/la_dehesa_07.jpeg\" class=\"elementor-section elementor-top-section elementor-element elementor-element-f0bbc22 elementor-section-stretched elementor-section-height-min-height elementor-section-boxed elementor-section-height-default elementor-section-items-middle\" data-id=\"f0bbc22\" data-element_type=\"section\" data-settings=\"{&quot;stretch_section&quot;:&quot;section-stretched&quot;,&quot;background_background&quot;:&quot;classic&quot;}\">\n\t\t\t\t\t\t\t<div class=\"elementor-background-overlay\"><\/div>\n\t\t\t\t\t\t\t<div class=\"elementor-container elementor-column-gap-default\">\n\t\t\t\t\t<div class=\"elementor-column elementor-col-100 elementor-top-column elementor-element elementor-element-6e06996\" data-id=\"6e06996\" data-element_type=\"column\" data-settings=\"{&quot;background_background&quot;:&quot;classic&quot;}\">\n\t\t\t<div class=\"elementor-widget-wrap elementor-element-populated\">\n\t\t\t\t\t\t<section class=\"elementor-section elementor-inner-section elementor-element elementor-element-a03fe48 elementor-section-boxed elementor-section-height-default elementor-section-height-default\" data-id=\"a03fe48\" data-element_type=\"section\">\n\t\t\t\t\t\t<div class=\"elementor-container elementor-column-gap-default\">\n\t\t\t\t\t<div class=\"elementor-column elementor-col-50 elementor-inner-column elementor-element elementor-element-57a500f\" data-id=\"57a500f\" data-element_type=\"column\">\n\t\t\t<div class=\"elementor-widget-wrap elementor-element-populated\">\n\t\t\t\t\t\t<div class=\"elementor-element elementor-element-139eebc elementor-widget elementor-widget-heading\" data-id=\"139eebc\" data-element_type=\"widget\" data-widget_type=\"heading.default\">\n\t\t\t\t<div class=\"elementor-widget-container\">\n\t\t\t\t\t<h2 class=\"elementor-heading-title elementor-size-default\">MONTANHEIRA FISAN<\/h2>\t\t\t\t<\/div>\n\t\t\t\t<\/div>\n\t\t\t\t<div class=\"elementor-element elementor-element-8e1c702 elementor-widget elementor-widget-heading\" data-id=\"8e1c702\" data-element_type=\"widget\" data-widget_type=\"heading.default\">\n\t\t\t\t<div class=\"elementor-widget-container\">\n\t\t\t\t\t<p class=\"elementor-heading-title elementor-size-default\">Uma montanheira dupla \u00fanica<\/p>\t\t\t\t<\/div>\n\t\t\t\t<\/div>\n\t\t\t\t<div class=\"elementor-element elementor-element-ad71ebd elementor-widget-divider--view-line elementor-widget elementor-widget-divider\" data-id=\"ad71ebd\" data-element_type=\"widget\" data-widget_type=\"divider.default\">\n\t\t\t\t<div class=\"elementor-widget-container\">\n\t\t\t\t\t\t\t<div class=\"elementor-divider\">\n\t\t\t<span class=\"elementor-divider-separator\">\n\t\t\t\t\t\t<\/span>\n\t\t<\/div>\n\t\t\t\t\t\t<\/div>\n\t\t\t\t<\/div>\n\t\t\t\t<div class=\"elementor-element elementor-element-24a2a53 elementor-widget-tablet__width-initial elementor-widget__width-initial elementor-widget elementor-widget-text-editor\" data-id=\"24a2a53\" data-element_type=\"widget\" data-widget_type=\"text-editor.default\">\n\t\t\t\t<div class=\"elementor-widget-container\">\n\t\t\t\t\t\t\t\t\t<p>As diferentes fases da vida do porco ib\u00e9rico no montado, trazem esse sabor \u00fanico e inconfund\u00edvel ao produto de bellota FISAN. <\/p>\n\t\t\t\t\t\t\t\t<\/div>\n\t\t\t\t<\/div>\n\t\t\t\t<div class=\"elementor-element elementor-element-f413907 elementor-align-center elementor-mobile-align-center elementor-widget elementor-widget-button\" data-id=\"f413907\" data-element_type=\"widget\" data-widget_type=\"button.default\">\n\t\t\t\t<div class=\"elementor-widget-container\">\n\t\t\t\t\t\t\t\t\t<div class=\"elementor-button-wrapper\">\n\t\t\t\t\t<a class=\"elementor-button elementor-button-link elementor-size-sm\" href=\"https:\/\/www.fisan.com\/pt\/mundo-iberico\/a-montanheira\/\">\n\t\t\t\t\t\t<span class=\"elementor-button-content-wrapper\">\n\t\t\t\t\t\t\t\t\t<span class=\"elementor-button-text\">Ver mais<\/span>\n\t\t\t\t\t<\/span>\n\t\t\t\t\t<\/a>\n\t\t\t\t<\/div>\n\t\t\t\t\t\t\t\t<\/div>\n\t\t\t\t<\/div>\n\t\t\t\t\t<\/div>\n\t\t<\/div>\n\t\t\t\t<div class=\"elementor-column elementor-col-50 elementor-inner-column elementor-element elementor-element-035bf6e\" data-id=\"035bf6e\" data-element_type=\"column\">\n\t\t\t<div class=\"elementor-widget-wrap elementor-element-populated\">\n\t\t\t\t\t\t<div class=\"elementor-element elementor-element-3b443e5 elementor-view-default elementor-widget elementor-widget-icon\" data-id=\"3b443e5\" data-element_type=\"widget\" data-widget_type=\"icon.default\">\n\t\t\t\t<div class=\"elementor-widget-container\">\n\t\t\t\t\t\t\t<div class=\"elementor-icon-wrapper\">\n\t\t\t<div class=\"elementor-icon\">\n\t\t\t<svg xmlns=\"http:\/\/www.w3.org\/2000\/svg\" xmlns:xlink=\"http:\/\/www.w3.org\/1999\/xlink\" id=\"Modo_de_aislamiento\" x=\"0px\" y=\"0px\" viewBox=\"0 0 500 500\" style=\"enable-background:new 0 0 500 500;\" xml:space=\"preserve\"><g id=\"XMLID_20_\">\t<g id=\"XMLID_26_\">\t\t<g id=\"XMLID_61_\">\t\t\t<g id=\"XMLID_136_\">\t\t\t\t<g id=\"XMLID_75_\">\t\t\t\t\t<g id=\"XMLID_84_\">\t\t\t\t\t\t<g id=\"XMLID_85_\">\t\t\t\t\t\t\t<g id=\"XMLID_90_\">\t\t\t\t\t\t\t\t<path id=\"XMLID_92_\" d=\"M334,321.5c0-24.9-15.2-54.6-27.4-76.9c-15.9-29.2-26.8-42.2-26.8-51.2c0-3.9,2.5-7.5,7.5-7.5         s8.2,3.9,16.8,11.3l8.4-3.2l-9.3-23.4h-7.7l-4.5,3.4c-2-0.2-3.9-0.5-5.9-0.5c-11.1,0-17.9,6.8-17.9,18.4         c0,12.9,11.6,27.9,29.2,61.2c12,21.8,24.9,48.1,24.9,70.5c0,12.2-6.3,20.9-15.2,24.3c-2,5.4-5,10-8.4,14.1         C315.9,361.6,334,347.3,334,321.5z\"><\/path>\t\t\t\t\t\t\t\t<path id=\"XMLID_91_\" d=\"M285,346.6c-6.8-3.6-10.2-10.2-11.6-14.3c0,0-4.1-12.2-4.1-24.9l-8.8-0.7l-9.1,27l6.1,2.9l4.3-0.5         l0,0c0,0,2.9,11.3,14.1,19.3C279.6,353.2,282.8,350.3,285,346.6z\"><\/path>\t\t\t\t\t\t\t<\/g>\t\t\t\t\t\t\t<path id=\"XMLID_89_\" d=\"M271.4,225.3c-7.5-13.8-14.1-24.7-19.5-33.6c-9.7-16.1-15.6-25.8-15.6-33.8c0-5.7,3.9-11.3,11.1-11.3        c5.9,0,10.2,3.9,17.9,10.7c1.4,1.1,2.7,2.5,4.3,3.9l8.8-3.2l-11.1-28.1h-8.6l-6.1,4.3l-1.4-0.2c-2.3-0.2-4.3-0.5-6.6-0.5        c-13.8,0-22,8.4-22,22.2c0,11.3,7.5,24.5,19.7,46c5.4,9.3,11.3,20,18.1,32.9c16.1,29.2,32.6,63,32.6,92.5        c0,23.1-16.8,35.4-33.3,35.4c-18.1,0-28.3-12.7-31.7-23.6c-0.2-0.7-5-15.4-5.2-31.5l-8.8-0.7l-10.9,32.9l6.3,2.9l5-0.7h0.2        c0.7,0,1.4,0.5,1.4,1.1c0,0.2,4.1,15.2,18.8,25.2c0.2,0.2,10.2,7.5,25.4,7.5c23.1,0,46.3-17.5,46.3-51        C307.2,294.3,289.1,257.3,271.4,225.3z\"><\/path>\t\t\t\t\t\t\t<g id=\"XMLID_86_\">\t\t\t\t\t\t\t\t<path id=\"XMLID_88_\" d=\"M237.9,350c6.3-6.8,10.4-16.6,10.4-28.8c0-24.9-15.2-54.6-27.4-76.9c-15.9-29.2-26.8-42.2-26.8-51.2         c0-3.9,2.5-7.5,7.5-7.5c5,0,8.2,3.9,16.8,11.3l8.4-3.2l-9.3-23.4h-7.7l-4.5,3.4c-2-0.2-3.9-0.5-5.9-0.5         c-11.1,0-17.9,6.8-17.9,18.4c0,12.9,11.6,27.9,29.2,61.2c12,21.8,24.9,48.1,24.9,70.5c0,5.9-1.6,10.9-4.1,15l0,0         C232.7,342.3,234.7,346.6,237.9,350z\"><\/path>\t\t\t\t\t\t\t\t<path id=\"XMLID_87_\" d=\"M211.1,349.6c-14.7,0-21.3-10.9-23.1-17.2c0,0-4.1-12.2-4.1-24.9l-8.8-0.7l-9.1,27l6.1,2.9l4.3-0.5         l0,0c0,0,3.2,12,15,20c0,0,7.9,5.9,20.2,5.9c3.6,0,7-0.5,10.4-1.6c-3.2-4.1-5.4-8.2-6.6-11.1         C214.1,349.4,212.7,349.6,211.1,349.6z\"><\/path>\t\t\t\t\t\t\t<\/g>\t\t\t\t\t\t<\/g>\t\t\t\t\t<\/g>\t\t\t\t<\/g>\t\t\t<\/g>\t\t<\/g>\t<\/g><\/g><\/svg>\t\t\t<\/div>\n\t\t<\/div>\n\t\t\t\t\t\t<\/div>\n\t\t\t\t<\/div>\n\t\t\t\t\t<\/div>\n\t\t<\/div>\n\t\t\t\t\t<\/div>\n\t\t<\/section>\n\t\t\t\t\t<\/div>\n\t\t<\/div>\n\t\t\t\t\t<\/div>\n\t\t<\/section>\n\t\t\t\t<\/div>\n\t\t","protected":false},"excerpt":{"rendered":"<p>A Origem TUDO COME\u00c7A NO MONTADO https:\/\/www.youtube.com\/watch?v=M-nT_HoXfu4 Nascer do sol, uma floresta de azinheiras, sons de paz, tranquilidade e vida. Este \u00e9 o montado, o ecossistema caracter\u00edstico do sudoeste de Espanha. A VIDA DO PORCO IB\u00c9RICO NO MONTADO Assegurando as condi\u00e7\u00f5es \u00f3timas da cria\u00e7\u00e3o do porco ib\u00e9rico Que os porcos ib\u00e9ricos possam usufruir de todos &#8230; <a title=\"Dehesa\" class=\"read-more\" href=\"https:\/\/www.fisan.com\/pt\/mundo-iberico\/dehesa\/\" aria-label=\"Leia mais sobre Dehesa\">Ler mais<\/a><\/p>\n","protected":false},"author":1,"featured_media":0,"parent":0,"menu_order":1,"comment_status":"closed","ping_status":"closed","template":"","meta":{"_acf_changed":false,"footnotes":"","_wp_rev_ctl_limit":""},"class_list":["post-33154","page","type-page","status-publish"],"acf":[],"yoast_head":"<!-- This site is optimized with the Yoast SEO plugin v25.4 - https:\/\/yoast.com\/wordpress\/plugins\/seo\/ -->\n<title>A Dehesa | FISAN<\/title>\n<meta name=\"description\" content=\"A origem do nosso sabor ib\u00e9rico est\u00e1 na dehesa, onde os porcos vagueiam livres num ambiente \u00fanico. Saiba mais sobre este ecossistema!\" \/>\n<meta name=\"robots\" content=\"index, follow, max-snippet:-1, max-image-preview:large, max-video-preview:-1\" \/>\n<link rel=\"canonical\" href=\"https:\/\/www.fisan.com\/pt\/mundo-iberico\/dehesa\/\" \/>\n<meta property=\"og:locale\" content=\"pt_PT\" \/>\n<meta property=\"og:type\" content=\"article\" \/>\n<meta property=\"og:title\" content=\"A Dehesa | FISAN\" \/>\n<meta property=\"og:description\" content=\"A origem do nosso sabor ib\u00e9rico est\u00e1 na dehesa, onde os porcos vagueiam livres num ambiente \u00fanico. Saiba mais sobre este ecossistema!\" \/>\n<meta property=\"og:url\" content=\"https:\/\/www.fisan.com\/pt\/mundo-iberico\/dehesa\/\" \/>\n<meta property=\"og:site_name\" content=\"FISAN\" \/>\n<meta property=\"article:modified_time\" content=\"2024-11-14T10:09:56+00:00\" \/>\n<meta property=\"og:image\" content=\"https:\/\/www.fisan.com\/wp-content\/uploads\/2022\/09\/la_dehesa_02.jpeg\" \/>\n<meta name=\"twitter:card\" content=\"summary_large_image\" \/>\n<meta name=\"twitter:label1\" content=\"Tempo estimado de leitura\" \/>\n\t<meta name=\"twitter:data1\" content=\"4 minutos\" \/>\n<script type=\"application\/ld+json\" class=\"yoast-schema-graph\">{\n\t    \"@context\": \"https:\/\/schema.org\",\n\t    \"@graph\": [\n\t        {\n\t            \"@type\": \"WebPage\",\n\t            \"@id\": \"https:\/\/www.fisan.com\/pt\/mundo-iberico\/dehesa\/\",\n\t            \"url\": \"https:\/\/www.fisan.com\/pt\/mundo-iberico\/dehesa\/\",\n\t            \"name\": \"A Dehesa | FISAN\",\n\t            \"isPartOf\": {\n\t                \"@id\": \"https:\/\/www.fisan.com\/pt\/#website\"\n\t            },\n\t            \"primaryImageOfPage\": {\n\t                \"@id\": \"https:\/\/www.fisan.com\/pt\/mundo-iberico\/dehesa\/#primaryimage\"\n\t            },\n\t            \"image\": {\n\t                \"@id\": \"https:\/\/www.fisan.com\/pt\/mundo-iberico\/dehesa\/#primaryimage\"\n\t            },\n\t            \"thumbnailUrl\": \"https:\/\/www.fisan.com\/wp-content\/uploads\/2022\/09\/la_dehesa_02.jpeg\",\n\t            \"datePublished\": \"2022-08-30T08:11:24+00:00\",\n\t            \"dateModified\": \"2024-11-14T10:09:56+00:00\",\n\t            \"description\": \"A origem do nosso sabor ib\u00e9rico est\u00e1 na dehesa, onde os porcos vagueiam livres num ambiente \u00fanico. Saiba mais sobre este ecossistema!\",\n\t            \"breadcrumb\": {\n\t                \"@id\": \"https:\/\/www.fisan.com\/pt\/mundo-iberico\/dehesa\/#breadcrumb\"\n\t            },\n\t            \"inLanguage\": \"pt-PT\",\n\t            \"potentialAction\": [\n\t                {\n\t                    \"@type\": \"ReadAction\",\n\t                    \"target\": [\n\t                        \"https:\/\/www.fisan.com\/pt\/mundo-iberico\/dehesa\/\"\n\t                    ]\n\t                }\n\t            ]\n\t        },\n\t        {\n\t            \"@type\": \"ImageObject\",\n\t            \"inLanguage\": \"pt-PT\",\n\t            \"@id\": \"https:\/\/www.fisan.com\/pt\/mundo-iberico\/dehesa\/#primaryimage\",\n\t            \"url\": \"https:\/\/www.fisan.com\/wp-content\/uploads\/2022\/09\/la_dehesa_02.jpeg\",\n\t            \"contentUrl\": \"https:\/\/www.fisan.com\/wp-content\/uploads\/2022\/09\/la_dehesa_02.jpeg\"\n\t        },\n\t        {\n\t            \"@type\": \"BreadcrumbList\",\n\t            \"@id\": \"https:\/\/www.fisan.com\/pt\/mundo-iberico\/dehesa\/#breadcrumb\",\n\t            \"itemListElement\": [\n\t                {\n\t                    \"@type\": \"ListItem\",\n\t                    \"position\": 1,\n\t                    \"name\": \"FISAN\",\n\t                    \"item\": \"https:\/\/www.fisan.com\/pt\/\"\n\t                },\n\t                {\n\t                    \"@type\": \"ListItem\",\n\t                    \"position\": 2,\n\t                    \"name\": \"Dehesa\"\n\t                }\n\t            ]\n\t        },\n\t        {\n\t            \"@type\": \"WebSite\",\n\t            \"@id\": \"https:\/\/www.fisan.com\/pt\/#website\",\n\t            \"url\": \"https:\/\/www.fisan.com\/pt\/\",\n\t            \"name\": \"FISAN\",\n\t            \"description\": \"FISAN | Jamones de bellota ib\u00e9rico y embutidos ib\u00e9ricos desde 1920\",\n\t            \"potentialAction\": [\n\t                {\n\t                    \"@type\": \"SearchAction\",\n\t                    \"target\": {\n\t                        \"@type\": \"EntryPoint\",\n\t                        \"urlTemplate\": \"https:\/\/www.fisan.com\/pt\/?s={search_term_string}\"\n\t                    },\n\t                    \"query-input\": {\n\t                        \"@type\": \"PropertyValueSpecification\",\n\t                        \"valueRequired\": true,\n\t                        \"valueName\": \"search_term_string\"\n\t                    }\n\t                }\n\t            ],\n\t            \"inLanguage\": \"pt-PT\"\n\t        }\n\t    ]\n\t}<\/script>\n<!-- \/ Yoast SEO plugin. -->","yoast_head_json":{"title":"A Dehesa | FISAN","description":"A origem do nosso sabor ib\u00e9rico est\u00e1 na dehesa, onde os porcos vagueiam livres num ambiente \u00fanico. Saiba mais sobre este ecossistema!","robots":{"index":"index","follow":"follow","max-snippet":"max-snippet:-1","max-image-preview":"max-image-preview:large","max-video-preview":"max-video-preview:-1"},"canonical":"https:\/\/www.fisan.com\/pt\/mundo-iberico\/dehesa\/","og_locale":"pt_PT","og_type":"article","og_title":"A Dehesa | FISAN","og_description":"A origem do nosso sabor ib\u00e9rico est\u00e1 na dehesa, onde os porcos vagueiam livres num ambiente \u00fanico. Saiba mais sobre este ecossistema!","og_url":"https:\/\/www.fisan.com\/pt\/mundo-iberico\/dehesa\/","og_site_name":"FISAN","article_modified_time":"2024-11-14T10:09:56+00:00","og_image":[{"url":"https:\/\/www.fisan.com\/wp-content\/uploads\/2022\/09\/la_dehesa_02.jpeg","type":"","width":"","height":""}],"twitter_card":"summary_large_image","twitter_misc":{"Tempo estimado de leitura":"4 minutos"},"schema":{"@context":"https:\/\/schema.org","@graph":[{"@type":"WebPage","@id":"https:\/\/www.fisan.com\/pt\/mundo-iberico\/dehesa\/","url":"https:\/\/www.fisan.com\/pt\/mundo-iberico\/dehesa\/","name":"A Dehesa | FISAN","isPartOf":{"@id":"https:\/\/www.fisan.com\/pt\/#website"},"primaryImageOfPage":{"@id":"https:\/\/www.fisan.com\/pt\/mundo-iberico\/dehesa\/#primaryimage"},"image":{"@id":"https:\/\/www.fisan.com\/pt\/mundo-iberico\/dehesa\/#primaryimage"},"thumbnailUrl":"https:\/\/www.fisan.com\/wp-content\/uploads\/2022\/09\/la_dehesa_02.jpeg","datePublished":"2022-08-30T08:11:24+00:00","dateModified":"2024-11-14T10:09:56+00:00","description":"A origem do nosso sabor ib\u00e9rico est\u00e1 na dehesa, onde os porcos vagueiam livres num ambiente \u00fanico. Saiba mais sobre este ecossistema!","breadcrumb":{"@id":"https:\/\/www.fisan.com\/pt\/mundo-iberico\/dehesa\/#breadcrumb"},"inLanguage":"pt-PT","potentialAction":[{"@type":"ReadAction","target":["https:\/\/www.fisan.com\/pt\/mundo-iberico\/dehesa\/"]}]},{"@type":"ImageObject","inLanguage":"pt-PT","@id":"https:\/\/www.fisan.com\/pt\/mundo-iberico\/dehesa\/#primaryimage","url":"https:\/\/www.fisan.com\/wp-content\/uploads\/2022\/09\/la_dehesa_02.jpeg","contentUrl":"https:\/\/www.fisan.com\/wp-content\/uploads\/2022\/09\/la_dehesa_02.jpeg"},{"@type":"BreadcrumbList","@id":"https:\/\/www.fisan.com\/pt\/mundo-iberico\/dehesa\/#breadcrumb","itemListElement":[{"@type":"ListItem","position":1,"name":"FISAN","item":"https:\/\/www.fisan.com\/pt\/"},{"@type":"ListItem","position":2,"name":"Dehesa"}]},{"@type":"WebSite","@id":"https:\/\/www.fisan.com\/pt\/#website","url":"https:\/\/www.fisan.com\/pt\/","name":"FISAN","description":"FISAN | Jamones de bellota ib\u00e9rico y embutidos ib\u00e9ricos desde 1920","potentialAction":[{"@type":"SearchAction","target":{"@type":"EntryPoint","urlTemplate":"https:\/\/www.fisan.com\/pt\/?s={search_term_string}"},"query-input":{"@type":"PropertyValueSpecification","valueRequired":true,"valueName":"search_term_string"}}],"inLanguage":"pt-PT"}]}},"_links":{"self":[{"href":"https:\/\/www.fisan.com\/pt\/wp-json\/wp\/v2\/pages\/33154","targetHints":{"allow":["GET"]}}],"collection":[{"href":"https:\/\/www.fisan.com\/pt\/wp-json\/wp\/v2\/pages"}],"about":[{"href":"https:\/\/www.fisan.com\/pt\/wp-json\/wp\/v2\/types\/page"}],"author":[{"embeddable":true,"href":"https:\/\/www.fisan.com\/pt\/wp-json\/wp\/v2\/users\/1"}],"replies":[{"embeddable":true,"href":"https:\/\/www.fisan.com\/pt\/wp-json\/wp\/v2\/comments?post=33154"}],"version-history":[{"count":10,"href":"https:\/\/www.fisan.com\/pt\/wp-json\/wp\/v2\/pages\/33154\/revisions"}],"predecessor-version":[{"id":50709,"href":"https:\/\/www.fisan.com\/pt\/wp-json\/wp\/v2\/pages\/33154\/revisions\/50709"}],"wp:attachment":[{"href":"https:\/\/www.fisan.com\/pt\/wp-json\/wp\/v2\/media?parent=33154"}],"curies":[{"name":"wp","href":"https:\/\/api.w.org\/{rel}","templated":true}]}}