{"id":33702,"date":"2022-09-02T11:48:53","date_gmt":"2022-09-02T09:48:53","guid":{"rendered":"https:\/\/www.fisan.com\/presunto-paleta\/"},"modified":"2023-11-28T12:19:05","modified_gmt":"2023-11-28T11:19:05","slug":"presunto-paleta","status":"publish","type":"page","link":"https:\/\/www.fisan.com\/pt\/mundo-iberico\/elaboracao-ibericos\/presunto-paleta\/","title":{"rendered":"Presunto e paleta"},"content":{"rendered":"\t\t<div data-elementor-type=\"wp-page\" data-elementor-id=\"33702\" class=\"elementor elementor-33702 elementor-3049\" data-elementor-post-type=\"page\">\n\t\t\t\t\t\t<section class=\"elementor-section elementor-top-section elementor-element elementor-element-a04d67a elementor-section-full_width elementor-section-height-default elementor-section-height-default\" data-id=\"a04d67a\" data-element_type=\"section\" data-settings=\"{&quot;background_background&quot;:&quot;classic&quot;}\">\n\t\t\t\t\t\t<div class=\"elementor-container elementor-column-gap-default\">\n\t\t\t\t\t<div class=\"elementor-column elementor-col-100 elementor-top-column elementor-element elementor-element-055ee1c\" data-id=\"055ee1c\" data-element_type=\"column\">\n\t\t\t<div class=\"elementor-widget-wrap elementor-element-populated\">\n\t\t\t\t\t\t<div class=\"elementor-element elementor-element-5de7d9f elementor-widget elementor-widget-breadcrumbs\" data-id=\"5de7d9f\" data-element_type=\"widget\" data-widget_type=\"breadcrumbs.default\">\n\t\t\t\t<div class=\"elementor-widget-container\">\n\t\t\t\t\t<p id=\"breadcrumbs\"><span><span><a href=\"https:\/\/www.fisan.com\/pt\/\">FISAN<\/a><\/span><\/span><\/p>\t\t\t\t<\/div>\n\t\t\t\t<\/div>\n\t\t\t\t\t<\/div>\n\t\t<\/div>\n\t\t\t\t\t<\/div>\n\t\t<\/section>\n\t\t\t\t<section data-dce-background-color=\"#030303\" data-dce-background-image-url=\"https:\/\/www.fisan.com\/wp-content\/uploads\/2022\/10\/elaboracion-jamon-paleta-01.jpeg\" class=\"elementor-section elementor-top-section elementor-element elementor-element-6576c66 elementor-section-full_width elementor-section-stretched elementor-section-height-min-height elementor-reverse-tablet elementor-section-height-default elementor-section-items-middle\" data-id=\"6576c66\" data-element_type=\"section\" data-settings=\"{&quot;stretch_section&quot;:&quot;section-stretched&quot;,&quot;background_background&quot;:&quot;classic&quot;}\">\n\t\t\t\t\t\t<div class=\"elementor-container elementor-column-gap-default\">\n\t\t\t\t\t<div class=\"elementor-column elementor-col-50 elementor-top-column elementor-element elementor-element-e7bbf2f\" data-id=\"e7bbf2f\" data-element_type=\"column\" data-settings=\"{&quot;background_background&quot;:&quot;classic&quot;}\">\n\t\t\t<div class=\"elementor-widget-wrap elementor-element-populated\">\n\t\t\t\t\t\t<div class=\"elementor-element elementor-element-c6fdbe5 elementor-widget elementor-widget-heading\" data-id=\"c6fdbe5\" data-element_type=\"widget\" data-widget_type=\"heading.default\">\n\t\t\t\t<div class=\"elementor-widget-container\">\n\t\t\t\t\t<p class=\"elementor-heading-title elementor-size-default\">Produto artesanal gourmet<\/p>\t\t\t\t<\/div>\n\t\t\t\t<\/div>\n\t\t\t\t<div class=\"elementor-element elementor-element-50100d3 elementor-align-center elementor-mobile-align-center elementor-widget elementor-widget-button\" data-id=\"50100d3\" data-element_type=\"widget\" data-widget_type=\"button.default\">\n\t\t\t\t<div class=\"elementor-widget-container\">\n\t\t\t\t\t\t\t\t\t<div class=\"elementor-button-wrapper\">\n\t\t\t\t\t<a class=\"elementor-button elementor-button-link elementor-size-sm\" href=\"https:\/\/www.fisan.com\/productos\/paleta\/\">\n\t\t\t\t\t\t<span class=\"elementor-button-content-wrapper\">\n\t\t\t\t\t\t\t\t\t<span class=\"elementor-button-text\">Comprar<\/span>\n\t\t\t\t\t<\/span>\n\t\t\t\t\t<\/a>\n\t\t\t\t<\/div>\n\t\t\t\t\t\t\t\t<\/div>\n\t\t\t\t<\/div>\n\t\t\t\t\t<\/div>\n\t\t<\/div>\n\t\t\t\t<div class=\"elementor-column elementor-col-50 elementor-top-column elementor-element elementor-element-6357d56\" data-id=\"6357d56\" data-element_type=\"column\" data-settings=\"{&quot;background_background&quot;:&quot;classic&quot;}\">\n\t\t\t<div class=\"elementor-widget-wrap\">\n\t\t\t\t\t\t\t<\/div>\n\t\t<\/div>\n\t\t\t\t\t<\/div>\n\t\t<\/section>\n\t\t\t\t<section class=\"elementor-section elementor-top-section elementor-element elementor-element-efb34c7 elementor-section-content-middle elementor-section-boxed elementor-section-height-default elementor-section-height-default\" data-id=\"efb34c7\" data-element_type=\"section\" data-settings=\"{&quot;background_background&quot;:&quot;classic&quot;}\">\n\t\t\t\t\t\t<div class=\"elementor-container elementor-column-gap-no\">\n\t\t\t\t\t<div class=\"elementor-column elementor-col-100 elementor-top-column elementor-element elementor-element-ff08907\" data-id=\"ff08907\" data-element_type=\"column\">\n\t\t\t<div class=\"elementor-widget-wrap elementor-element-populated\">\n\t\t\t\t\t\t<div class=\"elementor-element elementor-element-605d0b7 elementor-widget__width-initial elementor-widget-mobile__width-initial elementor-widget elementor-widget-heading\" data-id=\"605d0b7\" data-element_type=\"widget\" data-widget_type=\"heading.default\">\n\t\t\t\t<div class=\"elementor-widget-container\">\n\t\t\t\t\t<p class=\"elementor-heading-title elementor-size-default\">Tendo em conta a sublime mat\u00e9ria-prima que trabalhamos na FISAN, chega o momento do processo artesanal de elabora\u00e7\u00e3o com cuidado, esmero e dedica\u00e7\u00e3o profissional, para que todos os componentes organol\u00e9ticos, tanto do presunto como da paleta, v\u00e3o melhorando nos seus tr\u00eas a cinco anos de matura\u00e7\u00e3o, e, inclusivamente, perdurem durante mais tempo.\n<\/p>\t\t\t\t<\/div>\n\t\t\t\t<\/div>\n\t\t\t\t<div class=\"elementor-element elementor-element-80ff01c elementor-widget elementor-widget-spacer\" data-id=\"80ff01c\" data-element_type=\"widget\" data-widget_type=\"spacer.default\">\n\t\t\t\t<div class=\"elementor-widget-container\">\n\t\t\t\t\t\t\t<div class=\"elementor-spacer\">\n\t\t\t<div class=\"elementor-spacer-inner\"><\/div>\n\t\t<\/div>\n\t\t\t\t\t\t<\/div>\n\t\t\t\t<\/div>\n\t\t\t\t<div class=\"elementor-element elementor-element-dbe6ad8 elementor-widget__width-initial elementor-widget elementor-widget-spacer\" data-id=\"dbe6ad8\" data-element_type=\"widget\" data-widget_type=\"spacer.default\">\n\t\t\t\t<div class=\"elementor-widget-container\">\n\t\t\t\t\t\t\t<div class=\"elementor-spacer\">\n\t\t\t<div class=\"elementor-spacer-inner\"><\/div>\n\t\t<\/div>\n\t\t\t\t\t\t<\/div>\n\t\t\t\t<\/div>\n\t\t\t\t\t<\/div>\n\t\t<\/div>\n\t\t\t\t\t<\/div>\n\t\t<\/section>\n\t\t\t\t<section class=\"elementor-section elementor-top-section elementor-element elementor-element-950068d elementor-section-boxed elementor-section-height-default elementor-section-height-default\" data-id=\"950068d\" data-element_type=\"section\">\n\t\t\t\t\t\t<div class=\"elementor-container elementor-column-gap-default\">\n\t\t\t\t\t<div class=\"elementor-column elementor-col-100 elementor-top-column elementor-element elementor-element-0788aa7\" data-id=\"0788aa7\" data-element_type=\"column\">\n\t\t\t<div class=\"elementor-widget-wrap elementor-element-populated\">\n\t\t\t\t\t\t<section class=\"elementor-section elementor-inner-section elementor-element elementor-element-01e62f6 elementor-section-boxed elementor-section-height-default elementor-section-height-default\" data-id=\"01e62f6\" data-element_type=\"section\">\n\t\t\t\t\t\t<div class=\"elementor-container elementor-column-gap-default\">\n\t\t\t\t\t<div class=\"elementor-column elementor-col-25 elementor-inner-column elementor-element elementor-element-4e3c20d\" data-id=\"4e3c20d\" data-element_type=\"column\">\n\t\t\t<div class=\"elementor-widget-wrap elementor-element-populated\">\n\t\t\t\t\t\t<div class=\"elementor-element elementor-element-2fbe04c dce_masking-none elementor-widget elementor-widget-image\" data-id=\"2fbe04c\" data-element_type=\"widget\" data-widget_type=\"image.default\">\n\t\t\t\t<div class=\"elementor-widget-container\">\n\t\t\t\t\t\t\t\t\t\t\t\t\t\t\t<img fetchpriority=\"high\" decoding=\"async\" width=\"396\" height=\"610\" src=\"https:\/\/www.fisan.com\/wp-content\/uploads\/2022\/10\/elaboracion-jamon-paleta-02.jpeg\" class=\"attachment-large size-large wp-image-30557\" alt=\"Paso 1: perfilado y corte en V del jam\u00f3n\" srcset=\"https:\/\/www.fisan.com\/wp-content\/uploads\/2022\/10\/elaboracion-jamon-paleta-02.jpeg 396w, https:\/\/www.fisan.com\/wp-content\/uploads\/2022\/10\/elaboracion-jamon-paleta-02-195x300.jpeg 195w\" sizes=\"(max-width: 396px) 100vw, 396px\" \/>\t\t\t\t\t\t\t\t\t\t\t\t\t\t\t<\/div>\n\t\t\t\t<\/div>\n\t\t\t\t<div class=\"elementor-element elementor-element-d35edf7 elementor-widget elementor-widget-heading\" data-id=\"d35edf7\" data-element_type=\"widget\" data-widget_type=\"heading.default\">\n\t\t\t\t<div class=\"elementor-widget-container\">\n\t\t\t\t\t<h2 class=\"elementor-heading-title elementor-size-default\">PERFILADO E CORTE EM \u201cV\u201d<\/h2>\t\t\t\t<\/div>\n\t\t\t\t<\/div>\n\t\t\t\t<div class=\"elementor-element elementor-element-78ef7d5 elementor-widget-divider--view-line elementor-widget elementor-widget-divider\" data-id=\"78ef7d5\" data-element_type=\"widget\" data-widget_type=\"divider.default\">\n\t\t\t\t<div class=\"elementor-widget-container\">\n\t\t\t\t\t\t\t<div class=\"elementor-divider\">\n\t\t\t<span class=\"elementor-divider-separator\">\n\t\t\t\t\t\t<\/span>\n\t\t<\/div>\n\t\t\t\t\t\t<\/div>\n\t\t\t\t<\/div>\n\t\t\t\t<div class=\"elementor-element elementor-element-a354ad8 elementor-widget elementor-widget-text-editor\" data-id=\"a354ad8\" data-element_type=\"widget\" data-widget_type=\"text-editor.default\">\n\t\t\t\t<div class=\"elementor-widget-container\">\n\t\t\t\t\t\t\t\t\t<p>O perfilado \u00e9 um processo em que o presunto \u00e9 separado da carca\u00e7a e consiste em remover parte da gordura exterior e da pele sobrante, preparando-a para uma cura adequada. \u00c9 da maior import\u00e2ncia manter a propor\u00e7\u00e3o de gordura para que, na salga, o ponto de penetra\u00e7\u00e3o do sal seja \u00f3timo. <\/p>\n<p>O <strong>corte em V caracter\u00edstica de Guijuelo<\/strong> realiza-se sobre a parte externa da carne do porco Este processo \u00e9 realizado de forma completamente manual, pe\u00e7a a pe\u00e7a, pelos mestres da FISAN. <\/p>\n\t\t\t\t\t\t\t\t<\/div>\n\t\t\t\t<\/div>\n\t\t\t\t\t<\/div>\n\t\t<\/div>\n\t\t\t\t<div class=\"elementor-column elementor-col-25 elementor-inner-column elementor-element elementor-element-2ab22e3\" data-id=\"2ab22e3\" data-element_type=\"column\">\n\t\t\t<div class=\"elementor-widget-wrap elementor-element-populated\">\n\t\t\t\t\t\t<div class=\"elementor-element elementor-element-2a8a440 dce_masking-none elementor-widget elementor-widget-image\" data-id=\"2a8a440\" data-element_type=\"widget\" data-widget_type=\"image.default\">\n\t\t\t\t<div class=\"elementor-widget-container\">\n\t\t\t\t\t\t\t\t\t\t\t\t\t\t\t<img decoding=\"async\" width=\"396\" height=\"610\" src=\"https:\/\/www.fisan.com\/wp-content\/uploads\/2022\/10\/elaboracion-jamon-paleta-03.jpeg\" class=\"attachment-large size-large wp-image-30559\" alt=\"Paso 2: salado y estabilizaci\u00f3n del jam\u00f3n\" srcset=\"https:\/\/www.fisan.com\/wp-content\/uploads\/2022\/10\/elaboracion-jamon-paleta-03.jpeg 396w, https:\/\/www.fisan.com\/wp-content\/uploads\/2022\/10\/elaboracion-jamon-paleta-03-195x300.jpeg 195w\" sizes=\"(max-width: 396px) 100vw, 396px\" \/>\t\t\t\t\t\t\t\t\t\t\t\t\t\t\t<\/div>\n\t\t\t\t<\/div>\n\t\t\t\t<div class=\"elementor-element elementor-element-ae03115 elementor-widget elementor-widget-heading\" data-id=\"ae03115\" data-element_type=\"widget\" data-widget_type=\"heading.default\">\n\t\t\t\t<div class=\"elementor-widget-container\">\n\t\t\t\t\t<h2 class=\"elementor-heading-title elementor-size-default\">SALGA E ESTABILIZA\u00c7\u00c3O<\/h2>\t\t\t\t<\/div>\n\t\t\t\t<\/div>\n\t\t\t\t<div class=\"elementor-element elementor-element-3c9c3b7 elementor-widget-divider--view-line elementor-widget elementor-widget-divider\" data-id=\"3c9c3b7\" data-element_type=\"widget\" data-widget_type=\"divider.default\">\n\t\t\t\t<div class=\"elementor-widget-container\">\n\t\t\t\t\t\t\t<div class=\"elementor-divider\">\n\t\t\t<span class=\"elementor-divider-separator\">\n\t\t\t\t\t\t<\/span>\n\t\t<\/div>\n\t\t\t\t\t\t<\/div>\n\t\t\t\t<\/div>\n\t\t\t\t<div class=\"elementor-element elementor-element-9376e80 elementor-widget elementor-widget-text-editor\" data-id=\"9376e80\" data-element_type=\"widget\" data-widget_type=\"text-editor.default\">\n\t\t\t\t<div class=\"elementor-widget-container\">\n\t\t\t\t\t\t\t\t\t<p>As pe\u00e7as s\u00e3o depositadas em fileiras sobrepostas e cobertas, camada a camada, com sal marino natural de Torrevieja, onde permanecer\u00e3o aproximadamente <strong>um dia por cada quilograma de peso<\/strong> da pe\u00e7a. Esta fase \u00e9 fundamental para o resultado final. Os dias ideais da estadia das pe\u00e7as em sal dependem tamb\u00e9m da humidade e da temperatura. Os mestres do presunto da FISAN mant\u00eam com sigilo a combina\u00e7\u00e3o perfeita dos diferentes fatores anteriores para alcan\u00e7ar o seu sabor caracter\u00edstico.   <\/p>\n<p>Ap\u00f3s a salga, as pe\u00e7as s\u00e3o lavadas com \u00e1gua para remover completamente o sal superficial e s\u00e3o penduradas em grandes c\u00e2maras a uma temperatura constante de cerca de 3-4 graus centigrados durante cerca de sessenta dias. O sal \u00e9 distribu\u00eddo uniformemente no interior do presunto, que perde a humidade extra adquirida durante as fases anteriores. <\/p>\n\t\t\t\t\t\t\t\t<\/div>\n\t\t\t\t<\/div>\n\t\t\t\t\t<\/div>\n\t\t<\/div>\n\t\t\t\t<div class=\"elementor-column elementor-col-25 elementor-inner-column elementor-element elementor-element-c40a49e\" data-id=\"c40a49e\" data-element_type=\"column\">\n\t\t\t<div class=\"elementor-widget-wrap elementor-element-populated\">\n\t\t\t\t\t\t<div class=\"elementor-element elementor-element-897cc7d dce_masking-none elementor-widget elementor-widget-image\" data-id=\"897cc7d\" data-element_type=\"widget\" data-widget_type=\"image.default\">\n\t\t\t\t<div class=\"elementor-widget-container\">\n\t\t\t\t\t\t\t\t\t\t\t\t\t\t\t<img decoding=\"async\" width=\"396\" height=\"610\" src=\"https:\/\/www.fisan.com\/wp-content\/uploads\/2022\/10\/elaboracion-jamon-paleta-04.jpeg\" class=\"attachment-large size-large wp-image-30561\" alt=\"Paso 3: tiempo del secado del jam\u00f3n\" srcset=\"https:\/\/www.fisan.com\/wp-content\/uploads\/2022\/10\/elaboracion-jamon-paleta-04.jpeg 396w, https:\/\/www.fisan.com\/wp-content\/uploads\/2022\/10\/elaboracion-jamon-paleta-04-195x300.jpeg 195w\" sizes=\"(max-width: 396px) 100vw, 396px\" \/>\t\t\t\t\t\t\t\t\t\t\t\t\t\t\t<\/div>\n\t\t\t\t<\/div>\n\t\t\t\t<div class=\"elementor-element elementor-element-fbf31f6 elementor-widget elementor-widget-heading\" data-id=\"fbf31f6\" data-element_type=\"widget\" data-widget_type=\"heading.default\">\n\t\t\t\t<div class=\"elementor-widget-container\">\n\t\t\t\t\t<h2 class=\"elementor-heading-title elementor-size-default\">TEMPO DE SECA<\/h2>\t\t\t\t<\/div>\n\t\t\t\t<\/div>\n\t\t\t\t<div class=\"elementor-element elementor-element-5199ac4 elementor-widget-divider--view-line elementor-widget elementor-widget-divider\" data-id=\"5199ac4\" data-element_type=\"widget\" data-widget_type=\"divider.default\">\n\t\t\t\t<div class=\"elementor-widget-container\">\n\t\t\t\t\t\t\t<div class=\"elementor-divider\">\n\t\t\t<span class=\"elementor-divider-separator\">\n\t\t\t\t\t\t<\/span>\n\t\t<\/div>\n\t\t\t\t\t\t<\/div>\n\t\t\t\t<\/div>\n\t\t\t\t<div class=\"elementor-element elementor-element-085eab4 elementor-widget elementor-widget-text-editor\" data-id=\"085eab4\" data-element_type=\"widget\" data-widget_type=\"text-editor.default\">\n\t\t\t\t<div class=\"elementor-widget-container\">\n\t\t\t\t\t\t\t\t\t<p>A seca natural envolve muita paci\u00eancia e dedica\u00e7\u00e3o. \u00c9 o segredo mais bem guardado para obter o <span style=\"text-decoration: underline;\"><a href=\"https:\/\/www.fisan.com\/pt\/produtos\/jamon\/\"><strong>presunto FISAN<\/strong><\/a><\/span>. Ao longo deste per\u00edodo de tempo, assegura-se a melhor conserva\u00e7\u00e3o e distribui\u00e7\u00e3o uniforme do sal e da gordura. Durante cerca de seis meses, as pe\u00e7as v\u00e3o perdendo lentamente a humidade.<\/p><p>Nos <strong>secadouros naturais<\/strong>, orientados para as Serras de B\u00e9jar, de Francia e de Gredos, as janelas abrem-se e fecham-se para garantir a correta regula\u00e7\u00e3o da temperatura e a adequada renova\u00e7\u00e3o do ar circulante.<\/p>\t\t\t\t\t\t\t\t<\/div>\n\t\t\t\t<\/div>\n\t\t\t\t\t<\/div>\n\t\t<\/div>\n\t\t\t\t<div class=\"elementor-column elementor-col-25 elementor-inner-column elementor-element elementor-element-8047251\" data-id=\"8047251\" data-element_type=\"column\">\n\t\t\t<div class=\"elementor-widget-wrap elementor-element-populated\">\n\t\t\t\t\t\t<div class=\"elementor-element elementor-element-eab15cd dce_masking-none elementor-widget elementor-widget-image\" data-id=\"eab15cd\" data-element_type=\"widget\" data-widget_type=\"image.default\">\n\t\t\t\t<div class=\"elementor-widget-container\">\n\t\t\t\t\t\t\t\t\t\t\t\t\t\t\t<img loading=\"lazy\" decoding=\"async\" width=\"396\" height=\"610\" src=\"https:\/\/www.fisan.com\/wp-content\/uploads\/2022\/10\/elaboracion-jamon-paleta-05.jpeg\" class=\"attachment-large size-large wp-image-30563\" alt=\"Paso 4: tiempo en bodega y curaci\u00f3n del jam\u00f3n\" srcset=\"https:\/\/www.fisan.com\/wp-content\/uploads\/2022\/10\/elaboracion-jamon-paleta-05.jpeg 396w, https:\/\/www.fisan.com\/wp-content\/uploads\/2022\/10\/elaboracion-jamon-paleta-05-195x300.jpeg 195w\" sizes=\"(max-width: 396px) 100vw, 396px\" \/>\t\t\t\t\t\t\t\t\t\t\t\t\t\t\t<\/div>\n\t\t\t\t<\/div>\n\t\t\t\t<div class=\"elementor-element elementor-element-b70635b elementor-widget elementor-widget-heading\" data-id=\"b70635b\" data-element_type=\"widget\" data-widget_type=\"heading.default\">\n\t\t\t\t<div class=\"elementor-widget-container\">\n\t\t\t\t\t<h2 class=\"elementor-heading-title elementor-size-default\">TEMPO EM CAVE<\/h2>\t\t\t\t<\/div>\n\t\t\t\t<\/div>\n\t\t\t\t<div class=\"elementor-element elementor-element-e2c5217 elementor-widget-divider--view-line elementor-widget elementor-widget-divider\" data-id=\"e2c5217\" data-element_type=\"widget\" data-widget_type=\"divider.default\">\n\t\t\t\t<div class=\"elementor-widget-container\">\n\t\t\t\t\t\t\t<div class=\"elementor-divider\">\n\t\t\t<span class=\"elementor-divider-separator\">\n\t\t\t\t\t\t<\/span>\n\t\t<\/div>\n\t\t\t\t\t\t<\/div>\n\t\t\t\t<\/div>\n\t\t\t\t<div class=\"elementor-element elementor-element-237ac2e elementor-widget elementor-widget-text-editor\" data-id=\"237ac2e\" data-element_type=\"widget\" data-widget_type=\"text-editor.default\">\n\t\t\t\t<div class=\"elementor-widget-container\">\n\t\t\t\t\t\t\t\t\t<p>Uma vez decorridos aproximadamente seis meses nos secadouros naturais da FISAN, as pe\u00e7as s\u00e3o transferidas para as caves para a seguinte fase de matura\u00e7\u00e3o.<\/p>\n<p>Nas caves, as condi\u00e7\u00f5es de temperatura e humidade continuam a ser exaustivamente controladas, de modo a que as pe\u00e7as amadure\u00e7am corretamente e mantenham uma distribui\u00e7\u00e3o uniforme de sal e gordura. No total, <strong>a cura dos presuntos FISAN alcan\u00e7a mais de 40 meses<\/strong> em todo o seu processo. <\/p>\n\t\t\t\t\t\t\t\t<\/div>\n\t\t\t\t<\/div>\n\t\t\t\t\t<\/div>\n\t\t<\/div>\n\t\t\t\t\t<\/div>\n\t\t<\/section>\n\t\t\t\t\t<\/div>\n\t\t<\/div>\n\t\t\t\t\t<\/div>\n\t\t<\/section>\n\t\t\t\t<section data-dce-background-color=\"#F7F7F7\" class=\"elementor-section elementor-top-section elementor-element elementor-element-bcd1a29 elementor-section-stretched elementor-section-full_width elementor-section-height-min-height elementor-section-height-default elementor-section-items-middle\" data-id=\"bcd1a29\" data-element_type=\"section\" data-settings=\"{&quot;stretch_section&quot;:&quot;section-stretched&quot;,&quot;background_background&quot;:&quot;classic&quot;}\">\n\t\t\t\t\t\t<div class=\"elementor-container elementor-column-gap-default\">\n\t\t\t\t\t<div class=\"elementor-column elementor-col-50 elementor-top-column elementor-element elementor-element-35d990c\" data-id=\"35d990c\" data-element_type=\"column\">\n\t\t\t<div class=\"elementor-widget-wrap elementor-element-populated\">\n\t\t\t\t\t\t<div class=\"elementor-element elementor-element-de71fde dce_masking-none elementor-widget elementor-widget-image\" data-id=\"de71fde\" data-element_type=\"widget\" data-widget_type=\"image.default\">\n\t\t\t\t<div class=\"elementor-widget-container\">\n\t\t\t\t\t\t\t\t\t\t\t\t\t\t\t<img loading=\"lazy\" decoding=\"async\" width=\"916\" height=\"378\" src=\"https:\/\/www.fisan.com\/wp-content\/uploads\/2022\/10\/elaboracion-jamon-paleta-06.jpeg\" class=\"attachment-full size-full wp-image-30555\" alt=\"Embutidos ib\u00e9ricos FISAN\" srcset=\"https:\/\/www.fisan.com\/wp-content\/uploads\/2022\/10\/elaboracion-jamon-paleta-06.jpeg 916w, https:\/\/www.fisan.com\/wp-content\/uploads\/2022\/10\/elaboracion-jamon-paleta-06-600x248.jpeg 600w, https:\/\/www.fisan.com\/wp-content\/uploads\/2022\/10\/elaboracion-jamon-paleta-06-300x124.jpeg 300w, https:\/\/www.fisan.com\/wp-content\/uploads\/2022\/10\/elaboracion-jamon-paleta-06-768x317.jpeg 768w\" sizes=\"(max-width: 916px) 100vw, 916px\" \/>\t\t\t\t\t\t\t\t\t\t\t\t\t\t\t<\/div>\n\t\t\t\t<\/div>\n\t\t\t\t\t<\/div>\n\t\t<\/div>\n\t\t\t\t<div class=\"elementor-column elementor-col-50 elementor-top-column elementor-element elementor-element-209711c\" data-id=\"209711c\" data-element_type=\"column\">\n\t\t\t<div class=\"elementor-widget-wrap elementor-element-populated\">\n\t\t\t\t\t\t<div class=\"elementor-element elementor-element-896006b elementor-widget__width-initial elementor-widget elementor-widget-heading\" data-id=\"896006b\" data-element_type=\"widget\" data-widget_type=\"heading.default\">\n\t\t\t\t<div class=\"elementor-widget-container\">\n\t\t\t\t\t<h2 class=\"elementor-heading-title elementor-size-default\">ELABORA\u00c7\u00c3O DE LOMBO E ENCHIDOS<\/h2>\t\t\t\t<\/div>\n\t\t\t\t<\/div>\n\t\t\t\t<div class=\"elementor-element elementor-element-7bf4710 elementor-widget-divider--view-line elementor-widget elementor-widget-divider\" data-id=\"7bf4710\" data-element_type=\"widget\" data-widget_type=\"divider.default\">\n\t\t\t\t<div class=\"elementor-widget-container\">\n\t\t\t\t\t\t\t<div class=\"elementor-divider\">\n\t\t\t<span class=\"elementor-divider-separator\">\n\t\t\t\t\t\t<\/span>\n\t\t<\/div>\n\t\t\t\t\t\t<\/div>\n\t\t\t\t<\/div>\n\t\t\t\t<div class=\"elementor-element elementor-element-85ae544 elementor-widget__width-initial elementor-widget elementor-widget-text-editor\" data-id=\"85ae544\" data-element_type=\"widget\" data-widget_type=\"text-editor.default\">\n\t\t\t\t<div class=\"elementor-widget-container\">\n\t\t\t\t\t\t\t\t\t<p><span style=\"font-weight: 400;\">O segredo da elabora\u00e7\u00e3o dos enchidos ib\u00e9ricos est\u00e1 na mat\u00e9ria-prima e no trabalho do mestre charcuteiro.<\/span><\/p>\n\t\t\t\t\t\t\t\t<\/div>\n\t\t\t\t<\/div>\n\t\t\t\t<div class=\"elementor-element elementor-element-2a4b3da elementor-align-center elementor-widget elementor-widget-button\" data-id=\"2a4b3da\" data-element_type=\"widget\" data-widget_type=\"button.default\">\n\t\t\t\t<div class=\"elementor-widget-container\">\n\t\t\t\t\t\t\t\t\t<div class=\"elementor-button-wrapper\">\n\t\t\t\t\t<a class=\"elementor-button elementor-button-link elementor-size-sm\" href=\"https:\/\/www.fisan.com\/pt\/mundo-iberico\/elaboracao-ibericos\/lombo-enchidos\/\">\n\t\t\t\t\t\t<span class=\"elementor-button-content-wrapper\">\n\t\t\t\t\t\t\t\t\t<span class=\"elementor-button-text\">Ver mais<\/span>\n\t\t\t\t\t<\/span>\n\t\t\t\t\t<\/a>\n\t\t\t\t<\/div>\n\t\t\t\t\t\t\t\t<\/div>\n\t\t\t\t<\/div>\n\t\t\t\t\t<\/div>\n\t\t<\/div>\n\t\t\t\t\t<\/div>\n\t\t<\/section>\n\t\t\t\t<section data-dce-background-color=\"#F9EFCF\" class=\"elementor-section elementor-top-section elementor-element elementor-element-9189e33 elementor-section-stretched elementor-section-boxed elementor-section-height-default elementor-section-height-default\" data-id=\"9189e33\" data-element_type=\"section\" data-settings=\"{&quot;stretch_section&quot;:&quot;section-stretched&quot;,&quot;background_background&quot;:&quot;classic&quot;}\">\n\t\t\t\t\t\t<div class=\"elementor-container elementor-column-gap-default\">\n\t\t\t\t\t<div data-dce-background-overlay-image-url=\"https:\/\/www.fisan.com\/wp-content\/uploads\/2022\/09\/cerdo_iberico_fisan_05.jpeg\" class=\"elementor-column elementor-col-50 elementor-top-column elementor-element elementor-element-0988fca elementor-invisible\" data-id=\"0988fca\" data-element_type=\"column\" data-settings=\"{&quot;background_background&quot;:&quot;classic&quot;,&quot;animation&quot;:&quot;fadeIn&quot;}\">\n\t\t\t<div class=\"elementor-widget-wrap elementor-element-populated\">\n\t\t\t\t\t<div class=\"elementor-background-overlay\"><\/div>\n\t\t\t\t\t\t<div class=\"elementor-element elementor-element-0d39cf2 dce_masking-none elementor-widget elementor-widget-image\" data-id=\"0d39cf2\" data-element_type=\"widget\" data-widget_type=\"image.default\">\n\t\t\t\t<div class=\"elementor-widget-container\">\n\t\t\t\t\t\t\t\t\t\t\t\t\t\t\t<img loading=\"lazy\" decoding=\"async\" width=\"500\" height=\"605\" src=\"https:\/\/www.fisan.com\/wp-content\/uploads\/2022\/09\/partes-jamon-03.jpeg\" class=\"attachment-large size-large wp-image-30359\" alt=\"Jam\u00f3n de bellota ib\u00e9rico Alta Gastronom\u00eda\" srcset=\"https:\/\/www.fisan.com\/wp-content\/uploads\/2022\/09\/partes-jamon-03.jpeg 500w, https:\/\/www.fisan.com\/wp-content\/uploads\/2022\/09\/partes-jamon-03-248x300.jpeg 248w\" sizes=\"(max-width: 500px) 100vw, 500px\" \/>\t\t\t\t\t\t\t\t\t\t\t\t\t\t\t<\/div>\n\t\t\t\t<\/div>\n\t\t\t\t\t<\/div>\n\t\t<\/div>\n\t\t\t\t<div class=\"elementor-column elementor-col-50 elementor-top-column elementor-element elementor-element-42d4048\" data-id=\"42d4048\" data-element_type=\"column\">\n\t\t\t<div class=\"elementor-widget-wrap elementor-element-populated\">\n\t\t\t\t\t\t<div class=\"elementor-element elementor-element-c9c2d50 elementor-widget elementor-widget-heading\" data-id=\"c9c2d50\" data-element_type=\"widget\" data-widget_type=\"heading.default\">\n\t\t\t\t<div class=\"elementor-widget-container\">\n\t\t\t\t\t<h2 class=\"elementor-heading-title elementor-size-default\">DESFRUTA DE TODOS OS SABORES DO MELHOR PRESUNTO IB\u00c9RICO<\/h2>\t\t\t\t<\/div>\n\t\t\t\t<\/div>\n\t\t\t\t<div class=\"elementor-element elementor-element-fc4e8ce elementor-widget-divider--view-line elementor-widget elementor-widget-divider\" data-id=\"fc4e8ce\" data-element_type=\"widget\" data-widget_type=\"divider.default\">\n\t\t\t\t<div class=\"elementor-widget-container\">\n\t\t\t\t\t\t\t<div class=\"elementor-divider\">\n\t\t\t<span class=\"elementor-divider-separator\">\n\t\t\t\t\t\t<\/span>\n\t\t<\/div>\n\t\t\t\t\t\t<\/div>\n\t\t\t\t<\/div>\n\t\t\t\t<div class=\"elementor-element elementor-element-c0d8b5e elementor-align-center elementor-mobile-align-center elementor-widget elementor-widget-button\" data-id=\"c0d8b5e\" data-element_type=\"widget\" data-widget_type=\"button.default\">\n\t\t\t\t<div class=\"elementor-widget-container\">\n\t\t\t\t\t\t\t\t\t<div class=\"elementor-button-wrapper\">\n\t\t\t\t\t<a class=\"elementor-button elementor-button-link elementor-size-sm\" href=\"https:\/\/www.fisan.com\/productos\/jamon-iberico\/\">\n\t\t\t\t\t\t<span class=\"elementor-button-content-wrapper\">\n\t\t\t\t\t\t\t\t\t<span class=\"elementor-button-text\">Comprar<\/span>\n\t\t\t\t\t<\/span>\n\t\t\t\t\t<\/a>\n\t\t\t\t<\/div>\n\t\t\t\t\t\t\t\t<\/div>\n\t\t\t\t<\/div>\n\t\t\t\t\t<\/div>\n\t\t<\/div>\n\t\t\t\t\t<\/div>\n\t\t<\/section>\n\t\t\t\t<\/div>\n\t\t","protected":false},"excerpt":{"rendered":"<p>Produto artesanal gourmet Comprar Tendo em conta a sublime mat\u00e9ria-prima que trabalhamos na FISAN, chega o momento do processo artesanal de elabora\u00e7\u00e3o com cuidado, esmero e dedica\u00e7\u00e3o profissional, para que todos os componentes organol\u00e9ticos, tanto do presunto como da paleta, v\u00e3o melhorando nos seus tr\u00eas a cinco anos de matura\u00e7\u00e3o, e, inclusivamente, perdurem durante mais &#8230; <a title=\"Presunto e paleta\" class=\"read-more\" href=\"https:\/\/www.fisan.com\/pt\/mundo-iberico\/elaboracao-ibericos\/presunto-paleta\/\" aria-label=\"Leia mais sobre Presunto e paleta\">Ler mais<\/a><\/p>\n","protected":false},"author":1,"featured_media":0,"parent":33722,"menu_order":1,"comment_status":"closed","ping_status":"closed","template":"","meta":{"_acf_changed":false,"footnotes":"","_wp_rev_ctl_limit":""},"class_list":["post-33702","page","type-page","status-publish"],"acf":[],"yoast_head":"<!-- This site is optimized with the Yoast SEO plugin v25.4 - https:\/\/yoast.com\/wordpress\/plugins\/seo\/ -->\n<title>Elabora\u00e7\u00e3o dos ib\u00e9ricos: presunto e paleta | FISAN<\/title>\n<meta name=\"description\" content=\"Explicamos o processo de produ\u00e7\u00e3o do nosso presunto e presunto de ombro para criar um produto artesanal gourmet que conquistou o mundo. Saiba mais!\" \/>\n<meta name=\"robots\" content=\"index, follow, max-snippet:-1, max-image-preview:large, max-video-preview:-1\" \/>\n<link rel=\"canonical\" href=\"https:\/\/www.fisan.com\/pt\/mundo-iberico\/elaboracao-ibericos\/presunto-paleta\/\" \/>\n<meta property=\"og:locale\" content=\"pt_PT\" \/>\n<meta property=\"og:type\" content=\"article\" \/>\n<meta property=\"og:title\" content=\"Elabora\u00e7\u00e3o dos ib\u00e9ricos: presunto e paleta | FISAN\" \/>\n<meta property=\"og:description\" content=\"Explicamos o processo de produ\u00e7\u00e3o do nosso presunto e presunto de ombro para criar um produto artesanal gourmet que conquistou o mundo. Saiba mais!\" \/>\n<meta property=\"og:url\" content=\"https:\/\/www.fisan.com\/pt\/mundo-iberico\/elaboracao-ibericos\/presunto-paleta\/\" \/>\n<meta property=\"og:site_name\" content=\"FISAN\" \/>\n<meta property=\"article:modified_time\" content=\"2023-11-28T11:19:05+00:00\" \/>\n<meta property=\"og:image\" content=\"https:\/\/www.fisan.com\/wp-content\/uploads\/2022\/10\/elaboracion-jamon-paleta-02.jpeg\" \/>\n<meta name=\"twitter:card\" content=\"summary_large_image\" \/>\n<meta name=\"twitter:label1\" content=\"Tempo estimado de leitura\" \/>\n\t<meta name=\"twitter:data1\" content=\"4 minutos\" \/>\n<script type=\"application\/ld+json\" class=\"yoast-schema-graph\">{\n\t    \"@context\": \"https:\/\/schema.org\",\n\t    \"@graph\": [\n\t        {\n\t            \"@type\": \"WebPage\",\n\t            \"@id\": \"https:\/\/www.fisan.com\/pt\/mundo-iberico\/elaboracao-ibericos\/presunto-paleta\/\",\n\t            \"url\": \"https:\/\/www.fisan.com\/pt\/mundo-iberico\/elaboracao-ibericos\/presunto-paleta\/\",\n\t            \"name\": \"Elabora\u00e7\u00e3o dos ib\u00e9ricos: presunto e paleta | FISAN\",\n\t            \"isPartOf\": {\n\t                \"@id\": \"https:\/\/www.fisan.com\/pt\/#website\"\n\t            },\n\t            \"primaryImageOfPage\": {\n\t                \"@id\": \"https:\/\/www.fisan.com\/pt\/mundo-iberico\/elaboracao-ibericos\/presunto-paleta\/#primaryimage\"\n\t            },\n\t            \"image\": {\n\t                \"@id\": \"https:\/\/www.fisan.com\/pt\/mundo-iberico\/elaboracao-ibericos\/presunto-paleta\/#primaryimage\"\n\t            },\n\t            \"thumbnailUrl\": \"https:\/\/www.fisan.com\/wp-content\/uploads\/2022\/10\/elaboracion-jamon-paleta-02.jpeg\",\n\t            \"datePublished\": \"2022-09-02T09:48:53+00:00\",\n\t            \"dateModified\": \"2023-11-28T11:19:05+00:00\",\n\t            \"description\": \"Explicamos o processo de produ\u00e7\u00e3o do nosso presunto e presunto de ombro para criar um produto artesanal gourmet que conquistou o mundo. Saiba mais!\",\n\t            \"breadcrumb\": {\n\t                \"@id\": \"https:\/\/www.fisan.com\/pt\/mundo-iberico\/elaboracao-ibericos\/presunto-paleta\/#breadcrumb\"\n\t            },\n\t            \"inLanguage\": \"pt-PT\",\n\t            \"potentialAction\": [\n\t                {\n\t                    \"@type\": \"ReadAction\",\n\t                    \"target\": [\n\t                        \"https:\/\/www.fisan.com\/pt\/mundo-iberico\/elaboracao-ibericos\/presunto-paleta\/\"\n\t                    ]\n\t                }\n\t            ]\n\t        },\n\t        {\n\t            \"@type\": \"ImageObject\",\n\t            \"inLanguage\": \"pt-PT\",\n\t            \"@id\": \"https:\/\/www.fisan.com\/pt\/mundo-iberico\/elaboracao-ibericos\/presunto-paleta\/#primaryimage\",\n\t            \"url\": \"https:\/\/www.fisan.com\/wp-content\/uploads\/2022\/10\/elaboracion-jamon-paleta-02.jpeg\",\n\t            \"contentUrl\": \"https:\/\/www.fisan.com\/wp-content\/uploads\/2022\/10\/elaboracion-jamon-paleta-02.jpeg\"\n\t        },\n\t        {\n\t            \"@type\": \"BreadcrumbList\",\n\t            \"@id\": \"https:\/\/www.fisan.com\/pt\/mundo-iberico\/elaboracao-ibericos\/presunto-paleta\/#breadcrumb\",\n\t            \"itemListElement\": [\n\t                {\n\t                    \"@type\": \"ListItem\",\n\t                    \"position\": 1,\n\t                    \"name\": \"FISAN\",\n\t                    \"item\": \"https:\/\/www.fisan.com\/pt\/\"\n\t                },\n\t                {\n\t                    \"@type\": \"ListItem\",\n\t                    \"position\": 2,\n\t                    \"name\": \"Elabora\u00e7\u00e3o dos ib\u00e9ricos\",\n\t                    \"item\": \"https:\/\/www.fisan.com\/pt\/mundo-iberico\/elaboracion-ibericos\/\"\n\t                },\n\t                {\n\t                    \"@type\": \"ListItem\",\n\t                    \"position\": 3,\n\t                    \"name\": \"Presunto e paleta\"\n\t                }\n\t            ]\n\t        },\n\t        {\n\t            \"@type\": \"WebSite\",\n\t            \"@id\": \"https:\/\/www.fisan.com\/pt\/#website\",\n\t            \"url\": \"https:\/\/www.fisan.com\/pt\/\",\n\t            \"name\": \"FISAN\",\n\t            \"description\": \"FISAN | Jamones de bellota ib\u00e9rico y embutidos ib\u00e9ricos desde 1920\",\n\t            \"potentialAction\": [\n\t                {\n\t                    \"@type\": \"SearchAction\",\n\t                    \"target\": {\n\t                        \"@type\": \"EntryPoint\",\n\t                        \"urlTemplate\": \"https:\/\/www.fisan.com\/pt\/?s={search_term_string}\"\n\t                    },\n\t                    \"query-input\": {\n\t                        \"@type\": \"PropertyValueSpecification\",\n\t                        \"valueRequired\": true,\n\t                        \"valueName\": \"search_term_string\"\n\t                    }\n\t                }\n\t            ],\n\t            \"inLanguage\": \"pt-PT\"\n\t        }\n\t    ]\n\t}<\/script>\n<!-- \/ Yoast SEO plugin. -->","yoast_head_json":{"title":"Elabora\u00e7\u00e3o dos ib\u00e9ricos: presunto e paleta | FISAN","description":"Explicamos o processo de produ\u00e7\u00e3o do nosso presunto e presunto de ombro para criar um produto artesanal gourmet que conquistou o mundo. Saiba mais!","robots":{"index":"index","follow":"follow","max-snippet":"max-snippet:-1","max-image-preview":"max-image-preview:large","max-video-preview":"max-video-preview:-1"},"canonical":"https:\/\/www.fisan.com\/pt\/mundo-iberico\/elaboracao-ibericos\/presunto-paleta\/","og_locale":"pt_PT","og_type":"article","og_title":"Elabora\u00e7\u00e3o dos ib\u00e9ricos: presunto e paleta | FISAN","og_description":"Explicamos o processo de produ\u00e7\u00e3o do nosso presunto e presunto de ombro para criar um produto artesanal gourmet que conquistou o mundo. Saiba mais!","og_url":"https:\/\/www.fisan.com\/pt\/mundo-iberico\/elaboracao-ibericos\/presunto-paleta\/","og_site_name":"FISAN","article_modified_time":"2023-11-28T11:19:05+00:00","og_image":[{"url":"https:\/\/www.fisan.com\/wp-content\/uploads\/2022\/10\/elaboracion-jamon-paleta-02.jpeg","type":"","width":"","height":""}],"twitter_card":"summary_large_image","twitter_misc":{"Tempo estimado de leitura":"4 minutos"},"schema":{"@context":"https:\/\/schema.org","@graph":[{"@type":"WebPage","@id":"https:\/\/www.fisan.com\/pt\/mundo-iberico\/elaboracao-ibericos\/presunto-paleta\/","url":"https:\/\/www.fisan.com\/pt\/mundo-iberico\/elaboracao-ibericos\/presunto-paleta\/","name":"Elabora\u00e7\u00e3o dos ib\u00e9ricos: presunto e paleta | FISAN","isPartOf":{"@id":"https:\/\/www.fisan.com\/pt\/#website"},"primaryImageOfPage":{"@id":"https:\/\/www.fisan.com\/pt\/mundo-iberico\/elaboracao-ibericos\/presunto-paleta\/#primaryimage"},"image":{"@id":"https:\/\/www.fisan.com\/pt\/mundo-iberico\/elaboracao-ibericos\/presunto-paleta\/#primaryimage"},"thumbnailUrl":"https:\/\/www.fisan.com\/wp-content\/uploads\/2022\/10\/elaboracion-jamon-paleta-02.jpeg","datePublished":"2022-09-02T09:48:53+00:00","dateModified":"2023-11-28T11:19:05+00:00","description":"Explicamos o processo de produ\u00e7\u00e3o do nosso presunto e presunto de ombro para criar um produto artesanal gourmet que conquistou o mundo. Saiba mais!","breadcrumb":{"@id":"https:\/\/www.fisan.com\/pt\/mundo-iberico\/elaboracao-ibericos\/presunto-paleta\/#breadcrumb"},"inLanguage":"pt-PT","potentialAction":[{"@type":"ReadAction","target":["https:\/\/www.fisan.com\/pt\/mundo-iberico\/elaboracao-ibericos\/presunto-paleta\/"]}]},{"@type":"ImageObject","inLanguage":"pt-PT","@id":"https:\/\/www.fisan.com\/pt\/mundo-iberico\/elaboracao-ibericos\/presunto-paleta\/#primaryimage","url":"https:\/\/www.fisan.com\/wp-content\/uploads\/2022\/10\/elaboracion-jamon-paleta-02.jpeg","contentUrl":"https:\/\/www.fisan.com\/wp-content\/uploads\/2022\/10\/elaboracion-jamon-paleta-02.jpeg"},{"@type":"BreadcrumbList","@id":"https:\/\/www.fisan.com\/pt\/mundo-iberico\/elaboracao-ibericos\/presunto-paleta\/#breadcrumb","itemListElement":[{"@type":"ListItem","position":1,"name":"FISAN","item":"https:\/\/www.fisan.com\/pt\/"},{"@type":"ListItem","position":2,"name":"Elabora\u00e7\u00e3o dos ib\u00e9ricos","item":"https:\/\/www.fisan.com\/pt\/mundo-iberico\/elaboracion-ibericos\/"},{"@type":"ListItem","position":3,"name":"Presunto e paleta"}]},{"@type":"WebSite","@id":"https:\/\/www.fisan.com\/pt\/#website","url":"https:\/\/www.fisan.com\/pt\/","name":"FISAN","description":"FISAN | Jamones de bellota ib\u00e9rico y embutidos ib\u00e9ricos desde 1920","potentialAction":[{"@type":"SearchAction","target":{"@type":"EntryPoint","urlTemplate":"https:\/\/www.fisan.com\/pt\/?s={search_term_string}"},"query-input":{"@type":"PropertyValueSpecification","valueRequired":true,"valueName":"search_term_string"}}],"inLanguage":"pt-PT"}]}},"_links":{"self":[{"href":"https:\/\/www.fisan.com\/pt\/wp-json\/wp\/v2\/pages\/33702","targetHints":{"allow":["GET"]}}],"collection":[{"href":"https:\/\/www.fisan.com\/pt\/wp-json\/wp\/v2\/pages"}],"about":[{"href":"https:\/\/www.fisan.com\/pt\/wp-json\/wp\/v2\/types\/page"}],"author":[{"embeddable":true,"href":"https:\/\/www.fisan.com\/pt\/wp-json\/wp\/v2\/users\/1"}],"replies":[{"embeddable":true,"href":"https:\/\/www.fisan.com\/pt\/wp-json\/wp\/v2\/comments?post=33702"}],"version-history":[{"count":11,"href":"https:\/\/www.fisan.com\/pt\/wp-json\/wp\/v2\/pages\/33702\/revisions"}],"predecessor-version":[{"id":41537,"href":"https:\/\/www.fisan.com\/pt\/wp-json\/wp\/v2\/pages\/33702\/revisions\/41537"}],"up":[{"embeddable":true,"href":"https:\/\/www.fisan.com\/pt\/wp-json\/wp\/v2\/pages\/33722"}],"wp:attachment":[{"href":"https:\/\/www.fisan.com\/pt\/wp-json\/wp\/v2\/media?parent=33702"}],"curies":[{"name":"wp","href":"https:\/\/api.w.org\/{rel}","templated":true}]}}