{"id":38801,"date":"2022-07-08T11:59:40","date_gmt":"2022-07-08T09:59:40","guid":{"rendered":"https:\/\/www.fisan.com\/termos-de-venda\/"},"modified":"2025-12-19T00:07:09","modified_gmt":"2025-12-18T23:07:09","slug":"termos-de-venda","status":"publish","type":"page","link":"https:\/\/www.fisan.com\/pt\/termos-de-venda\/","title":{"rendered":"Termos de venda"},"content":{"rendered":"\t\t<div data-elementor-type=\"wp-page\" data-elementor-id=\"38801\" class=\"elementor elementor-38801 elementor-152\" data-elementor-post-type=\"page\">\n\t\t\t\t\t\t<section class=\"elementor-section elementor-top-section elementor-element elementor-element-ea6f571 elementor-section-full_width elementor-section-height-default elementor-section-height-default\" data-id=\"ea6f571\" data-element_type=\"section\" data-settings=\"{&quot;background_background&quot;:&quot;classic&quot;}\">\n\t\t\t\t\t\t<div class=\"elementor-container elementor-column-gap-default\">\n\t\t\t\t\t<div class=\"elementor-column elementor-col-100 elementor-top-column elementor-element elementor-element-a106acc\" data-id=\"a106acc\" data-element_type=\"column\">\n\t\t\t<div class=\"elementor-widget-wrap elementor-element-populated\">\n\t\t\t\t\t\t<div class=\"elementor-element elementor-element-42b9a41 elementor-widget elementor-widget-breadcrumbs\" data-id=\"42b9a41\" data-element_type=\"widget\" data-widget_type=\"breadcrumbs.default\">\n\t\t\t\t<div class=\"elementor-widget-container\">\n\t\t\t\t\t<p id=\"breadcrumbs\"><span><span><a href=\"https:\/\/www.fisan.com\/pt\/\">FISAN<\/a><\/span><\/span><\/p>\t\t\t\t<\/div>\n\t\t\t\t<\/div>\n\t\t\t\t\t<\/div>\n\t\t<\/div>\n\t\t\t\t\t<\/div>\n\t\t<\/section>\n\t\t\t\t<section class=\"elementor-section elementor-top-section elementor-element elementor-element-07f9a6b elementor-section-boxed elementor-section-height-default elementor-section-height-default\" data-id=\"07f9a6b\" data-element_type=\"section\">\n\t\t\t\t\t\t<div class=\"elementor-container elementor-column-gap-default\">\n\t\t\t\t\t<div class=\"elementor-column elementor-col-100 elementor-top-column elementor-element elementor-element-7dfa10e\" data-id=\"7dfa10e\" data-element_type=\"column\">\n\t\t\t<div class=\"elementor-widget-wrap elementor-element-populated\">\n\t\t\t\t\t\t<div class=\"elementor-element elementor-element-74fd581 elementor-widget elementor-widget-text-editor\" data-id=\"74fd581\" data-element_type=\"widget\" data-widget_type=\"text-editor.default\">\n\t\t\t\t<div class=\"elementor-widget-container\">\n\t\t\t\t\t\t\t\t\t<h1>Condi\u00e7\u00f5es do contrato<\/h1><h3>1. ACEITA\u00c7\u00c3O DAS CONDI\u00c7\u00d5ES GERAIS DO CONTRATO<\/h3><p align=\"justify\">As condi\u00e7\u00f5es gerais de uso e venda descritas abaixo (doravante Condi\u00e7\u00f5es Gerais), regem as rela\u00e7\u00f5es contratuais entre todos os compradores no site www.fisan.com (doravante denominado &#8220;Cliente&#8221;) e a empresa FLORENCIO S\u00c1NCHEZ E HIJOS S.L. (com CIF: B37357654), propriet\u00e1rio do site www.fisan.com (doravante denominado &#8220;Loja&#8221;).<\/p><p>Estas Condi\u00e7\u00f5es Gerais s\u00e3o as \u00fanicas aplic\u00e1veis \u200b\u200be substituem qualquer outra condi\u00e7\u00e3o geral, exceto em caso de cancelamento pr\u00e9vio, expresso e por escrito. Alguns de seus artigos podem ser modificados ocasionalmente, por isso \u00e9 aconselh\u00e1vel que sejam lidos a cada compra. Estas modifica\u00e7\u00f5es entrar\u00e3o em vigor a partir de sua publica\u00e7\u00e3o na Internet e n\u00e3o poder\u00e3o ser aplicadas a contratos celebrados anteriormente.<\/p><p>Cada compra na Loja rege-se pelas condi\u00e7\u00f5es gerais aplic\u00e1veis \u200b\u200b\u00e0 data da encomenda. Para fazer um pedido, voc\u00ea deve aceitar sem reservas nossas condi\u00e7\u00f5es gerais de venda depois de l\u00ea-las. Sem preju\u00edzo do facto de a aceita\u00e7\u00e3o expressa das presentes condi\u00e7\u00f5es gerais ser exigida durante o processo de compra, o facto de cumprir todas as etapas necess\u00e1rias \u00e0 concretiza\u00e7\u00e3o de uma encomenda implica tamb\u00e9m a aceita\u00e7\u00e3o das presentes condi\u00e7\u00f5es gerais. Se faltasse alguma condi\u00e7\u00e3o, considerar-se-ia regulada pelos usos e costumes vigentes no sector das vendas \u00e0 dist\u00e2ncia segundo o c\u00f3digo profissional da Associa\u00e7\u00e3o de Vendas \u00e0 Dist\u00e2ncia.<\/p><p>Ao registar-se um utilizador, este aceita a subscri\u00e7\u00e3o da Newsletter e ofertas enviadas para o seu email, podendo cancelar a subscri\u00e7\u00e3o aquando da rece\u00e7\u00e3o do primeiro envio.<\/p><p>Todas as comunica\u00e7\u00f5es comerciais ser\u00e3o feitas no idioma espanhol. Se isso n\u00e3o for poss\u00edvel, tentaremos nos comunicar em seu idioma.<\/p><p>Quanto ao idioma de formaliza\u00e7\u00e3o do contrato, est\u00e1 escrito e dispon\u00edvel apenas em espanhol.<\/p><h3>\u00a0<\/h3><h3>2. PRODUTOS<\/h3><h3>2.1. Informa\u00e7\u00f5es sobre os Produtos.<\/h3><p align=\"justify\">Damos grande import\u00e2ncia \u00e0 informa\u00e7\u00e3o sobre as caracter\u00edsticas dos produtos, atrav\u00e9s de descri\u00e7\u00f5es dos seus fabricantes ou colaboradores, e atrav\u00e9s de fotografias que os ilustrem. Tudo para que voc\u00ea seja informado da forma mais fiel poss\u00edvel sobre o produto que est\u00e1 prestes a comprar. No entanto, nem a literatura descritiva nem as fotografias s\u00e3o consideradas contratuais, mas meramente informativas. Apenas o peso e o conte\u00fado declarados s\u00e3o importantes.<\/p><p>Em particular, as fotografias podem referir-se a produtos similares ou incluir um agrupamento deles, mesmo que sejam vendidos individualmente.<\/p><h3>\u00a0<\/h3><h3>2.2. Informa\u00e7\u00f5es sobre os pesos.<\/h3><p align=\"justify\">\u00c9 imposs\u00edvel produzir produtos su\u00ednos com um peso exato. Os pesos oferecidos para cada produto s\u00e3o aproximados, garantindo apenas que o peso real estar\u00e1 entre o m\u00ednimo e o m\u00e1ximo indicados. Os presuntos t\u00eam uma margem de erro na medi\u00e7\u00e3o de + &#8211; 300 gramas, as p\u00e1s de + &#8211; 200 gramas e as salsichas de + -100 gramas. Os pesos publicados s\u00e3o os pesos centrais estat\u00edsticos desses intervalos.<\/p><p>O peso assinalado nos nossos produtos \u00e9 o peso no dia da sa\u00edda dos nossos armaz\u00e9ns, devendo o comprador ter em conta que, excepto no caso de produtos embalados a v\u00e1cuo, as pe\u00e7as perdem algum peso durante o transporte, devido ao atrito das a pe\u00e7a com a embalagem ou o escoamento natural de l\u00edquidos. Este fen\u00f4meno \u00e9 mais pronunciado durante o ver\u00e3o, por\u00e9m a qualidade n\u00e3o \u00e9 afetada por ele.<\/p><h3>\u00a0<\/h3><h3>2.3. Sobre qualidade e preserva\u00e7\u00e3o.<\/h3><p align=\"justify\">Os nossos produtos ib\u00e9ricos s\u00e3o conservados nas nossas caves a temperaturas controladas, que s\u00e3o inferiores \u00e0s recomendadas para oferecer o seu melhor sabor durante o consumo. \u00c9 aconselh\u00e1vel deixar o produto alguns dias \u00e0 temperatura ambiente antes do consumo. No caso de produtos cortados \u00e0 m\u00e3o ou fatiados e embalados a v\u00e1cuo, alguns minutos em \u00e1gua morna antes de abrir o saco melhora seu sabor e facilita a separa\u00e7\u00e3o das fatias.<\/p><p>Todos os produtos levam a recomenda\u00e7\u00e3o do prazo de validade, embora esse vencimento deva ser interpretado como o momento em que a qualidade come\u00e7a a diminuir significativamente, o produto continua comest\u00edvel. A loja n\u00e3o se responsabiliza pelas consequ\u00eancias do seu consumo ap\u00f3s essa data.<\/p><h3>\u00a0<\/h3><h3>3. PRE\u00c7OS E QUANTIDADES<\/h3><p align=\"justify\">Os pre\u00e7os de venda indicados na Loja s\u00e3o sempre para venda a retalho e s\u00e3o apresentados em euros. <strong>O IVA est\u00e1 inclu\u00eddo nestes pre\u00e7os.<\/strong> Reservamo-nos o direito de alterar os nossos pre\u00e7os a qualquer momento. No entanto, comprometemo-nos a aplicar as tarifas em vigor indicadas na Loja no momento da confirma\u00e7\u00e3o da sua encomenda. No caso de encomendas efetuadas com pagamento por transfer\u00eancia, o pre\u00e7o que se encontrava \u00e0 data da encomenda ser\u00e1 mantido at\u00e9 5 dias corridos posteriores. \u00c9 necess\u00e1rio informar se o pedido \u00e9 cancelado se o pagamento n\u00e3o foi recebido ou se continua v\u00e1lido. Se for mantido, uma nova aceita\u00e7\u00e3o dever\u00e1 ser solicitada se o pre\u00e7o for alterado.<\/p><h3>\u00a0<\/h3><h3>4. FATURAMENTO<\/h3><p align=\"justify\">Todas as encomendas realizadas nesta Loja ser\u00e3o enviadas juntamente com a respectiva Nota de Entrega. A fatura correspondente ser\u00e1 enviada no momento da confirma\u00e7\u00e3o do pagamento via e-mail. Tenha em aten\u00e7\u00e3o que ser\u00e3o os dados fornecidos no momento da compra que constam da fatura, n\u00e3o podendo ser efetuada qualquer altera\u00e7\u00e3o ap\u00f3s a sua emiss\u00e3o. No caso de empresas, \u00e9 importante que voc\u00ea coloque o CIF, bem como o endere\u00e7o correto e o nome da empresa em suas caixas. Todos os pedidos feitos nesta Loja ser\u00e3o enviados dentro dos prazos estabelecidos na Se\u00e7\u00e3o Prazo de Entrega.<\/p><p>Os dados pessoais que o Cliente nos deve fornecer s\u00e3o essenciais para o envio de encomendas e elabora\u00e7\u00e3o de faturas. Em particular, entende-se que o acesso \u00e0 compra s\u00f3 \u00e9 permitido a pessoas maiores de idade. A aus\u00eancia ou falta de veracidade destes dados conduzir\u00e1 ao cancelamento autom\u00e1tico das encomendas.<\/p><p>Ao confirmar a sua encomenda, tem a op\u00e7\u00e3o de nos autorizar a conservar os seus dados durante um per\u00edodo m\u00e1ximo de dois anos e de solicitar que o mantenhamos informado por e-mail sobre novidades e promo\u00e7\u00f5es que possam ser do seu interesse. Tamb\u00e9m pode n\u00e3o o fazer e os seus dados ser\u00e3o desactivados de imediato.<\/p><p>Para consultar a informa\u00e7\u00e3o relativa \u00e0 prote\u00e7\u00e3o dos seus dados pessoais, por favor leia o nosso <a href=\"https:\/\/www.fisan.com\/shop-online\/aviso-legal\/\" target=\"_self\" rel=\"noopener noreferrer\">Aviso Legal e Pol\u00edtica de Privacidade.<\/a><\/p><h3>\u00a0<\/h3><h3>5. LOCAIS, PRAZOS DE ENTREGA E PORTES DE ENVIO<\/h3><h3>5.1. Ordens nacionais.<\/h3><p align=\"justify\"><span style=\"font-size: inherit;\">As encomendas s\u00e3o enviadas para todo o territ\u00f3rio nacional <strong>exceto nas regi\u00f5es de Ceuta e Melilha.<\/strong> <\/span><\/p><p align=\"justify\"><span style=\"font-size: inherit;\">As encomendas ser\u00e3o expedidas no prazo de 24 horas ap\u00f3s a confirma\u00e7\u00e3o do pagamento, desde que sejam recebidas num dia \u00fatil e antes das 13:00 horas para todos os produtos, com exce\u00e7\u00e3o dos produtos cortados \u00e0 m\u00e3o e\/ou fatiados. Quando a encomenda for constitu\u00edda por produtos cortados \u00e0 m\u00e3o e\/ou fatiados, o tempo de prepara\u00e7\u00e3o ser\u00e1 de 5 dias \u00fateis e depois ser\u00e3o expedidos para o seu destino. Assim, s\u00e3o necess\u00e1rios sete dias \u00fateis para a expedi\u00e7\u00e3o e entrega. O servi\u00e7o de envio e a transportadora espec\u00edficos ser\u00e3o determinados pela Loja com base nas circunst\u00e2ncias do pedido e para cumprir os prazos de entrega aproximados acima.<\/span><\/p><p>Os portes de envio (portes com IVA inclu\u00eddo) para encomendas nacionais de valor inferior a 100,00\u20ac s\u00e3o os seguintes:<\/p><ul><li>Espanha continental: 9,90\u20ac<\/li><li>Ilhas Baleares: \u20ac 25,00<\/li><li>Ilhas Can\u00e1rias: \u20ac 80,00<\/li><\/ul><p>Sem preju\u00edzo do anterior, os portes de envio ser\u00e3o gratuitos exclusivamente para encomendas de valor superior a 100,00\u20ac com entrega em Espanha Continental.<\/p><h3>\u00a0<\/h3><h3>5.2. Encomendas internacionais.<\/h3><p align=\"justify\">As encomendas ser\u00e3o expedidas no dia seguinte \u00e0 confirma\u00e7\u00e3o do pagamento desde que a referida confirma\u00e7\u00e3o seja recebida em dias \u00fateis at\u00e9 \u00e0s 13h00. No entanto, no caso de produtos cortados \u00e0 m\u00e3o, estes requerem uma prepara\u00e7\u00e3o pr\u00e9via de 48 horas, pelo que o envio ocorrer\u00e1 aproximadamente 48 horas ap\u00f3s a confirma\u00e7\u00e3o do pagamento com o mesmo agendamento pr\u00e9vio.<\/p><p>Os envios ter\u00e3o uma entrega aproximada no prazo de 9 dias ap\u00f3s a confirma\u00e7\u00e3o do pagamento de acordo com o par\u00e1grafo anterior, ou 12 dias no caso de produtos cortados \u00e0 m\u00e3o. O servi\u00e7o de envio e a transportadora espec\u00edficos ser\u00e3o determinados pela Loja com base nas circunst\u00e2ncias do pedido e para cumprir os prazos de entrega aproximados acima.<\/p><p>Fora de Espanha, as encomendas s\u00e3o entregues apenas nos seguintes pa\u00edses: Alemanha, \u00c1ustria, B\u00e9lgica, Bulg\u00e1ria, Dinamarca, Eslov\u00e9nia, Fran\u00e7a, Holanda, Hungria, Irlanda, It\u00e1lia, Luxemburgo, Pol\u00f3nia, Portugal, Rep\u00fablica Checa e Malta.<\/p><p>Os custos de envio ser\u00e3o os seguintes dependendo do pa\u00eds de entrega:<\/p><ul><li>Grupo 1: Portugal e Fran\u00e7a: \u20ac35,00<\/li><li>Grupo 2: Alemanha, \u00c1ustria, B\u00e9lgica, Holanda, It\u00e1lia, Luxemburgo: \u20ac 45,00<\/li><li>Grupo 3: Bulg\u00e1ria, Dinamarca, Eslov\u00eania, Hungria, Irlanda, Pol\u00f4nia, Rep. Tcheco, Malta: \u20ac 75,00<\/li><li>Outros pa\u00edses, entre em <a href=\"https:\/\/www.fisan.com\/pt\/contato\/\">contato<\/a> conosco.<\/li><\/ul><h3>5.3. Deteriora\u00e7\u00e3o durante o transporte.<\/h3><p align=\"justify\">A mercadoria \u00e9 entregue convenientemente embalada e os transportadores que utilizamos t\u00eam a nossa confian\u00e7a, no entanto pode acontecer que a mercadoria sofra danos durante o transporte, seja por roubo, por ter suportado temperaturas excessivas, por acidente ou por qualquer outra causa. Voc\u00ea n\u00e3o deve admitir a mercadoria se sua apar\u00eancia externa revelar mau tratamento durante o transporte ou se a embalagem estiver quebrada ou n\u00e3o lacrada. Se isso acontecer, substituiremos a mercadoria por outra em perfeitas condi\u00e7\u00f5es em at\u00e9 5 dias ap\u00f3s o recebimento da remessa recusada na f\u00e1brica. No entanto, lembre-se de que a Loja n\u00e3o se responsabiliza por mercadorias que n\u00e3o cheguem com o lacre \u00edntegro.<\/p><p>Caso decida assumir a encomenda com reservas, recomendamos que registe o defeito observ\u00e1vel ao assinar a ficha de recolha e, caso esteja na sua m\u00e3o, que fotografe tanto o exterior da caixa como o seu conte\u00fado, preferencialmente na presen\u00e7a do empregado do transportador, de forma a poder apresentar a devida reclama\u00e7\u00e3o ao transportador.<\/p><h3>\u00a0<\/h3><h3 id=\"metodos-devolucion\">6. DIREITO DE RETIRADA<\/h3><p align=\"justify\">De acordo com o disposto no Real Decreto Legislativo 1\/2007, de 16 de novembro, que aprova o texto consolidado da Lei Geral de Defesa dos Consumidores e Usu\u00e1rios e outras leis complementares, o Cliente tem o direito de rescindir o contrato sem o necessidade de qualquer justifica\u00e7\u00e3o, direito que dever\u00e1 ser exercido no prazo m\u00e1ximo de 14 dias a contar da data de entrega. No entanto, dada a natureza dos produtos, o exerc\u00edcio do direito de resolu\u00e7\u00e3o estar\u00e1 condicionado \u00e0 devolu\u00e7\u00e3o do produto \u00e0 Loja com a embalagem e todos os lacres em perfeitas condi\u00e7\u00f5es. Em caso de exerc\u00edcio do direito de resolu\u00e7\u00e3o, o Cliente ser\u00e1 reembolsado na totalidade do pre\u00e7o do produto, com as despesas de devolu\u00e7\u00e3o do produto para a conta do Cliente. Para exercer o direito de rescis\u00e3o, o Cliente dever\u00e1 entrar em contato com a Loja atrav\u00e9s do seguinte e-mail web@fisan.es, onde indicar\u00e1 os passos a seguir.<\/p><h3>\u00a0<\/h3><h3>7. FORMA DE DEVOLU\u00c7\u00c3O<\/h3><p align=\"justify\">Embora nosso produto seja conhecido pela grande uniformidade de sua alta qualidade, pode acontecer que o produto n\u00e3o atenda \u00e0 qualidade garantida por motivos alheios ao controle da Loja.<\/p><p>Se, uma vez entregue o produto e apenas iniciado, voc\u00ea considerar que este \u00e9 o caso, voc\u00ea deve nos enviar um e-mail descrevendo sua reclama\u00e7\u00e3o e anexando uma foto do produto reclamado no prazo m\u00e1ximo de 5 dias a partir do recebimento.<\/p><p>Dentro de cinco dias receber\u00e1 uma resposta \u00e0 sua reclama\u00e7\u00e3o, aceitando-a no todo ou em parte com a devida justifica\u00e7\u00e3o, e ser-lhe-\u00e1 oferecido desde a substitui\u00e7\u00e3o da mercadoria \u00e0s nossas custas at\u00e9 algum sistema de repara\u00e7\u00e3o ou mesmo o reembolso total do seu dinheiro na mesma conta ou cart\u00e3o que voc\u00ea usou para o pagamento. Neste \u00faltimo caso, voc\u00ea dever\u00e1 nos devolver a mercadoria e o reembolso do valor ocorrer\u00e1 ap\u00f3s o recebimento da remessa e verifica\u00e7\u00e3o de seu conte\u00fado, tudo no prazo de 5 dias. Dadas as caracter\u00edsticas alimentares do produto, n\u00e3o ser\u00e3o aceites devolu\u00e7\u00f5es que n\u00e3o tenham sido precedidas de um email de aviso e confirmadas pelo nosso servi\u00e7o de apoio ao cliente (hor\u00e1rio de atendimento ao cliente nos dias \u00fateis das 9h00 \u00e0s 14h00).<\/p><h3>\u00a0<\/h3><h3>8. PROPRIEDADE INTELECTUAL E INDUSTRIAL<\/h3><p align=\"justify\">A Loja \u00e9 titular de todos os direitos de propriedade intelectual e industrial do seu website, bem como dos elementos nele contidos (por exemplo, imagens, som, \u00e1udio, v\u00eddeo, software ou textos; marcas ou log\u00f3tipos, combina\u00e7\u00f5es de cores, estrutura e projeto, sele\u00e7\u00e3o de materiais utilizados, programas de computador necess\u00e1rios para seu funcionamento, acesso e uso, etc.). Todos os direitos reservados. Em virtude do disposto nos artigos 8 e 32.1, par\u00e1grafo segundo, da Lei de Propriedade Intelectual, a reprodu\u00e7\u00e3o, distribui\u00e7\u00e3o e comunica\u00e7\u00e3o p\u00fablica, incluindo o modo de disponibiliz\u00e1-los, de todo ou parte do conte\u00fado desta p\u00e1gina da web, para uso comercial finalidades, em qualquer suporte e por qualquer meio t\u00e9cnico, sem a autoriza\u00e7\u00e3o da Loja. O Cliente compromete-se a respeitar os direitos de Propriedade Intelectual e Industrial detidos pela Loja. Poder\u00e1 visualizar os elementos do portal e inclusive imprimi-los, copi\u00e1-los e armazen\u00e1-los no disco r\u00edgido do seu computador ou em qualquer outro suporte f\u00edsico desde que seja \u00fanica e exclusivamente para seu uso pessoal e privado. O Cliente deve abster-se de apagar, alterar, evadir ou manipular qualquer dispositivo de prote\u00e7\u00e3o ou sistema de seguran\u00e7a que tenha sido instalado nas p\u00e1ginas da Loja.<\/p><h3>\u00a0<\/h3><h3>9. EXCLUS\u00c3O DE GARANTIAS E RESPONSABILIDADE<\/h3><p align=\"justify\">A Loja n\u00e3o se responsabiliza, em nenhum caso, por danos de qualquer natureza que possam causar, a t\u00edtulo de exemplo: erros ou omiss\u00f5es nos conte\u00fados, falta de disponibilidade do portal ou transmiss\u00e3o de v\u00edrus ou programas maliciosos ou prejudiciais nos conte\u00fados , apesar de ter adotado todas as medidas tecnol\u00f3gicas necess\u00e1rias para evit\u00e1-lo.<\/p><h3>\u00a0<\/h3><h3>10. DIREITO DE EXCLUS\u00c3O<\/h3><p>A Loja reserva-se o direito de negar ou retirar o acesso ao portal e\/ou aos servi\u00e7os oferecidos sem aviso pr\u00e9vio, a pedido pr\u00f3prio ou de terceiros, aos utilizadores que n\u00e3o cumpram as presentes Condi\u00e7\u00f5es Gerais de Utiliza\u00e7\u00e3o.<\/p><h3>\u00a0<\/h3><h3>11. LEI APLIC\u00c1VEL E JURISDI\u00c7\u00c3O<\/h3><p>A rela\u00e7\u00e3o entre a Loja e o Cliente ser\u00e1 regida pela normativa espanhola em vigor e qualquer controv\u00e9rsia ser\u00e1 submetida aos Juizados e Tribunais da cidade de Salamanca, exceto nos casos em que por imperativo legal sejam competentes outros Juizados e Tribunais.<\/p>\t\t\t\t\t\t\t\t<\/div>\n\t\t\t\t<\/div>\n\t\t\t\t\t<\/div>\n\t\t<\/div>\n\t\t\t\t\t<\/div>\n\t\t<\/section>\n\t\t\t\t<\/div>\n\t\t","protected":false},"excerpt":{"rendered":"<p>Condi\u00e7\u00f5es do contrato 1. ACEITA\u00c7\u00c3O DAS CONDI\u00c7\u00d5ES GERAIS DO CONTRATO As condi\u00e7\u00f5es gerais de uso e venda descritas abaixo (doravante Condi\u00e7\u00f5es Gerais), regem as rela\u00e7\u00f5es contratuais entre todos os compradores no site www.fisan.com (doravante denominado &#8220;Cliente&#8221;) e a empresa FLORENCIO S\u00c1NCHEZ E HIJOS S.L. (com CIF: B37357654), propriet\u00e1rio do site www.fisan.com (doravante denominado &#8220;Loja&#8221;). Estas &#8230; <a title=\"Termos de venda\" class=\"read-more\" href=\"https:\/\/www.fisan.com\/pt\/termos-de-venda\/\" aria-label=\"Leia mais sobre Termos de venda\">Ler mais<\/a><\/p>\n","protected":false},"author":1,"featured_media":0,"parent":0,"menu_order":99,"comment_status":"closed","ping_status":"closed","template":"","meta":{"_acf_changed":false,"footnotes":"","_wp_rev_ctl_limit":""},"class_list":["post-38801","page","type-page","status-publish"],"acf":[],"yoast_head":"<!-- This site is optimized with the Yoast SEO plugin v25.4 - https:\/\/yoast.com\/wordpress\/plugins\/seo\/ -->\n<title>Termos de venda | FISAN<\/title>\n<meta name=\"robots\" content=\"noindex, nofollow\" \/>\n<meta property=\"og:locale\" content=\"pt_PT\" \/>\n<meta property=\"og:type\" content=\"article\" \/>\n<meta property=\"og:title\" content=\"Termos de venda | FISAN\" \/>\n<meta property=\"og:description\" content=\"Condi\u00e7\u00f5es do contrato 1. ACEITA\u00c7\u00c3O DAS CONDI\u00c7\u00d5ES GERAIS DO CONTRATO As condi\u00e7\u00f5es gerais de uso e venda descritas abaixo (doravante Condi\u00e7\u00f5es Gerais), regem as rela\u00e7\u00f5es contratuais entre todos os compradores no site www.fisan.com (doravante denominado &#8220;Cliente&#8221;) e a empresa FLORENCIO S\u00c1NCHEZ E HIJOS S.L. (com CIF: B37357654), propriet\u00e1rio do site www.fisan.com (doravante denominado &#8220;Loja&#8221;). Estas ... Ler mais\" \/>\n<meta property=\"og:url\" content=\"https:\/\/www.fisan.com\/pt\/termos-de-venda\/\" \/>\n<meta property=\"og:site_name\" content=\"FISAN\" \/>\n<meta property=\"article:modified_time\" content=\"2025-12-18T23:07:09+00:00\" \/>\n<meta name=\"twitter:card\" content=\"summary_large_image\" \/>\n<meta name=\"twitter:label1\" content=\"Tempo estimado de leitura\" \/>\n\t<meta name=\"twitter:data1\" content=\"13 minutos\" \/>\n<script type=\"application\/ld+json\" class=\"yoast-schema-graph\">{\n\t    \"@context\": \"https:\/\/schema.org\",\n\t    \"@graph\": [\n\t        {\n\t            \"@type\": \"WebPage\",\n\t            \"@id\": \"https:\/\/www.fisan.com\/pt\/termos-de-venda\/\",\n\t            \"url\": \"https:\/\/www.fisan.com\/pt\/termos-de-venda\/\",\n\t            \"name\": \"Termos de venda | FISAN\",\n\t            \"isPartOf\": {\n\t                \"@id\": \"https:\/\/www.fisan.com\/pt\/#website\"\n\t            },\n\t            \"datePublished\": \"2022-07-08T09:59:40+00:00\",\n\t            \"dateModified\": \"2025-12-18T23:07:09+00:00\",\n\t            \"breadcrumb\": {\n\t                \"@id\": \"https:\/\/www.fisan.com\/pt\/termos-de-venda\/#breadcrumb\"\n\t            },\n\t            \"inLanguage\": \"pt-PT\",\n\t            \"potentialAction\": [\n\t                {\n\t                    \"@type\": \"ReadAction\",\n\t                    \"target\": [\n\t                        \"https:\/\/www.fisan.com\/pt\/termos-de-venda\/\"\n\t                    ]\n\t                }\n\t            ]\n\t        },\n\t        {\n\t            \"@type\": \"BreadcrumbList\",\n\t            \"@id\": \"https:\/\/www.fisan.com\/pt\/termos-de-venda\/#breadcrumb\",\n\t            \"itemListElement\": [\n\t                {\n\t                    \"@type\": \"ListItem\",\n\t                    \"position\": 1,\n\t                    \"name\": \"FISAN\",\n\t                    \"item\": \"https:\/\/www.fisan.com\/pt\/\"\n\t                },\n\t                {\n\t                    \"@type\": \"ListItem\",\n\t                    \"position\": 2,\n\t                    \"name\": \"Termos de venda\"\n\t                }\n\t            ]\n\t        },\n\t        {\n\t            \"@type\": \"WebSite\",\n\t            \"@id\": \"https:\/\/www.fisan.com\/pt\/#website\",\n\t            \"url\": \"https:\/\/www.fisan.com\/pt\/\",\n\t            \"name\": \"FISAN\",\n\t            \"description\": \"FISAN | Jamones de bellota ib\u00e9rico y embutidos ib\u00e9ricos desde 1920\",\n\t            \"potentialAction\": [\n\t                {\n\t                    \"@type\": \"SearchAction\",\n\t                    \"target\": {\n\t                        \"@type\": \"EntryPoint\",\n\t                        \"urlTemplate\": \"https:\/\/www.fisan.com\/pt\/?s={search_term_string}\"\n\t                    },\n\t                    \"query-input\": {\n\t                        \"@type\": \"PropertyValueSpecification\",\n\t                        \"valueRequired\": true,\n\t                        \"valueName\": \"search_term_string\"\n\t                    }\n\t                }\n\t            ],\n\t            \"inLanguage\": \"pt-PT\"\n\t        }\n\t    ]\n\t}<\/script>\n<!-- \/ Yoast SEO plugin. -->","yoast_head_json":{"title":"Termos de venda | FISAN","robots":{"index":"noindex","follow":"nofollow"},"og_locale":"pt_PT","og_type":"article","og_title":"Termos de venda | FISAN","og_description":"Condi\u00e7\u00f5es do contrato 1. ACEITA\u00c7\u00c3O DAS CONDI\u00c7\u00d5ES GERAIS DO CONTRATO As condi\u00e7\u00f5es gerais de uso e venda descritas abaixo (doravante Condi\u00e7\u00f5es Gerais), regem as rela\u00e7\u00f5es contratuais entre todos os compradores no site www.fisan.com (doravante denominado &#8220;Cliente&#8221;) e a empresa FLORENCIO S\u00c1NCHEZ E HIJOS S.L. (com CIF: B37357654), propriet\u00e1rio do site www.fisan.com (doravante denominado &#8220;Loja&#8221;). Estas ... Ler mais","og_url":"https:\/\/www.fisan.com\/pt\/termos-de-venda\/","og_site_name":"FISAN","article_modified_time":"2025-12-18T23:07:09+00:00","twitter_card":"summary_large_image","twitter_misc":{"Tempo estimado de leitura":"13 minutos"},"schema":{"@context":"https:\/\/schema.org","@graph":[{"@type":"WebPage","@id":"https:\/\/www.fisan.com\/pt\/termos-de-venda\/","url":"https:\/\/www.fisan.com\/pt\/termos-de-venda\/","name":"Termos de venda | FISAN","isPartOf":{"@id":"https:\/\/www.fisan.com\/pt\/#website"},"datePublished":"2022-07-08T09:59:40+00:00","dateModified":"2025-12-18T23:07:09+00:00","breadcrumb":{"@id":"https:\/\/www.fisan.com\/pt\/termos-de-venda\/#breadcrumb"},"inLanguage":"pt-PT","potentialAction":[{"@type":"ReadAction","target":["https:\/\/www.fisan.com\/pt\/termos-de-venda\/"]}]},{"@type":"BreadcrumbList","@id":"https:\/\/www.fisan.com\/pt\/termos-de-venda\/#breadcrumb","itemListElement":[{"@type":"ListItem","position":1,"name":"FISAN","item":"https:\/\/www.fisan.com\/pt\/"},{"@type":"ListItem","position":2,"name":"Termos de venda"}]},{"@type":"WebSite","@id":"https:\/\/www.fisan.com\/pt\/#website","url":"https:\/\/www.fisan.com\/pt\/","name":"FISAN","description":"FISAN | Jamones de bellota ib\u00e9rico y embutidos ib\u00e9ricos desde 1920","potentialAction":[{"@type":"SearchAction","target":{"@type":"EntryPoint","urlTemplate":"https:\/\/www.fisan.com\/pt\/?s={search_term_string}"},"query-input":{"@type":"PropertyValueSpecification","valueRequired":true,"valueName":"search_term_string"}}],"inLanguage":"pt-PT"}]}},"_links":{"self":[{"href":"https:\/\/www.fisan.com\/pt\/wp-json\/wp\/v2\/pages\/38801","targetHints":{"allow":["GET"]}}],"collection":[{"href":"https:\/\/www.fisan.com\/pt\/wp-json\/wp\/v2\/pages"}],"about":[{"href":"https:\/\/www.fisan.com\/pt\/wp-json\/wp\/v2\/types\/page"}],"author":[{"embeddable":true,"href":"https:\/\/www.fisan.com\/pt\/wp-json\/wp\/v2\/users\/1"}],"replies":[{"embeddable":true,"href":"https:\/\/www.fisan.com\/pt\/wp-json\/wp\/v2\/comments?post=38801"}],"version-history":[{"count":20,"href":"https:\/\/www.fisan.com\/pt\/wp-json\/wp\/v2\/pages\/38801\/revisions"}],"predecessor-version":[{"id":60072,"href":"https:\/\/www.fisan.com\/pt\/wp-json\/wp\/v2\/pages\/38801\/revisions\/60072"}],"wp:attachment":[{"href":"https:\/\/www.fisan.com\/pt\/wp-json\/wp\/v2\/media?parent=38801"}],"curies":[{"name":"wp","href":"https:\/\/api.w.org\/{rel}","templated":true}]}}