{"id":34254,"date":"2022-11-18T11:59:22","date_gmt":"2022-11-18T10:59:22","guid":{"rendered":"https:\/\/www.fisan.com\/producto\/paleta-de-cebo-de-campo-iberica-cortado-a-mao\/"},"modified":"2024-12-02T10:20:56","modified_gmt":"2024-12-02T09:20:56","slug":"paleta-de-cebo-de-campo-50-raca-iberica-cortado-a-mao","status":"publish","type":"product","link":"https:\/\/www.fisan.com\/pt\/loja\/paleta-de-cebo-de-campo-iberica-cortado-a-mao\/","title":{"rendered":"Paleta de Cebo de Campo Ib\u00e9rica 50% Ra\u00e7a Ib\u00e9rica Cortado \u00e0 m\u00e3o"},"content":{"rendered":"<p>Agora j\u00e1 pode desfrutar da melhor Paleta de Cebo de Campo Ib\u00e9rica 50% Ra\u00e7a Ib\u00e9rica no formato cortado \u00e0 faca.<\/p>\n<p>&nbsp;<\/p>\n<p><strong>20 embalagens de 100 gramas<\/strong> numa embalagem elegante, ideal para oferecer ou, simplesmente, para desfrutar de todo o sabor tradicional dos produtos ib\u00e9ricos FISAN.<\/p>\n<p>&nbsp;<\/p>\n<p>A Paleta de Cebo de Campo Ib\u00e9rica 50% Ra\u00e7a Ib\u00e9rica \u00e9 a pe\u00e7a dianteira do porco ib\u00e9rico criado em liberdade, alimentado com ra\u00e7\u00e3o natural e recursos pr\u00f3prios do campo. A sucul\u00eancia e intensidade do seu sabor lembram a frescura do campo.<\/p>\n","protected":false},"excerpt":{"rendered":"<p>Agora j\u00e1 pode desfrutar da melhor Paleta de Cebo de Campo Ib\u00e9rica 50% Ra\u00e7a Ib\u00e9rica no formato cortado \u00e0 faca. &nbsp; 20 embalagens de 100 gramas numa embalagem elegante, ideal para oferecer ou, simplesmente, para desfrutar de todo o sabor tradicional dos produtos ib\u00e9ricos FISAN. &nbsp; A Paleta de Cebo de Campo Ib\u00e9rica 50% Ra\u00e7a &#8230; <a title=\"Paleta de Cebo de Campo Ib\u00e9rica 50% Ra\u00e7a Ib\u00e9rica Cortado \u00e0 m\u00e3o\" class=\"read-more\" href=\"https:\/\/www.fisan.com\/pt\/loja\/paleta-de-cebo-de-campo-iberica-cortado-a-mao\/\" aria-label=\"Leia mais sobre Paleta de Cebo de Campo Ib\u00e9rica 50% Ra\u00e7a Ib\u00e9rica Cortado \u00e0 m\u00e3o\">Ler mais<\/a><\/p>\n","protected":false},"featured_media":33058,"template":"","meta":{"_acf_changed":false,"_wp_rev_ctl_limit":""},"product_brand":[],"product_cat":[383,347],"product_tag":[522],"gama":[],"calidad":[505],"class_list":{"0":"post-34254","1":"product","2":"type-product","3":"status-publish","4":"has-post-thumbnail","6":"product_cat-8-cortado-a-mao-fatiado","7":"product_cat-2-paleta","8":"product_tag-st","9":"calidad-2-cebo-de-campo-iberico-pt","11":"first","12":"outofstock","13":"taxable","14":"shipping-taxable","15":"purchasable","16":"product-type-variable","17":"has-default-attributes"},"acf":[],"yoast_head":"<!-- This site is optimized with the Yoast SEO plugin v25.4 - https:\/\/yoast.com\/wordpress\/plugins\/seo\/ -->\n<title>Paleta de Cebo de Campo Ib\u00e9rica 50% Ra\u00e7a Ib\u00e9rica Cortado \u00e0 m\u00e3o | FISAN<\/title>\n<meta name=\"description\" content=\"Paleta de Cebo de Campo Ib\u00e9rica 50% Ra\u00e7a Ib\u00e9rica Cortado \u00e0 m\u00e3o FISAN.\" \/>\n<meta name=\"robots\" content=\"index, follow, max-snippet:-1, max-image-preview:large, max-video-preview:-1\" \/>\n<link rel=\"canonical\" href=\"https:\/\/www.fisan.com\/pt\/loja\/paleta-de-cebo-de-campo-iberica-cortado-a-mao\/\" \/>\n<meta property=\"og:locale\" content=\"pt_PT\" \/>\n<meta property=\"og:type\" content=\"article\" \/>\n<meta property=\"og:title\" content=\"Paleta de Cebo de Campo Ib\u00e9rica 50% Ra\u00e7a Ib\u00e9rica Cortado \u00e0 m\u00e3o | FISAN\" \/>\n<meta property=\"og:description\" content=\"Paleta de Cebo de Campo Ib\u00e9rica 50% Ra\u00e7a Ib\u00e9rica Cortado \u00e0 m\u00e3o FISAN.\" \/>\n<meta property=\"og:url\" content=\"https:\/\/www.fisan.com\/pt\/loja\/paleta-de-cebo-de-campo-iberica-cortado-a-mao\/\" \/>\n<meta property=\"og:site_name\" content=\"FISAN\" \/>\n<meta property=\"article:modified_time\" content=\"2024-12-02T09:20:56+00:00\" \/>\n<meta property=\"og:image\" content=\"https:\/\/www.fisan.com\/wp-content\/uploads\/2022\/11\/paleta-cebocampo-iberica-50-st-cm-00.jpg\" \/>\n\t<meta property=\"og:image:width\" content=\"1200\" \/>\n\t<meta property=\"og:image:height\" content=\"2400\" \/>\n\t<meta property=\"og:image:type\" content=\"image\/jpeg\" \/>\n<meta name=\"twitter:card\" content=\"summary_large_image\" \/>\n<meta name=\"twitter:label1\" content=\"Disponibilidade\" \/>\n\t<meta name=\"twitter:data1\" content=\"Esgotado\" \/>\n<script type=\"application\/ld+json\" class=\"yoast-schema-graph\">{\n\t    \"@context\": \"https:\/\/schema.org\",\n\t    \"@graph\": [\n\t        {\n\t            \"@type\": \"WebPage\",\n\t            \"@id\": \"https:\/\/www.fisan.com\/pt\/loja\/paleta-de-cebo-de-campo-iberica-cortado-a-mao\/\",\n\t            \"url\": \"https:\/\/www.fisan.com\/pt\/loja\/paleta-de-cebo-de-campo-iberica-cortado-a-mao\/\",\n\t            \"name\": \"Paleta de Cebo de Campo Ib\u00e9rica 50% Ra\u00e7a Ib\u00e9rica Cortado \u00e0 m\u00e3o | FISAN\",\n\t            \"isPartOf\": {\n\t                \"@id\": \"https:\/\/www.fisan.com\/pt\/#website\"\n\t            },\n\t            \"primaryImageOfPage\": {\n\t                \"@id\": \"https:\/\/www.fisan.com\/pt\/loja\/paleta-de-cebo-de-campo-iberica-cortado-a-mao\/#primaryimage\"\n\t            },\n\t            \"image\": {\n\t                \"@id\": \"https:\/\/www.fisan.com\/pt\/loja\/paleta-de-cebo-de-campo-iberica-cortado-a-mao\/#primaryimage\"\n\t            },\n\t            \"thumbnailUrl\": \"https:\/\/www.fisan.com\/wp-content\/uploads\/2022\/11\/paleta-cebocampo-iberica-50-st-cm-00.jpg\",\n\t            \"datePublished\": \"2022-11-18T10:59:22+00:00\",\n\t            \"dateModified\": \"2024-12-02T09:20:56+00:00\",\n\t            \"description\": \"Paleta de Cebo de Campo Ib\u00e9rica 50% Ra\u00e7a Ib\u00e9rica Cortado \u00e0 m\u00e3o FISAN.\",\n\t            \"breadcrumb\": {\n\t                \"@id\": \"https:\/\/www.fisan.com\/pt\/loja\/paleta-de-cebo-de-campo-iberica-cortado-a-mao\/#breadcrumb\"\n\t            },\n\t            \"inLanguage\": \"pt-PT\",\n\t            \"potentialAction\": [\n\t                {\n\t                    \"@type\": \"ReadAction\",\n\t                    \"target\": [\n\t                        \"https:\/\/www.fisan.com\/pt\/loja\/paleta-de-cebo-de-campo-iberica-cortado-a-mao\/\"\n\t                    ]\n\t                }\n\t            ]\n\t        },\n\t        {\n\t            \"@type\": \"ImageObject\",\n\t            \"inLanguage\": \"pt-PT\",\n\t            \"@id\": \"https:\/\/www.fisan.com\/pt\/loja\/paleta-de-cebo-de-campo-iberica-cortado-a-mao\/#primaryimage\",\n\t            \"url\": \"https:\/\/www.fisan.com\/wp-content\/uploads\/2022\/11\/paleta-cebocampo-iberica-50-st-cm-00.jpg\",\n\t            \"contentUrl\": \"https:\/\/www.fisan.com\/wp-content\/uploads\/2022\/11\/paleta-cebocampo-iberica-50-st-cm-00.jpg\",\n\t            \"width\": 1200,\n\t            \"height\": 2400,\n\t            \"caption\": \"Paleta de cebo de campo iberico cortada a mano\"\n\t        },\n\t        {\n\t            \"@type\": \"BreadcrumbList\",\n\t            \"@id\": \"https:\/\/www.fisan.com\/pt\/loja\/paleta-de-cebo-de-campo-iberica-cortado-a-mao\/#breadcrumb\",\n\t            \"itemListElement\": [\n\t                {\n\t                    \"@type\": \"ListItem\",\n\t                    \"position\": 1,\n\t                    \"name\": \"FISAN\",\n\t                    \"item\": \"https:\/\/www.fisan.com\/pt\/\"\n\t                },\n\t                {\n\t                    \"@type\": \"ListItem\",\n\t                    \"position\": 2,\n\t                    \"name\": \"Produtos\",\n\t                    \"item\": \"https:\/\/www.fisan.com\/pt\/produtos\/\"\n\t                },\n\t                {\n\t                    \"@type\": \"ListItem\",\n\t                    \"position\": 3,\n\t                    \"name\": \"Paleta de Cebo de Campo Ib\u00e9rica 50% Ra\u00e7a Ib\u00e9rica Cortado \u00e0 m\u00e3o\"\n\t                }\n\t            ]\n\t        },\n\t        {\n\t            \"@type\": \"WebSite\",\n\t            \"@id\": \"https:\/\/www.fisan.com\/pt\/#website\",\n\t            \"url\": \"https:\/\/www.fisan.com\/pt\/\",\n\t            \"name\": \"FISAN\",\n\t            \"description\": \"FISAN | Jamones de bellota ib\u00e9rico y embutidos ib\u00e9ricos desde 1920\",\n\t            \"potentialAction\": [\n\t                {\n\t                    \"@type\": \"SearchAction\",\n\t                    \"target\": {\n\t                        \"@type\": \"EntryPoint\",\n\t                        \"urlTemplate\": \"https:\/\/www.fisan.com\/pt\/?s={search_term_string}\"\n\t                    },\n\t                    \"query-input\": {\n\t                        \"@type\": \"PropertyValueSpecification\",\n\t                        \"valueRequired\": true,\n\t                        \"valueName\": \"search_term_string\"\n\t                    }\n\t                }\n\t            ],\n\t            \"inLanguage\": \"pt-PT\"\n\t        }\n\t    ]\n\t}<\/script>\n<meta property=\"og:availability\" content=\"out of stock\" \/>\n<meta property=\"product:availability\" content=\"out of stock\" \/>\n<meta property=\"product:retailer_item_id\" content=\"p-cc50CM\" \/>\n<meta property=\"product:condition\" content=\"new\" \/>\n<!-- \/ Yoast SEO plugin. -->","yoast_head_json":{"title":"Paleta de Cebo de Campo Ib\u00e9rica 50% Ra\u00e7a Ib\u00e9rica Cortado \u00e0 m\u00e3o | FISAN","description":"Paleta de Cebo de Campo Ib\u00e9rica 50% Ra\u00e7a Ib\u00e9rica Cortado \u00e0 m\u00e3o FISAN.","robots":{"index":"index","follow":"follow","max-snippet":"max-snippet:-1","max-image-preview":"max-image-preview:large","max-video-preview":"max-video-preview:-1"},"canonical":"https:\/\/www.fisan.com\/pt\/loja\/paleta-de-cebo-de-campo-iberica-cortado-a-mao\/","og_locale":"pt_PT","og_type":"article","og_title":"Paleta de Cebo de Campo Ib\u00e9rica 50% Ra\u00e7a Ib\u00e9rica Cortado \u00e0 m\u00e3o | FISAN","og_description":"Paleta de Cebo de Campo Ib\u00e9rica 50% Ra\u00e7a Ib\u00e9rica Cortado \u00e0 m\u00e3o FISAN.","og_url":"https:\/\/www.fisan.com\/pt\/loja\/paleta-de-cebo-de-campo-iberica-cortado-a-mao\/","og_site_name":"FISAN","article_modified_time":"2024-12-02T09:20:56+00:00","og_image":[{"width":1200,"height":2400,"url":"https:\/\/www.fisan.com\/wp-content\/uploads\/2022\/11\/paleta-cebocampo-iberica-50-st-cm-00.jpg","type":"image\/jpeg"}],"twitter_card":"summary_large_image","twitter_misc":{"Disponibilidade":"Esgotado"},"schema":{"@context":"https:\/\/schema.org","@graph":[{"@type":"WebPage","@id":"https:\/\/www.fisan.com\/pt\/loja\/paleta-de-cebo-de-campo-iberica-cortado-a-mao\/","url":"https:\/\/www.fisan.com\/pt\/loja\/paleta-de-cebo-de-campo-iberica-cortado-a-mao\/","name":"Paleta de Cebo de Campo Ib\u00e9rica 50% Ra\u00e7a Ib\u00e9rica Cortado \u00e0 m\u00e3o | FISAN","isPartOf":{"@id":"https:\/\/www.fisan.com\/pt\/#website"},"primaryImageOfPage":{"@id":"https:\/\/www.fisan.com\/pt\/loja\/paleta-de-cebo-de-campo-iberica-cortado-a-mao\/#primaryimage"},"image":{"@id":"https:\/\/www.fisan.com\/pt\/loja\/paleta-de-cebo-de-campo-iberica-cortado-a-mao\/#primaryimage"},"thumbnailUrl":"https:\/\/www.fisan.com\/wp-content\/uploads\/2022\/11\/paleta-cebocampo-iberica-50-st-cm-00.jpg","datePublished":"2022-11-18T10:59:22+00:00","dateModified":"2024-12-02T09:20:56+00:00","description":"Paleta de Cebo de Campo Ib\u00e9rica 50% Ra\u00e7a Ib\u00e9rica Cortado \u00e0 m\u00e3o FISAN.","breadcrumb":{"@id":"https:\/\/www.fisan.com\/pt\/loja\/paleta-de-cebo-de-campo-iberica-cortado-a-mao\/#breadcrumb"},"inLanguage":"pt-PT","potentialAction":[{"@type":"ReadAction","target":["https:\/\/www.fisan.com\/pt\/loja\/paleta-de-cebo-de-campo-iberica-cortado-a-mao\/"]}]},{"@type":"ImageObject","inLanguage":"pt-PT","@id":"https:\/\/www.fisan.com\/pt\/loja\/paleta-de-cebo-de-campo-iberica-cortado-a-mao\/#primaryimage","url":"https:\/\/www.fisan.com\/wp-content\/uploads\/2022\/11\/paleta-cebocampo-iberica-50-st-cm-00.jpg","contentUrl":"https:\/\/www.fisan.com\/wp-content\/uploads\/2022\/11\/paleta-cebocampo-iberica-50-st-cm-00.jpg","width":1200,"height":2400,"caption":"Paleta de cebo de campo iberico cortada a mano"},{"@type":"BreadcrumbList","@id":"https:\/\/www.fisan.com\/pt\/loja\/paleta-de-cebo-de-campo-iberica-cortado-a-mao\/#breadcrumb","itemListElement":[{"@type":"ListItem","position":1,"name":"FISAN","item":"https:\/\/www.fisan.com\/pt\/"},{"@type":"ListItem","position":2,"name":"Produtos","item":"https:\/\/www.fisan.com\/pt\/produtos\/"},{"@type":"ListItem","position":3,"name":"Paleta de Cebo de Campo Ib\u00e9rica 50% Ra\u00e7a Ib\u00e9rica Cortado \u00e0 m\u00e3o"}]},{"@type":"WebSite","@id":"https:\/\/www.fisan.com\/pt\/#website","url":"https:\/\/www.fisan.com\/pt\/","name":"FISAN","description":"FISAN | Jamones de bellota ib\u00e9rico y embutidos ib\u00e9ricos desde 1920","potentialAction":[{"@type":"SearchAction","target":{"@type":"EntryPoint","urlTemplate":"https:\/\/www.fisan.com\/pt\/?s={search_term_string}"},"query-input":{"@type":"PropertyValueSpecification","valueRequired":true,"valueName":"search_term_string"}}],"inLanguage":"pt-PT"}]},"og_availability":"out of stock","product_availability":"out of stock","product_retailer_item_id":"p-cc50CM","product_condition":"new"},"_links":{"self":[{"href":"https:\/\/www.fisan.com\/pt\/wp-json\/wp\/v2\/product\/34254","targetHints":{"allow":["GET"]}}],"collection":[{"href":"https:\/\/www.fisan.com\/pt\/wp-json\/wp\/v2\/product"}],"about":[{"href":"https:\/\/www.fisan.com\/pt\/wp-json\/wp\/v2\/types\/product"}],"version-history":[{"count":5,"href":"https:\/\/www.fisan.com\/pt\/wp-json\/wp\/v2\/product\/34254\/revisions"}],"predecessor-version":[{"id":49155,"href":"https:\/\/www.fisan.com\/pt\/wp-json\/wp\/v2\/product\/34254\/revisions\/49155"}],"wp:featuredmedia":[{"embeddable":true,"href":"https:\/\/www.fisan.com\/pt\/wp-json\/wp\/v2\/media\/33058"}],"wp:attachment":[{"href":"https:\/\/www.fisan.com\/pt\/wp-json\/wp\/v2\/media?parent=34254"}],"wp:term":[{"taxonomy":"product_brand","embeddable":true,"href":"https:\/\/www.fisan.com\/pt\/wp-json\/wp\/v2\/product_brand?post=34254"},{"taxonomy":"product_cat","embeddable":true,"href":"https:\/\/www.fisan.com\/pt\/wp-json\/wp\/v2\/product_cat?post=34254"},{"taxonomy":"product_tag","embeddable":true,"href":"https:\/\/www.fisan.com\/pt\/wp-json\/wp\/v2\/product_tag?post=34254"},{"taxonomy":"gama","embeddable":true,"href":"https:\/\/www.fisan.com\/pt\/wp-json\/wp\/v2\/gama?post=34254"},{"taxonomy":"calidad","embeddable":true,"href":"https:\/\/www.fisan.com\/pt\/wp-json\/wp\/v2\/calidad?post=34254"}],"curies":[{"name":"wp","href":"https:\/\/api.w.org\/{rel}","templated":true}]}}